{"id":117,"date":"2020-10-25T21:32:25","date_gmt":"2020-10-25T20:32:25","guid":{"rendered":"https:\/\/concess.transport-manager.net\/evobus\/?page_id=117"},"modified":"2025-01-04T15:11:12","modified_gmt":"2025-01-04T14:11:12","slug":"location-court-terme","status":"publish","type":"page","link":"https:\/\/concess.transport-manager.net\/evobus\/location-court-terme\/","title":{"rendered":"Location Court Terme"},"content":{"rendered":"\n<figure class=\"wp-block-image size-large is-style-default\"><img loading=\"lazy\" decoding=\"async\" width=\"1024\" height=\"177\" src=\"https:\/\/concess.transport-manager.net\/evobus\/wp-content\/uploads\/sites\/2\/2020\/10\/LCT_entete-1024x177.png\" alt=\"\" class=\"wp-image-135\" srcset=\"https:\/\/concess.transport-manager.net\/evobus\/wp-content\/uploads\/sites\/2\/2020\/10\/LCT_entete-1024x177.png 1024w, https:\/\/concess.transport-manager.net\/evobus\/wp-content\/uploads\/sites\/2\/2020\/10\/LCT_entete-300x52.png 300w, https:\/\/concess.transport-manager.net\/evobus\/wp-content\/uploads\/sites\/2\/2020\/10\/LCT_entete-768x133.png 768w, https:\/\/concess.transport-manager.net\/evobus\/wp-content\/uploads\/sites\/2\/2020\/10\/LCT_entete-1536x266.png 1536w, https:\/\/concess.transport-manager.net\/evobus\/wp-content\/uploads\/sites\/2\/2020\/10\/LCT_entete-2048x355.png 2048w\" sizes=\"auto, (max-width: 1024px) 100vw, 1024px\" \/><\/figure>\n\n\n\n<p class=\"has-text-align-center\">Vous d\u00e9butez sur le jeu et voulez faire rentrer de l&rsquo;argent pour ensuite acheter vos propres bus ?<br>Besoin de bus pour remplacer les v\u00f4tres qui doivent passer \u00e0 l&rsquo;atelier ?<br>Vous avez besoin d&rsquo;un renfort de v\u00e9hicules pour un \u00e9v\u00e9nement ?<br>Ce service est fait pour vous !<\/p>\n\n\n\n<div class=\"wp-block-columns alignwide are-vertically-aligned-top has-white-background-color has-background is-layout-flex wp-container-core-columns-is-layout-9d6595d7 wp-block-columns-is-layout-flex\">\n<div class=\"wp-block-column is-vertically-aligned-top is-layout-flow wp-block-column-is-layout-flow\" style=\"flex-basis:33%\">\n<p class=\"has-text-color has-medium-font-size\" style=\"color:#6f6f6f\"><strong>MINIBUS<\/strong><\/p>\n\n\n<div class=\"wp-block-image is-style-default\">\n<figure class=\"aligncenter size-large is-resized\"><img loading=\"lazy\" decoding=\"async\" width=\"450\" height=\"301\" src=\"https:\/\/concess.transport-manager.net\/evobus\/wp-content\/uploads\/sites\/2\/2021\/09\/Sprinter_city_77.jpg\" alt=\"\" class=\"wp-image-415\" style=\"width:300px;height:195px\" srcset=\"https:\/\/concess.transport-manager.net\/evobus\/wp-content\/uploads\/sites\/2\/2021\/09\/Sprinter_city_77.jpg 450w, https:\/\/concess.transport-manager.net\/evobus\/wp-content\/uploads\/sites\/2\/2021\/09\/Sprinter_city_77-300x201.jpg 300w\" sizes=\"auto, (max-width: 450px) 100vw, 450px\" \/><\/figure>\n<\/div>\n\n\n<p class=\"has-text-align-center has-background has-medium-font-size\" style=\"background-color:#1c3359\"><span class=\"has-inline-color has-white-color\"><strong>MERCEDES<strong>&#8211;<\/strong>BENZ<br>SPRITNER CITY 77<\/strong><\/span><\/p>\n\n\n\n<p class=\"has-text-align-center has-text-color\" style=\"color:#1c3359;font-size:18px\"><strong>40 places &#8211; 1 porte<\/strong><\/p>\n\n\n\n<div class=\"wp-block-columns is-layout-flex wp-container-core-columns-is-layout-9d6595d7 wp-block-columns-is-layout-flex\">\n<div class=\"wp-block-column is-layout-flow wp-block-column-is-layout-flow\">\n<p class=\"has-text-align-center has-text-color has-small-font-size\" style=\"color:#1c3359\"><em>Motorisation<\/em><\/p>\n\n\n\n<p class=\"has-text-align-center has-text-color\" style=\"color:#f8bc33;font-size:22px\"><strong>DIESEL<\/strong><\/p>\n\n\n\n<p><\/p>\n<\/div>\n\n\n\n<div class=\"wp-block-column is-layout-flow wp-block-column-is-layout-flow\">\n<p class=\"has-text-align-center has-text-color has-small-font-size\" style=\"color:#1c3359\"><em>par semaine<\/em><\/p>\n\n\n\n<p class=\"has-text-align-center has-text-color\" style=\"color:#1d9cd7;font-size:22px\"><strong>800 \u20ac<\/strong><\/p>\n<\/div>\n<\/div>\n<\/div>\n\n\n\n<div class=\"wp-block-column is-vertically-aligned-top is-layout-flow wp-block-column-is-layout-flow\" style=\"flex-basis:33%\">\n<p class=\"has-text-color has-medium-font-size\" style=\"color:#6f6f6f\"><strong>MIDIBUS<\/strong><\/p>\n\n\n<div class=\"wp-block-image is-style-default\">\n<figure class=\"aligncenter size-large is-resized\"><img loading=\"lazy\" decoding=\"async\" width=\"450\" height=\"300\" src=\"https:\/\/concess.transport-manager.net\/evobus\/wp-content\/uploads\/sites\/2\/2021\/09\/Citaro_K_C2.jpg\" alt=\"\" class=\"wp-image-336\" style=\"width:300px;height:195px\" srcset=\"https:\/\/concess.transport-manager.net\/evobus\/wp-content\/uploads\/sites\/2\/2021\/09\/Citaro_K_C2.jpg 450w, https:\/\/concess.transport-manager.net\/evobus\/wp-content\/uploads\/sites\/2\/2021\/09\/Citaro_K_C2-300x200.jpg 300w\" sizes=\"auto, (max-width: 450px) 100vw, 450px\" \/><\/figure>\n<\/div>\n\n\n<p class=\"has-text-align-center has-background has-medium-font-size\" style=\"background-color:#1c3359\"><span class=\"has-inline-color has-white-color\"><strong>MERCEDES<strong>&#8211;<\/strong>BENZ<br>CITARO K C2<\/strong><\/span><\/p>\n\n\n\n<p class=\"has-text-align-center has-text-color\" style=\"color:#1c3359;font-size:18px\"><strong>86 places &#8211; 2 portes<\/strong><\/p>\n\n\n\n<div class=\"wp-block-columns is-layout-flex wp-container-core-columns-is-layout-9d6595d7 wp-block-columns-is-layout-flex\">\n<div class=\"wp-block-column is-layout-flow wp-block-column-is-layout-flow\" style=\"flex-basis:55%\">\n<p class=\"has-text-align-center has-text-color has-small-font-size\" style=\"color:#1c3359\"><em>Motorisation<\/em><\/p>\n\n\n\n<p class=\"has-text-align-center has-text-color\" style=\"color:#f8bc33;font-size:22px\"><strong>DIESEL<\/strong><\/p>\n\n\n\n<p class=\"has-text-align-center has-text-color\" style=\"color:#6585c3;font-size:22px\"><strong>HYBRIDE<\/strong><\/p>\n\n\n\n<p><\/p>\n<\/div>\n\n\n\n<div class=\"wp-block-column is-layout-flow wp-block-column-is-layout-flow\" style=\"flex-basis:45%\">\n<p class=\"has-text-align-center has-text-color has-small-font-size\" style=\"color:#1c3359\"><em>par semaine<\/em><\/p>\n\n\n\n<p class=\"has-text-align-center has-text-color\" style=\"color:#1d9cd7;font-size:22px\"><strong>1.100 \u20ac<\/strong><\/p>\n\n\n\n<p class=\"has-text-align-center has-text-color\" style=\"color:#1d9cd7;font-size:22px\"><strong>1.250 \u20ac<\/strong><\/p>\n<\/div>\n<\/div>\n<\/div>\n\n\n\n<div class=\"wp-block-column is-vertically-aligned-top is-layout-flow wp-block-column-is-layout-flow\" style=\"flex-basis:33%\">\n<p class=\"has-text-color has-medium-font-size\" style=\"color:#6f6f6f\"><strong>STANDARD<\/strong><\/p>\n\n\n<div class=\"wp-block-image is-style-default\">\n<figure class=\"aligncenter size-large is-resized\"><img loading=\"lazy\" decoding=\"async\" width=\"450\" height=\"300\" src=\"https:\/\/concess.transport-manager.net\/evobus\/wp-content\/uploads\/sites\/2\/2021\/09\/Citaro_C2.jpg\" alt=\"\" class=\"wp-image-355\" style=\"width:300px;height:195px\" srcset=\"https:\/\/concess.transport-manager.net\/evobus\/wp-content\/uploads\/sites\/2\/2021\/09\/Citaro_C2.jpg 450w, https:\/\/concess.transport-manager.net\/evobus\/wp-content\/uploads\/sites\/2\/2021\/09\/Citaro_C2-300x200.jpg 300w\" sizes=\"auto, (max-width: 450px) 100vw, 450px\" \/><\/figure>\n<\/div>\n\n\n<p class=\"has-text-align-center has-background has-medium-font-size\" style=\"background-color:#1c3359\"><span class=\"has-inline-color has-white-color\"><strong>MERCEDES<strong>&#8211;<\/strong>BENZ<br>CITARO C2<\/strong><\/span><\/p>\n\n\n\n<p class=\"has-text-align-center has-text-color\" style=\"color:#1c3359;font-size:18px\"><strong>106 places &#8211; 2 portes<\/strong><\/p>\n\n\n\n<div class=\"wp-block-columns is-layout-flex wp-container-core-columns-is-layout-9d6595d7 wp-block-columns-is-layout-flex\">\n<div class=\"wp-block-column is-layout-flow wp-block-column-is-layout-flow\">\n<p class=\"has-text-align-center has-text-color has-small-font-size\" style=\"color:#1c3359\"><em>Motorisation<\/em><\/p>\n\n\n\n<p class=\"has-text-align-center has-text-color\" style=\"color:#f8bc33;font-size:22px\"><strong>DIESEL<\/strong><\/p>\n\n\n\n<p class=\"has-text-align-center has-text-color\" style=\"color:#48ae4f;font-size:22px\"><strong>GNV<\/strong><\/p>\n\n\n\n<p class=\"has-text-align-center has-text-color\" style=\"color:#6585c3;font-size:22px\"><strong>HYBRIDE<\/strong><\/p>\n\n\n\n<p><\/p>\n<\/div>\n\n\n\n<div class=\"wp-block-column is-layout-flow wp-block-column-is-layout-flow\">\n<p class=\"has-text-align-center has-text-color has-small-font-size\" style=\"color:#1c3359\"><em>par semaine<\/em><\/p>\n\n\n\n<p class=\"has-text-align-center has-text-color\" style=\"color:#1d9cd7;font-size:22px\"><strong>1.400 \u20ac<\/strong><\/p>\n\n\n\n<p class=\"has-text-align-center has-text-color\" style=\"color:#1d9cd7;font-size:22px\"><strong>1.500 \u20ac<\/strong><\/p>\n\n\n\n<p class=\"has-text-align-center has-text-color\" style=\"color:#1d9cd7;font-size:22px\"><strong>1.600 \u20ac<\/strong><\/p>\n<\/div>\n<\/div>\n<\/div>\n<\/div>\n\n\n\n<div class=\"wp-block-columns alignwide are-vertically-aligned-top has-white-background-color has-background is-layout-flex wp-container-core-columns-is-layout-9d6595d7 wp-block-columns-is-layout-flex\">\n<div class=\"wp-block-column is-vertically-aligned-top is-layout-flow wp-block-column-is-layout-flow\" style=\"flex-basis:33%\">\n<p class=\"has-text-color has-medium-font-size\" style=\"color:#6f6f6f\"><strong>STANDARD<\/strong><\/p>\n\n\n<div class=\"wp-block-image is-style-default\">\n<figure class=\"aligncenter size-large is-resized\"><img loading=\"lazy\" decoding=\"async\" width=\"450\" height=\"300\" src=\"https:\/\/concess.transport-manager.net\/evobus\/wp-content\/uploads\/sites\/2\/2021\/09\/eCitaro.jpg\" alt=\"\" class=\"wp-image-369\" style=\"width:300px;height:195px\" srcset=\"https:\/\/concess.transport-manager.net\/evobus\/wp-content\/uploads\/sites\/2\/2021\/09\/eCitaro.jpg 450w, https:\/\/concess.transport-manager.net\/evobus\/wp-content\/uploads\/sites\/2\/2021\/09\/eCitaro-300x200.jpg 300w\" sizes=\"auto, (max-width: 450px) 100vw, 450px\" \/><\/figure>\n<\/div>\n\n\n<p class=\"has-text-align-center has-background has-medium-font-size\" style=\"background-color:#1c3359\"><span class=\"has-inline-color has-white-color\"><strong>MERCEDES<strong>&#8211;<\/strong>BENZ<br>eCITARO<\/strong><\/span><\/p>\n\n\n\n<p class=\"has-text-align-center has-text-color\" style=\"color:#1c3359;font-size:18px\"><strong>88 places &#8211; 2 portes<\/strong><\/p>\n\n\n\n<div class=\"wp-block-columns is-layout-flex wp-container-core-columns-is-layout-9d6595d7 wp-block-columns-is-layout-flex\">\n<div class=\"wp-block-column is-layout-flow wp-block-column-is-layout-flow\">\n<p class=\"has-text-align-center has-text-color has-small-font-size\" style=\"color:#1c3359\"><em>Motorisation<\/em><\/p>\n\n\n\n<p class=\"has-text-align-center has-text-color\" style=\"color:#dbc424;font-size:22px\"><strong>\u00c9LECTRIQUE<\/strong><\/p>\n\n\n\n<p><\/p>\n<\/div>\n\n\n\n<div class=\"wp-block-column is-layout-flow wp-block-column-is-layout-flow\">\n<p class=\"has-text-align-center has-text-color has-small-font-size\" style=\"color:#1c3359\"><em>par semaine<\/em><\/p>\n\n\n\n<p class=\"has-text-align-center has-text-color\" style=\"color:#1d9cd7;font-size:22px\"><strong>2 000 \u20ac<\/strong><\/p>\n<\/div>\n<\/div>\n<\/div>\n\n\n\n<div class=\"wp-block-column is-vertically-aligned-top is-layout-flow wp-block-column-is-layout-flow\" style=\"flex-basis:33%\">\n<p class=\"has-text-color has-medium-font-size\" style=\"color:#6f6f6f\"><strong>ARTICUL\u00c9<\/strong><\/p>\n\n\n<div class=\"wp-block-image is-style-default\">\n<figure class=\"aligncenter size-large is-resized\"><img loading=\"lazy\" decoding=\"async\" width=\"450\" height=\"300\" src=\"https:\/\/concess.transport-manager.net\/evobus\/wp-content\/uploads\/sites\/2\/2021\/09\/Citaro_G_C2.jpg\" alt=\"\" class=\"wp-image-372\" style=\"width:300px;height:195px\" srcset=\"https:\/\/concess.transport-manager.net\/evobus\/wp-content\/uploads\/sites\/2\/2021\/09\/Citaro_G_C2.jpg 450w, https:\/\/concess.transport-manager.net\/evobus\/wp-content\/uploads\/sites\/2\/2021\/09\/Citaro_G_C2-300x200.jpg 300w\" sizes=\"auto, (max-width: 450px) 100vw, 450px\" \/><\/figure>\n<\/div>\n\n\n<p class=\"has-text-align-center has-background has-medium-font-size\" style=\"background-color:#1c3359\"><span class=\"has-inline-color has-white-color\"><strong>MERCEDES<strong>&#8211;<\/strong>BENZ<br>CITARO G C2<\/strong><\/span><\/p>\n\n\n\n<p class=\"has-text-align-center has-text-color\" style=\"color:#1c3359;font-size:18px\"><strong>164 places &#8211; 3 portes<\/strong><\/p>\n\n\n\n<div class=\"wp-block-columns is-layout-flex wp-container-core-columns-is-layout-9d6595d7 wp-block-columns-is-layout-flex\">\n<div class=\"wp-block-column is-layout-flow wp-block-column-is-layout-flow\" style=\"flex-basis:55%\">\n<p class=\"has-text-align-center has-text-color has-small-font-size\" style=\"color:#1c3359\"><em>Motorisation<\/em><\/p>\n\n\n\n<p class=\"has-text-align-center has-text-color\" style=\"color:#f8bc33;font-size:22px\"><strong>DIESEL<\/strong><\/p>\n\n\n\n<p class=\"has-text-align-center has-text-color\" style=\"color:#48ae4f;font-size:22px\"><strong>GNV<\/strong><\/p>\n\n\n\n<p class=\"has-text-align-center has-text-color\" style=\"color:#6585c3;font-size:22px\"><strong>HYBRIDE<\/strong><\/p>\n\n\n\n<p><\/p>\n<\/div>\n\n\n\n<div class=\"wp-block-column is-layout-flow wp-block-column-is-layout-flow\" style=\"flex-basis:45%\">\n<p class=\"has-text-align-center has-text-color has-small-font-size\" style=\"color:#1c3359\"><em>par semaine<\/em><\/p>\n\n\n\n<p class=\"has-text-align-center has-text-color\" style=\"color:#1d9cd7;font-size:22px\"><strong>2.100 \u20ac<\/strong><\/p>\n\n\n\n<p class=\"has-text-align-center has-text-color\" style=\"color:#1d9cd7;font-size:22px\"><strong>2.250 \u20ac<\/strong><\/p>\n\n\n\n<p class=\"has-text-align-center has-text-color\" style=\"color:#1d9cd7;font-size:22px\"><strong>2.400 \u20ac<\/strong><\/p>\n<\/div>\n<\/div>\n<\/div>\n\n\n\n<div class=\"wp-block-column is-vertically-aligned-top is-layout-flow wp-block-column-is-layout-flow\" style=\"flex-basis:33%\">\n<p class=\"has-text-color has-medium-font-size\" style=\"color:#6f6f6f\"><strong>ARTICUL\u00c9<\/strong><\/p>\n\n\n<div class=\"wp-block-image is-style-default\">\n<figure class=\"aligncenter size-large is-resized\"><img loading=\"lazy\" decoding=\"async\" width=\"450\" height=\"300\" src=\"https:\/\/concess.transport-manager.net\/evobus\/wp-content\/uploads\/sites\/2\/2021\/09\/eCitaroG.jpg\" alt=\"\" class=\"wp-image-376\" style=\"width:300px;height:195px\" srcset=\"https:\/\/concess.transport-manager.net\/evobus\/wp-content\/uploads\/sites\/2\/2021\/09\/eCitaroG.jpg 450w, https:\/\/concess.transport-manager.net\/evobus\/wp-content\/uploads\/sites\/2\/2021\/09\/eCitaroG-300x200.jpg 300w\" sizes=\"auto, (max-width: 450px) 100vw, 450px\" \/><\/figure>\n<\/div>\n\n\n<p class=\"has-text-align-center has-background has-medium-font-size\" style=\"background-color:#1c3359\"><span class=\"has-inline-color has-white-color\"><strong>MERCEDES<strong>&#8211;<\/strong>BENZ<br>eCITARO G<\/strong><\/span><\/p>\n\n\n\n<p class=\"has-text-align-center has-text-color\" style=\"color:#1c3359;font-size:18px\"><strong>145 places &#8211; 3 portes<\/strong><\/p>\n\n\n\n<div class=\"wp-block-columns is-layout-flex wp-container-core-columns-is-layout-9d6595d7 wp-block-columns-is-layout-flex\">\n<div class=\"wp-block-column is-layout-flow wp-block-column-is-layout-flow\">\n<p class=\"has-text-align-center has-text-color has-small-font-size\" style=\"color:#1c3359\"><em>Motorisation<\/em><\/p>\n\n\n\n<p class=\"has-text-align-center has-text-color\" style=\"color:#dbc424;font-size:22px\"><strong>\u00c9LECTRIQUE<\/strong><\/p>\n\n\n\n<p><\/p>\n<\/div>\n\n\n\n<div class=\"wp-block-column is-layout-flow wp-block-column-is-layout-flow\">\n<p class=\"has-text-align-center has-text-color has-small-font-size\" style=\"color:#1c3359\"><em>par semaine<\/em><\/p>\n\n\n\n<p class=\"has-text-align-center has-text-color\" style=\"color:#1d9cd7;font-size:22px\"><strong>2.700 \u20ac<\/strong><\/p>\n<\/div>\n<\/div>\n<\/div>\n<\/div>\n\n\n\n<div class=\"wp-block-columns alignwide are-vertically-aligned-top has-white-background-color has-background is-layout-flex wp-container-core-columns-is-layout-9d6595d7 wp-block-columns-is-layout-flex\">\n<div class=\"wp-block-column is-vertically-aligned-top is-layout-flow wp-block-column-is-layout-flow\" style=\"flex-basis:33%\">\n<p class=\"has-text-color has-medium-font-size\" style=\"color:#6f6f6f\"><strong>STANDARD LE et CAR<\/strong><\/p>\n\n\n<div class=\"wp-block-image is-style-default\">\n<figure class=\"aligncenter size-large is-resized\"><img loading=\"lazy\" decoding=\"async\" width=\"450\" height=\"300\" src=\"https:\/\/concess.transport-manager.net\/evobus\/wp-content\/uploads\/sites\/2\/2021\/11\/CitaroLEMUC2.jpg\" alt=\"\" class=\"wp-image-753\" style=\"width:300px;height:195px\" srcset=\"https:\/\/concess.transport-manager.net\/evobus\/wp-content\/uploads\/sites\/2\/2021\/11\/CitaroLEMUC2.jpg 450w, https:\/\/concess.transport-manager.net\/evobus\/wp-content\/uploads\/sites\/2\/2021\/11\/CitaroLEMUC2-300x200.jpg 300w\" sizes=\"auto, (max-width: 450px) 100vw, 450px\" \/><\/figure>\n<\/div>\n\n\n<p class=\"has-text-align-center has-background has-medium-font-size\" style=\"background-color:#1c3359\"><span class=\"has-inline-color has-white-color\"><strong>MERCEDES<strong>&#8211;<\/strong>BENZ<br>CITARO LE MU C2<\/strong><\/span><\/p>\n\n\n\n<p class=\"has-text-align-center has-text-color\" style=\"color:#1c3359;font-size:18px\"><strong>49 (88*) places &#8211; 2 portes<\/strong><\/p>\n\n\n\n<div class=\"wp-block-columns is-layout-flex wp-container-core-columns-is-layout-9d6595d7 wp-block-columns-is-layout-flex\">\n<div class=\"wp-block-column is-layout-flow wp-block-column-is-layout-flow\">\n<p class=\"has-text-align-center has-text-color has-small-font-size\" style=\"color:#1c3359\"><em>Motorisation<\/em><\/p>\n\n\n\n<p class=\"has-text-align-center has-text-color\" style=\"color:#6585c3;font-size:22px\"><strong>HYBRIDE<\/strong><\/p>\n\n\n\n<p><\/p>\n<\/div>\n\n\n\n<div class=\"wp-block-column is-layout-flow wp-block-column-is-layout-flow\">\n<p class=\"has-text-align-center has-text-color has-small-font-size\" style=\"color:#1c3359\"><em>par semaine<\/em><\/p>\n\n\n\n<p class=\"has-text-align-center has-text-color\" style=\"color:#1d9cd7;font-size:22px\"><strong>1 600 \u20ac<\/strong><\/p>\n<\/div>\n<\/div>\n<\/div>\n\n\n\n<div class=\"wp-block-column is-vertically-aligned-top is-layout-flow wp-block-column-is-layout-flow\" style=\"flex-basis:33%\">\n<p class=\"has-text-color has-medium-font-size\" style=\"color:#6f6f6f\"><strong>ARTICUL\u00c9 LE<\/strong><\/p>\n\n\n<div class=\"wp-block-image is-style-default\">\n<figure class=\"aligncenter size-large is-resized\"><img loading=\"lazy\" decoding=\"async\" width=\"450\" height=\"300\" src=\"https:\/\/concess.transport-manager.net\/evobus\/wp-content\/uploads\/sites\/2\/2021\/11\/CItaro_GU_C2.jpg\" alt=\"\" class=\"wp-image-756\" style=\"width:300px;height:195px\" srcset=\"https:\/\/concess.transport-manager.net\/evobus\/wp-content\/uploads\/sites\/2\/2021\/11\/CItaro_GU_C2.jpg 450w, https:\/\/concess.transport-manager.net\/evobus\/wp-content\/uploads\/sites\/2\/2021\/11\/CItaro_GU_C2-300x200.jpg 300w\" sizes=\"auto, (max-width: 450px) 100vw, 450px\" \/><\/figure>\n<\/div>\n\n\n<p class=\"has-text-align-center has-background has-medium-font-size\" style=\"background-color:#1c3359\"><span class=\"has-inline-color has-white-color\"><strong>MERCEDES<strong>&#8211;<\/strong>BENZ<br>CITARO LE GU C2<\/strong><\/span><\/p>\n\n\n\n<p class=\"has-text-align-center has-text-color\" style=\"color:#1c3359;font-size:18px\"><strong>127 places &#8211; 3 portes<\/strong><\/p>\n\n\n\n<div class=\"wp-block-columns is-layout-flex wp-container-core-columns-is-layout-9d6595d7 wp-block-columns-is-layout-flex\">\n<div class=\"wp-block-column is-layout-flow wp-block-column-is-layout-flow\" style=\"flex-basis:55%\">\n<p class=\"has-text-align-center has-text-color has-small-font-size\" style=\"color:#1c3359\"><em>Motorisation<\/em><\/p>\n\n\n\n<p class=\"has-text-align-center has-text-color\" style=\"color:#6585c3;font-size:22px\"><strong>HYBRIDE<\/strong><\/p>\n\n\n\n<p><\/p>\n<\/div>\n\n\n\n<div class=\"wp-block-column is-layout-flow wp-block-column-is-layout-flow\" style=\"flex-basis:45%\">\n<p class=\"has-text-align-center has-text-color has-small-font-size\" style=\"color:#1c3359\"><em>par semaine<\/em><\/p>\n\n\n\n<p class=\"has-text-align-center has-text-color\" style=\"color:#1d9cd7;font-size:22px\"><strong>2.400 \u20ac<\/strong><\/p>\n<\/div>\n<\/div>\n<\/div>\n\n\n\n<div class=\"wp-block-column is-vertically-aligned-top is-layout-flow wp-block-column-is-layout-flow\" style=\"flex-basis:33%\">\n<p class=\"has-text-color has-medium-font-size\" style=\"color:#6f6f6f\"><strong>CAR<\/strong><\/p>\n\n\n<div class=\"wp-block-image is-style-default\">\n<figure class=\"aligncenter size-large is-resized\"><img loading=\"lazy\" decoding=\"async\" width=\"450\" height=\"300\" src=\"https:\/\/concess.transport-manager.net\/evobus\/wp-content\/uploads\/sites\/2\/2021\/11\/S531_DT.jpg\" alt=\"\" class=\"wp-image-755\" style=\"width:300px;height:195px\" srcset=\"https:\/\/concess.transport-manager.net\/evobus\/wp-content\/uploads\/sites\/2\/2021\/11\/S531_DT.jpg 450w, https:\/\/concess.transport-manager.net\/evobus\/wp-content\/uploads\/sites\/2\/2021\/11\/S531_DT-300x200.jpg 300w\" sizes=\"auto, (max-width: 450px) 100vw, 450px\" \/><\/figure>\n<\/div>\n\n\n<p class=\"has-text-align-center has-background has-medium-font-size\" style=\"background-color:#1c3359\"><span class=\"has-inline-color has-white-color\"><strong>SETRA<\/strong><\/span><br><span class=\"has-inline-color has-white-color\"><strong>S 531 DT<\/strong><\/span><\/p>\n\n\n\n<p class=\"has-text-align-center has-text-color\" style=\"color:#1c3359;font-size:18px\"><strong>93 places &#8211; 2 portes<\/strong><\/p>\n\n\n\n<div class=\"wp-block-columns is-layout-flex wp-container-core-columns-is-layout-9d6595d7 wp-block-columns-is-layout-flex\">\n<div class=\"wp-block-column is-layout-flow wp-block-column-is-layout-flow\">\n<p class=\"has-text-align-center has-text-color has-small-font-size\" style=\"color:#1c3359\"><em>Motorisation<\/em><\/p>\n\n\n\n<p class=\"has-text-align-center has-text-color\" style=\"color:#f8bc33;font-size:22px\"><strong>DIESEL<\/strong><\/p>\n\n\n\n<p><\/p>\n<\/div>\n\n\n\n<div class=\"wp-block-column is-layout-flow wp-block-column-is-layout-flow\">\n<p class=\"has-text-align-center has-text-color has-small-font-size\" style=\"color:#1c3359\"><em>par semaine<\/em><\/p>\n\n\n\n<p class=\"has-text-align-center has-text-color\" style=\"color:#1d9cd7;font-size:22px\"><strong>2.800 \u20ac<\/strong><\/p>\n<\/div>\n<\/div>\n<\/div>\n<\/div>\n\n\n\n<p class=\"has-text-align-right has-cyan-bluish-gray-color has-text-color\"><strong><em>* En circulation p\u00e9ri-urbaine<\/em><\/strong><\/p>\n\n\n\n<h3 class=\"wp-block-heading has-text-align-center\"><strong><a href=\"https:\/\/docs.google.com\/spreadsheets\/d\/1chm9o0FBmjkqrAZcriEh2gLYeWGA1BnrJgeh8hYA5O4\" target=\"_blank\" rel=\"noreferrer noopener\">D\u00e9couvrir les v\u00e9hicules disponibles<\/a><\/strong><\/h3>\n\n\n\n<div class=\"wp-block-buttons is-horizontal is-content-justification-center is-layout-flex wp-container-core-buttons-is-layout-499968f5 wp-block-buttons-is-layout-flex\">\n<div class=\"wp-block-button\"><a class=\"wp-block-button__link has-background wp-element-button\" href=\"https:\/\/forum.transport-manager.net\/thread-23068.html\" style=\"background-color:#18355e\" target=\"_blank\" rel=\"noreferrer noopener\"><strong>FAIRE UNE DEMANDE DE LOCATION<\/strong><\/a><\/div>\n<\/div>\n\n\n\n<p><\/p>\n","protected":false},"excerpt":{"rendered":"<p>Vous d\u00e9butez sur le jeu et voulez faire rentrer de l&rsquo;argent pour ensuite acheter vos propres bus ?Besoin de bus pour remplacer les v\u00f4tres qui doivent passer \u00e0 l&rsquo;atelier ?Vous avez besoin d&rsquo;un renfort de v\u00e9hicules pour un \u00e9v\u00e9nement ?Ce service est fait pour vous ! MINIBUS MERCEDES&#8211;BENZSPRITNER CITY 77 40 places &#8211; 1 porte &#8230; <a title=\"Location Court Terme\" class=\"read-more\" href=\"https:\/\/concess.transport-manager.net\/evobus\/location-court-terme\/\" aria-label=\"En savoir plus sur Location Court Terme\">Lire la suite<\/a><\/p>\n","protected":false},"author":18,"featured_media":0,"parent":0,"menu_order":0,"comment_status":"closed","ping_status":"closed","template":"","meta":{"footnotes":""},"class_list":["post-117","page","type-page","status-publish"],"_links":{"self":[{"href":"https:\/\/concess.transport-manager.net\/evobus\/wp-json\/wp\/v2\/pages\/117","targetHints":{"allow":["GET"]}}],"collection":[{"href":"https:\/\/concess.transport-manager.net\/evobus\/wp-json\/wp\/v2\/pages"}],"about":[{"href":"https:\/\/concess.transport-manager.net\/evobus\/wp-json\/wp\/v2\/types\/page"}],"author":[{"embeddable":true,"href":"https:\/\/concess.transport-manager.net\/evobus\/wp-json\/wp\/v2\/users\/18"}],"replies":[{"embeddable":true,"href":"https:\/\/concess.transport-manager.net\/evobus\/wp-json\/wp\/v2\/comments?post=117"}],"version-history":[{"count":14,"href":"https:\/\/concess.transport-manager.net\/evobus\/wp-json\/wp\/v2\/pages\/117\/revisions"}],"predecessor-version":[{"id":2589,"href":"https:\/\/concess.transport-manager.net\/evobus\/wp-json\/wp\/v2\/pages\/117\/revisions\/2589"}],"wp:attachment":[{"href":"https:\/\/concess.transport-manager.net\/evobus\/wp-json\/wp\/v2\/media?parent=117"}],"curies":[{"name":"wp","href":"https:\/\/api.w.org\/{rel}","templated":true}]}}