{"id":347,"date":"2021-09-18T21:00:00","date_gmt":"2021-09-18T19:00:00","guid":{"rendered":"https:\/\/concess.transport-manager.net\/evobus\/?page_id=347"},"modified":"2026-02-12T15:26:46","modified_gmt":"2026-02-12T14:26:46","slug":"bus-vehicules-neufs","status":"publish","type":"page","link":"https:\/\/concess.transport-manager.net\/evobus\/bus-vehicules-neufs\/","title":{"rendered":"Bus &#8211; V\u00e9hicules neufs"},"content":{"rendered":"\n<div class=\"wp-block-columns is-layout-flex wp-container-core-columns-is-layout-9d6595d7 wp-block-columns-is-layout-flex\">\n<div class=\"wp-block-column is-layout-flow wp-block-column-is-layout-flow\">\n<div class=\"wp-block-buttons is-layout-flex wp-block-buttons-is-layout-flex\">\n<div class=\"wp-block-button has-custom-width wp-block-button__width-100\"><a class=\"wp-block-button__link has-black-color has-text-color has-background wp-element-button\" href=\"#MINIS\" style=\"background-color:#f2f1f1\">MINIS<\/a><\/div>\n<\/div>\n<\/div>\n\n\n\n<div class=\"wp-block-column is-layout-flow wp-block-column-is-layout-flow\">\n<div class=\"wp-block-buttons is-layout-flex wp-block-buttons-is-layout-flex\">\n<div class=\"wp-block-button has-custom-width wp-block-button__width-100\"><a class=\"wp-block-button__link has-black-color has-text-color has-background wp-element-button\" href=\"#MIDIS\" style=\"background-color:#f2f1f1\">MIDIS<\/a><\/div>\n<\/div>\n<\/div>\n\n\n\n<div class=\"wp-block-column is-layout-flow wp-block-column-is-layout-flow\">\n<div class=\"wp-block-buttons is-layout-flex wp-block-buttons-is-layout-flex\">\n<div class=\"wp-block-button has-custom-width wp-block-button__width-100\"><a class=\"wp-block-button__link has-black-color has-text-color has-background wp-element-button\" href=\"#STANDARDS\" style=\"background-color:#f2f1f1\">STANDARDS<\/a><\/div>\n<\/div>\n<\/div>\n\n\n\n<div class=\"wp-block-column is-layout-flow wp-block-column-is-layout-flow\">\n<div class=\"wp-block-buttons is-layout-flex wp-block-buttons-is-layout-flex\">\n<div class=\"wp-block-button has-custom-width wp-block-button__width-100\"><a class=\"wp-block-button__link has-black-color has-text-color has-background wp-element-button\" href=\"#ARTICULES\" style=\"background-color:#f2f1f1\">ARTICUL\u00c9S<\/a><\/div>\n<\/div>\n<\/div>\n<\/div>\n\n\n\n<div style=\"height:30px\" aria-hidden=\"true\" class=\"wp-block-spacer\"><\/div>\n\n\n\n<div class=\"wp-block-buttons is-horizontal is-content-justification-center is-layout-flex wp-container-core-buttons-is-layout-499968f5 wp-block-buttons-is-layout-flex\">\n<div class=\"wp-block-button has-custom-width wp-block-button__width-50\"><a class=\"wp-block-button__link has-white-color has-text-color has-background wp-element-button\" href=\"https:\/\/transport-manager.net\/jeu\/sendconcess.php?p=EVOBUS_bus_neuf\" style=\"background-color:#1c3359\" target=\"_blank\" rel=\"noreferrer noopener\"><strong>DEMANDE DE DEVIS &#8211; Bus neufs<\/strong><\/a><\/div>\n<\/div>\n\n\n\n<div style=\"height:30px\" aria-hidden=\"true\" class=\"wp-block-spacer\"><\/div>\n\n\n\n<h3 class=\"wp-block-heading has-text-align-center has-text-color has-background\" id=\"MINIS\" style=\"color:#938f8f;background-color:#f2f1f1\"><strong>MINIS<\/strong><\/h3>\n\n\n\n<div class=\"wp-block-columns alignwide are-vertically-aligned-top has-white-background-color has-background is-layout-flex wp-container-core-columns-is-layout-9d6595d7 wp-block-columns-is-layout-flex\">\n<div class=\"wp-block-column is-vertically-aligned-top is-layout-flow wp-block-column-is-layout-flow\" style=\"flex-basis:33%\"><div class=\"wp-block-image is-style-default\">\n<figure class=\"aligncenter size-large is-resized\"><img loading=\"lazy\" decoding=\"async\" width=\"450\" height=\"300\" src=\"https:\/\/concess.transport-manager.net\/evobus\/wp-content\/uploads\/sites\/2\/2021\/09\/Sprinter_City_45.png\" alt=\"\" class=\"wp-image-277\" style=\"width:300px;height:195px\" srcset=\"https:\/\/concess.transport-manager.net\/evobus\/wp-content\/uploads\/sites\/2\/2021\/09\/Sprinter_City_45.png 450w, https:\/\/concess.transport-manager.net\/evobus\/wp-content\/uploads\/sites\/2\/2021\/09\/Sprinter_City_45-300x200.png 300w\" sizes=\"auto, (max-width: 450px) 100vw, 450px\" \/><\/figure>\n<\/div>\n\n\n<p class=\"has-text-align-center has-base-3-color has-text-color has-background has-medium-font-size\" style=\"background-color:#1c3359\">MERCEDES-BENZ <strong>SPRINTER CITY 45<\/strong><\/p>\n\n\n\n<p class=\"has-text-align-center has-text-color\" style=\"color:#1c3359;font-size:18px\"><strong>28 places &#8211; 1 porte<\/strong><\/p>\n\n\n\n<div class=\"wp-block-columns is-layout-flex wp-container-core-columns-is-layout-9d6595d7 wp-block-columns-is-layout-flex\">\n<div class=\"wp-block-column is-layout-flow wp-block-column-is-layout-flow\">\n<p class=\"has-text-align-center has-text-color has-small-font-size\" style=\"color:#1c3359\"><em>Motorisation<\/em><\/p>\n\n\n\n<p class=\"has-text-align-center has-text-color\" style=\"color:#f8bc33;font-size:22px\"><strong>DIESEL<\/strong><\/p>\n\n\n\n<p class=\"has-text-align-center has-text-color\" style=\"color:#dbc424;font-size:22px\"><strong><strong>\u00c9LECTRIQUE<\/strong><\/strong><\/p>\n<\/div>\n\n\n\n<div class=\"wp-block-column is-layout-flow wp-block-column-is-layout-flow\">\n<p class=\"has-text-align-center has-text-color has-small-font-size\" style=\"color:#1c3359\"><em>\u00e0 partir de <\/em><\/p>\n\n\n\n<p class=\"has-text-align-center has-text-color\" style=\"color:#1d9cd7;font-size:22px\"><strong>113.000 \u20ac<\/strong><\/p>\n\n\n\n<p class=\"has-text-align-center has-text-color\" style=\"color:#1d9cd7;font-size:22px\"><strong>139.000 \u20ac<\/strong><\/p>\n<\/div>\n<\/div>\n<\/div>\n\n\n\n<div class=\"wp-block-column is-vertically-aligned-top is-layout-flow wp-block-column-is-layout-flow\" style=\"flex-basis:33%\"><div class=\"wp-block-image is-style-default\">\n<figure class=\"aligncenter size-large is-resized\"><img loading=\"lazy\" decoding=\"async\" width=\"450\" height=\"300\" src=\"https:\/\/concess.transport-manager.net\/evobus\/wp-content\/uploads\/sites\/2\/2021\/09\/Sprinter_City_75.png\" alt=\"\" class=\"wp-image-327\" style=\"width:300px;height:195px\" srcset=\"https:\/\/concess.transport-manager.net\/evobus\/wp-content\/uploads\/sites\/2\/2021\/09\/Sprinter_City_75.png 450w, https:\/\/concess.transport-manager.net\/evobus\/wp-content\/uploads\/sites\/2\/2021\/09\/Sprinter_City_75-300x200.png 300w\" sizes=\"auto, (max-width: 450px) 100vw, 450px\" \/><\/figure>\n<\/div>\n\n\n<p class=\"has-text-align-center has-base-3-color has-text-color has-background has-medium-font-size\" style=\"background-color:#1c3359\">MERCEDES-BENZ <strong>SPRINTER CITY 75<\/strong><\/p>\n\n\n\n<p class=\"has-text-align-center has-text-color\" style=\"color:#1c3359;font-size:18px\"><strong>38 places &#8211; 2 portes<\/strong><\/p>\n\n\n\n<div class=\"wp-block-columns is-layout-flex wp-container-core-columns-is-layout-9d6595d7 wp-block-columns-is-layout-flex\">\n<div class=\"wp-block-column is-layout-flow wp-block-column-is-layout-flow\">\n<p class=\"has-text-align-center has-text-color has-small-font-size\" style=\"color:#1c3359\"><em>Motorisation<\/em><\/p>\n\n\n\n<p class=\"has-text-align-center has-text-color\" style=\"color:#f8bc33;font-size:22px\"><strong>DIESEL<\/strong><\/p>\n\n\n\n<p class=\"has-text-align-center has-text-color\" style=\"color:#dbc424;font-size:22px\"><strong><strong>\u00c9LECTRIQUE<\/strong><\/strong><\/p>\n<\/div>\n\n\n\n<div class=\"wp-block-column is-layout-flow wp-block-column-is-layout-flow\">\n<p class=\"has-text-align-center has-text-color has-small-font-size\" style=\"color:#1c3359\"><em>\u00e0 partir de <\/em><\/p>\n\n\n\n<p class=\"has-text-align-center has-text-color\" style=\"color:#1d9cd7;font-size:22px\"><strong>118.000 \u20ac<\/strong><\/p>\n\n\n\n<p class=\"has-text-align-center has-text-color\" style=\"color:#1d9cd7;font-size:22px\"><strong>144.000 \u20ac<\/strong><\/p>\n<\/div>\n<\/div>\n<\/div>\n\n\n\n<div class=\"wp-block-column is-vertically-aligned-top is-layout-flow wp-block-column-is-layout-flow\" style=\"flex-basis:33%\">\n<div class=\"wp-block-columns is-layout-flex wp-container-core-columns-is-layout-9d6595d7 wp-block-columns-is-layout-flex\">\n<div class=\"wp-block-column is-layout-flow wp-block-column-is-layout-flow\">\n<p><\/p>\n<\/div>\n<\/div>\n<\/div>\n<\/div>\n\n\n\n<h3 class=\"wp-block-heading has-text-align-center has-text-color has-background\" id=\"MIDIS\" style=\"color:#938f8f;background-color:#f2f1f1\"><strong>MIDIS<\/strong><\/h3>\n\n\n\n<div class=\"wp-block-columns alignwide are-vertically-aligned-top has-white-background-color has-background is-layout-flex wp-container-core-columns-is-layout-9d6595d7 wp-block-columns-is-layout-flex\">\n<div class=\"wp-block-column is-vertically-aligned-top is-layout-flow wp-block-column-is-layout-flow\" style=\"flex-basis:33%\"><div class=\"wp-block-image is-style-default\">\n<figure class=\"aligncenter size-large is-resized\"><img loading=\"lazy\" decoding=\"async\" width=\"450\" height=\"300\" src=\"https:\/\/concess.transport-manager.net\/evobus\/wp-content\/uploads\/sites\/2\/2021\/09\/Citaro_K_C2-1.jpg\" alt=\"\" class=\"wp-image-350\" style=\"width:300px;height:195px\" srcset=\"https:\/\/concess.transport-manager.net\/evobus\/wp-content\/uploads\/sites\/2\/2021\/09\/Citaro_K_C2-1.jpg 450w, https:\/\/concess.transport-manager.net\/evobus\/wp-content\/uploads\/sites\/2\/2021\/09\/Citaro_K_C2-1-300x200.jpg 300w\" sizes=\"auto, (max-width: 450px) 100vw, 450px\" \/><\/figure>\n<\/div>\n\n\n<p class=\"has-text-align-center has-base-3-color has-text-color has-background has-medium-font-size\" style=\"background-color:#1c3359\">MERCEDES-BENZ <strong>CITARO K C2<\/strong><\/p>\n\n\n\n<p class=\"has-text-align-center has-text-color\" style=\"color:#1c3359;font-size:18px\"><strong>86 places &#8211; 2|3 portes<\/strong><\/p>\n\n\n\n<div class=\"wp-block-columns is-layout-flex wp-container-core-columns-is-layout-9d6595d7 wp-block-columns-is-layout-flex\">\n<div class=\"wp-block-column is-layout-flow wp-block-column-is-layout-flow\">\n<p class=\"has-text-align-center has-text-color has-small-font-size\" style=\"color:#1c3359\"><em>Motorisation<\/em><\/p>\n\n\n\n<p class=\"has-text-align-center has-text-color\" style=\"color:#f8bc33;font-size:22px\"><strong>DIESEL<\/strong><\/p>\n\n\n\n<p class=\"has-text-align-center has-text-color\" style=\"color:#6585c3;font-size:22px\"><strong>HYBRIDE<\/strong><\/p>\n\n\n\n<p><\/p>\n<\/div>\n\n\n\n<div class=\"wp-block-column is-layout-flow wp-block-column-is-layout-flow\">\n<p class=\"has-text-align-center has-text-color has-small-font-size\" style=\"color:#1c3359\"><em>\u00e0 partir de <\/em><\/p>\n\n\n\n<p class=\"has-text-align-center has-text-color\" style=\"color:#1d9cd7;font-size:22px\"><strong>179.000 \u20ac<\/strong><\/p>\n\n\n\n<p class=\"has-text-align-center has-text-color\" style=\"color:#1d9cd7;font-size:22px\"><strong>224.000 \u20ac<\/strong><\/p>\n<\/div>\n<\/div>\n<\/div>\n\n\n\n<div class=\"wp-block-column is-vertically-aligned-top is-layout-flow wp-block-column-is-layout-flow\" style=\"flex-basis:33%\"><div class=\"wp-block-image is-style-default\">\n<figure class=\"aligncenter size-full is-resized\"><img loading=\"lazy\" decoding=\"async\" width=\"827\" height=\"551\" src=\"https:\/\/concess.transport-manager.net\/evobus\/wp-content\/uploads\/sites\/2\/2025\/06\/pas_photo.jpg\" alt=\"\" class=\"wp-image-2773\" style=\"width:300px;height:195px\" srcset=\"https:\/\/concess.transport-manager.net\/evobus\/wp-content\/uploads\/sites\/2\/2025\/06\/pas_photo.jpg 827w, https:\/\/concess.transport-manager.net\/evobus\/wp-content\/uploads\/sites\/2\/2025\/06\/pas_photo-300x200.jpg 300w, https:\/\/concess.transport-manager.net\/evobus\/wp-content\/uploads\/sites\/2\/2025\/06\/pas_photo-768x512.jpg 768w\" sizes=\"auto, (max-width: 827px) 100vw, 827px\" \/><\/figure>\n<\/div>\n\n\n<p class=\"has-text-align-center has-base-3-color has-text-color has-background has-medium-font-size\" style=\"background-color:#1c3359\">MERCEDES-BENZ <strong>eCITARO K<\/strong><\/p>\n\n\n\n<p class=\"has-text-align-center has-text-color\" style=\"color:#1c3359;font-size:18px\"><strong>84 places &#8211; 2|3 portes<\/strong><\/p>\n\n\n\n<div class=\"wp-block-columns is-layout-flex wp-container-core-columns-is-layout-9d6595d7 wp-block-columns-is-layout-flex\">\n<div class=\"wp-block-column is-layout-flow wp-block-column-is-layout-flow\">\n<p class=\"has-text-align-center has-text-color has-small-font-size\" style=\"color:#1c3359\"><em>Motorisation<\/em><\/p>\n\n\n\n<p class=\"has-text-align-center has-text-color\" style=\"color:#dbc424;font-size:22px\"><strong><strong>\u00c9LECTRIQUE<\/strong><\/strong><\/p>\n\n\n\n<p class=\"has-text-align-center has-text-color\" style=\"color:#6585c3;font-size:22px\"><\/p>\n\n\n\n<p><\/p>\n<\/div>\n\n\n\n<div class=\"wp-block-column is-layout-flow wp-block-column-is-layout-flow\">\n<p class=\"has-text-align-center has-text-color has-small-font-size\" style=\"color:#1c3359\"><em>\u00e0 partir de <\/em><\/p>\n\n\n\n<p class=\"has-text-align-center has-text-color\" style=\"color:#1d9cd7;font-size:22px\"><strong>282.000 \u20ac<\/strong><\/p>\n\n\n\n<p class=\"has-text-align-center has-text-color\" style=\"color:#1d9cd7;font-size:22px\"><\/p>\n<\/div>\n<\/div>\n<\/div>\n\n\n\n<div class=\"wp-block-column is-vertically-aligned-top is-layout-flow wp-block-column-is-layout-flow\" style=\"flex-basis:33%\">\n<div class=\"wp-block-columns is-layout-flex wp-container-core-columns-is-layout-9d6595d7 wp-block-columns-is-layout-flex\">\n<div class=\"wp-block-column is-layout-flow wp-block-column-is-layout-flow\">\n<p><\/p>\n<\/div>\n<\/div>\n<\/div>\n<\/div>\n\n\n\n<h3 class=\"wp-block-heading has-text-align-center has-text-color has-background\" id=\"STANDARDS\" style=\"color:#938f8f;background-color:#f2f1f1\"><strong>STANDARDS<\/strong><\/h3>\n\n\n\n<div class=\"wp-block-columns alignwide are-vertically-aligned-top has-white-background-color has-background is-layout-flex wp-container-core-columns-is-layout-9d6595d7 wp-block-columns-is-layout-flex\">\n<div class=\"wp-block-column is-vertically-aligned-top is-layout-flow wp-block-column-is-layout-flow\" style=\"flex-basis:33%\"><div class=\"wp-block-image is-style-default\">\n<figure class=\"aligncenter size-large is-resized\"><img loading=\"lazy\" decoding=\"async\" width=\"450\" height=\"300\" src=\"https:\/\/concess.transport-manager.net\/evobus\/wp-content\/uploads\/sites\/2\/2021\/09\/Citaro_C2.jpg\" alt=\"\" class=\"wp-image-355\" style=\"width:300px;height:195px\" srcset=\"https:\/\/concess.transport-manager.net\/evobus\/wp-content\/uploads\/sites\/2\/2021\/09\/Citaro_C2.jpg 450w, https:\/\/concess.transport-manager.net\/evobus\/wp-content\/uploads\/sites\/2\/2021\/09\/Citaro_C2-300x200.jpg 300w\" sizes=\"auto, (max-width: 450px) 100vw, 450px\" \/><\/figure>\n<\/div>\n\n\n<p class=\"has-text-align-center has-base-3-color has-text-color has-background has-medium-font-size\" style=\"background-color:#1c3359\">MERCEDES-BENZ <strong>CITARO C2<\/strong><\/p>\n\n\n\n<p class=\"has-text-align-center has-text-color\" style=\"color:#1c3359;font-size:18px\"><strong>106 places &#8211; 2|3 portes<\/strong><\/p>\n\n\n\n<div class=\"wp-block-columns is-layout-flex wp-container-core-columns-is-layout-9d6595d7 wp-block-columns-is-layout-flex\">\n<div class=\"wp-block-column is-layout-flow wp-block-column-is-layout-flow\">\n<p class=\"has-text-align-center has-text-color has-small-font-size\" style=\"color:#1c3359\"><em>Motorisation<\/em><\/p>\n\n\n\n<p class=\"has-text-align-center has-text-color\" style=\"color:#f8bc33;font-size:22px\"><strong>DIESEL<\/strong><\/p>\n\n\n\n<p class=\"has-text-align-center has-text-color\" style=\"color:#6585c3;font-size:22px\"><strong>HYBRIDE<\/strong><\/p>\n\n\n\n<p><\/p>\n<\/div>\n\n\n\n<div class=\"wp-block-column is-layout-flow wp-block-column-is-layout-flow\">\n<p class=\"has-text-align-center has-text-color has-small-font-size\" style=\"color:#1c3359\"><em>\u00e0 partir de <\/em><\/p>\n\n\n\n<p class=\"has-text-align-center has-text-color\" style=\"color:#1d9cd7;font-size:22px\"><strong>224.000 \u20ac<\/strong><\/p>\n\n\n\n<p class=\"has-text-align-center has-text-color\" style=\"color:#1d9cd7;font-size:22px\"><strong>279.000 \u20ac<\/strong><\/p>\n<\/div>\n<\/div>\n<\/div>\n\n\n\n<div class=\"wp-block-column is-vertically-aligned-top is-layout-flow wp-block-column-is-layout-flow\" style=\"flex-basis:33%\"><div class=\"wp-block-image is-style-default\">\n<figure class=\"aligncenter size-full is-resized\"><img loading=\"lazy\" decoding=\"async\" width=\"450\" height=\"300\" src=\"https:\/\/concess.transport-manager.net\/evobus\/wp-content\/uploads\/sites\/2\/2024\/10\/Mercedes_Conecto_Hybrid.jpg\" alt=\"\" class=\"wp-image-2391\" style=\"width:300px;height:195px\" srcset=\"https:\/\/concess.transport-manager.net\/evobus\/wp-content\/uploads\/sites\/2\/2024\/10\/Mercedes_Conecto_Hybrid.jpg 450w, https:\/\/concess.transport-manager.net\/evobus\/wp-content\/uploads\/sites\/2\/2024\/10\/Mercedes_Conecto_Hybrid-300x200.jpg 300w\" sizes=\"auto, (max-width: 450px) 100vw, 450px\" \/><\/figure>\n<\/div>\n\n\n<p class=\"has-text-align-center has-base-3-color has-text-color has-background has-medium-font-size\" style=\"background-color:#1c3359\">MERCEDES-BENZ <strong>CONECTO<\/strong><\/p>\n\n\n\n<p class=\"has-text-align-center has-text-color\" style=\"color:#1c3359;font-size:18px\"><strong>101 places &#8211; 3 portes<\/strong><\/p>\n\n\n\n<div class=\"wp-block-columns is-layout-flex wp-container-core-columns-is-layout-9d6595d7 wp-block-columns-is-layout-flex\">\n<div class=\"wp-block-column is-layout-flow wp-block-column-is-layout-flow\">\n<p class=\"has-text-align-center has-text-color has-small-font-size\" style=\"color:#1c3359\"><em>Motorisation<\/em><\/p>\n\n\n\n<p class=\"has-text-align-center has-text-color\" style=\"color:#f8bc33;font-size:22px\"><strong>DIESEL<\/strong><\/p>\n\n\n\n<p class=\"has-text-align-center has-text-color\" style=\"color:#6585c3;font-size:22px\"><strong>HYBRIDE<\/strong><\/p>\n<\/div>\n\n\n\n<div class=\"wp-block-column is-layout-flow wp-block-column-is-layout-flow\">\n<p class=\"has-text-align-center has-text-color has-small-font-size\" style=\"color:#1c3359\"><em>\u00e0 partir de <\/em><\/p>\n\n\n\n<p class=\"has-text-align-center has-text-color\" style=\"color:#1d9cd7;font-size:22px\"><strong>216.000 \u20ac<\/strong><\/p>\n\n\n\n<p class=\"has-text-align-center has-text-color\" style=\"color:#1d9cd7;font-size:22px\"><strong>233.000 \u20ac<\/strong><\/p>\n<\/div>\n<\/div>\n<\/div>\n\n\n\n<div class=\"wp-block-column is-vertically-aligned-top is-layout-flow wp-block-column-is-layout-flow\" style=\"flex-basis:33%\"><div class=\"wp-block-image is-style-default\">\n<figure class=\"aligncenter size-full is-resized\"><img loading=\"lazy\" decoding=\"async\" width=\"450\" height=\"300\" src=\"https:\/\/concess.transport-manager.net\/evobus\/wp-content\/uploads\/sites\/2\/2023\/04\/CitaroLE_C2-1.png\" alt=\"\" class=\"wp-image-1259\" style=\"width:300px;height:195px\" srcset=\"https:\/\/concess.transport-manager.net\/evobus\/wp-content\/uploads\/sites\/2\/2023\/04\/CitaroLE_C2-1.png 450w, https:\/\/concess.transport-manager.net\/evobus\/wp-content\/uploads\/sites\/2\/2023\/04\/CitaroLE_C2-1-300x200.png 300w\" sizes=\"auto, (max-width: 450px) 100vw, 450px\" \/><\/figure>\n<\/div>\n\n\n<p class=\"has-text-align-center has-base-3-color has-text-color has-background has-medium-font-size\" style=\"background-color:#1c3359\">MERCEDES-BENZ <strong>CITARO LE C2<\/strong><\/p>\n\n\n\n<p class=\"has-text-align-center has-text-color\" style=\"color:#1c3359;font-size:18px\"><strong>106 places &#8211; 2|3 portes<\/strong><\/p>\n\n\n\n<div class=\"wp-block-columns is-layout-flex wp-container-core-columns-is-layout-9d6595d7 wp-block-columns-is-layout-flex\">\n<div class=\"wp-block-column is-layout-flow wp-block-column-is-layout-flow\" style=\"flex-basis:55%\">\n<p class=\"has-text-align-center has-text-color has-small-font-size\" style=\"color:#1c3359\"><em>Motorisation<\/em><\/p>\n\n\n\n<p class=\"has-text-align-center has-text-color\" style=\"color:#f8bc33;font-size:22px\"><strong>DIESEL<\/strong><\/p>\n\n\n\n<p class=\"has-text-align-center has-text-color\" style=\"color:#6585c3;font-size:22px\"><strong>HYBRIDE<\/strong><\/p>\n\n\n\n<p><\/p>\n<\/div>\n\n\n\n<div class=\"wp-block-column is-layout-flow wp-block-column-is-layout-flow\" style=\"flex-basis:45%\">\n<p class=\"has-text-align-center has-text-color has-small-font-size\" style=\"color:#1c3359\"><em>\u00e0 partir de <\/em><\/p>\n\n\n\n<p class=\"has-text-align-center has-text-color\" style=\"color:#1d9cd7;font-size:22px\"><strong>226.000 \u20ac<\/strong><\/p>\n\n\n\n<p class=\"has-text-align-center has-text-color\" style=\"color:#1d9cd7;font-size:22px\"><strong>283.000 \u20ac<\/strong><\/p>\n<\/div>\n<\/div>\n<\/div>\n<\/div>\n\n\n\n<div class=\"wp-block-columns alignwide are-vertically-aligned-top has-white-background-color has-background is-layout-flex wp-container-core-columns-is-layout-9d6595d7 wp-block-columns-is-layout-flex\">\n<div class=\"wp-block-column is-vertically-aligned-top is-layout-flow wp-block-column-is-layout-flow\" style=\"flex-basis:33%\"><div class=\"wp-block-image is-style-default\">\n<figure class=\"aligncenter size-large is-resized\"><img loading=\"lazy\" decoding=\"async\" width=\"450\" height=\"300\" src=\"https:\/\/concess.transport-manager.net\/evobus\/wp-content\/uploads\/sites\/2\/2021\/09\/eCitaro.jpg\" alt=\"\" class=\"wp-image-369\" style=\"width:300px;height:195px\" srcset=\"https:\/\/concess.transport-manager.net\/evobus\/wp-content\/uploads\/sites\/2\/2021\/09\/eCitaro.jpg 450w, https:\/\/concess.transport-manager.net\/evobus\/wp-content\/uploads\/sites\/2\/2021\/09\/eCitaro-300x200.jpg 300w\" sizes=\"auto, (max-width: 450px) 100vw, 450px\" \/><\/figure>\n<\/div>\n\n\n<p class=\"has-text-align-center has-base-3-color has-text-color has-background has-medium-font-size\" style=\"background-color:#1c3359\">MERCEDES-BENZ <strong>eCITARO<\/strong><\/p>\n\n\n\n<p class=\"has-text-align-center has-text-color\" style=\"color:#1c3359;font-size:18px\"><strong>88 places &#8211; 2|3 portes<\/strong><\/p>\n\n\n\n<div class=\"wp-block-columns is-layout-flex wp-container-core-columns-is-layout-9d6595d7 wp-block-columns-is-layout-flex\">\n<div class=\"wp-block-column is-layout-flow wp-block-column-is-layout-flow\">\n<p class=\"has-text-align-center has-text-color has-small-font-size\" style=\"color:#1c3359\"><em>Motorisation<\/em><\/p>\n\n\n\n<p class=\"has-text-align-center has-text-color\" style=\"color:#dbc424;font-size:22px\"><strong>\u00c9LECTRIQUE<\/strong><\/p>\n\n\n\n<p><\/p>\n<\/div>\n\n\n\n<div class=\"wp-block-column is-layout-flow wp-block-column-is-layout-flow\">\n<p class=\"has-text-align-center has-text-color has-small-font-size\" style=\"color:#1c3359\"><em>\u00e0 partir de <\/em><\/p>\n\n\n\n<p class=\"has-text-align-center has-text-color\" style=\"color:#1d9cd7;font-size:22px\"><strong>376.000 \u20ac<\/strong><\/p>\n\n\n\n<p class=\"has-text-align-center has-contrast-2-color has-text-color has-link-color wp-elements-b8348e0719ab21e148ff10582b01323c\"><\/p>\n<\/div>\n<\/div>\n<\/div>\n\n\n\n<div class=\"wp-block-column is-vertically-aligned-top is-layout-flow wp-block-column-is-layout-flow\" style=\"flex-basis:33%\"><div class=\"wp-block-image is-style-default\">\n<figure class=\"aligncenter size-large is-resized\"><img loading=\"lazy\" decoding=\"async\" width=\"450\" height=\"300\" src=\"https:\/\/concess.transport-manager.net\/evobus\/wp-content\/uploads\/sites\/2\/2021\/09\/Citaro_C2_BHNS.png\" alt=\"\" class=\"wp-image-359\" style=\"width:300px;height:195px\" srcset=\"https:\/\/concess.transport-manager.net\/evobus\/wp-content\/uploads\/sites\/2\/2021\/09\/Citaro_C2_BHNS.png 450w, https:\/\/concess.transport-manager.net\/evobus\/wp-content\/uploads\/sites\/2\/2021\/09\/Citaro_C2_BHNS-300x200.png 300w\" sizes=\"auto, (max-width: 450px) 100vw, 450px\" \/><\/figure>\n<\/div>\n\n\n<p class=\"has-text-align-center has-base-3-color has-text-color has-background has-medium-font-size\" style=\"background-color:#1c3359\">MERCEDES-BENZ <strong>CITARO C2 BHNS<\/strong><\/p>\n\n\n\n<p class=\"has-text-align-center has-text-color\" style=\"color:#1c3359;font-size:18px\"><strong>106 places &#8211; 2|3 portes<\/strong><\/p>\n\n\n\n<div class=\"wp-block-columns is-layout-flex wp-container-core-columns-is-layout-9d6595d7 wp-block-columns-is-layout-flex\">\n<div class=\"wp-block-column is-layout-flow wp-block-column-is-layout-flow\">\n<p class=\"has-text-align-center has-text-color has-small-font-size\" style=\"color:#1c3359\"><em>Motorisation<\/em><\/p>\n\n\n\n<p class=\"has-text-align-center has-text-color\" style=\"color:#f8bc33;font-size:22px\"><strong>DIESEL<\/strong><\/p>\n\n\n\n<p class=\"has-text-align-center has-text-color has-link-color wp-elements-647f4ce2120fb54620326e9b9675177f\" style=\"color:#6585c3;font-size:22px\"><strong>HYBRIDE<\/strong><\/p>\n<\/div>\n\n\n\n<div class=\"wp-block-column is-layout-flow wp-block-column-is-layout-flow\">\n<p class=\"has-text-align-center has-text-color has-small-font-size\" style=\"color:#1c3359\"><em>\u00e0 partir de <\/em><\/p>\n\n\n\n<p class=\"has-text-align-center has-text-color\" style=\"color:#1d9cd7;font-size:22px\"><strong>271.000 \u20ac<\/strong><\/p>\n\n\n\n<p class=\"has-text-align-center has-text-color has-link-color wp-elements-335ad88b8524eed713b3647a7b775365\" style=\"color:#1d9cd7;font-size:22px\"><strong>326.000 \u20ac<\/strong><\/p>\n<\/div>\n<\/div>\n<\/div>\n\n\n\n<div class=\"wp-block-column is-layout-flow wp-block-column-is-layout-flow\" style=\"flex-basis:33%\">\n<div style=\"height:25px\" aria-hidden=\"true\" class=\"wp-block-spacer\"><\/div>\n\n\n\n<p class=\"has-text-align-center\"><strong><strong>La gamme CITARO LE U peut \u00e9galement \u00eatre utilis\u00e9e pour exploiter des lignes suburbaines.<\/strong><\/strong><\/p>\n\n\n\n<div style=\"height:15px\" aria-hidden=\"true\" class=\"wp-block-spacer\"><\/div>\n\n\n\n<div class=\"wp-block-buttons is-horizontal is-content-justification-center is-layout-flex wp-container-core-buttons-is-layout-499968f5 wp-block-buttons-is-layout-flex\">\n<div class=\"wp-block-button is-style-fill\"><a class=\"wp-block-button__link has-background wp-element-button\" href=\"https:\/\/concess.transport-manager.net\/evobus\/car-vehicules-neufs#CITARO\" style=\"background-color:#1c3359\" target=\"_blank\" rel=\"noreferrer noopener\"><strong>D\u00e9couvrir la gamme<\/strong><\/a><\/div>\n<\/div>\n\n\n\n<div style=\"height:40px\" aria-hidden=\"true\" class=\"wp-block-spacer\"><\/div>\n\n\n\n<p class=\"has-text-align-center\"><strong>La gamme SETRA 41X LE BUSINESS peut \u00e9galement \u00eatre utilis\u00e9e pour exploiter des lignes suburbaines.<\/strong><\/p>\n\n\n\n<div style=\"height:15px\" aria-hidden=\"true\" class=\"wp-block-spacer\"><\/div>\n\n\n\n<div class=\"wp-block-buttons is-horizontal is-content-justification-center is-layout-flex wp-container-core-buttons-is-layout-499968f5 wp-block-buttons-is-layout-flex\">\n<div class=\"wp-block-button is-style-fill\"><a class=\"wp-block-button__link has-background wp-element-button\" href=\"https:\/\/concess.transport-manager.net\/evobus\/car-vehicules-neufs#BUSINESS\" style=\"background-color:#1c3359\" target=\"_blank\" rel=\"noreferrer noopener\"><strong>D\u00e9couvrir la gamme<\/strong><\/a><\/div>\n<\/div>\n<\/div>\n<\/div>\n\n\n\n<h3 class=\"wp-block-heading has-text-align-center has-text-color has-background\" id=\"ARTICULES\" style=\"color:#938f8f;background-color:#f2f1f1\"><strong>ARTICUL\u00c9S<\/strong><\/h3>\n\n\n\n<div class=\"wp-block-columns alignwide are-vertically-aligned-top has-white-background-color has-background is-layout-flex wp-container-core-columns-is-layout-9d6595d7 wp-block-columns-is-layout-flex\">\n<div class=\"wp-block-column is-vertically-aligned-top is-layout-flow wp-block-column-is-layout-flow\" style=\"flex-basis:33%\"><div class=\"wp-block-image is-style-default\">\n<figure class=\"aligncenter size-large is-resized\"><img loading=\"lazy\" decoding=\"async\" width=\"450\" height=\"300\" src=\"https:\/\/concess.transport-manager.net\/evobus\/wp-content\/uploads\/sites\/2\/2021\/09\/Citaro_G_C2.jpg\" alt=\"\" class=\"wp-image-372\" style=\"width:300px;height:195px\" srcset=\"https:\/\/concess.transport-manager.net\/evobus\/wp-content\/uploads\/sites\/2\/2021\/09\/Citaro_G_C2.jpg 450w, https:\/\/concess.transport-manager.net\/evobus\/wp-content\/uploads\/sites\/2\/2021\/09\/Citaro_G_C2-300x200.jpg 300w\" sizes=\"auto, (max-width: 450px) 100vw, 450px\" \/><\/figure>\n<\/div>\n\n\n<p class=\"has-text-align-center has-base-3-color has-text-color has-background has-medium-font-size\" style=\"background-color:#1c3359\">MERCEDES-BENZ <strong>CITARO G C2<\/strong><\/p>\n\n\n\n<p class=\"has-text-align-center has-text-color\" style=\"color:#1c3359;font-size:18px\"><strong>163 places &#8211; 3|4 portes<\/strong><\/p>\n\n\n\n<div class=\"wp-block-columns is-layout-flex wp-container-core-columns-is-layout-9d6595d7 wp-block-columns-is-layout-flex\">\n<div class=\"wp-block-column is-layout-flow wp-block-column-is-layout-flow\">\n<p class=\"has-text-align-center has-text-color has-small-font-size\" style=\"color:#1c3359\"><em>Motorisation<\/em><\/p>\n\n\n\n<p class=\"has-text-align-center has-text-color\" style=\"color:#f8bc33;font-size:22px\"><strong>DIESEL<\/strong><\/p>\n\n\n\n<p class=\"has-text-align-center has-text-color\" style=\"color:#6585c3;font-size:22px\"><strong>HYBRIDE<\/strong><\/p>\n\n\n\n<p><\/p>\n<\/div>\n\n\n\n<div class=\"wp-block-column is-layout-flow wp-block-column-is-layout-flow\">\n<p class=\"has-text-align-center has-text-color has-small-font-size\" style=\"color:#1c3359\"><em>\u00e0 partir de <\/em><\/p>\n\n\n\n<p class=\"has-text-align-center has-text-color\" style=\"color:#1d9cd7;font-size:22px\"><strong>340.000 \u20ac<\/strong><\/p>\n\n\n\n<p class=\"has-text-align-center has-text-color\" style=\"color:#1d9cd7;font-size:22px\"><strong>426.000 \u20ac<\/strong><\/p>\n<\/div>\n<\/div>\n<\/div>\n\n\n\n<div class=\"wp-block-column is-vertically-aligned-top is-layout-flow wp-block-column-is-layout-flow\" style=\"flex-basis:33%\"><div class=\"wp-block-image is-style-default\">\n<figure class=\"aligncenter size-full is-resized\"><img loading=\"lazy\" decoding=\"async\" width=\"450\" height=\"300\" src=\"https:\/\/concess.transport-manager.net\/evobus\/wp-content\/uploads\/sites\/2\/2024\/10\/Mercedes_ConectoG.jpg\" alt=\"\" class=\"wp-image-2393\" style=\"width:300px;height:195px\" srcset=\"https:\/\/concess.transport-manager.net\/evobus\/wp-content\/uploads\/sites\/2\/2024\/10\/Mercedes_ConectoG.jpg 450w, https:\/\/concess.transport-manager.net\/evobus\/wp-content\/uploads\/sites\/2\/2024\/10\/Mercedes_ConectoG-300x200.jpg 300w\" sizes=\"auto, (max-width: 450px) 100vw, 450px\" \/><\/figure>\n<\/div>\n\n\n<p class=\"has-text-align-center has-base-3-color has-text-color has-background has-medium-font-size\" style=\"background-color:#1c3359\">MERCEDES-BENZ <strong>CONECTO G<\/strong><\/p>\n\n\n\n<p class=\"has-text-align-center has-text-color\" style=\"color:#1c3359;font-size:18px\"><strong>150 places &#8211; 4 portes<\/strong><\/p>\n\n\n\n<div class=\"wp-block-columns is-layout-flex wp-container-core-columns-is-layout-9d6595d7 wp-block-columns-is-layout-flex\">\n<div class=\"wp-block-column is-layout-flow wp-block-column-is-layout-flow\">\n<p class=\"has-text-align-center has-text-color has-small-font-size\" style=\"color:#1c3359\"><em>Motorisation<\/em><\/p>\n\n\n\n<p class=\"has-text-align-center has-text-color\" style=\"color:#f8bc33;font-size:22px\"><strong>DIESEL<\/strong><\/p>\n\n\n\n<p><\/p>\n<\/div>\n\n\n\n<div class=\"wp-block-column is-layout-flow wp-block-column-is-layout-flow\">\n<p class=\"has-text-align-center has-text-color has-small-font-size\" style=\"color:#1c3359\"><em>\u00e0 partir de <\/em><\/p>\n\n\n\n<p class=\"has-text-align-center has-text-color\" style=\"color:#1d9cd7;font-size:22px\"><strong>310.000 \u20ac<\/strong><\/p>\n<\/div>\n<\/div>\n<\/div>\n\n\n\n<div class=\"wp-block-column is-vertically-aligned-top is-layout-flow wp-block-column-is-layout-flow\" style=\"flex-basis:33%\"><div class=\"wp-block-image is-style-default\">\n<figure class=\"aligncenter size-full is-resized\"><img loading=\"lazy\" decoding=\"async\" width=\"450\" height=\"300\" src=\"https:\/\/concess.transport-manager.net\/evobus\/wp-content\/uploads\/sites\/2\/2021\/12\/CItaro_GU_C2.jpg\" alt=\"\" class=\"wp-image-831\" style=\"width:300px;height:195px\" srcset=\"https:\/\/concess.transport-manager.net\/evobus\/wp-content\/uploads\/sites\/2\/2021\/12\/CItaro_GU_C2.jpg 450w, https:\/\/concess.transport-manager.net\/evobus\/wp-content\/uploads\/sites\/2\/2021\/12\/CItaro_GU_C2-300x200.jpg 300w\" sizes=\"auto, (max-width: 450px) 100vw, 450px\" \/><\/figure>\n<\/div>\n\n\n<p class=\"has-text-align-center has-base-3-color has-text-color has-background has-medium-font-size\" style=\"background-color:#1c3359\">MERCEDES-BENZ <strong>CITARO GU C2 (LE)<\/strong><\/p>\n\n\n\n<p class=\"has-text-align-center has-text-color\" style=\"color:#1c3359;font-size:18px\"><strong>127 places &#8211; 3 portes<\/strong><\/p>\n\n\n\n<div class=\"wp-block-columns is-layout-flex wp-container-core-columns-is-layout-9d6595d7 wp-block-columns-is-layout-flex\">\n<div class=\"wp-block-column is-layout-flow wp-block-column-is-layout-flow\" style=\"flex-basis:55%\">\n<p class=\"has-text-align-center has-text-color has-small-font-size\" style=\"color:#1c3359\"><em>Motorisation<\/em><\/p>\n\n\n\n<p class=\"has-text-align-center has-text-color\" style=\"color:#f8bc33;font-size:22px\"><strong>DIESEL<\/strong><\/p>\n\n\n\n<p class=\"has-text-align-center has-text-color\" style=\"color:#6585c3;font-size:22px\"><strong>HYBRIDE<\/strong><\/p>\n\n\n\n<p><\/p>\n<\/div>\n\n\n\n<div class=\"wp-block-column is-layout-flow wp-block-column-is-layout-flow\" style=\"flex-basis:45%\">\n<p class=\"has-text-align-center has-text-color has-small-font-size\" style=\"color:#1c3359\"><em>\u00e0 partir de <\/em><\/p>\n\n\n\n<p class=\"has-text-align-center has-text-color\" style=\"color:#1d9cd7;font-size:22px\"><strong>350.000 \u20ac<\/strong><\/p>\n\n\n\n<p class=\"has-text-align-center has-text-color\" style=\"color:#1d9cd7;font-size:22px\"><strong>436.000 \u20ac<\/strong><\/p>\n<\/div>\n<\/div>\n<\/div>\n<\/div>\n\n\n\n<div class=\"wp-block-columns alignwide are-vertically-aligned-top has-white-background-color has-background is-layout-flex wp-container-core-columns-is-layout-9d6595d7 wp-block-columns-is-layout-flex\">\n<div class=\"wp-block-column is-vertically-aligned-top is-layout-flow wp-block-column-is-layout-flow\" style=\"flex-basis:33%\"><div class=\"wp-block-image is-style-default\">\n<figure class=\"aligncenter size-large is-resized\"><img loading=\"lazy\" decoding=\"async\" width=\"450\" height=\"300\" src=\"https:\/\/concess.transport-manager.net\/evobus\/wp-content\/uploads\/sites\/2\/2021\/09\/eCitaroG.jpg\" alt=\"\" class=\"wp-image-376\" style=\"width:300px;height:195px\" srcset=\"https:\/\/concess.transport-manager.net\/evobus\/wp-content\/uploads\/sites\/2\/2021\/09\/eCitaroG.jpg 450w, https:\/\/concess.transport-manager.net\/evobus\/wp-content\/uploads\/sites\/2\/2021\/09\/eCitaroG-300x200.jpg 300w\" sizes=\"auto, (max-width: 450px) 100vw, 450px\" \/><\/figure>\n<\/div>\n\n\n<p class=\"has-text-align-center has-base-3-color has-text-color has-background has-medium-font-size\" style=\"background-color:#1c3359\">MERCEDES-BENZ <strong>eCITARO G<\/strong><\/p>\n\n\n\n<p class=\"has-text-align-center has-text-color\" style=\"color:#1c3359;font-size:18px\"><strong>146 places &#8211; 3|4 portes<\/strong><\/p>\n\n\n\n<div class=\"wp-block-columns is-layout-flex wp-container-core-columns-is-layout-9d6595d7 wp-block-columns-is-layout-flex\">\n<div class=\"wp-block-column is-layout-flow wp-block-column-is-layout-flow\">\n<p class=\"has-text-align-center has-text-color has-small-font-size\" style=\"color:#1c3359\"><em>Motorisation<\/em><\/p>\n\n\n\n<p class=\"has-text-align-center has-text-color\" style=\"color:#dbc424;font-size:22px\"><strong>\u00c9LECTRIQUE<\/strong><\/p>\n\n\n\n<p><\/p>\n<\/div>\n\n\n\n<div class=\"wp-block-column is-layout-flow wp-block-column-is-layout-flow\">\n<p class=\"has-text-align-center has-text-color has-small-font-size\" style=\"color:#1c3359\"><em>\u00e0 partir de <\/em><\/p>\n\n\n\n<p class=\"has-text-align-center has-text-color\" style=\"color:#1d9cd7;font-size:22px\"><strong>487.000 \u20ac<\/strong><\/p>\n\n\n\n<p class=\"has-text-align-center has-contrast-2-color has-text-color has-link-color wp-elements-b8348e0719ab21e148ff10582b01323c\"><\/p>\n<\/div>\n<\/div>\n<\/div>\n\n\n\n<div class=\"wp-block-column is-vertically-aligned-top is-layout-flow wp-block-column-is-layout-flow\" style=\"flex-basis:33%\"><div class=\"wp-block-image is-style-default\">\n<figure class=\"aligncenter size-large is-resized\"><img loading=\"lazy\" decoding=\"async\" width=\"450\" height=\"300\" src=\"https:\/\/concess.transport-manager.net\/evobus\/wp-content\/uploads\/sites\/2\/2021\/09\/Citaro_G_C2_BHNS.jpg\" alt=\"\" class=\"wp-image-374\" style=\"width:300px;height:195px\" srcset=\"https:\/\/concess.transport-manager.net\/evobus\/wp-content\/uploads\/sites\/2\/2021\/09\/Citaro_G_C2_BHNS.jpg 450w, https:\/\/concess.transport-manager.net\/evobus\/wp-content\/uploads\/sites\/2\/2021\/09\/Citaro_G_C2_BHNS-300x200.jpg 300w\" sizes=\"auto, (max-width: 450px) 100vw, 450px\" \/><\/figure>\n<\/div>\n\n\n<p class=\"has-text-align-center has-base-3-color has-text-color has-background has-medium-font-size\" style=\"background-color:#1c3359\">MERCEDES-BENZ <strong>CITARO G C2 BHNS<\/strong><\/p>\n\n\n\n<p class=\"has-text-align-center has-text-color\" style=\"color:#1c3359;font-size:18px\"><strong>163 places &#8211; 3|4 portes<\/strong><\/p>\n\n\n\n<div class=\"wp-block-columns is-layout-flex wp-container-core-columns-is-layout-9d6595d7 wp-block-columns-is-layout-flex\">\n<div class=\"wp-block-column is-layout-flow wp-block-column-is-layout-flow\">\n<p class=\"has-text-align-center has-text-color has-small-font-size\" style=\"color:#1c3359\"><em>Motorisation<\/em><\/p>\n\n\n\n<p class=\"has-text-align-center has-text-color\" style=\"color:#f8bc33;font-size:22px\"><strong>DIESEL<\/strong><\/p>\n\n\n\n<p class=\"has-text-align-center has-text-color has-link-color wp-elements-647f4ce2120fb54620326e9b9675177f\" style=\"color:#6585c3;font-size:22px\"><strong>HYBRIDE<\/strong><\/p>\n<\/div>\n\n\n\n<div class=\"wp-block-column is-layout-flow wp-block-column-is-layout-flow\">\n<p class=\"has-text-align-center has-text-color has-small-font-size\" style=\"color:#1c3359\"><em>\u00e0 partir de <\/em><\/p>\n\n\n\n<p class=\"has-text-align-center has-text-color\" style=\"color:#1d9cd7;font-size:22px\"><strong>381.000 \u20ac<\/strong><\/p>\n\n\n\n<p class=\"has-text-align-center has-text-color has-link-color wp-elements-cf449bd0c4c7fe0d6131674d2c0c3eb3\" style=\"color:#1d9cd7;font-size:22px\"><strong>461.000 \u20ac<\/strong><\/p>\n<\/div>\n<\/div>\n<\/div>\n\n\n\n<div class=\"wp-block-column is-vertically-aligned-top is-layout-flow wp-block-column-is-layout-flow\" style=\"flex-basis:33%\"><div class=\"wp-block-image is-style-default\">\n<figure class=\"aligncenter size-full is-resized\"><img loading=\"lazy\" decoding=\"async\" width=\"827\" height=\"551\" src=\"http:\/\/concess.transport-manager.net\/evobus\/wp-content\/uploads\/sites\/2\/2025\/06\/pas_photo.jpg\" alt=\"\" class=\"wp-image-2773\" style=\"width:300px;height:195px\" srcset=\"https:\/\/concess.transport-manager.net\/evobus\/wp-content\/uploads\/sites\/2\/2025\/06\/pas_photo.jpg 827w, https:\/\/concess.transport-manager.net\/evobus\/wp-content\/uploads\/sites\/2\/2025\/06\/pas_photo-300x200.jpg 300w, https:\/\/concess.transport-manager.net\/evobus\/wp-content\/uploads\/sites\/2\/2025\/06\/pas_photo-768x512.jpg 768w\" sizes=\"auto, (max-width: 827px) 100vw, 827px\" \/><\/figure>\n<\/div>\n\n\n<p class=\"has-text-align-center has-base-3-color has-text-color has-background has-medium-font-size\" style=\"background-color:#1c3359\">MERCEDES-BENZ <strong>eCITARO G<\/strong> <strong>BHNS<\/strong><\/p>\n\n\n\n<p class=\"has-text-align-center has-text-color\" style=\"color:#1c3359;font-size:18px\"><strong>146 places &#8211; 3|4 portes<\/strong><\/p>\n\n\n\n<div class=\"wp-block-columns is-layout-flex wp-container-core-columns-is-layout-9d6595d7 wp-block-columns-is-layout-flex\">\n<div class=\"wp-block-column is-layout-flow wp-block-column-is-layout-flow\">\n<p class=\"has-text-align-center has-text-color has-small-font-size\" style=\"color:#1c3359\"><em>Motorisation<\/em><\/p>\n\n\n\n<p class=\"has-text-align-center has-text-color\" style=\"color:#dbc424;font-size:22px\"><strong>\u00c9LECTRIQUE<\/strong><\/p>\n\n\n\n<p><\/p>\n<\/div>\n\n\n\n<div class=\"wp-block-column is-layout-flow wp-block-column-is-layout-flow\">\n<p class=\"has-text-align-center has-text-color has-small-font-size\" style=\"color:#1c3359\"><em>\u00e0 partir de <\/em><\/p>\n\n\n\n<p class=\"has-text-align-center has-text-color\" style=\"color:#1d9cd7;font-size:22px\"><strong>536.000 \u20ac<\/strong><\/p>\n\n\n\n<p class=\"has-text-align-center has-contrast-2-color has-text-color has-link-color wp-elements-b8348e0719ab21e148ff10582b01323c\"><\/p>\n<\/div>\n<\/div>\n<\/div>\n<\/div>\n\n\n\n<div class=\"wp-block-columns is-layout-flex wp-container-core-columns-is-layout-9d6595d7 wp-block-columns-is-layout-flex\">\n<div class=\"wp-block-column is-layout-flow wp-block-column-is-layout-flow\">\n<p class=\"has-white-color has-text-color has-background has-small-font-size\" id=\"BHNS\" style=\"background-color:#f0506e\"><strong>BHNS : V\u00e9hicules accessibles \u00e0 partir du Niveau 3<\/strong><\/p>\n<\/div>\n\n\n\n<div class=\"wp-block-column is-layout-flow wp-block-column-is-layout-flow\">\n<p class=\"has-white-color has-text-color has-background has-small-font-size\" id=\"LE\" style=\"background-color:#32d296\"><strong>LE : V\u00e9hicules accessibles \u00e0 partir du Niveau 4<\/strong><\/p>\n<\/div>\n<\/div>\n\n\n\n<div style=\"height:30px\" aria-hidden=\"true\" class=\"wp-block-spacer\"><\/div>\n\n\n\n<div class=\"wp-block-buttons is-horizontal is-content-justification-center is-layout-flex wp-container-core-buttons-is-layout-499968f5 wp-block-buttons-is-layout-flex\">\n<div class=\"wp-block-button has-custom-width wp-block-button__width-50\"><a class=\"wp-block-button__link has-white-color has-text-color has-background wp-element-button\" href=\"https:\/\/transport-manager.net\/jeu\/sendconcess.php?p=EVOBUS_bus_neuf\" style=\"background-color:#1c3359\" target=\"_blank\" rel=\"noreferrer noopener\"><strong>DEMANDE DE DEVIS &#8211; Bus neufs<\/strong><\/a><\/div>\n<\/div>\n\n\n\n<p><\/p>\n","protected":false},"excerpt":{"rendered":"<p>MINIS MERCEDES-BENZ SPRINTER CITY 45 28 places &#8211; 1 porte Motorisation DIESEL \u00c9LECTRIQUE \u00e0 partir de 113.000 \u20ac 139.000 \u20ac MERCEDES-BENZ SPRINTER CITY 75 38 places &#8211; 2 portes Motorisation DIESEL \u00c9LECTRIQUE \u00e0 partir de 118.000 \u20ac 144.000 \u20ac MIDIS MERCEDES-BENZ CITARO K C2 86 places &#8211; 2|3 portes Motorisation DIESEL HYBRIDE \u00e0 partir de &#8230; <a title=\"Bus &#8211; V\u00e9hicules neufs\" class=\"read-more\" href=\"https:\/\/concess.transport-manager.net\/evobus\/bus-vehicules-neufs\/\" aria-label=\"En savoir plus sur Bus &#8211; V\u00e9hicules neufs\">Lire la suite<\/a><\/p>\n","protected":false},"author":18,"featured_media":579,"parent":0,"menu_order":0,"comment_status":"closed","ping_status":"closed","template":"","meta":{"footnotes":""},"class_list":["post-347","page","type-page","status-publish","has-post-thumbnail"],"_links":{"self":[{"href":"https:\/\/concess.transport-manager.net\/evobus\/wp-json\/wp\/v2\/pages\/347","targetHints":{"allow":["GET"]}}],"collection":[{"href":"https:\/\/concess.transport-manager.net\/evobus\/wp-json\/wp\/v2\/pages"}],"about":[{"href":"https:\/\/concess.transport-manager.net\/evobus\/wp-json\/wp\/v2\/types\/page"}],"author":[{"embeddable":true,"href":"https:\/\/concess.transport-manager.net\/evobus\/wp-json\/wp\/v2\/users\/18"}],"replies":[{"embeddable":true,"href":"https:\/\/concess.transport-manager.net\/evobus\/wp-json\/wp\/v2\/comments?post=347"}],"version-history":[{"count":110,"href":"https:\/\/concess.transport-manager.net\/evobus\/wp-json\/wp\/v2\/pages\/347\/revisions"}],"predecessor-version":[{"id":2885,"href":"https:\/\/concess.transport-manager.net\/evobus\/wp-json\/wp\/v2\/pages\/347\/revisions\/2885"}],"wp:featuredmedia":[{"embeddable":true,"href":"https:\/\/concess.transport-manager.net\/evobus\/wp-json\/wp\/v2\/media\/579"}],"wp:attachment":[{"href":"https:\/\/concess.transport-manager.net\/evobus\/wp-json\/wp\/v2\/media?parent=347"}],"curies":[{"name":"wp","href":"https:\/\/api.w.org\/{rel}","templated":true}]}}