{"id":561,"date":"2021-09-19T23:24:57","date_gmt":"2021-09-19T21:24:57","guid":{"rendered":"https:\/\/concess.transport-manager.net\/evobus\/?page_id=561"},"modified":"2026-02-12T14:59:21","modified_gmt":"2026-02-12T13:59:21","slug":"car-vehicules-neufs","status":"publish","type":"page","link":"https:\/\/concess.transport-manager.net\/evobus\/car-vehicules-neufs\/","title":{"rendered":"Car &#8211; V\u00e9hicules neufs"},"content":{"rendered":"\n<p class=\"has-text-align-center has-white-color has-text-color has-background has-normal-font-size\" id=\"BHNS\" style=\"background-color:#1d9cd7\"><strong>Les cars sont accessibles \u00e0 partir du niveau 4<\/strong><\/p>\n\n\n\n<div style=\"height:30px\" aria-hidden=\"true\" class=\"wp-block-spacer\"><\/div>\n\n\n\n<div class=\"wp-block-columns is-layout-flex wp-container-core-columns-is-layout-9d6595d7 wp-block-columns-is-layout-flex\">\n<div class=\"wp-block-column is-layout-flow wp-block-column-is-layout-flow\" style=\"flex-basis:24%\">\n<div class=\"wp-block-buttons is-layout-flex wp-block-buttons-is-layout-flex\">\n<div class=\"wp-block-button has-custom-width wp-block-button__width-100\"><a class=\"wp-block-button__link has-black-color has-text-color has-background wp-element-button\" href=\"#SPRINTER\" style=\"background-color:#f2f1f1\">MERCEDES SPRINTER<\/a><\/div>\n<\/div>\n<\/div>\n\n\n\n<div class=\"wp-block-column is-layout-flow wp-block-column-is-layout-flow\" style=\"flex-basis:24%\">\n<div class=\"wp-block-buttons is-layout-flex wp-block-buttons-is-layout-flex\">\n<div class=\"wp-block-button has-custom-width wp-block-button__width-100\"><a class=\"wp-block-button__link has-black-color has-text-color has-background wp-element-button\" href=\"#CITARO\" style=\"background-color:#f2f1f1\">MERCEDES CITARO LE<\/a><\/div>\n<\/div>\n<\/div>\n\n\n\n<div class=\"wp-block-column is-layout-flow wp-block-column-is-layout-flow\" style=\"flex-basis:24%\">\n<div class=\"wp-block-buttons is-layout-flex wp-block-buttons-is-layout-flex\">\n<div class=\"wp-block-button has-custom-width wp-block-button__width-100 is-style-fill\"><a class=\"wp-block-button__link has-black-color has-text-color has-background wp-element-button\" href=\"#TOURISMO\" style=\"background-color:#f2f1f1\">MERCEDES TOURISMO<\/a><\/div>\n<\/div>\n<\/div>\n\n\n\n<div class=\"wp-block-column is-layout-flow wp-block-column-is-layout-flow\" style=\"flex-basis:28%\">\n<div class=\"wp-block-buttons is-layout-flex wp-block-buttons-is-layout-flex\">\n<div class=\"wp-block-button has-custom-width wp-block-button__width-100\"><a class=\"wp-block-button__link has-black-color has-text-color has-background wp-element-button\" href=\"#NEWINTOURO\" style=\"background-color:#f2f1f1\">MERCEDES NEW INTOURO<\/a><\/div>\n<\/div>\n<\/div>\n<\/div>\n\n\n\n<div class=\"wp-block-columns is-layout-flex wp-container-core-columns-is-layout-9d6595d7 wp-block-columns-is-layout-flex\">\n<div class=\"wp-block-column is-layout-flow wp-block-column-is-layout-flow\" style=\"flex-basis:33%\">\n<div class=\"wp-block-buttons is-layout-flex wp-block-buttons-is-layout-flex\">\n<div class=\"wp-block-button has-custom-width wp-block-button__width-100\"><a class=\"wp-block-button__link has-black-color has-text-color has-background wp-element-button\" href=\"#BUSINESS\" style=\"background-color:#f2f1f1\">SETRA LE BUSINESS<\/a><\/div>\n<\/div>\n<\/div>\n\n\n\n<div class=\"wp-block-column is-layout-flow wp-block-column-is-layout-flow\" style=\"flex-basis:33%\">\n<div class=\"wp-block-buttons is-layout-flex wp-block-buttons-is-layout-flex\">\n<div class=\"wp-block-button has-custom-width wp-block-button__width-100\"><a class=\"wp-block-button__link has-black-color has-text-color has-background wp-element-button\" href=\"#COMFORTCLASS\" style=\"background-color:#f2f1f1\">SETRA COMFORTCLASS<\/a><\/div>\n<\/div>\n<\/div>\n\n\n\n<div class=\"wp-block-column is-layout-flow wp-block-column-is-layout-flow\" style=\"flex-basis:33%\">\n<div class=\"wp-block-buttons is-layout-flex wp-block-buttons-is-layout-flex\">\n<div class=\"wp-block-button has-custom-width wp-block-button__width-100 is-style-fill\"><a class=\"wp-block-button__link has-black-color has-text-color has-background wp-element-button\" href=\"#TOPCLASS\" style=\"background-color:#f2f1f1\">SETRA TOPCLASS<\/a><\/div>\n<\/div>\n<\/div>\n<\/div>\n\n\n\n<p><\/p>\n\n\n\n<div style=\"height:30px\" aria-hidden=\"true\" class=\"wp-block-spacer\"><\/div>\n\n\n\n<div class=\"wp-block-buttons is-horizontal is-content-justification-center is-layout-flex wp-container-core-buttons-is-layout-499968f5 wp-block-buttons-is-layout-flex\">\n<div class=\"wp-block-button has-custom-width wp-block-button__width-50\"><a class=\"wp-block-button__link has-white-color has-text-color has-background wp-element-button\" href=\"https:\/\/transport-manager.net\/jeu\/sendconcess.php?p=EVOBUS_car_neuf\" style=\"background-color:#1c3359\" target=\"_blank\" rel=\"noreferrer noopener\"><strong>DEMANDE DE DEVIS &#8211; Cars neufs<\/strong><\/a><\/div>\n<\/div>\n\n\n\n<div style=\"height:30px\" aria-hidden=\"true\" class=\"wp-block-spacer\"><\/div>\n\n\n\n<h3 class=\"wp-block-heading has-text-align-center has-text-color has-background\" id=\"SPRINTER\" style=\"color:#938f8f;background-color:#f2f1f1\"><strong>SPRINTER<\/strong><\/h3>\n\n\n\n<div class=\"wp-block-columns alignwide are-vertically-aligned-top has-white-background-color has-background is-layout-flex wp-container-core-columns-is-layout-9d6595d7 wp-block-columns-is-layout-flex\">\n<div class=\"wp-block-column is-vertically-aligned-top is-layout-flow wp-block-column-is-layout-flow\" style=\"flex-basis:33%\"><div class=\"wp-block-image is-style-default\">\n<figure class=\"aligncenter size-large is-resized\"><img loading=\"lazy\" decoding=\"async\" width=\"827\" height=\"551\" src=\"https:\/\/concess.transport-manager.net\/evobus\/wp-content\/uploads\/sites\/2\/2021\/09\/pas_photo.jpg\" alt=\"\" class=\"wp-image-356\" style=\"width:300px;height:195px\" srcset=\"https:\/\/concess.transport-manager.net\/evobus\/wp-content\/uploads\/sites\/2\/2021\/09\/pas_photo.jpg 827w, https:\/\/concess.transport-manager.net\/evobus\/wp-content\/uploads\/sites\/2\/2021\/09\/pas_photo-300x200.jpg 300w, https:\/\/concess.transport-manager.net\/evobus\/wp-content\/uploads\/sites\/2\/2021\/09\/pas_photo-768x512.jpg 768w\" sizes=\"auto, (max-width: 827px) 100vw, 827px\" \/><\/figure>\n<\/div>\n\n\n<p class=\"has-text-align-center has-base-3-color has-text-color has-background has-medium-font-size\" style=\"background-color:#1c3359\">MERCEDES-BENZ<br><strong>SPRINTER TRANSFER<\/strong><\/p>\n\n\n\n<p class=\"has-text-align-center has-contrast-2-color has-text-color\">MINI<\/p>\n\n\n<div class=\"wp-block-image is-style-default\">\n<figure class=\"aligncenter size-large\"><img loading=\"lazy\" decoding=\"async\" width=\"29\" height=\"30\" src=\"https:\/\/concess.transport-manager.net\/evobus\/wp-content\/uploads\/sites\/2\/2021\/10\/pmr2.png\" alt=\"\" class=\"wp-image-633\"\/><\/figure>\n<\/div>\n\n\n<p class=\"has-text-align-center has-text-color\" style=\"color:#1c3359;font-size:18px\"><strong>22 places &#8211; 1 porte<\/strong><\/p>\n\n\n\n<div class=\"wp-block-columns is-layout-flex wp-container-core-columns-is-layout-9d6595d7 wp-block-columns-is-layout-flex\">\n<div class=\"wp-block-column is-layout-flow wp-block-column-is-layout-flow\">\n<p class=\"has-text-align-center has-text-color has-small-font-size\" style=\"color:#1c3359\"><em>Motorisation<\/em><\/p>\n\n\n\n<p class=\"has-text-align-center has-text-color\" style=\"color:#f8bc33;font-size:22px\"><strong>DIESEL<\/strong><\/p>\n\n\n\n<p class=\"has-text-align-center has-text-color\" style=\"color:#dbc424;font-size:22px\"><strong>\u00c9LECTRIQUE<\/strong><\/p>\n<\/div>\n\n\n\n<div class=\"wp-block-column is-layout-flow wp-block-column-is-layout-flow\">\n<p class=\"has-text-align-center has-text-color has-small-font-size\" style=\"color:#1c3359\"><em>\u00e0 partir de <\/em><\/p>\n\n\n\n<p class=\"has-text-align-center has-text-color\" style=\"color:#1d9cd7;font-size:22px\"><strong>129.000 \u20ac<\/strong><\/p>\n\n\n\n<p class=\"has-text-align-center has-text-color\" style=\"color:#1d9cd7;font-size:22px\"><strong>162.000 \u20ac<\/strong><\/p>\n<\/div>\n<\/div>\n<\/div>\n\n\n\n<div class=\"wp-block-column is-vertically-aligned-top is-layout-flow wp-block-column-is-layout-flow\" style=\"flex-basis:33%\"><div class=\"wp-block-image is-style-default\">\n<figure class=\"aligncenter size-large is-resized\"><img loading=\"lazy\" decoding=\"async\" width=\"450\" height=\"300\" src=\"https:\/\/concess.transport-manager.net\/evobus\/wp-content\/uploads\/sites\/2\/2021\/12\/Sprinter_Travel_75.jpg\" alt=\"\" class=\"wp-image-811\" style=\"width:300px;height:195px\" srcset=\"https:\/\/concess.transport-manager.net\/evobus\/wp-content\/uploads\/sites\/2\/2021\/12\/Sprinter_Travel_75.jpg 450w, https:\/\/concess.transport-manager.net\/evobus\/wp-content\/uploads\/sites\/2\/2021\/12\/Sprinter_Travel_75-300x200.jpg 300w\" sizes=\"auto, (max-width: 450px) 100vw, 450px\" \/><\/figure>\n<\/div>\n\n\n<p class=\"has-text-align-center has-base-3-color has-text-color has-background has-medium-font-size\" style=\"background-color:#1c3359\">MERCEDES-BENZ<br><strong>SPRINTER TRAVEL<\/strong><\/p>\n\n\n\n<p class=\"has-text-align-center has-contrast-2-color has-text-color\">MINI<\/p>\n\n\n<div class=\"wp-block-image is-style-default\">\n<figure class=\"aligncenter size-large\"><img loading=\"lazy\" decoding=\"async\" width=\"29\" height=\"30\" src=\"https:\/\/concess.transport-manager.net\/evobus\/wp-content\/uploads\/sites\/2\/2021\/10\/pmr2.png\" alt=\"\" class=\"wp-image-633\"\/><\/figure>\n<\/div>\n\n\n<p class=\"has-text-align-center has-text-color\" style=\"color:#1c3359;font-size:18px\"><strong>22 places &#8211; 1 porte<\/strong><\/p>\n\n\n\n<div class=\"wp-block-columns is-layout-flex wp-container-core-columns-is-layout-9d6595d7 wp-block-columns-is-layout-flex\">\n<div class=\"wp-block-column is-layout-flow wp-block-column-is-layout-flow\">\n<p class=\"has-text-align-center has-text-color has-small-font-size\" style=\"color:#1c3359\"><em>Motorisation<\/em><\/p>\n\n\n\n<p class=\"has-text-align-center has-text-color\" style=\"color:#f8bc33;font-size:22px\"><strong>DIESEL<\/strong><\/p>\n\n\n\n<p><\/p>\n<\/div>\n\n\n\n<div class=\"wp-block-column is-layout-flow wp-block-column-is-layout-flow\">\n<p class=\"has-text-align-center has-text-color has-small-font-size\" style=\"color:#1c3359\"><em>\u00e0 partir de <\/em><\/p>\n\n\n\n<p class=\"has-text-align-center has-text-color\" style=\"color:#1d9cd7;font-size:22px\"><strong>149.000 \u20ac<\/strong><\/p>\n<\/div>\n<\/div>\n<\/div>\n\n\n\n<div class=\"wp-block-column is-layout-flow wp-block-column-is-layout-flow\" style=\"flex-basis:33%\"><\/div>\n<\/div>\n\n\n\n<h3 class=\"wp-block-heading has-text-align-center has-text-color has-background\" id=\"CITARO\" style=\"color:#938f8f;background-color:#f2f1f1\"><strong>CITARO LE<\/strong><\/h3>\n\n\n\n<div class=\"wp-block-columns alignwide are-vertically-aligned-top has-white-background-color has-background is-layout-flex wp-container-core-columns-is-layout-9d6595d7 wp-block-columns-is-layout-flex\">\n<div class=\"wp-block-column is-vertically-aligned-top is-layout-flow wp-block-column-is-layout-flow\" style=\"flex-basis:33%\"><div class=\"wp-block-image is-style-default\">\n<figure class=\"aligncenter size-large is-resized\"><img loading=\"lazy\" decoding=\"async\" width=\"450\" height=\"300\" src=\"https:\/\/concess.transport-manager.net\/evobus\/wp-content\/uploads\/sites\/2\/2021\/12\/CitaroLEUC2.jpg\" alt=\"\" class=\"wp-image-808\" style=\"width:300px;height:195px\" srcset=\"https:\/\/concess.transport-manager.net\/evobus\/wp-content\/uploads\/sites\/2\/2021\/12\/CitaroLEUC2.jpg 450w, https:\/\/concess.transport-manager.net\/evobus\/wp-content\/uploads\/sites\/2\/2021\/12\/CitaroLEUC2-300x200.jpg 300w\" sizes=\"auto, (max-width: 450px) 100vw, 450px\" \/><\/figure>\n<\/div>\n\n\n<p class=\"has-text-align-center has-base-3-color has-text-color has-background has-medium-font-size\" style=\"background-color:#1c3359\">MERCEDES-BENZ<br><strong>CITARO LE U C2<\/strong><\/p>\n\n\n\n<p class=\"has-text-align-center has-contrast-2-color has-text-color\">STANDARD<\/p>\n\n\n<div class=\"wp-block-image is-style-default\">\n<figure class=\"aligncenter size-large\"><img loading=\"lazy\" decoding=\"async\" width=\"29\" height=\"30\" src=\"https:\/\/concess.transport-manager.net\/evobus\/wp-content\/uploads\/sites\/2\/2021\/10\/pmr-2.png\" alt=\"\" class=\"wp-image-631\"\/><\/figure>\n<\/div>\n\n\n<p class=\"has-text-align-center has-text-color\" style=\"color:#1c3359;font-size:18px\"><strong>43(84*) places &#8211; 2 portes<\/strong><\/p>\n\n\n\n<div class=\"wp-block-columns is-layout-flex wp-container-core-columns-is-layout-9d6595d7 wp-block-columns-is-layout-flex\">\n<div class=\"wp-block-column is-layout-flow wp-block-column-is-layout-flow\">\n<p class=\"has-text-align-center has-text-color has-small-font-size\" style=\"color:#1c3359\"><em>Motorisation<\/em><\/p>\n\n\n\n<p class=\"has-text-align-center has-text-color\" style=\"color:#f8bc33;font-size:22px\"><strong>DIESEL<\/strong><\/p>\n\n\n\n<p class=\"has-text-align-center has-text-color\" style=\"color:#6585c3;font-size:22px\"><strong>HYBRIDE<\/strong><\/p>\n<\/div>\n\n\n\n<div class=\"wp-block-column is-layout-flow wp-block-column-is-layout-flow\">\n<p class=\"has-text-align-center has-text-color has-small-font-size\" style=\"color:#1c3359\"><em>\u00e0 partir de <\/em><\/p>\n\n\n\n<p class=\"has-text-align-center has-text-color\" style=\"color:#1d9cd7;font-size:22px\"><strong>214.000 \u20ac<\/strong><\/p>\n\n\n\n<p class=\"has-text-align-center has-text-color\" style=\"color:#1d9cd7;font-size:22px\"><strong>267.000 \u20ac<\/strong><\/p>\n<\/div>\n<\/div>\n<\/div>\n\n\n\n<div class=\"wp-block-column is-vertically-aligned-top is-layout-flow wp-block-column-is-layout-flow\" style=\"flex-basis:33%\"><div class=\"wp-block-image is-style-default\">\n<figure class=\"aligncenter size-large is-resized\"><img loading=\"lazy\" decoding=\"async\" width=\"450\" height=\"300\" src=\"https:\/\/concess.transport-manager.net\/evobus\/wp-content\/uploads\/sites\/2\/2021\/11\/CitaroLEMUC2.jpg\" alt=\"\" class=\"wp-image-753\" style=\"width:300px;height:195px\" srcset=\"https:\/\/concess.transport-manager.net\/evobus\/wp-content\/uploads\/sites\/2\/2021\/11\/CitaroLEMUC2.jpg 450w, https:\/\/concess.transport-manager.net\/evobus\/wp-content\/uploads\/sites\/2\/2021\/11\/CitaroLEMUC2-300x200.jpg 300w\" sizes=\"auto, (max-width: 450px) 100vw, 450px\" \/><\/figure>\n<\/div>\n\n\n<p class=\"has-text-align-center has-base-3-color has-text-color has-background has-medium-font-size\" style=\"background-color:#1c3359\">MERCEDES-BENZ<br><strong>CITARO LE MU C2<\/strong><\/p>\n\n\n\n<p class=\"has-text-align-center has-contrast-2-color has-text-color\">STANDARD<\/p>\n\n\n<div class=\"wp-block-image is-style-default\">\n<figure class=\"aligncenter size-large\"><img loading=\"lazy\" decoding=\"async\" width=\"29\" height=\"30\" src=\"https:\/\/concess.transport-manager.net\/evobus\/wp-content\/uploads\/sites\/2\/2021\/10\/pmr-2.png\" alt=\"\" class=\"wp-image-631\"\/><\/figure>\n<\/div>\n\n\n<p class=\"has-text-align-center has-text-color\" style=\"color:#1c3359;font-size:18px\"><strong>49(88*) places &#8211; 2|3 portes<\/strong><\/p>\n\n\n\n<div class=\"wp-block-columns is-layout-flex wp-container-core-columns-is-layout-9d6595d7 wp-block-columns-is-layout-flex\">\n<div class=\"wp-block-column is-layout-flow wp-block-column-is-layout-flow\">\n<p class=\"has-text-align-center has-text-color has-small-font-size\" style=\"color:#1c3359\"><em>Motorisation<\/em><\/p>\n\n\n\n<p class=\"has-text-align-center has-text-color\" style=\"color:#f8bc33;font-size:22px\"><strong>DIESEL<\/strong><\/p>\n\n\n\n<p class=\"has-text-align-center has-text-color\" style=\"color:#6585c3;font-size:22px\"><strong>HYBRIDE<\/strong><\/p>\n<\/div>\n\n\n\n<div class=\"wp-block-column is-layout-flow wp-block-column-is-layout-flow\">\n<p class=\"has-text-align-center has-text-color has-small-font-size\" style=\"color:#1c3359\"><em>\u00e0 partir de <\/em><\/p>\n\n\n\n<p class=\"has-text-align-center has-text-color\" style=\"color:#1d9cd7;font-size:22px\"><strong>248.000 \u20ac<\/strong><\/p>\n\n\n\n<p class=\"has-text-align-center has-text-color\" style=\"color:#1d9cd7;font-size:22px\"><strong>311.000 \u20ac<\/strong><\/p>\n<\/div>\n<\/div>\n<\/div>\n\n\n\n<div class=\"wp-block-column is-layout-flow wp-block-column-is-layout-flow\" style=\"flex-basis:33%\"><\/div>\n<\/div>\n\n\n\n<p class=\"has-text-align-right has-cyan-bluish-gray-color has-text-color\"><strong><em>* En circulation p\u00e9ri-urbaine<\/em><\/strong><\/p>\n\n\n\n<h3 class=\"wp-block-heading has-text-align-center has-text-color has-background\" id=\"NEWINTOURO\" style=\"color:#938f8f;background-color:#f2f1f1\"><strong>NEW INTOURO<\/strong><\/h3>\n\n\n\n<div class=\"wp-block-columns alignwide are-vertically-aligned-top has-white-background-color has-background is-layout-flex wp-container-core-columns-is-layout-9d6595d7 wp-block-columns-is-layout-flex\">\n<div class=\"wp-block-column is-vertically-aligned-top is-layout-flow wp-block-column-is-layout-flow\" style=\"flex-basis:33%\"><div class=\"wp-block-image is-style-default\">\n<figure class=\"aligncenter size-full is-resized\"><img loading=\"lazy\" decoding=\"async\" width=\"450\" height=\"300\" src=\"http:\/\/concess.transport-manager.net\/evobus\/wp-content\/uploads\/sites\/2\/2023\/08\/Mercedes_New_IntouroK.jpg\" alt=\"\" class=\"wp-image-1328\" style=\"width:300px;height:195px\" srcset=\"https:\/\/concess.transport-manager.net\/evobus\/wp-content\/uploads\/sites\/2\/2023\/08\/Mercedes_New_IntouroK.jpg 450w, https:\/\/concess.transport-manager.net\/evobus\/wp-content\/uploads\/sites\/2\/2023\/08\/Mercedes_New_IntouroK-300x200.jpg 300w\" sizes=\"auto, (max-width: 450px) 100vw, 450px\" \/><\/figure>\n<\/div>\n\n\n<p class=\"has-text-align-center has-base-3-color has-text-color has-background has-medium-font-size\" style=\"background-color:#1c3359\">MERCEDES-BENZ<br><strong>NEW INTOURO K<\/strong><\/p>\n\n\n\n<p class=\"has-text-align-center has-contrast-2-color has-text-color\">MIDI<\/p>\n\n\n<div class=\"wp-block-image is-style-default\">\n<figure class=\"aligncenter size-large\"><img loading=\"lazy\" decoding=\"async\" width=\"29\" height=\"30\" src=\"https:\/\/concess.transport-manager.net\/evobus\/wp-content\/uploads\/sites\/2\/2021\/10\/pmr-2.png\" alt=\"\" class=\"wp-image-631\"\/><\/figure>\n<\/div>\n\n\n<p class=\"has-text-align-center has-text-color\" style=\"color:#1c3359;font-size:18px\"><strong>47 places &#8211; 2 portes<\/strong><\/p>\n\n\n\n<div class=\"wp-block-columns is-layout-flex wp-container-core-columns-is-layout-9d6595d7 wp-block-columns-is-layout-flex\">\n<div class=\"wp-block-column is-layout-flow wp-block-column-is-layout-flow\">\n<p class=\"has-text-align-center has-text-color has-small-font-size\" style=\"color:#1c3359\"><em>Motorisation<\/em><\/p>\n\n\n\n<p class=\"has-text-align-center has-text-color\" style=\"color:#f8bc33;font-size:22px\"><strong>DIESEL<\/strong><\/p>\n\n\n\n<p class=\"has-text-align-center has-text-color\" style=\"color:#6585c3;font-size:22px\"><strong>HYBRIDE<\/strong><\/p>\n<\/div>\n\n\n\n<div class=\"wp-block-column is-layout-flow wp-block-column-is-layout-flow\">\n<p class=\"has-text-align-center has-text-color has-small-font-size\" style=\"color:#1c3359\"><em>\u00e0 partir de <\/em><\/p>\n\n\n\n<p class=\"has-text-align-center has-text-color\" style=\"color:#1d9cd7;font-size:22px\"><strong>238.000 \u20ac<\/strong><\/p>\n\n\n\n<p class=\"has-text-align-center has-text-color\" style=\"color:#1d9cd7;font-size:22px\"><strong>255.000 \u20ac<\/strong><\/p>\n<\/div>\n<\/div>\n<\/div>\n\n\n\n<div class=\"wp-block-column is-vertically-aligned-top is-layout-flow wp-block-column-is-layout-flow\" style=\"flex-basis:33%\"><div class=\"wp-block-image is-style-default\">\n<figure class=\"aligncenter size-full is-resized\"><img loading=\"lazy\" decoding=\"async\" width=\"450\" height=\"300\" src=\"https:\/\/concess.transport-manager.net\/evobus\/wp-content\/uploads\/sites\/2\/2024\/10\/Mercedes_NewIntouro.jpg\" alt=\"\" class=\"wp-image-2395\" style=\"width:300px;height:195px\" srcset=\"https:\/\/concess.transport-manager.net\/evobus\/wp-content\/uploads\/sites\/2\/2024\/10\/Mercedes_NewIntouro.jpg 450w, https:\/\/concess.transport-manager.net\/evobus\/wp-content\/uploads\/sites\/2\/2024\/10\/Mercedes_NewIntouro-300x200.jpg 300w\" sizes=\"auto, (max-width: 450px) 100vw, 450px\" \/><\/figure>\n<\/div>\n\n\n<p class=\"has-text-align-center has-base-3-color has-text-color has-background has-medium-font-size\" style=\"background-color:#1c3359\">MERCEDES-BENZ<br><strong>NEW INTOURO<\/strong><\/p>\n\n\n\n<p class=\"has-text-align-center has-contrast-2-color has-text-color\">STANDARD<\/p>\n\n\n<div class=\"wp-block-image is-style-default\">\n<figure class=\"aligncenter size-large\"><img loading=\"lazy\" decoding=\"async\" width=\"29\" height=\"30\" src=\"https:\/\/concess.transport-manager.net\/evobus\/wp-content\/uploads\/sites\/2\/2021\/10\/pmr-2.png\" alt=\"\" class=\"wp-image-631\"\/><\/figure>\n<\/div>\n\n\n<p class=\"has-text-align-center has-text-color\" style=\"color:#1c3359;font-size:18px\"><strong>55 places &#8211; 2 portes<\/strong><\/p>\n\n\n\n<div class=\"wp-block-columns is-layout-flex wp-container-core-columns-is-layout-9d6595d7 wp-block-columns-is-layout-flex\">\n<div class=\"wp-block-column is-layout-flow wp-block-column-is-layout-flow\">\n<p class=\"has-text-align-center has-text-color has-small-font-size\" style=\"color:#1c3359\"><em>Motorisation<\/em><\/p>\n\n\n\n<p class=\"has-text-align-center has-text-color\" style=\"color:#f8bc33;font-size:22px\"><strong>DIESEL<\/strong><\/p>\n\n\n\n<p class=\"has-text-align-center has-text-color\" style=\"color:#6585c3;font-size:22px\"><strong>HYBRIDE<\/strong><\/p>\n<\/div>\n\n\n\n<div class=\"wp-block-column is-layout-flow wp-block-column-is-layout-flow\">\n<p class=\"has-text-align-center has-text-color has-small-font-size\" style=\"color:#1c3359\"><em>\u00e0 partir de <\/em><\/p>\n\n\n\n<p class=\"has-text-align-center has-text-color\" style=\"color:#1d9cd7;font-size:22px\"><strong>248.000 \u20ac<\/strong><\/p>\n\n\n\n<p class=\"has-text-align-center has-text-color\" style=\"color:#1d9cd7;font-size:22px\"><strong>265.000 \u20ac<\/strong><\/p>\n<\/div>\n<\/div>\n<\/div>\n\n\n\n<div class=\"wp-block-column is-vertically-aligned-top is-layout-flow wp-block-column-is-layout-flow\" style=\"flex-basis:33%\"><div class=\"wp-block-image is-style-default\">\n<figure class=\"aligncenter size-full is-resized\"><img loading=\"lazy\" decoding=\"async\" width=\"450\" height=\"300\" src=\"http:\/\/concess.transport-manager.net\/evobus\/wp-content\/uploads\/sites\/2\/2023\/03\/NewIntouro_M.jpg\" alt=\"\" class=\"wp-image-1238\" style=\"width:300px;height:195px\" srcset=\"https:\/\/concess.transport-manager.net\/evobus\/wp-content\/uploads\/sites\/2\/2023\/03\/NewIntouro_M.jpg 450w, https:\/\/concess.transport-manager.net\/evobus\/wp-content\/uploads\/sites\/2\/2023\/03\/NewIntouro_M-300x200.jpg 300w\" sizes=\"auto, (max-width: 450px) 100vw, 450px\" \/><\/figure>\n<\/div>\n\n\n<p class=\"has-text-align-center has-base-3-color has-text-color has-background has-medium-font-size\" style=\"background-color:#1c3359\">MERCEDES-BENZ<br><strong>NEW INTOURO M<\/strong><\/p>\n\n\n\n<p class=\"has-text-align-center has-contrast-2-color has-text-color\">STANDARD<\/p>\n\n\n<div class=\"wp-block-image is-style-default\">\n<figure class=\"aligncenter size-large\"><img loading=\"lazy\" decoding=\"async\" width=\"29\" height=\"30\" src=\"https:\/\/concess.transport-manager.net\/evobus\/wp-content\/uploads\/sites\/2\/2021\/10\/pmr-2.png\" alt=\"\" class=\"wp-image-631\"\/><\/figure>\n<\/div>\n\n\n<p class=\"has-text-align-center has-text-color\" style=\"color:#1c3359;font-size:18px\"><strong>63 places &#8211; 2 portes<\/strong><\/p>\n\n\n\n<div class=\"wp-block-columns is-layout-flex wp-container-core-columns-is-layout-9d6595d7 wp-block-columns-is-layout-flex\">\n<div class=\"wp-block-column is-layout-flow wp-block-column-is-layout-flow\">\n<p class=\"has-text-align-center has-text-color has-small-font-size\" style=\"color:#1c3359\"><em>Motorisation<\/em><\/p>\n\n\n\n<p class=\"has-text-align-center has-text-color\" style=\"color:#f8bc33;font-size:22px\"><strong>DIESEL<\/strong><\/p>\n\n\n\n<p class=\"has-text-align-center has-text-color\" style=\"color:#6585c3;font-size:22px\"><strong>HYBRIDE<\/strong><\/p>\n<\/div>\n\n\n\n<div class=\"wp-block-column is-layout-flow wp-block-column-is-layout-flow\">\n<p class=\"has-text-align-center has-text-color has-small-font-size\" style=\"color:#1c3359\"><em>\u00e0 partir de <\/em><\/p>\n\n\n\n<p class=\"has-text-align-center has-text-color\" style=\"color:#1d9cd7;font-size:22px\"><strong>253.000 \u20ac<\/strong><\/p>\n\n\n\n<p class=\"has-text-align-center has-text-color\" style=\"color:#1d9cd7;font-size:22px\"><strong>270.000 \u20ac<\/strong><\/p>\n<\/div>\n<\/div>\n<\/div>\n<\/div>\n\n\n\n<div class=\"wp-block-columns alignwide are-vertically-aligned-top has-white-background-color has-background is-layout-flex wp-container-core-columns-is-layout-9d6595d7 wp-block-columns-is-layout-flex\">\n<div class=\"wp-block-column is-vertically-aligned-top is-layout-flow wp-block-column-is-layout-flow\" style=\"flex-basis:33%\"><div class=\"wp-block-image is-style-default\">\n<figure class=\"aligncenter size-full is-resized\"><img loading=\"lazy\" decoding=\"async\" width=\"450\" height=\"300\" src=\"https:\/\/concess.transport-manager.net\/evobus\/wp-content\/uploads\/sites\/2\/2024\/04\/Mercedes_New_IntouroL.jpg\" alt=\"\" class=\"wp-image-2228\" style=\"width:300px;height:195px\" srcset=\"https:\/\/concess.transport-manager.net\/evobus\/wp-content\/uploads\/sites\/2\/2024\/04\/Mercedes_New_IntouroL.jpg 450w, https:\/\/concess.transport-manager.net\/evobus\/wp-content\/uploads\/sites\/2\/2024\/04\/Mercedes_New_IntouroL-300x200.jpg 300w\" sizes=\"auto, (max-width: 450px) 100vw, 450px\" \/><\/figure>\n<\/div>\n\n\n<p class=\"has-text-align-center has-base-3-color has-text-color has-background has-medium-font-size\" style=\"background-color:#1c3359\">MERCEDES-BENZ<br><strong>NEW INTOURO L<\/strong><\/p>\n\n\n\n<p class=\"has-text-align-center has-contrast-2-color has-text-color\">STANDARD<\/p>\n\n\n<div class=\"wp-block-image is-style-default\">\n<figure class=\"aligncenter size-large\"><img loading=\"lazy\" decoding=\"async\" width=\"29\" height=\"30\" src=\"https:\/\/concess.transport-manager.net\/evobus\/wp-content\/uploads\/sites\/2\/2021\/10\/pmr-2.png\" alt=\"\" class=\"wp-image-631\"\/><\/figure>\n<\/div>\n\n\n<p class=\"has-text-align-center has-text-color\" style=\"color:#1c3359;font-size:18px\"><strong>71 places &#8211; 2 portes<\/strong><\/p>\n\n\n\n<div class=\"wp-block-columns is-layout-flex wp-container-core-columns-is-layout-9d6595d7 wp-block-columns-is-layout-flex\">\n<div class=\"wp-block-column is-layout-flow wp-block-column-is-layout-flow\">\n<p class=\"has-text-align-center has-text-color has-small-font-size\" style=\"color:#1c3359\"><em>Motorisation<\/em><\/p>\n\n\n\n<p class=\"has-text-align-center has-text-color\" style=\"color:#f8bc33;font-size:22px\"><strong>DIESEL<\/strong><\/p>\n\n\n\n<p><\/p>\n<\/div>\n\n\n\n<div class=\"wp-block-column is-layout-flow wp-block-column-is-layout-flow\">\n<p class=\"has-text-align-center has-text-color has-small-font-size\" style=\"color:#1c3359\"><em>\u00e0 partir de <\/em><\/p>\n\n\n\n<p class=\"has-text-align-center has-text-color\" style=\"color:#1d9cd7;font-size:22px\"><strong>259.000 \u20ac<\/strong><\/p>\n<\/div>\n<\/div>\n<\/div>\n\n\n\n<div class=\"wp-block-column is-layout-flow wp-block-column-is-layout-flow\" style=\"flex-basis:33%\"><\/div>\n\n\n\n<div class=\"wp-block-column is-layout-flow wp-block-column-is-layout-flow\" style=\"flex-basis:33%\"><\/div>\n<\/div>\n\n\n\n<h3 class=\"wp-block-heading has-text-align-center has-text-color has-background\" id=\"TOURISMO\" style=\"color:#938f8f;background-color:#f2f1f1\"><strong>TOURISMO<\/strong><\/h3>\n\n\n\n<div class=\"wp-block-columns alignwide are-vertically-aligned-top has-white-background-color has-background is-layout-flex wp-container-core-columns-is-layout-9d6595d7 wp-block-columns-is-layout-flex\">\n<div class=\"wp-block-column is-vertically-aligned-top is-layout-flow wp-block-column-is-layout-flow\" style=\"flex-basis:33%\"><div class=\"wp-block-image is-style-default\">\n<figure class=\"aligncenter size-large is-resized\"><img loading=\"lazy\" decoding=\"async\" width=\"450\" height=\"300\" src=\"https:\/\/concess.transport-manager.net\/evobus\/wp-content\/uploads\/sites\/2\/2021\/11\/TourismoRHD.jpg\" alt=\"\" class=\"wp-image-792\" style=\"width:300px;height:195px\" srcset=\"https:\/\/concess.transport-manager.net\/evobus\/wp-content\/uploads\/sites\/2\/2021\/11\/TourismoRHD.jpg 450w, https:\/\/concess.transport-manager.net\/evobus\/wp-content\/uploads\/sites\/2\/2021\/11\/TourismoRHD-300x200.jpg 300w\" sizes=\"auto, (max-width: 450px) 100vw, 450px\" \/><\/figure>\n<\/div>\n\n\n<p class=\"has-text-align-center has-base-3-color has-text-color has-background has-medium-font-size\" style=\"background-color:#1c3359\">MERCEDES-BENZ<br><strong>TOURISMO RHD<\/strong><\/p>\n\n\n\n<p class=\"has-text-align-center has-contrast-2-color has-text-color\">STANDARD<\/p>\n\n\n<div class=\"wp-block-image is-style-default\">\n<figure class=\"aligncenter size-large\"><img loading=\"lazy\" decoding=\"async\" width=\"29\" height=\"30\" src=\"https:\/\/concess.transport-manager.net\/evobus\/wp-content\/uploads\/sites\/2\/2021\/10\/pmr-2.png\" alt=\"\" class=\"wp-image-631\"\/><\/figure>\n<\/div>\n\n\n<p class=\"has-text-align-center has-text-color\" style=\"color:#1c3359;font-size:18px\"><strong>55 places &#8211; 2 portes<\/strong><\/p>\n\n\n\n<div class=\"wp-block-columns is-layout-flex wp-container-core-columns-is-layout-9d6595d7 wp-block-columns-is-layout-flex\">\n<div class=\"wp-block-column is-layout-flow wp-block-column-is-layout-flow\">\n<p class=\"has-text-align-center has-text-color has-small-font-size\" style=\"color:#1c3359\"><em>Motorisation<\/em><\/p>\n\n\n\n<p class=\"has-text-align-center has-text-color\" style=\"color:#f8bc33;font-size:22px\"><strong>DIESEL<\/strong><\/p>\n\n\n\n<p><\/p>\n<\/div>\n\n\n\n<div class=\"wp-block-column is-layout-flow wp-block-column-is-layout-flow\">\n<p class=\"has-text-align-center has-text-color has-small-font-size\" style=\"color:#1c3359\"><em>\u00e0 partir de <\/em><\/p>\n\n\n\n<p class=\"has-text-align-center has-text-color\" style=\"color:#1d9cd7;font-size:22px\"><strong>303.000 \u20ac<\/strong><\/p>\n<\/div>\n<\/div>\n<\/div>\n\n\n\n<div class=\"wp-block-column is-vertically-aligned-top is-layout-flow wp-block-column-is-layout-flow\" style=\"flex-basis:33%\"><div class=\"wp-block-image is-style-default\">\n<figure class=\"aligncenter size-large is-resized\"><img decoding=\"async\" src=\"https:\/\/transport-manager.net\/assets\/img\/coach\/MERCEDES_TourismoRHDm.JPG\" alt=\"\" style=\"width:300px;height:195px\"\/><\/figure>\n<\/div>\n\n\n<p class=\"has-text-align-center has-base-3-color has-text-color has-background has-medium-font-size\" style=\"background-color:#1c3359\">MERCEDES-BENZ<br><strong>TOURISMO RHD M<\/strong><\/p>\n\n\n\n<p class=\"has-text-align-center has-contrast-2-color has-text-color\">STANDARD<\/p>\n\n\n<div class=\"wp-block-image is-style-default\">\n<figure class=\"aligncenter size-large\"><img loading=\"lazy\" decoding=\"async\" width=\"29\" height=\"30\" src=\"https:\/\/concess.transport-manager.net\/evobus\/wp-content\/uploads\/sites\/2\/2021\/10\/pmr-2.png\" alt=\"\" class=\"wp-image-631\"\/><\/figure>\n<\/div>\n\n\n<p class=\"has-text-align-center has-text-color\" style=\"color:#1c3359;font-size:18px\"><strong>59 places &#8211; 2 portes<\/strong><\/p>\n\n\n\n<div class=\"wp-block-columns is-layout-flex wp-container-core-columns-is-layout-9d6595d7 wp-block-columns-is-layout-flex\">\n<div class=\"wp-block-column is-layout-flow wp-block-column-is-layout-flow\">\n<p class=\"has-text-align-center has-text-color has-small-font-size\" style=\"color:#1c3359\"><em>Motorisation<\/em><\/p>\n\n\n\n<p class=\"has-text-align-center has-text-color\" style=\"color:#f8bc33;font-size:22px\"><strong>DIESEL<\/strong><\/p>\n\n\n\n<p><\/p>\n<\/div>\n\n\n\n<div class=\"wp-block-column is-layout-flow wp-block-column-is-layout-flow\">\n<p class=\"has-text-align-center has-text-color has-small-font-size\" style=\"color:#1c3359\"><em>\u00e0 partir de <\/em><\/p>\n\n\n\n<p class=\"has-text-align-center has-text-color\" style=\"color:#1d9cd7;font-size:22px\"><strong>308.000 \u20ac<\/strong><\/p>\n<\/div>\n<\/div>\n<\/div>\n\n\n\n<div class=\"wp-block-column is-vertically-aligned-top is-layout-flow wp-block-column-is-layout-flow\" style=\"flex-basis:33%\"><div class=\"wp-block-image is-style-default\">\n<figure class=\"aligncenter size-large is-resized\"><img decoding=\"async\" src=\"https:\/\/transport-manager.net\/assets\/img\/coach\/MERCEDES_TourismoRHDL.JPG\" alt=\"\" style=\"width:300px;height:195px\"\/><\/figure>\n<\/div>\n\n\n<p class=\"has-text-align-center has-base-3-color has-text-color has-background has-medium-font-size\" style=\"background-color:#1c3359\">MERCEDES-BENZ<br><strong>TOURISMO RHD L<\/strong><\/p>\n\n\n\n<p class=\"has-text-align-center has-contrast-2-color has-text-color\">STANDARD<\/p>\n\n\n<div class=\"wp-block-image is-style-default\">\n<figure class=\"aligncenter size-large\"><img loading=\"lazy\" decoding=\"async\" width=\"29\" height=\"30\" src=\"https:\/\/concess.transport-manager.net\/evobus\/wp-content\/uploads\/sites\/2\/2021\/10\/pmr-2.png\" alt=\"\" class=\"wp-image-631\"\/><\/figure>\n<\/div>\n\n\n<p class=\"has-text-align-center has-text-color\" style=\"color:#1c3359;font-size:18px\"><strong>65 places &#8211; 2 portes<\/strong><\/p>\n\n\n\n<div class=\"wp-block-columns is-layout-flex wp-container-core-columns-is-layout-9d6595d7 wp-block-columns-is-layout-flex\">\n<div class=\"wp-block-column is-layout-flow wp-block-column-is-layout-flow\">\n<p class=\"has-text-align-center has-text-color has-small-font-size\" style=\"color:#1c3359\"><em>Motorisation<\/em><\/p>\n\n\n\n<p class=\"has-text-align-center has-text-color\" style=\"color:#f8bc33;font-size:22px\"><strong>DIESEL<\/strong><\/p>\n\n\n\n<p><\/p>\n<\/div>\n\n\n\n<div class=\"wp-block-column is-layout-flow wp-block-column-is-layout-flow\">\n<p class=\"has-text-align-center has-text-color has-small-font-size\" style=\"color:#1c3359\"><em>\u00e0 partir de <\/em><\/p>\n\n\n\n<p class=\"has-text-align-center has-text-color\" style=\"color:#1d9cd7;font-size:22px\"><strong>313.000 \u20ac<\/strong><\/p>\n<\/div>\n<\/div>\n<\/div>\n<\/div>\n\n\n\n<div class=\"wp-block-columns alignwide are-vertically-aligned-top has-white-background-color has-background is-layout-flex wp-container-core-columns-is-layout-9d6595d7 wp-block-columns-is-layout-flex\">\n<div class=\"wp-block-column is-layout-flow wp-block-column-is-layout-flow\" style=\"flex-basis:33%\"><\/div>\n\n\n\n<div class=\"wp-block-column is-layout-flow wp-block-column-is-layout-flow\" style=\"flex-basis:33%\"><\/div>\n<\/div>\n\n\n\n<h3 class=\"wp-block-heading has-text-align-center has-text-color has-background\" id=\"BUSINESS\" style=\"color:#938f8f;background-color:#f2f1f1\"><strong>SETRA LE BUSINESS<\/strong><\/h3>\n\n\n\n<div class=\"wp-block-columns alignwide are-vertically-aligned-top has-white-background-color has-background is-layout-flex wp-container-core-columns-is-layout-9d6595d7 wp-block-columns-is-layout-flex\">\n<div class=\"wp-block-column is-vertically-aligned-top is-layout-flow wp-block-column-is-layout-flow\" style=\"flex-basis:33%\"><div class=\"wp-block-image is-style-default\">\n<figure class=\"aligncenter size-full is-resized\"><img loading=\"lazy\" decoding=\"async\" width=\"827\" height=\"551\" src=\"http:\/\/concess.transport-manager.net\/evobus\/wp-content\/uploads\/sites\/2\/2025\/06\/pas_photo.jpg\" alt=\"\" class=\"wp-image-2773\" style=\"width:300px;height:195px\" srcset=\"https:\/\/concess.transport-manager.net\/evobus\/wp-content\/uploads\/sites\/2\/2025\/06\/pas_photo.jpg 827w, https:\/\/concess.transport-manager.net\/evobus\/wp-content\/uploads\/sites\/2\/2025\/06\/pas_photo-300x200.jpg 300w, https:\/\/concess.transport-manager.net\/evobus\/wp-content\/uploads\/sites\/2\/2025\/06\/pas_photo-768x512.jpg 768w\" sizes=\"auto, (max-width: 827px) 100vw, 827px\" \/><\/figure>\n<\/div>\n\n\n<p class=\"has-text-align-center has-base-3-color has-text-color has-background has-medium-font-size\" style=\"background-color:#1c3359\">SETRA<br><strong>S 510 LE BUSINESS<\/strong><\/p>\n\n\n\n<p class=\"has-text-align-center has-contrast-2-color has-text-color\">STANDARD<\/p>\n\n\n<div class=\"wp-block-image is-style-default\">\n<figure class=\"aligncenter size-large\"><img loading=\"lazy\" decoding=\"async\" width=\"29\" height=\"30\" src=\"https:\/\/concess.transport-manager.net\/evobus\/wp-content\/uploads\/sites\/2\/2021\/10\/pmr-2.png\" alt=\"\" class=\"wp-image-631\"\/><\/figure>\n<\/div>\n\n\n<p class=\"has-text-align-center has-text-color\" style=\"color:#1c3359;font-size:18px\"><strong>45(80*) places &#8211; 2 portes<\/strong><\/p>\n\n\n\n<div class=\"wp-block-columns is-layout-flex wp-container-core-columns-is-layout-9d6595d7 wp-block-columns-is-layout-flex\">\n<div class=\"wp-block-column is-layout-flow wp-block-column-is-layout-flow\">\n<p class=\"has-text-align-center has-text-color has-small-font-size\" style=\"color:#1c3359\"><em>Motorisation<\/em><\/p>\n\n\n\n<p class=\"has-text-align-center has-text-color\" style=\"color:#f8bc33;font-size:22px\"><strong>DIESEL<\/strong><\/p>\n\n\n\n<p class=\"has-text-align-center has-text-color\" style=\"color:#6585c3;font-size:22px\"><strong>HYBRIDE<\/strong><\/p>\n<\/div>\n\n\n\n<div class=\"wp-block-column is-layout-flow wp-block-column-is-layout-flow\">\n<p class=\"has-text-align-center has-text-color has-small-font-size\" style=\"color:#1c3359\"><em>\u00e0 partir de <\/em><\/p>\n\n\n\n<p class=\"has-text-align-center has-text-color\" style=\"color:#1d9cd7;font-size:22px\"><strong>236.000 \u20ac<\/strong><\/p>\n\n\n\n<p class=\"has-text-align-center has-text-color\" style=\"color:#1d9cd7;font-size:22px\"><strong>251.000\u20ac<\/strong><\/p>\n<\/div>\n<\/div>\n<\/div>\n\n\n\n<div class=\"wp-block-column is-vertically-aligned-top is-layout-flow wp-block-column-is-layout-flow\" style=\"flex-basis:33%\"><div class=\"wp-block-image is-style-default\">\n<figure class=\"aligncenter size-full is-resized\"><img loading=\"lazy\" decoding=\"async\" width=\"827\" height=\"551\" src=\"http:\/\/concess.transport-manager.net\/evobus\/wp-content\/uploads\/sites\/2\/2025\/06\/pas_photo.jpg\" alt=\"\" class=\"wp-image-2773\" style=\"width:300px;height:195px\" srcset=\"https:\/\/concess.transport-manager.net\/evobus\/wp-content\/uploads\/sites\/2\/2025\/06\/pas_photo.jpg 827w, https:\/\/concess.transport-manager.net\/evobus\/wp-content\/uploads\/sites\/2\/2025\/06\/pas_photo-300x200.jpg 300w, https:\/\/concess.transport-manager.net\/evobus\/wp-content\/uploads\/sites\/2\/2025\/06\/pas_photo-768x512.jpg 768w\" sizes=\"auto, (max-width: 827px) 100vw, 827px\" \/><\/figure>\n<\/div>\n\n\n<p class=\"has-text-align-center has-base-3-color has-text-color has-background has-medium-font-size\" style=\"background-color:#1c3359\">SETRA<br><strong>S 515 LE BUSINESS<\/strong><\/p>\n\n\n\n<p class=\"has-text-align-center has-contrast-2-color has-text-color\">STANDARD<\/p>\n\n\n<div class=\"wp-block-image is-style-default\">\n<figure class=\"aligncenter size-large\"><img loading=\"lazy\" decoding=\"async\" width=\"29\" height=\"30\" src=\"https:\/\/concess.transport-manager.net\/evobus\/wp-content\/uploads\/sites\/2\/2021\/10\/pmr-2.png\" alt=\"\" class=\"wp-image-631\"\/><\/figure>\n<\/div>\n\n\n<p class=\"has-text-align-center has-text-color\" style=\"color:#1c3359;font-size:18px\"><strong>51(91*) places &#8211; 2 portes<\/strong><\/p>\n\n\n\n<div class=\"wp-block-columns is-layout-flex wp-container-core-columns-is-layout-9d6595d7 wp-block-columns-is-layout-flex\">\n<div class=\"wp-block-column is-layout-flow wp-block-column-is-layout-flow\">\n<p class=\"has-text-align-center has-text-color has-small-font-size\" style=\"color:#1c3359\"><em>Motorisation<\/em><\/p>\n\n\n\n<p class=\"has-text-align-center has-text-color\" style=\"color:#f8bc33;font-size:22px\"><strong>DIESEL<\/strong><\/p>\n\n\n\n<p class=\"has-text-align-center has-text-color\" style=\"color:#6585c3;font-size:22px\"><strong>HYBRIDE<\/strong><\/p>\n<\/div>\n\n\n\n<div class=\"wp-block-column is-layout-flow wp-block-column-is-layout-flow\">\n<p class=\"has-text-align-center has-text-color has-small-font-size\" style=\"color:#1c3359\"><em>\u00e0 partir de <\/em><\/p>\n\n\n\n<p class=\"has-text-align-center has-text-color\" style=\"color:#1d9cd7;font-size:22px\"><strong>247.000 \u20ac<\/strong><\/p>\n\n\n\n<p class=\"has-text-align-center has-text-color\" style=\"color:#1d9cd7;font-size:22px\"><strong>269.000 \u20ac<\/strong><\/p>\n<\/div>\n<\/div>\n<\/div>\n\n\n\n<div class=\"wp-block-column is-vertically-aligned-top is-layout-flow wp-block-column-is-layout-flow\" style=\"flex-basis:33%\"><div class=\"wp-block-image is-style-default\">\n<figure class=\"aligncenter size-full is-resized\"><img loading=\"lazy\" decoding=\"async\" width=\"827\" height=\"551\" src=\"http:\/\/concess.transport-manager.net\/evobus\/wp-content\/uploads\/sites\/2\/2025\/06\/pas_photo.jpg\" alt=\"\" class=\"wp-image-2773\" style=\"width:300px;height:195px\" srcset=\"https:\/\/concess.transport-manager.net\/evobus\/wp-content\/uploads\/sites\/2\/2025\/06\/pas_photo.jpg 827w, https:\/\/concess.transport-manager.net\/evobus\/wp-content\/uploads\/sites\/2\/2025\/06\/pas_photo-300x200.jpg 300w, https:\/\/concess.transport-manager.net\/evobus\/wp-content\/uploads\/sites\/2\/2025\/06\/pas_photo-768x512.jpg 768w\" sizes=\"auto, (max-width: 827px) 100vw, 827px\" \/><\/figure>\n<\/div>\n\n\n<p class=\"has-text-align-center has-base-3-color has-text-color has-background has-medium-font-size\" style=\"background-color:#1c3359\">SETRA<br><strong>S 516 LE BUSINESS<\/strong><\/p>\n\n\n\n<p class=\"has-text-align-center has-contrast-2-color has-text-color\">STANDARD<\/p>\n\n\n<div class=\"wp-block-image is-style-default\">\n<figure class=\"aligncenter size-large\"><img loading=\"lazy\" decoding=\"async\" width=\"29\" height=\"30\" src=\"https:\/\/concess.transport-manager.net\/evobus\/wp-content\/uploads\/sites\/2\/2021\/10\/pmr-2.png\" alt=\"\" class=\"wp-image-631\"\/><\/figure>\n<\/div>\n\n\n<p class=\"has-text-align-center has-text-color\" style=\"color:#1c3359;font-size:18px\"><strong>55(97*) places &#8211; 2 portes<\/strong><\/p>\n\n\n\n<div class=\"wp-block-columns is-layout-flex wp-container-core-columns-is-layout-9d6595d7 wp-block-columns-is-layout-flex\">\n<div class=\"wp-block-column is-layout-flow wp-block-column-is-layout-flow\">\n<p class=\"has-text-align-center has-text-color has-small-font-size\" style=\"color:#1c3359\"><em>Motorisation<\/em><\/p>\n\n\n\n<p class=\"has-text-align-center has-text-color\" style=\"color:#f8bc33;font-size:22px\"><strong>DIESEL<\/strong><\/p>\n\n\n\n<p class=\"has-text-align-center has-text-color\" style=\"color:#6585c3;font-size:22px\"><strong>HYBRIDE<\/strong><\/p>\n<\/div>\n\n\n\n<div class=\"wp-block-column is-layout-flow wp-block-column-is-layout-flow\">\n<p class=\"has-text-align-center has-text-color has-small-font-size\" style=\"color:#1c3359\"><em>\u00e0 partir de <\/em><\/p>\n\n\n\n<p class=\"has-text-align-center has-text-color\" style=\"color:#1d9cd7;font-size:22px\"><strong>254.000 \u20ac<\/strong><\/p>\n\n\n\n<p class=\"has-text-align-center has-text-color\" style=\"color:#1d9cd7;font-size:22px\"><strong>271.000\u20ac<\/strong><\/p>\n<\/div>\n<\/div>\n<\/div>\n<\/div>\n\n\n\n<div class=\"wp-block-columns alignwide are-vertically-aligned-top has-white-background-color has-background is-layout-flex wp-container-core-columns-is-layout-9d6595d7 wp-block-columns-is-layout-flex\">\n<div class=\"wp-block-column is-vertically-aligned-top is-layout-flow wp-block-column-is-layout-flow\" style=\"flex-basis:33%\"><div class=\"wp-block-image is-style-default\">\n<figure class=\"aligncenter size-full is-resized\"><img loading=\"lazy\" decoding=\"async\" width=\"827\" height=\"551\" src=\"http:\/\/concess.transport-manager.net\/evobus\/wp-content\/uploads\/sites\/2\/2025\/06\/pas_photo.jpg\" alt=\"\" class=\"wp-image-2773\" style=\"width:300px;height:195px\" srcset=\"https:\/\/concess.transport-manager.net\/evobus\/wp-content\/uploads\/sites\/2\/2025\/06\/pas_photo.jpg 827w, https:\/\/concess.transport-manager.net\/evobus\/wp-content\/uploads\/sites\/2\/2025\/06\/pas_photo-300x200.jpg 300w, https:\/\/concess.transport-manager.net\/evobus\/wp-content\/uploads\/sites\/2\/2025\/06\/pas_photo-768x512.jpg 768w\" sizes=\"auto, (max-width: 827px) 100vw, 827px\" \/><\/figure>\n<\/div>\n\n\n<p class=\"has-text-align-center has-base-3-color has-text-color has-background has-medium-font-size\" style=\"background-color:#1c3359\">SETRA<br><strong>S 518 LE BUSINESS<\/strong><\/p>\n\n\n\n<p class=\"has-text-align-center has-contrast-2-color has-text-color\">STANDARD<\/p>\n\n\n<div class=\"wp-block-image is-style-default\">\n<figure class=\"aligncenter size-large\"><img loading=\"lazy\" decoding=\"async\" width=\"29\" height=\"30\" src=\"https:\/\/concess.transport-manager.net\/evobus\/wp-content\/uploads\/sites\/2\/2021\/10\/pmr-2.png\" alt=\"\" class=\"wp-image-631\"\/><\/figure>\n<\/div>\n\n\n<p class=\"has-text-align-center has-text-color\" style=\"color:#1c3359;font-size:18px\"><strong>63(122*) places &#8211; 2 portes<\/strong><\/p>\n\n\n\n<div class=\"wp-block-columns is-layout-flex wp-container-core-columns-is-layout-9d6595d7 wp-block-columns-is-layout-flex\">\n<div class=\"wp-block-column is-layout-flow wp-block-column-is-layout-flow\">\n<p class=\"has-text-align-center has-text-color has-small-font-size\" style=\"color:#1c3359\"><em>Motorisation<\/em><\/p>\n\n\n\n<p class=\"has-text-align-center has-text-color\" style=\"color:#f8bc33;font-size:22px\"><strong>DIESEL<\/strong><\/p>\n\n\n\n<p><\/p>\n<\/div>\n\n\n\n<div class=\"wp-block-column is-layout-flow wp-block-column-is-layout-flow\">\n<p class=\"has-text-align-center has-text-color has-small-font-size\" style=\"color:#1c3359\"><em>\u00e0 partir de <\/em><\/p>\n\n\n\n<p class=\"has-text-align-center has-text-color\" style=\"color:#1d9cd7;font-size:22px\"><strong>269.000 \u20ac<\/strong><\/p>\n<\/div>\n<\/div>\n<\/div>\n<\/div>\n\n\n\n<p><\/p>\n\n\n\n<p class=\"has-text-align-right has-cyan-bluish-gray-color has-text-color\"><strong><em>* En circulation p\u00e9riurbaine<\/em><\/strong><\/p>\n\n\n\n<h3 class=\"wp-block-heading has-text-align-center has-text-color has-background\" id=\"COMFORTCLASS\" style=\"color:#938f8f;background-color:#f2f1f1\"><strong>SETRA COMFORT CLASS<\/strong><\/h3>\n\n\n\n<div class=\"wp-block-columns alignwide are-vertically-aligned-top has-white-background-color has-background is-layout-flex wp-container-core-columns-is-layout-9d6595d7 wp-block-columns-is-layout-flex\">\n<div class=\"wp-block-column is-vertically-aligned-top is-layout-flow wp-block-column-is-layout-flow\" style=\"flex-basis:33%\"><div class=\"wp-block-image is-style-default\">\n<figure class=\"aligncenter size-full is-resized\"><img loading=\"lazy\" decoding=\"async\" width=\"450\" height=\"300\" src=\"http:\/\/concess.transport-manager.net\/evobus\/wp-content\/uploads\/sites\/2\/2023\/08\/Setra_S511HD.jpg\" alt=\"\" class=\"wp-image-1335\" style=\"width:300px;height:195px\" srcset=\"https:\/\/concess.transport-manager.net\/evobus\/wp-content\/uploads\/sites\/2\/2023\/08\/Setra_S511HD.jpg 450w, https:\/\/concess.transport-manager.net\/evobus\/wp-content\/uploads\/sites\/2\/2023\/08\/Setra_S511HD-300x200.jpg 300w\" sizes=\"auto, (max-width: 450px) 100vw, 450px\" \/><\/figure>\n<\/div>\n\n\n<p class=\"has-text-align-center has-base-3-color has-text-color has-background has-medium-font-size\" style=\"background-color:#1c3359\">SETRA<br><strong>S 511 HD<\/strong><\/p>\n\n\n\n<p class=\"has-text-align-center has-contrast-2-color has-text-color\">MIDI<\/p>\n\n\n<div class=\"wp-block-image is-style-default\">\n<figure class=\"aligncenter size-large\"><img loading=\"lazy\" decoding=\"async\" width=\"29\" height=\"30\" src=\"https:\/\/concess.transport-manager.net\/evobus\/wp-content\/uploads\/sites\/2\/2021\/10\/pmr-2.png\" alt=\"\" class=\"wp-image-631\"\/><\/figure>\n<\/div>\n\n\n<p class=\"has-text-align-center has-text-color\" style=\"color:#1c3359;font-size:18px\"><strong>49 places &#8211; 2 portes<\/strong><\/p>\n\n\n\n<div class=\"wp-block-columns is-layout-flex wp-container-core-columns-is-layout-9d6595d7 wp-block-columns-is-layout-flex\">\n<div class=\"wp-block-column is-layout-flow wp-block-column-is-layout-flow\">\n<p class=\"has-text-align-center has-text-color has-small-font-size\" style=\"color:#1c3359\"><em>Motorisation<\/em><\/p>\n\n\n\n<p class=\"has-text-align-center has-text-color\" style=\"color:#f8bc33;font-size:22px\"><strong>DIESEL<\/strong><\/p>\n\n\n\n<p><\/p>\n<\/div>\n\n\n\n<div class=\"wp-block-column is-layout-flow wp-block-column-is-layout-flow\">\n<p class=\"has-text-align-center has-text-color has-small-font-size\" style=\"color:#1c3359\"><em>\u00e0 partir de <\/em><\/p>\n\n\n\n<p class=\"has-text-align-center has-text-color\" style=\"color:#1d9cd7;font-size:22px\"><strong>284.000 \u20ac<\/strong><\/p>\n<\/div>\n<\/div>\n<\/div>\n\n\n\n<div class=\"wp-block-column is-vertically-aligned-top is-layout-flow wp-block-column-is-layout-flow\" style=\"flex-basis:33%\"><div class=\"wp-block-image is-style-default\">\n<figure class=\"aligncenter size-large is-resized\"><img loading=\"lazy\" decoding=\"async\" width=\"450\" height=\"300\" src=\"https:\/\/concess.transport-manager.net\/evobus\/wp-content\/uploads\/sites\/2\/2021\/11\/S515HD.jpg\" alt=\"\" class=\"wp-image-794\" style=\"width:300px;height:195px\" srcset=\"https:\/\/concess.transport-manager.net\/evobus\/wp-content\/uploads\/sites\/2\/2021\/11\/S515HD.jpg 450w, https:\/\/concess.transport-manager.net\/evobus\/wp-content\/uploads\/sites\/2\/2021\/11\/S515HD-300x200.jpg 300w\" sizes=\"auto, (max-width: 450px) 100vw, 450px\" \/><\/figure>\n<\/div>\n\n\n<p class=\"has-text-align-center has-base-3-color has-text-color has-background has-medium-font-size\" style=\"background-color:#1c3359\">SETRA<br><strong>S 515 HD<\/strong><\/p>\n\n\n\n<p class=\"has-text-align-center has-contrast-2-color has-text-color\">STANDARD<\/p>\n\n\n<div class=\"wp-block-image is-style-default\">\n<figure class=\"aligncenter size-large\"><img loading=\"lazy\" decoding=\"async\" width=\"29\" height=\"30\" src=\"https:\/\/concess.transport-manager.net\/evobus\/wp-content\/uploads\/sites\/2\/2021\/10\/pmr-2.png\" alt=\"\" class=\"wp-image-631\"\/><\/figure>\n<\/div>\n\n\n<p class=\"has-text-align-center has-text-color\" style=\"color:#1c3359;font-size:18px\"><strong>55 places &#8211; 2 portes<\/strong><\/p>\n\n\n\n<div class=\"wp-block-columns is-layout-flex wp-container-core-columns-is-layout-9d6595d7 wp-block-columns-is-layout-flex\">\n<div class=\"wp-block-column is-layout-flow wp-block-column-is-layout-flow\">\n<p class=\"has-text-align-center has-text-color has-small-font-size\" style=\"color:#1c3359\"><em>Motorisation<\/em><\/p>\n\n\n\n<p class=\"has-text-align-center has-text-color\" style=\"color:#f8bc33;font-size:22px\"><strong>DIESEL<\/strong><\/p>\n\n\n\n<p><\/p>\n<\/div>\n\n\n\n<div class=\"wp-block-column is-layout-flow wp-block-column-is-layout-flow\">\n<p class=\"has-text-align-center has-text-color has-small-font-size\" style=\"color:#1c3359\"><em>\u00e0 partir de <\/em><\/p>\n\n\n\n<p class=\"has-text-align-center has-text-color\" style=\"color:#1d9cd7;font-size:22px\"><strong>308.000 \u20ac<\/strong><\/p>\n<\/div>\n<\/div>\n<\/div>\n\n\n\n<div class=\"wp-block-column is-vertically-aligned-top is-layout-flow wp-block-column-is-layout-flow\" style=\"flex-basis:33%\"><div class=\"wp-block-image is-style-default\">\n<figure class=\"aligncenter size-large is-resized\"><img decoding=\"async\" src=\"https:\/\/transport-manager.net\/assets\/img\/coach\/SETRA_S516HD.JPG\" alt=\"\" style=\"width:300px;height:195px\"\/><\/figure>\n<\/div>\n\n\n<p class=\"has-text-align-center has-base-3-color has-text-color has-background has-medium-font-size\" style=\"background-color:#1c3359\">SETRA<br><strong>S 516 HD<\/strong><\/p>\n\n\n\n<p class=\"has-text-align-center has-contrast-2-color has-text-color\">STANDARD<\/p>\n\n\n<div class=\"wp-block-image is-style-default\">\n<figure class=\"aligncenter size-large\"><img loading=\"lazy\" decoding=\"async\" width=\"29\" height=\"30\" src=\"https:\/\/concess.transport-manager.net\/evobus\/wp-content\/uploads\/sites\/2\/2021\/10\/pmr-2.png\" alt=\"\" class=\"wp-image-631\"\/><\/figure>\n<\/div>\n\n\n<p class=\"has-text-align-center has-text-color\" style=\"color:#1c3359;font-size:18px\"><strong>59 places &#8211; 2 portes<\/strong><\/p>\n\n\n\n<div class=\"wp-block-columns is-layout-flex wp-container-core-columns-is-layout-9d6595d7 wp-block-columns-is-layout-flex\">\n<div class=\"wp-block-column is-layout-flow wp-block-column-is-layout-flow\">\n<p class=\"has-text-align-center has-text-color has-small-font-size\" style=\"color:#1c3359\"><em>Motorisation<\/em><\/p>\n\n\n\n<p class=\"has-text-align-center has-text-color\" style=\"color:#f8bc33;font-size:22px\"><strong>DIESEL<\/strong><\/p>\n\n\n\n<p><\/p>\n<\/div>\n\n\n\n<div class=\"wp-block-column is-layout-flow wp-block-column-is-layout-flow\">\n<p class=\"has-text-align-center has-text-color has-small-font-size\" style=\"color:#1c3359\"><em>\u00e0 partir de <\/em><\/p>\n\n\n\n<p class=\"has-text-align-center has-text-color\" style=\"color:#1d9cd7;font-size:22px\"><strong>323.000 \u20ac<\/strong><\/p>\n<\/div>\n<\/div>\n<\/div>\n<\/div>\n\n\n\n<div class=\"wp-block-columns alignwide are-vertically-aligned-top has-white-background-color has-background is-layout-flex wp-container-core-columns-is-layout-9d6595d7 wp-block-columns-is-layout-flex\">\n<div class=\"wp-block-column is-vertically-aligned-top is-layout-flow wp-block-column-is-layout-flow\" style=\"flex-basis:33%\"><div class=\"wp-block-image is-style-default\">\n<figure class=\"aligncenter size-large is-resized\"><img loading=\"lazy\" decoding=\"async\" width=\"450\" height=\"300\" src=\"https:\/\/concess.transport-manager.net\/evobus\/wp-content\/uploads\/sites\/2\/2021\/12\/S517HD.jpg\" alt=\"\" class=\"wp-image-827\" style=\"width:300px;height:195px\" srcset=\"https:\/\/concess.transport-manager.net\/evobus\/wp-content\/uploads\/sites\/2\/2021\/12\/S517HD.jpg 450w, https:\/\/concess.transport-manager.net\/evobus\/wp-content\/uploads\/sites\/2\/2021\/12\/S517HD-300x200.jpg 300w\" sizes=\"auto, (max-width: 450px) 100vw, 450px\" \/><\/figure>\n<\/div>\n\n\n<p class=\"has-text-align-center has-base-3-color has-text-color has-background has-medium-font-size\" style=\"background-color:#1c3359\">SETRA<br><strong>S 517 HD<\/strong><\/p>\n\n\n\n<p class=\"has-text-align-center has-contrast-2-color has-text-color\">STANDARD<\/p>\n\n\n<div class=\"wp-block-image is-style-default\">\n<figure class=\"aligncenter size-large\"><img loading=\"lazy\" decoding=\"async\" width=\"29\" height=\"30\" src=\"https:\/\/concess.transport-manager.net\/evobus\/wp-content\/uploads\/sites\/2\/2021\/10\/pmr-2.png\" alt=\"\" class=\"wp-image-631\"\/><\/figure>\n<\/div>\n\n\n<p class=\"has-text-align-center has-text-color\" style=\"color:#1c3359;font-size:18px\"><strong>61 places &#8211; 2 portes<\/strong><\/p>\n\n\n\n<div class=\"wp-block-columns is-layout-flex wp-container-core-columns-is-layout-9d6595d7 wp-block-columns-is-layout-flex\">\n<div class=\"wp-block-column is-layout-flow wp-block-column-is-layout-flow\">\n<p class=\"has-text-align-center has-text-color has-small-font-size\" style=\"color:#1c3359\"><em>Motorisation<\/em><\/p>\n\n\n\n<p class=\"has-text-align-center has-text-color\" style=\"color:#f8bc33;font-size:22px\"><strong>DIESEL<\/strong><\/p>\n\n\n\n<p><\/p>\n<\/div>\n\n\n\n<div class=\"wp-block-column is-layout-flow wp-block-column-is-layout-flow\">\n<p class=\"has-text-align-center has-text-color has-small-font-size\" style=\"color:#1c3359\"><em>\u00e0 partir de <\/em><\/p>\n\n\n\n<p class=\"has-text-align-center has-text-color\" style=\"color:#1d9cd7;font-size:22px\"><strong>337.000 \u20ac<\/strong><\/p>\n<\/div>\n<\/div>\n<\/div>\n\n\n\n<div class=\"wp-block-column is-vertically-aligned-top is-layout-flow wp-block-column-is-layout-flow\" style=\"flex-basis:33%\"><div class=\"wp-block-image is-style-default\">\n<figure class=\"aligncenter size-full is-resized\"><img loading=\"lazy\" decoding=\"async\" width=\"450\" height=\"300\" src=\"https:\/\/concess.transport-manager.net\/evobus\/wp-content\/uploads\/sites\/2\/2024\/04\/Setra_S519HD.jpg\" alt=\"\" class=\"wp-image-2230\" style=\"width:300px;height:195px\" srcset=\"https:\/\/concess.transport-manager.net\/evobus\/wp-content\/uploads\/sites\/2\/2024\/04\/Setra_S519HD.jpg 450w, https:\/\/concess.transport-manager.net\/evobus\/wp-content\/uploads\/sites\/2\/2024\/04\/Setra_S519HD-300x200.jpg 300w\" sizes=\"auto, (max-width: 450px) 100vw, 450px\" \/><\/figure>\n<\/div>\n\n\n<p class=\"has-text-align-center has-base-3-color has-text-color has-background has-medium-font-size\" style=\"background-color:#1c3359\">SETRA<br><strong>S 519 HD<\/strong><\/p>\n\n\n\n<p class=\"has-text-align-center has-contrast-2-color has-text-color\">STANDARD<\/p>\n\n\n<div class=\"wp-block-image is-style-default\">\n<figure class=\"aligncenter size-large\"><img loading=\"lazy\" decoding=\"async\" width=\"29\" height=\"30\" src=\"https:\/\/concess.transport-manager.net\/evobus\/wp-content\/uploads\/sites\/2\/2021\/10\/pmr-2.png\" alt=\"\" class=\"wp-image-631\"\/><\/figure>\n<\/div>\n\n\n<p class=\"has-text-align-center has-text-color\" style=\"color:#1c3359;font-size:18px\"><strong>71 places &#8211; 2 portes<\/strong><\/p>\n\n\n\n<div class=\"wp-block-columns is-layout-flex wp-container-core-columns-is-layout-9d6595d7 wp-block-columns-is-layout-flex\">\n<div class=\"wp-block-column is-layout-flow wp-block-column-is-layout-flow\">\n<p class=\"has-text-align-center has-text-color has-small-font-size\" style=\"color:#1c3359\"><em>Motorisation<\/em><\/p>\n\n\n\n<p class=\"has-text-align-center has-text-color\" style=\"color:#f8bc33;font-size:22px\"><strong>DIESEL<\/strong><\/p>\n\n\n\n<p><\/p>\n<\/div>\n\n\n\n<div class=\"wp-block-column is-layout-flow wp-block-column-is-layout-flow\">\n<p class=\"has-text-align-center has-text-color has-small-font-size\" style=\"color:#1c3359\"><em>\u00e0 partir de <\/em><\/p>\n\n\n\n<p class=\"has-text-align-center has-text-color\" style=\"color:#1d9cd7;font-size:22px\"><strong>353.000 \u20ac<\/strong><\/p>\n<\/div>\n<\/div>\n<\/div>\n\n\n\n<div class=\"wp-block-column is-layout-flow wp-block-column-is-layout-flow\" style=\"flex-basis:33%\"><\/div>\n<\/div>\n\n\n\n<h3 class=\"wp-block-heading has-text-align-center has-text-color has-background\" id=\"TOPCLASS\" style=\"color:#938f8f;background-color:#f2f1f1\"><strong>SETRA TOP CLASS<\/strong><\/h3>\n\n\n\n<div class=\"wp-block-columns alignwide are-vertically-aligned-top has-white-background-color has-background is-layout-flex wp-container-core-columns-is-layout-9d6595d7 wp-block-columns-is-layout-flex\">\n<div class=\"wp-block-column is-vertically-aligned-top is-layout-flow wp-block-column-is-layout-flow\" style=\"flex-basis:33%\"><div class=\"wp-block-image is-style-default\">\n<figure class=\"aligncenter size-full is-resized\"><img loading=\"lazy\" decoding=\"async\" width=\"450\" height=\"300\" src=\"https:\/\/concess.transport-manager.net\/evobus\/wp-content\/uploads\/sites\/2\/2025\/10\/Setra_S515HDH-1.jpg\" alt=\"\" class=\"wp-image-2817\" style=\"width:300px;height:195px\" srcset=\"https:\/\/concess.transport-manager.net\/evobus\/wp-content\/uploads\/sites\/2\/2025\/10\/Setra_S515HDH-1.jpg 450w, https:\/\/concess.transport-manager.net\/evobus\/wp-content\/uploads\/sites\/2\/2025\/10\/Setra_S515HDH-1-300x200.jpg 300w\" sizes=\"auto, (max-width: 450px) 100vw, 450px\" \/><\/figure>\n<\/div>\n\n\n<p class=\"has-text-align-center has-base-3-color has-text-color has-background has-medium-font-size\" style=\"background-color:#1c3359\">SETRA<br><strong>S 515 HDH<\/strong><\/p>\n\n\n\n<p class=\"has-text-align-center has-contrast-2-color has-text-color\">STANDARD<\/p>\n\n\n<div class=\"wp-block-image is-style-default\">\n<figure class=\"aligncenter size-large\"><img loading=\"lazy\" decoding=\"async\" width=\"29\" height=\"30\" src=\"https:\/\/concess.transport-manager.net\/evobus\/wp-content\/uploads\/sites\/2\/2021\/10\/pmr-2.png\" alt=\"\" class=\"wp-image-631\"\/><\/figure>\n<\/div>\n\n\n<p class=\"has-text-align-center has-text-color\" style=\"color:#1c3359;font-size:18px\"><strong>53 places &#8211; 2 portes<\/strong><\/p>\n\n\n\n<div class=\"wp-block-columns is-layout-flex wp-container-core-columns-is-layout-9d6595d7 wp-block-columns-is-layout-flex\">\n<div class=\"wp-block-column is-layout-flow wp-block-column-is-layout-flow\">\n<p class=\"has-text-align-center has-text-color has-small-font-size\" style=\"color:#1c3359\"><em>Motorisation<\/em><\/p>\n\n\n\n<p class=\"has-text-align-center has-text-color\" style=\"color:#f8bc33;font-size:22px\"><strong>DIESEL<\/strong><\/p>\n\n\n\n<p><\/p>\n<\/div>\n\n\n\n<div class=\"wp-block-column is-layout-flow wp-block-column-is-layout-flow\">\n<p class=\"has-text-align-center has-text-color has-small-font-size\" style=\"color:#1c3359\"><em>\u00e0 partir de <\/em><\/p>\n\n\n\n<p class=\"has-text-align-center has-text-color\" style=\"color:#1d9cd7;font-size:22px\"><strong>313.000 \u20ac<\/strong><\/p>\n<\/div>\n<\/div>\n<\/div>\n\n\n\n<div class=\"wp-block-column is-vertically-aligned-top is-layout-flow wp-block-column-is-layout-flow\" style=\"flex-basis:33%\"><div class=\"wp-block-image is-style-default\">\n<figure class=\"aligncenter size-large is-resized\"><img loading=\"lazy\" decoding=\"async\" width=\"450\" height=\"300\" src=\"https:\/\/concess.transport-manager.net\/evobus\/wp-content\/uploads\/sites\/2\/2021\/11\/S516_HDH.jpg\" alt=\"\" class=\"wp-image-795\" style=\"width:300px;height:195px\" srcset=\"https:\/\/concess.transport-manager.net\/evobus\/wp-content\/uploads\/sites\/2\/2021\/11\/S516_HDH.jpg 450w, https:\/\/concess.transport-manager.net\/evobus\/wp-content\/uploads\/sites\/2\/2021\/11\/S516_HDH-300x200.jpg 300w\" sizes=\"auto, (max-width: 450px) 100vw, 450px\" \/><\/figure>\n<\/div>\n\n\n<p class=\"has-text-align-center has-base-3-color has-text-color has-background has-medium-font-size\" style=\"background-color:#1c3359\">SETRA<br><strong>S 516 HDH<\/strong><\/p>\n\n\n\n<p class=\"has-text-align-center has-contrast-2-color has-text-color\">STANDARD<\/p>\n\n\n<div class=\"wp-block-image is-style-default\">\n<figure class=\"aligncenter size-large\"><img loading=\"lazy\" decoding=\"async\" width=\"29\" height=\"30\" src=\"https:\/\/concess.transport-manager.net\/evobus\/wp-content\/uploads\/sites\/2\/2021\/10\/pmr-2.png\" alt=\"\" class=\"wp-image-631\"\/><\/figure>\n<\/div>\n\n\n<p class=\"has-text-align-center has-text-color\" style=\"color:#1c3359;font-size:18px\"><strong>57 places &#8211; 2 portes<\/strong><\/p>\n\n\n\n<div class=\"wp-block-columns is-layout-flex wp-container-core-columns-is-layout-9d6595d7 wp-block-columns-is-layout-flex\">\n<div class=\"wp-block-column is-layout-flow wp-block-column-is-layout-flow\">\n<p class=\"has-text-align-center has-text-color has-small-font-size\" style=\"color:#1c3359\"><em>Motorisation<\/em><\/p>\n\n\n\n<p class=\"has-text-align-center has-text-color\" style=\"color:#f8bc33;font-size:22px\"><strong>DIESEL<\/strong><\/p>\n\n\n\n<p><\/p>\n<\/div>\n\n\n\n<div class=\"wp-block-column is-layout-flow wp-block-column-is-layout-flow\">\n<p class=\"has-text-align-center has-text-color has-small-font-size\" style=\"color:#1c3359\"><em>\u00e0 partir de <\/em><\/p>\n\n\n\n<p class=\"has-text-align-center has-text-color\" style=\"color:#1d9cd7;font-size:22px\"><strong>329.000 \u20ac<\/strong><\/p>\n<\/div>\n<\/div>\n<\/div>\n\n\n\n<div class=\"wp-block-column is-vertically-aligned-top is-layout-flow wp-block-column-is-layout-flow\" style=\"flex-basis:33%\"><div class=\"wp-block-image is-style-default\">\n<figure class=\"aligncenter size-full is-resized\"><img loading=\"lazy\" decoding=\"async\" width=\"450\" height=\"300\" src=\"https:\/\/concess.transport-manager.net\/evobus\/wp-content\/uploads\/sites\/2\/2025\/10\/Setra_S517HDH-1.jpg\" alt=\"\" class=\"wp-image-2816\" style=\"width:300px;height:195px\" srcset=\"https:\/\/concess.transport-manager.net\/evobus\/wp-content\/uploads\/sites\/2\/2025\/10\/Setra_S517HDH-1.jpg 450w, https:\/\/concess.transport-manager.net\/evobus\/wp-content\/uploads\/sites\/2\/2025\/10\/Setra_S517HDH-1-300x200.jpg 300w\" sizes=\"auto, (max-width: 450px) 100vw, 450px\" \/><\/figure>\n<\/div>\n\n\n<p class=\"has-text-align-center has-base-3-color has-text-color has-background has-medium-font-size\" style=\"background-color:#1c3359\">SETRA<br><strong>S 517 HDH<\/strong><\/p>\n\n\n\n<p class=\"has-text-align-center has-contrast-2-color has-text-color\">STANDARD<\/p>\n\n\n<div class=\"wp-block-image is-style-default\">\n<figure class=\"aligncenter size-large\"><img loading=\"lazy\" decoding=\"async\" width=\"29\" height=\"30\" src=\"https:\/\/concess.transport-manager.net\/evobus\/wp-content\/uploads\/sites\/2\/2021\/10\/pmr-2.png\" alt=\"\" class=\"wp-image-631\"\/><\/figure>\n<\/div>\n\n\n<p class=\"has-text-align-center has-text-color\" style=\"color:#1c3359;font-size:18px\"><strong><strong>63<\/strong><\/strong> <strong>places &#8211; 2 portes<\/strong><\/p>\n\n\n\n<div class=\"wp-block-columns is-layout-flex wp-container-core-columns-is-layout-9d6595d7 wp-block-columns-is-layout-flex\">\n<div class=\"wp-block-column is-layout-flow wp-block-column-is-layout-flow\">\n<p class=\"has-text-align-center has-text-color has-small-font-size\" style=\"color:#1c3359\"><em>Motorisation<\/em><\/p>\n\n\n\n<p class=\"has-text-align-center has-text-color\" style=\"color:#f8bc33;font-size:22px\"><strong>DIESEL<\/strong><\/p>\n\n\n\n<p><\/p>\n<\/div>\n\n\n\n<div class=\"wp-block-column is-layout-flow wp-block-column-is-layout-flow\">\n<p class=\"has-text-align-center has-text-color has-small-font-size\" style=\"color:#1c3359\"><em>\u00e0 partir de <\/em><\/p>\n\n\n\n<p class=\"has-text-align-center has-text-color\" style=\"color:#1d9cd7;font-size:22px\"><strong>342.000 \u20ac<\/strong><\/p>\n<\/div>\n<\/div>\n<\/div>\n<\/div>\n\n\n\n<div class=\"wp-block-columns alignwide are-vertically-aligned-top has-white-background-color has-background is-layout-flex wp-container-core-columns-is-layout-9d6595d7 wp-block-columns-is-layout-flex\">\n<div class=\"wp-block-column is-vertically-aligned-top is-layout-flow wp-block-column-is-layout-flow\" style=\"flex-basis:33%\"><div class=\"wp-block-image is-style-default\">\n<figure class=\"aligncenter size-large is-resized\"><img loading=\"lazy\" decoding=\"async\" width=\"450\" height=\"300\" src=\"https:\/\/concess.transport-manager.net\/evobus\/wp-content\/uploads\/sites\/2\/2021\/11\/S531_DT.jpg\" alt=\"\" class=\"wp-image-755\" style=\"width:300px;height:195px\" srcset=\"https:\/\/concess.transport-manager.net\/evobus\/wp-content\/uploads\/sites\/2\/2021\/11\/S531_DT.jpg 450w, https:\/\/concess.transport-manager.net\/evobus\/wp-content\/uploads\/sites\/2\/2021\/11\/S531_DT-300x200.jpg 300w\" sizes=\"auto, (max-width: 450px) 100vw, 450px\" \/><\/figure>\n<\/div>\n\n\n<p class=\"has-text-align-center has-base-3-color has-text-color has-background has-medium-font-size\" style=\"background-color:#1c3359\">SETRA<br><strong>S 531 DT<\/strong><\/p>\n\n\n\n<p class=\"has-text-align-center has-contrast-2-color has-text-color\">STANDARD<\/p>\n\n\n<div class=\"wp-block-image is-style-default\">\n<figure class=\"aligncenter size-large\"><img loading=\"lazy\" decoding=\"async\" width=\"29\" height=\"30\" src=\"https:\/\/concess.transport-manager.net\/evobus\/wp-content\/uploads\/sites\/2\/2021\/10\/pmr-2.png\" alt=\"\" class=\"wp-image-631\"\/><\/figure>\n<\/div>\n\n\n<p class=\"has-text-align-center has-text-color\" style=\"color:#1c3359;font-size:18px\"><strong>93 places &#8211; 2 portes<\/strong><\/p>\n\n\n\n<div class=\"wp-block-columns is-layout-flex wp-container-core-columns-is-layout-9d6595d7 wp-block-columns-is-layout-flex\">\n<div class=\"wp-block-column is-layout-flow wp-block-column-is-layout-flow\">\n<p class=\"has-text-align-center has-text-color has-small-font-size\" style=\"color:#1c3359\"><em>Motorisation<\/em><\/p>\n\n\n\n<p class=\"has-text-align-center has-text-color\" style=\"color:#f8bc33;font-size:22px\"><strong>DIESEL<\/strong><\/p>\n\n\n\n<p><\/p>\n<\/div>\n\n\n\n<div class=\"wp-block-column is-layout-flow wp-block-column-is-layout-flow\">\n<p class=\"has-text-align-center has-text-color has-small-font-size\" style=\"color:#1c3359\"><em>\u00e0 partir de <\/em><\/p>\n\n\n\n<p class=\"has-text-align-center has-text-color\" style=\"color:#1d9cd7;font-size:22px\"><strong>399.000 \u20ac<\/strong><\/p>\n<\/div>\n<\/div>\n<\/div>\n\n\n\n<div class=\"wp-block-column is-layout-flow wp-block-column-is-layout-flow\" style=\"flex-basis:33%\"><\/div>\n\n\n\n<div class=\"wp-block-column is-layout-flow wp-block-column-is-layout-flow\" style=\"flex-basis:33%\"><\/div>\n<\/div>\n\n\n\n<div style=\"height:30px\" aria-hidden=\"true\" class=\"wp-block-spacer\"><\/div>\n\n\n\n<div class=\"wp-block-buttons is-horizontal is-content-justification-center is-layout-flex wp-container-core-buttons-is-layout-499968f5 wp-block-buttons-is-layout-flex\">\n<div class=\"wp-block-button has-custom-width wp-block-button__width-50\"><a class=\"wp-block-button__link has-white-color has-text-color has-background wp-element-button\" href=\"https:\/\/transport-manager.net\/jeu\/sendconcess.php?p=EVOBUS_car_neuf\" style=\"background-color:#1c3359\" target=\"_blank\" rel=\"noreferrer noopener\"><strong>DEMANDE DE DEVIS &#8211; Cars neufs<\/strong><\/a><\/div>\n<\/div>\n","protected":false},"excerpt":{"rendered":"<p>Les cars sont accessibles \u00e0 partir du niveau 4 SPRINTER MERCEDES-BENZSPRINTER TRANSFER MINI 22 places &#8211; 1 porte Motorisation DIESEL \u00c9LECTRIQUE \u00e0 partir de 129.000 \u20ac 162.000 \u20ac MERCEDES-BENZSPRINTER TRAVEL MINI 22 places &#8211; 1 porte Motorisation DIESEL \u00e0 partir de 149.000 \u20ac CITARO LE MERCEDES-BENZCITARO LE U C2 STANDARD 43(84*) places &#8211; 2 portes &#8230; <a title=\"Car &#8211; V\u00e9hicules neufs\" class=\"read-more\" href=\"https:\/\/concess.transport-manager.net\/evobus\/car-vehicules-neufs\/\" aria-label=\"En savoir plus sur Car &#8211; V\u00e9hicules neufs\">Lire la suite<\/a><\/p>\n","protected":false},"author":18,"featured_media":579,"parent":0,"menu_order":0,"comment_status":"closed","ping_status":"closed","template":"","meta":{"footnotes":""},"class_list":["post-561","page","type-page","status-publish","has-post-thumbnail"],"_links":{"self":[{"href":"https:\/\/concess.transport-manager.net\/evobus\/wp-json\/wp\/v2\/pages\/561","targetHints":{"allow":["GET"]}}],"collection":[{"href":"https:\/\/concess.transport-manager.net\/evobus\/wp-json\/wp\/v2\/pages"}],"about":[{"href":"https:\/\/concess.transport-manager.net\/evobus\/wp-json\/wp\/v2\/types\/page"}],"author":[{"embeddable":true,"href":"https:\/\/concess.transport-manager.net\/evobus\/wp-json\/wp\/v2\/users\/18"}],"replies":[{"embeddable":true,"href":"https:\/\/concess.transport-manager.net\/evobus\/wp-json\/wp\/v2\/comments?post=561"}],"version-history":[{"count":63,"href":"https:\/\/concess.transport-manager.net\/evobus\/wp-json\/wp\/v2\/pages\/561\/revisions"}],"predecessor-version":[{"id":2883,"href":"https:\/\/concess.transport-manager.net\/evobus\/wp-json\/wp\/v2\/pages\/561\/revisions\/2883"}],"wp:featuredmedia":[{"embeddable":true,"href":"https:\/\/concess.transport-manager.net\/evobus\/wp-json\/wp\/v2\/media\/579"}],"wp:attachment":[{"href":"https:\/\/concess.transport-manager.net\/evobus\/wp-json\/wp\/v2\/media?parent=561"}],"curies":[{"name":"wp","href":"https:\/\/api.w.org\/{rel}","templated":true}]}}