{"id":3353,"date":"2025-01-21T00:02:29","date_gmt":"2025-01-20T23:02:29","guid":{"rendered":"https:\/\/concess.transport-manager.net\/vdi\/?page_id=3353"},"modified":"2026-02-04T17:34:13","modified_gmt":"2026-02-04T16:34:13","slug":"la-boutique-by-vdi-occ","status":"publish","type":"page","link":"https:\/\/concess.transport-manager.net\/vdi\/la-boutique-by-vdi-occ\/","title":{"rendered":"La boutique by VDI (occasion)"},"content":{"rendered":"\n<div class=\"wp-block-buttons alignwide is-content-justification-center is-layout-flex wp-container-core-buttons-is-layout-16018d1d wp-block-buttons-is-layout-flex\">\n<div class=\"wp-block-button\"><a class=\"wp-block-button__link wp-element-button\" href=\"#mini\">minibus<\/a><\/div>\n\n\n\n<div class=\"wp-block-button\"><a class=\"wp-block-button__link wp-element-button\" href=\"#midi\">midibus<\/a><\/div>\n\n\n\n<div class=\"wp-block-button\"><a class=\"wp-block-button__link wp-element-button\" href=\"#stand\">standard<\/a><\/div>\n\n\n\n<div class=\"wp-block-button\"><a class=\"wp-block-button__link wp-element-button\" href=\"#art\">articul\u00e9<\/a><\/div>\n\n\n\n<div class=\"wp-block-button\"><a class=\"wp-block-button__link wp-element-button\" href=\"https:\/\/concess.transport-manager.net\/vdi\/nos-autocars-doccasion\/\">cars<\/a><\/div>\n<\/div>\n\n\n\n<blockquote class=\"wp-block-quote is-layout-flow wp-block-quote-is-layout-flow\">\n<p>Vous cherchez un mod\u00e8le particulier ? Utilisez ctrl+F pour chercher un mod\u00e8le, une motorisation ou une marque.<\/p>\n\n\n\n<p>Les prix indiqu\u00e9 sont pour des bus sans aucune option.<\/p>\n\n\n\n<p>Avant de faire une demande de devis, merci de prendre connaissance du r\u00e8glement.<\/p>\n\n\n\n<p>Vous trouverez ci-dessous nos bus d&rsquo;occasion. Pour voir nos autocars d&rsquo;occasion rendez-vous <a href=\"https:\/\/concess.transport-manager.net\/vdi\/2025\/10\/17\/nos-autocars-doccasion\/\" data-type=\"post\" data-id=\"3639\">ici <\/a>!<\/p>\n<\/blockquote>\n\n\n\n<div class=\"wp-block-buttons is-content-justification-center is-layout-flex wp-container-core-buttons-is-layout-16018d1d wp-block-buttons-is-layout-flex\">\n<div class=\"wp-block-button\"><a class=\"wp-block-button__link wp-element-button\" href=\"https:\/\/docs.google.com\/forms\/d\/e\/1FAIpQLSeJoXYb75gOMc_He_OdDKZem1-GBivapk4Zekd1rX_zRxTm6A\/viewform\">passez commande<\/a><\/div>\n\n\n\n<div class=\"wp-block-button\"><a class=\"wp-block-button__link wp-element-button\" href=\"https:\/\/concess.transport-manager.net\/vdi\/2025\/10\/17\/nos-autocars-doccasion\/\">autocars d&rsquo;occasion<\/a><\/div>\n<\/div>\n\n\n\n<div data-wp-interactive=\"core\/file\" class=\"wp-block-file\"><object data-wp-bind--hidden=\"!state.hasPdfPreview\" hidden class=\"wp-block-file__embed\" data=\"https:\/\/concess.transport-manager.net\/vdi\/wp-content\/uploads\/sites\/6\/2025\/10\/INFOLEGVENTE-1.pdf\" type=\"application\/pdf\" style=\"width:100%;height:600px\" aria-label=\"Contenu embarqu\u00e9 INFOLEGVENTE.\"><\/object><a id=\"wp-block-file--media-410ad1db-1a24-478d-98b4-b341de37be90\" href=\"https:\/\/concess.transport-manager.net\/vdi\/wp-content\/uploads\/sites\/6\/2025\/10\/INFOLEGVENTE-1.pdf\">INFOLEGVENTE<\/a><a href=\"https:\/\/concess.transport-manager.net\/vdi\/wp-content\/uploads\/sites\/6\/2025\/10\/INFOLEGVENTE-1.pdf\" class=\"wp-block-file__button wp-element-button\" download aria-describedby=\"wp-block-file--media-410ad1db-1a24-478d-98b4-b341de37be90\">T\u00e9l\u00e9charger<\/a><\/div>\n\n\n\n<h2 class=\"wp-block-heading\" id=\"mini\"><mark style=\"background-color:#ffffff\" class=\"has-inline-color has-accent-color\">Nos minibus<\/mark> d&rsquo;occasion<\/h2>\n\n\n\n<div class=\"wp-block-columns alignwide is-layout-flex wp-container-core-columns-is-layout-9d6595d7 wp-block-columns-is-layout-flex\">\n<div class=\"wp-block-column is-layout-flow wp-block-column-is-layout-flow\"><div class=\"wp-block-image\">\n<figure class=\"aligncenter size-full\"><img loading=\"lazy\" decoding=\"async\" width=\"1618\" height=\"1000\" src=\"http:\/\/concess.transport-manager.net\/vdi\/wp-content\/uploads\/sites\/6\/2022\/07\/VDLindisp.png\" alt=\"\" class=\"wp-image-2298\" srcset=\"https:\/\/concess.transport-manager.net\/vdi\/wp-content\/uploads\/sites\/6\/2022\/07\/VDLindisp.png 1618w, https:\/\/concess.transport-manager.net\/vdi\/wp-content\/uploads\/sites\/6\/2022\/07\/VDLindisp-300x185.png 300w, https:\/\/concess.transport-manager.net\/vdi\/wp-content\/uploads\/sites\/6\/2022\/07\/VDLindisp-1024x633.png 1024w, https:\/\/concess.transport-manager.net\/vdi\/wp-content\/uploads\/sites\/6\/2022\/07\/VDLindisp-768x475.png 768w, https:\/\/concess.transport-manager.net\/vdi\/wp-content\/uploads\/sites\/6\/2022\/07\/VDLindisp-1536x949.png 1536w\" sizes=\"auto, (max-width: 1618px) 100vw, 1618px\" \/><\/figure>\n<\/div>\n\n\n<h2 class=\"wp-block-heading has-text-align-center\">VDL Midcity<\/h2>\n\n\n\n<p class=\"has-text-align-center has-larger-font-size\">20 places &#8211; (2010 \u00e0 2020)<\/p>\n\n\n\n<p class=\"has-text-align-center\">1 portes<\/p>\n\n\n\n<p class=\"has-text-align-center\"><strong>Diesel <\/strong><em>(18l\/100km)<\/em> \u00e0 partir de 41.500\u20ac<br>Club VDI Star \u00e0 partir de 40.000\u20ac<\/p>\n<\/div>\n\n\n\n<div class=\"wp-block-column is-layout-flow wp-block-column-is-layout-flow\"><div class=\"wp-block-image size-full\">\n<figure class=\"aligncenter size-large\"><img loading=\"lazy\" decoding=\"async\" width=\"1024\" height=\"633\" src=\"http:\/\/concess.transport-manager.net\/vdi\/wp-content\/uploads\/sites\/6\/2022\/07\/VDLindisp-1024x633.png\" alt=\"\" class=\"wp-image-2298\" srcset=\"https:\/\/concess.transport-manager.net\/vdi\/wp-content\/uploads\/sites\/6\/2022\/07\/VDLindisp-1024x633.png 1024w, https:\/\/concess.transport-manager.net\/vdi\/wp-content\/uploads\/sites\/6\/2022\/07\/VDLindisp-300x185.png 300w, https:\/\/concess.transport-manager.net\/vdi\/wp-content\/uploads\/sites\/6\/2022\/07\/VDLindisp-768x475.png 768w, https:\/\/concess.transport-manager.net\/vdi\/wp-content\/uploads\/sites\/6\/2022\/07\/VDLindisp-1536x949.png 1536w, https:\/\/concess.transport-manager.net\/vdi\/wp-content\/uploads\/sites\/6\/2022\/07\/VDLindisp.png 1618w\" sizes=\"auto, (max-width: 1024px) 100vw, 1024px\" \/><\/figure>\n<\/div>\n\n\n<h2 class=\"wp-block-heading has-text-align-center\">VDL Midcity Electrique<\/h2>\n\n\n\n<p class=\"has-text-align-center has-larger-font-size\">16 places &#8211; (2017 \u00e0 2020)<\/p>\n\n\n\n<p class=\"has-text-align-center\">1 portes<\/p>\n\n\n\n<p class=\"has-text-align-center\"><strong>Electrique<em> <\/em><\/strong><em>(90kWh)<\/em> \u00e0 partir de 65.000\u20ac<br>Club VDI Star \u00e0 partir de 63.000\u20ac<\/p>\n<\/div>\n<\/div>\n\n\n\n<h2 class=\"wp-block-heading\" id=\"midi\"><mark style=\"background-color:#ffffff\" class=\"has-inline-color has-accent-color\">Nos midibus<\/mark> d&rsquo;occasion<\/h2>\n\n\n\n<div class=\"wp-block-columns alignwide is-layout-flex wp-container-core-columns-is-layout-9d6595d7 wp-block-columns-is-layout-flex\">\n<div class=\"wp-block-column is-vertically-aligned-center is-layout-flow wp-block-column-is-layout-flow\"><div class=\"wp-block-image size-full\">\n<figure class=\"aligncenter\"><img loading=\"lazy\" decoding=\"async\" width=\"450\" height=\"300\" src=\"https:\/\/concess.transport-manager.net\/vdi\/wp-content\/uploads\/sites\/6\/2025\/01\/VANHOOL-NewA308.jpg\" alt=\"\" class=\"wp-image-3356\" srcset=\"https:\/\/concess.transport-manager.net\/vdi\/wp-content\/uploads\/sites\/6\/2025\/01\/VANHOOL-NewA308.jpg 450w, https:\/\/concess.transport-manager.net\/vdi\/wp-content\/uploads\/sites\/6\/2025\/01\/VANHOOL-NewA308-300x200.jpg 300w\" sizes=\"auto, (max-width: 450px) 100vw, 450px\" \/><\/figure>\n<\/div>\n\n\n<h2 class=\"wp-block-heading has-text-align-center\">Van Hool New A308<\/h2>\n\n\n\n<p class=\"has-text-align-center has-larger-font-size\">67 places &#8211; (2002 \u00e0 2022)<\/p>\n\n\n\n<p class=\"has-text-align-center\">2 ou 3 portes (-4 places)<\/p>\n\n\n\n<p class=\"has-text-align-center\"><strong>Diesel <\/strong><em>(<\/em><em>28l\/100km) <\/em>\u00e0 partir de 72.000\u20ac<\/p>\n\n\n\n<p class=\"has-text-align-center\"><strong>Hybride <\/strong><em>(22l\/100km)<\/em> \u00e0 partir de 90.000\u20ac<\/p>\n<\/div>\n\n\n\n<div class=\"wp-block-column is-layout-flow wp-block-column-is-layout-flow\"><div class=\"wp-block-image\">\n<figure class=\"aligncenter size-full\"><img loading=\"lazy\" decoding=\"async\" width=\"450\" height=\"300\" src=\"https:\/\/concess.transport-manager.net\/vdi\/wp-content\/uploads\/sites\/6\/2025\/01\/VHS-NewA309.jpeg\" alt=\"\" class=\"wp-image-3358\" srcset=\"https:\/\/concess.transport-manager.net\/vdi\/wp-content\/uploads\/sites\/6\/2025\/01\/VHS-NewA309.jpeg 450w, https:\/\/concess.transport-manager.net\/vdi\/wp-content\/uploads\/sites\/6\/2025\/01\/VHS-NewA309-300x200.jpeg 300w\" sizes=\"auto, (max-width: 450px) 100vw, 450px\" \/><\/figure>\n<\/div>\n\n\n<h2 class=\"wp-block-heading has-text-align-center\">Van Hool New A309<\/h2>\n\n\n\n<p class=\"has-text-align-center has-larger-font-size\">73 places &#8211; (2002 \u00e0 2022)<\/p>\n\n\n\n<p class=\"has-text-align-center\">2 ou 3 portes (-4 places)<\/p>\n\n\n\n<p class=\"has-text-align-center\"><strong>Diesel <\/strong><em>(28l\/100km) <\/em>\u00e0 partir de 75.000\u20ac<\/p>\n\n\n\n<p class=\"has-text-align-center\"><strong>Hybride <\/strong><em>(22l\/100km)<\/em> \u00e0 partir de 95.000\u20ac<\/p>\n<\/div>\n\n\n\n<div class=\"wp-block-column is-layout-flow wp-block-column-is-layout-flow\"><div class=\"wp-block-image size-full\">\n<figure class=\"aligncenter\"><img loading=\"lazy\" decoding=\"async\" width=\"1500\" height=\"1000\" src=\"https:\/\/concess.transport-manager.net\/vdi\/wp-content\/uploads\/sites\/6\/2025\/01\/Irizarindisp-edited.png\" alt=\"\" class=\"wp-image-3359\" srcset=\"https:\/\/concess.transport-manager.net\/vdi\/wp-content\/uploads\/sites\/6\/2025\/01\/Irizarindisp-edited.png 1500w, https:\/\/concess.transport-manager.net\/vdi\/wp-content\/uploads\/sites\/6\/2025\/01\/Irizarindisp-edited-300x200.png 300w, https:\/\/concess.transport-manager.net\/vdi\/wp-content\/uploads\/sites\/6\/2025\/01\/Irizarindisp-edited-1024x683.png 1024w, https:\/\/concess.transport-manager.net\/vdi\/wp-content\/uploads\/sites\/6\/2025\/01\/Irizarindisp-edited-768x512.png 768w, https:\/\/concess.transport-manager.net\/vdi\/wp-content\/uploads\/sites\/6\/2025\/01\/Irizarindisp-edited-1200x800.png 1200w\" sizes=\"auto, (max-width: 1500px) 100vw, 1500px\" \/><\/figure>\n<\/div>\n\n\n<h2 class=\"wp-block-heading has-text-align-center\">Hess N UB 10<\/h2>\n\n\n\n<p class=\"has-text-align-center has-larger-font-size\">82 places &#8211; (2006 \u00e0 2016)<\/p>\n\n\n\n<p class=\"has-text-align-center\">2 ou 3 portes (-4 places)<\/p>\n\n\n\n<p class=\"has-text-align-center\"><strong>Diesel <\/strong><em>(30<\/em><em>l\/100km) <\/em>\u00e0 partir de 75.000\u20ac<\/p>\n<\/div>\n<\/div>\n\n\n\n<div class=\"wp-block-columns alignwide is-layout-flex wp-container-core-columns-is-layout-9d6595d7 wp-block-columns-is-layout-flex\">\n<div class=\"wp-block-column is-layout-flow wp-block-column-is-layout-flow\">\n<figure class=\"wp-block-image size-full\"><img loading=\"lazy\" decoding=\"async\" width=\"1618\" height=\"1000\" src=\"http:\/\/concess.transport-manager.net\/vdi\/wp-content\/uploads\/sites\/6\/2022\/07\/VDLindisp.png\" alt=\"\" class=\"wp-image-2298\" srcset=\"https:\/\/concess.transport-manager.net\/vdi\/wp-content\/uploads\/sites\/6\/2022\/07\/VDLindisp.png 1618w, https:\/\/concess.transport-manager.net\/vdi\/wp-content\/uploads\/sites\/6\/2022\/07\/VDLindisp-300x185.png 300w, https:\/\/concess.transport-manager.net\/vdi\/wp-content\/uploads\/sites\/6\/2022\/07\/VDLindisp-1024x633.png 1024w, https:\/\/concess.transport-manager.net\/vdi\/wp-content\/uploads\/sites\/6\/2022\/07\/VDLindisp-768x475.png 768w, https:\/\/concess.transport-manager.net\/vdi\/wp-content\/uploads\/sites\/6\/2022\/07\/VDLindisp-1536x949.png 1536w\" sizes=\"auto, (max-width: 1618px) 100vw, 1618px\" \/><\/figure>\n\n\n\n<h2 class=\"wp-block-heading has-text-align-center\">VDI Citea LLE-99<\/h2>\n\n\n\n<p class=\"has-text-align-center has-larger-font-size\">78 places &#8211; (2014 \u00e0 2020)<\/p>\n\n\n\n<p class=\"has-text-align-center\">2 portes<\/p>\n\n\n\n<p class=\"has-text-align-center\"><strong>Diesel <\/strong><em>(31l\/100km) <\/em>\u00e0 partir de 85.000\u20ac<\/p>\n<\/div>\n\n\n\n<div class=\"wp-block-column is-vertically-aligned-bottom is-layout-flow wp-block-column-is-layout-flow\"><div class=\"wp-block-image size-full\">\n<figure class=\"aligncenter\"><img loading=\"lazy\" decoding=\"async\" width=\"450\" height=\"300\" src=\"https:\/\/concess.transport-manager.net\/vdi\/wp-content\/uploads\/sites\/6\/2025\/01\/VDL_Citea_LLE99_Electric.jpg\" alt=\"\" class=\"wp-image-3360\" srcset=\"https:\/\/concess.transport-manager.net\/vdi\/wp-content\/uploads\/sites\/6\/2025\/01\/VDL_Citea_LLE99_Electric.jpg 450w, https:\/\/concess.transport-manager.net\/vdi\/wp-content\/uploads\/sites\/6\/2025\/01\/VDL_Citea_LLE99_Electric-300x200.jpg 300w\" sizes=\"auto, (max-width: 450px) 100vw, 450px\" \/><\/figure>\n<\/div>\n\n\n<h2 class=\"wp-block-heading has-text-align-center\">VDI Citea LLE-99 Electric<\/h2>\n\n\n\n<p class=\"has-text-align-center has-larger-font-size\">60 places &#8211; (2017 \u00e0 2020)<\/p>\n\n\n\n<p class=\"has-text-align-center\">2 portes<\/p>\n\n\n\n<p class=\"has-text-align-center\"><strong>Electrique <\/strong><em>(170kWh<\/em><em>) <\/em>\u00e0 partir de 153.000\u20ac<\/p>\n<\/div>\n\n\n\n<div class=\"wp-block-column is-layout-flow wp-block-column-is-layout-flow\">\n<div class=\"wp-block-columns is-layout-flex wp-container-core-columns-is-layout-9d6595d7 wp-block-columns-is-layout-flex\">\n<div class=\"wp-block-column is-vertically-aligned-center is-layout-flow wp-block-column-is-layout-flow\"><div class=\"wp-block-image\">\n<figure class=\"aligncenter size-full\"><img loading=\"lazy\" decoding=\"async\" width=\"450\" height=\"300\" src=\"https:\/\/concess.transport-manager.net\/vdi\/wp-content\/uploads\/sites\/6\/2025\/01\/Irizar_Iebus10.8.jpg\" alt=\"\" class=\"wp-image-3361\" srcset=\"https:\/\/concess.transport-manager.net\/vdi\/wp-content\/uploads\/sites\/6\/2025\/01\/Irizar_Iebus10.8.jpg 450w, https:\/\/concess.transport-manager.net\/vdi\/wp-content\/uploads\/sites\/6\/2025\/01\/Irizar_Iebus10.8-300x200.jpg 300w\" sizes=\"auto, (max-width: 450px) 100vw, 450px\" \/><\/figure>\n<\/div>\n\n\n<h2 class=\"wp-block-heading has-text-align-center\">Irizar Ie bus 10.8<\/h2>\n\n\n\n<p class=\"has-text-align-center has-larger-font-size\">76 places &#8211; (2018 \u00e0 2020)<\/p>\n\n\n\n<p class=\"has-text-align-center\">2 portes<\/p>\n\n\n\n<p class=\"has-text-align-center\"><strong>Electrique <\/strong><em>(170kWh) <\/em>\u00e0 partir de 159.000\u20ac<\/p>\n<\/div>\n<\/div>\n<\/div>\n<\/div>\n\n\n\n<h2 class=\"wp-block-heading\" id=\"stand\"><mark style=\"background-color:#ffffff\" class=\"has-inline-color has-accent-color\">Nos standards<\/mark> d&rsquo;occasion<\/h2>\n\n\n\n<div class=\"wp-block-columns alignwide is-layout-flex wp-container-core-columns-is-layout-9d6595d7 wp-block-columns-is-layout-flex\">\n<div class=\"wp-block-column is-layout-flow wp-block-column-is-layout-flow\"><div class=\"wp-block-image size-full\">\n<figure class=\"aligncenter\"><img loading=\"lazy\" decoding=\"async\" width=\"450\" height=\"300\" src=\"https:\/\/concess.transport-manager.net\/vdi\/wp-content\/uploads\/sites\/6\/2025\/01\/VANHOOL-NewA330.jpg\" alt=\"\" class=\"wp-image-3367\" srcset=\"https:\/\/concess.transport-manager.net\/vdi\/wp-content\/uploads\/sites\/6\/2025\/01\/VANHOOL-NewA330.jpg 450w, https:\/\/concess.transport-manager.net\/vdi\/wp-content\/uploads\/sites\/6\/2025\/01\/VANHOOL-NewA330-300x200.jpg 300w\" sizes=\"auto, (max-width: 450px) 100vw, 450px\" \/><\/figure>\n<\/div>\n\n\n<h2 class=\"wp-block-heading has-text-align-center\">Van Hool NewA330<\/h2>\n\n\n\n<p class=\"has-text-align-center has-larger-font-size\">113 places &#8211; (2002 \u00e0 2022)<\/p>\n\n\n\n<p class=\"has-text-align-center\">2 ou 3 portes (-4 places)<\/p>\n\n\n\n<p class=\"has-text-align-center\"><strong>Diesel <\/strong><em>(33\/100km) <\/em>\u00e0 partir de 103.000\u20ac<\/p>\n\n\n\n<p class=\"has-text-align-center\"><strong>GNV <\/strong>(46l\/100km) \u00e0 partir de 112.000\u20ac<\/p>\n\n\n\n<p class=\"has-text-align-center\"><strong>Hybride <\/strong><em>(26l\/100km<\/em><em>) <\/em>\u00e0 partir de 130.000\u20ac<\/p>\n<\/div>\n\n\n\n<div class=\"wp-block-column is-layout-flow wp-block-column-is-layout-flow\"><div class=\"wp-block-image\">\n<figure class=\"aligncenter size-full\"><img loading=\"lazy\" decoding=\"async\" width=\"450\" height=\"300\" src=\"https:\/\/concess.transport-manager.net\/vdi\/wp-content\/uploads\/sites\/6\/2025\/01\/VANHOOL-NewA320.jpg\" alt=\"\" class=\"wp-image-3372\" srcset=\"https:\/\/concess.transport-manager.net\/vdi\/wp-content\/uploads\/sites\/6\/2025\/01\/VANHOOL-NewA320.jpg 450w, https:\/\/concess.transport-manager.net\/vdi\/wp-content\/uploads\/sites\/6\/2025\/01\/VANHOOL-NewA320-300x200.jpg 300w\" sizes=\"auto, (max-width: 450px) 100vw, 450px\" \/><\/figure>\n<\/div>\n\n\n<h2 class=\"wp-block-heading has-text-align-center\">Van Hool New A320<\/h2>\n\n\n\n<p class=\"has-text-align-center has-larger-font-size\">112 places &#8211; (2002 \u00e0 2006)<\/p>\n\n\n\n<p class=\"has-text-align-center\">2 ou 3 portes (-4 places)<\/p>\n\n\n\n<p class=\"has-text-align-center\"><strong>Diesel <\/strong><em>(36\/100km) <\/em>\u00e0 partir de 75.000\u20ac<\/p>\n<\/div>\n\n\n\n<div class=\"wp-block-column is-layout-flow wp-block-column-is-layout-flow\"><div class=\"wp-block-image size-full\">\n<figure class=\"aligncenter\"><img loading=\"lazy\" decoding=\"async\" width=\"450\" height=\"300\" src=\"https:\/\/concess.transport-manager.net\/vdi\/wp-content\/uploads\/sites\/6\/2025\/01\/VANHOOL-NewA360.jpg\" alt=\"\" class=\"wp-image-3373\" srcset=\"https:\/\/concess.transport-manager.net\/vdi\/wp-content\/uploads\/sites\/6\/2025\/01\/VANHOOL-NewA360.jpg 450w, https:\/\/concess.transport-manager.net\/vdi\/wp-content\/uploads\/sites\/6\/2025\/01\/VANHOOL-NewA360-300x200.jpg 300w\" sizes=\"auto, (max-width: 450px) 100vw, 450px\" \/><\/figure>\n<\/div>\n\n\n<h2 class=\"wp-block-heading has-text-align-center\">Van Hool NewA360<\/h2>\n\n\n\n<p class=\"has-text-align-center has-larger-font-size\">115 places &#8211; (2002 \u00e0 2022)<\/p>\n\n\n\n<p class=\"has-text-align-center\">2 ou 3 portes (-4 places)<\/p>\n\n\n\n<p class=\"has-text-align-center\"><strong>Diesel <\/strong><em>(33\/100km) <\/em>\u00e0 partir de 115.000\u20ac<\/p>\n\n\n\n<p class=\"has-text-align-center\"><strong>GNV <\/strong>(45l\/100km) \u00e0 partir de 124.000\u20ac<\/p>\n\n\n\n<p class=\"has-text-align-center\"><strong>Hybride <\/strong><em>(26l\/100km<\/em><em>) <\/em>\u00e0 partir de 145.000\u20ac<\/p>\n<\/div>\n\n\n\n<div class=\"wp-block-column is-layout-flow wp-block-column-is-layout-flow\"><div class=\"wp-block-image\">\n<figure class=\"aligncenter size-full\"><img loading=\"lazy\" decoding=\"async\" width=\"1500\" height=\"1000\" src=\"http:\/\/concess.transport-manager.net\/vdi\/wp-content\/uploads\/sites\/6\/2025\/01\/Irizarindisp-edited.png\" alt=\"\" class=\"wp-image-3359\" srcset=\"https:\/\/concess.transport-manager.net\/vdi\/wp-content\/uploads\/sites\/6\/2025\/01\/Irizarindisp-edited.png 1500w, https:\/\/concess.transport-manager.net\/vdi\/wp-content\/uploads\/sites\/6\/2025\/01\/Irizarindisp-edited-300x200.png 300w, https:\/\/concess.transport-manager.net\/vdi\/wp-content\/uploads\/sites\/6\/2025\/01\/Irizarindisp-edited-1024x683.png 1024w, https:\/\/concess.transport-manager.net\/vdi\/wp-content\/uploads\/sites\/6\/2025\/01\/Irizarindisp-edited-768x512.png 768w, https:\/\/concess.transport-manager.net\/vdi\/wp-content\/uploads\/sites\/6\/2025\/01\/Irizarindisp-edited-1200x800.png 1200w\" sizes=\"auto, (max-width: 1500px) 100vw, 1500px\" \/><\/figure>\n<\/div>\n\n\n<h2 class=\"wp-block-heading has-text-align-center\">Hess N UB 12<\/h2>\n\n\n\n<p class=\"has-text-align-center has-larger-font-size\">95 places &#8211; (2006 \u00e0 2016)<\/p>\n\n\n\n<p class=\"has-text-align-center\">2 ou 3 portes (-4 places)<\/p>\n\n\n\n<p class=\"has-text-align-center\"><strong>Diesel <\/strong><em>(35\/100km) <\/em>\u00e0 partir de 88.000\u20ac<\/p>\n<\/div>\n<\/div>\n\n\n\n<div class=\"wp-block-columns alignwide is-layout-flex wp-container-core-columns-is-layout-9d6595d7 wp-block-columns-is-layout-flex\">\n<div class=\"wp-block-column is-layout-flow wp-block-column-is-layout-flow\"><div class=\"wp-block-image size-full\">\n<figure class=\"aligncenter\"><img loading=\"lazy\" decoding=\"async\" width=\"450\" height=\"300\" src=\"https:\/\/concess.transport-manager.net\/vdi\/wp-content\/uploads\/sites\/6\/2025\/01\/VanHool_New_A360H.jpg\" alt=\"\" class=\"wp-image-3376\" srcset=\"https:\/\/concess.transport-manager.net\/vdi\/wp-content\/uploads\/sites\/6\/2025\/01\/VanHool_New_A360H.jpg 450w, https:\/\/concess.transport-manager.net\/vdi\/wp-content\/uploads\/sites\/6\/2025\/01\/VanHool_New_A360H-300x200.jpg 300w\" sizes=\"auto, (max-width: 450px) 100vw, 450px\" \/><\/figure>\n<\/div>\n\n\n<h2 class=\"wp-block-heading has-text-align-center\"><mark style=\"background-color:#ffffff;color:#00ff14\" class=\"has-inline-color\">Van Hool NewA360H (LE)<\/mark><\/h2>\n\n\n\n<p class=\"has-text-align-center has-larger-font-size\">100 places &#8211; (2007 \u00e0 2014)<\/p>\n\n\n\n<p class=\"has-text-align-center\">2 ou 3 portes (-4 places)<\/p>\n\n\n\n<p class=\"has-text-align-center\"><strong>Diesel <\/strong><em>(35\/100km) <\/em>\u00e0 partir de 123.000\u20ac<\/p>\n<\/div>\n\n\n\n<div class=\"wp-block-column is-layout-flow wp-block-column-is-layout-flow\"><div class=\"wp-block-image\">\n<figure class=\"aligncenter size-full\"><img loading=\"lazy\" decoding=\"async\" width=\"450\" height=\"300\" src=\"https:\/\/concess.transport-manager.net\/vdi\/wp-content\/uploads\/sites\/6\/2025\/01\/VDL_CiteaSLF120.jpg\" alt=\"\" class=\"wp-image-3377\" srcset=\"https:\/\/concess.transport-manager.net\/vdi\/wp-content\/uploads\/sites\/6\/2025\/01\/VDL_CiteaSLF120.jpg 450w, https:\/\/concess.transport-manager.net\/vdi\/wp-content\/uploads\/sites\/6\/2025\/01\/VDL_CiteaSLF120-300x200.jpg 300w\" sizes=\"auto, (max-width: 450px) 100vw, 450px\" \/><\/figure>\n<\/div>\n\n\n<h2 class=\"wp-block-heading has-text-align-center\">VDL CITEA SLF 120<\/h2>\n\n\n\n<p class=\"has-text-align-center has-larger-font-size\">100 places &#8211; (2012 \u00e0 2024)<\/p>\n\n\n\n<p class=\"has-text-align-center\">2 ou 3 portes (-4 places)<\/p>\n\n\n\n<p class=\"has-text-align-center\"><strong>Diesel <\/strong><em>(33\/100km) <\/em>\u00e0 partir de 113.000\u20ac<\/p>\n\n\n\n<p class=\"has-text-align-center\"><strong>Hybride <\/strong><em>(26l\/100km) <\/em>\u00e0 partir de 141.000\u20ac<\/p>\n<\/div>\n\n\n\n<div class=\"wp-block-column is-layout-flow wp-block-column-is-layout-flow\"><div class=\"wp-block-image size-full\">\n<figure class=\"aligncenter\"><img loading=\"lazy\" decoding=\"async\" width=\"450\" height=\"300\" src=\"https:\/\/concess.transport-manager.net\/vdi\/wp-content\/uploads\/sites\/6\/2025\/01\/HESS_swissdiesel12.jpg\" alt=\"\" class=\"wp-image-3380\" srcset=\"https:\/\/concess.transport-manager.net\/vdi\/wp-content\/uploads\/sites\/6\/2025\/01\/HESS_swissdiesel12.jpg 450w, https:\/\/concess.transport-manager.net\/vdi\/wp-content\/uploads\/sites\/6\/2025\/01\/HESS_swissdiesel12-300x200.jpg 300w\" sizes=\"auto, (max-width: 450px) 100vw, 450px\" \/><\/figure>\n<\/div>\n\n\n<h2 class=\"wp-block-heading has-text-align-center\">Hess Swissdiesel<\/h2>\n\n\n\n<p class=\"has-text-align-center has-larger-font-size\">97 places &#8211; (2002 \u00e0 2022)<\/p>\n\n\n\n<p class=\"has-text-align-center\">2 ou 3 portes (-4 places)<\/p>\n\n\n\n<p class=\"has-text-align-center\"><strong>Diesel <\/strong><em>(32\/100km) <\/em>\u00e0 partir de 118.000\u20ac<\/p>\n<\/div>\n\n\n\n<div class=\"wp-block-column is-layout-flow wp-block-column-is-layout-flow\"><div class=\"wp-block-image\">\n<figure class=\"aligncenter size-full\"><img loading=\"lazy\" decoding=\"async\" width=\"1618\" height=\"1000\" src=\"http:\/\/concess.transport-manager.net\/vdi\/wp-content\/uploads\/sites\/6\/2024\/10\/Vanhooldisp-Copie.png\" alt=\"\" class=\"wp-image-2928\" srcset=\"https:\/\/concess.transport-manager.net\/vdi\/wp-content\/uploads\/sites\/6\/2024\/10\/Vanhooldisp-Copie.png 1618w, https:\/\/concess.transport-manager.net\/vdi\/wp-content\/uploads\/sites\/6\/2024\/10\/Vanhooldisp-Copie-300x185.png 300w, https:\/\/concess.transport-manager.net\/vdi\/wp-content\/uploads\/sites\/6\/2024\/10\/Vanhooldisp-Copie-1024x633.png 1024w, https:\/\/concess.transport-manager.net\/vdi\/wp-content\/uploads\/sites\/6\/2024\/10\/Vanhooldisp-Copie-768x475.png 768w, https:\/\/concess.transport-manager.net\/vdi\/wp-content\/uploads\/sites\/6\/2024\/10\/Vanhooldisp-Copie-1536x949.png 1536w, https:\/\/concess.transport-manager.net\/vdi\/wp-content\/uploads\/sites\/6\/2024\/10\/Vanhooldisp-Copie-1232x761.png 1232w\" sizes=\"auto, (max-width: 1618px) 100vw, 1618px\" \/><\/figure>\n<\/div>\n\n\n<h2 class=\"wp-block-heading has-text-align-center\"><mark style=\"background-color:#ffffff\" class=\"has-inline-color has-accent-color\">Van Hool New A330 BHNS<\/mark><\/h2>\n\n\n\n<p class=\"has-text-align-center has-larger-font-size\">113 places &#8211; (2016 \u00e0 2022)<\/p>\n\n\n\n<p class=\"has-text-align-center\">3 portes<\/p>\n\n\n\n<p class=\"has-text-align-center\"><strong>Hybride <\/strong><em>(28l\/100km) <\/em>\u00e0 partir de 195.000\u20ac<\/p>\n<\/div>\n<\/div>\n\n\n\n<div class=\"wp-block-columns alignwide is-layout-flex wp-container-core-columns-is-layout-9d6595d7 wp-block-columns-is-layout-flex\">\n<div class=\"wp-block-column is-layout-flow wp-block-column-is-layout-flow\"><div class=\"wp-block-image\">\n<figure class=\"aligncenter size-full\"><img loading=\"lazy\" decoding=\"async\" width=\"1618\" height=\"1000\" src=\"http:\/\/concess.transport-manager.net\/vdi\/wp-content\/uploads\/sites\/6\/2024\/10\/Vanhooldisp-Copie.png\" alt=\"\" class=\"wp-image-2928\" srcset=\"https:\/\/concess.transport-manager.net\/vdi\/wp-content\/uploads\/sites\/6\/2024\/10\/Vanhooldisp-Copie.png 1618w, https:\/\/concess.transport-manager.net\/vdi\/wp-content\/uploads\/sites\/6\/2024\/10\/Vanhooldisp-Copie-300x185.png 300w, https:\/\/concess.transport-manager.net\/vdi\/wp-content\/uploads\/sites\/6\/2024\/10\/Vanhooldisp-Copie-1024x633.png 1024w, https:\/\/concess.transport-manager.net\/vdi\/wp-content\/uploads\/sites\/6\/2024\/10\/Vanhooldisp-Copie-768x475.png 768w, https:\/\/concess.transport-manager.net\/vdi\/wp-content\/uploads\/sites\/6\/2024\/10\/Vanhooldisp-Copie-1536x949.png 1536w, https:\/\/concess.transport-manager.net\/vdi\/wp-content\/uploads\/sites\/6\/2024\/10\/Vanhooldisp-Copie-1232x761.png 1232w\" sizes=\"auto, (max-width: 1618px) 100vw, 1618px\" \/><\/figure>\n<\/div>\n\n\n<h2 class=\"wp-block-heading has-text-align-center\">Van Hool A12<\/h2>\n\n\n\n<p class=\"has-text-align-center has-larger-font-size\">94 places &#8211; (2023 \u00e0 2024)<\/p>\n\n\n\n<p class=\"has-text-align-center\">2 ou 3 portes (-4 places)<\/p>\n\n\n\n<p class=\"has-text-align-center\"><strong>Electrique <\/strong><em>(195kWh) <\/em>\u00e0 partir de 324.000\u20ac<\/p>\n<\/div>\n\n\n\n<div class=\"wp-block-column is-layout-flow wp-block-column-is-layout-flow\"><div class=\"wp-block-image\">\n<figure class=\"aligncenter size-full\"><img loading=\"lazy\" decoding=\"async\" width=\"450\" height=\"300\" src=\"https:\/\/concess.transport-manager.net\/vdi\/wp-content\/uploads\/sites\/6\/2025\/01\/VDI_citeaslf120elec.jpg\" alt=\"\" class=\"wp-image-3383\" srcset=\"https:\/\/concess.transport-manager.net\/vdi\/wp-content\/uploads\/sites\/6\/2025\/01\/VDI_citeaslf120elec.jpg 450w, https:\/\/concess.transport-manager.net\/vdi\/wp-content\/uploads\/sites\/6\/2025\/01\/VDI_citeaslf120elec-300x200.jpg 300w\" sizes=\"auto, (max-width: 450px) 100vw, 450px\" \/><\/figure>\n<\/div>\n\n\n<h2 class=\"wp-block-heading has-text-align-center\"><mark style=\"background-color:#ffffff\" class=\"has-inline-color\">VDL Citea SLF 120 Elec<\/mark><\/h2>\n\n\n\n<p class=\"has-text-align-center has-larger-font-size\">75 places &#8211; (2014 \u00e0 2020)<\/p>\n\n\n\n<p class=\"has-text-align-center\">2 ou 3 portes (-4 places)<\/p>\n\n\n\n<p class=\"has-text-align-center\"><strong>Electrique <\/strong><em>(190kWh) <\/em>\u00e0 partir de 188.000\u20ac<\/p>\n<\/div>\n\n\n\n<div class=\"wp-block-column is-layout-flow wp-block-column-is-layout-flow\"><div class=\"wp-block-image\">\n<figure class=\"aligncenter size-full\"><img loading=\"lazy\" decoding=\"async\" width=\"1618\" height=\"1000\" src=\"http:\/\/concess.transport-manager.net\/vdi\/wp-content\/uploads\/sites\/6\/2022\/07\/VDLindisp.png\" alt=\"\" class=\"wp-image-2298\" srcset=\"https:\/\/concess.transport-manager.net\/vdi\/wp-content\/uploads\/sites\/6\/2022\/07\/VDLindisp.png 1618w, https:\/\/concess.transport-manager.net\/vdi\/wp-content\/uploads\/sites\/6\/2022\/07\/VDLindisp-300x185.png 300w, https:\/\/concess.transport-manager.net\/vdi\/wp-content\/uploads\/sites\/6\/2022\/07\/VDLindisp-1024x633.png 1024w, https:\/\/concess.transport-manager.net\/vdi\/wp-content\/uploads\/sites\/6\/2022\/07\/VDLindisp-768x475.png 768w, https:\/\/concess.transport-manager.net\/vdi\/wp-content\/uploads\/sites\/6\/2022\/07\/VDLindisp-1536x949.png 1536w\" sizes=\"auto, (max-width: 1618px) 100vw, 1618px\" \/><\/figure>\n<\/div>\n\n\n<h2 class=\"wp-block-heading has-text-align-center\">VDL Citea SLE-120&nbsp;Elec<\/h2>\n\n\n\n<p class=\"has-text-align-center has-larger-font-size\">75 places &#8211; (2014 \u00e0 2020)<\/p>\n\n\n\n<p class=\"has-text-align-center\">2 ou 3 portes (-4 places)<\/p>\n\n\n\n<p class=\"has-text-align-center\"><strong>Electrique <\/strong><em>(190kWh) <\/em>\u00e0 partir de 192.000\u20ac<\/p>\n<\/div>\n\n\n\n<div class=\"wp-block-column is-layout-flow wp-block-column-is-layout-flow\"><div class=\"wp-block-image\">\n<figure class=\"aligncenter size-full is-resized\"><img loading=\"lazy\" decoding=\"async\" width=\"450\" height=\"300\" src=\"https:\/\/concess.transport-manager.net\/vdi\/wp-content\/uploads\/sites\/6\/2025\/01\/VDI_Citea_LLE120.jpeg\" alt=\"\" class=\"wp-image-3384\" style=\"width:450px;height:auto\" srcset=\"https:\/\/concess.transport-manager.net\/vdi\/wp-content\/uploads\/sites\/6\/2025\/01\/VDI_Citea_LLE120.jpeg 450w, https:\/\/concess.transport-manager.net\/vdi\/wp-content\/uploads\/sites\/6\/2025\/01\/VDI_Citea_LLE120-300x200.jpeg 300w\" sizes=\"auto, (max-width: 450px) 100vw, 450px\" \/><\/figure>\n<\/div>\n\n\n<h2 class=\"wp-block-heading has-text-align-center\"><mark style=\"background-color:#ffffff;color:#00ff14\" class=\"has-inline-color\">VDL Citea LLE-120 LE<\/mark><\/h2>\n\n\n\n<p class=\"has-text-align-center has-larger-font-size\">85 places &#8211; (2014 \u00e0 2020)<\/p>\n\n\n\n<p class=\"has-text-align-center\">2 ou 3 portes (-4 places)<\/p>\n\n\n\n<p class=\"has-text-align-center\"><strong>Diesel <\/strong><em>(36\/100km) <\/em>\u00e0 partir de 140.000\u20ac<\/p>\n<\/div>\n<\/div>\n\n\n\n<div class=\"wp-block-columns alignwide is-layout-flex wp-container-core-columns-is-layout-9d6595d7 wp-block-columns-is-layout-flex\">\n<div class=\"wp-block-column is-layout-flow wp-block-column-is-layout-flow\"><div class=\"wp-block-image\">\n<figure class=\"aligncenter size-full\"><img loading=\"lazy\" decoding=\"async\" width=\"450\" height=\"300\" src=\"https:\/\/concess.transport-manager.net\/vdi\/wp-content\/uploads\/sites\/6\/2025\/01\/VDI_CItea_LLE115.jpeg\" alt=\"\" class=\"wp-image-3385\" srcset=\"https:\/\/concess.transport-manager.net\/vdi\/wp-content\/uploads\/sites\/6\/2025\/01\/VDI_CItea_LLE115.jpeg 450w, https:\/\/concess.transport-manager.net\/vdi\/wp-content\/uploads\/sites\/6\/2025\/01\/VDI_CItea_LLE115-300x200.jpeg 300w\" sizes=\"auto, (max-width: 450px) 100vw, 450px\" \/><\/figure>\n<\/div>\n\n\n<h2 class=\"wp-block-heading has-text-align-center\"><mark style=\"background-color:#ffffff;color:#00ff14\" class=\"has-inline-color\">VDL Citea LLE-115 Elec LE<\/mark><\/h2>\n\n\n\n<p class=\"has-text-align-center has-larger-font-size\">64 places &#8211; (2019 \u00e0 2020)<\/p>\n\n\n\n<p class=\"has-text-align-center\">2 portes<\/p>\n\n\n\n<p class=\"has-text-align-center\"><strong>Electrique <\/strong><em>(190kWh) <\/em>\u00e0 partir de 230.000\u20ac<\/p>\n<\/div>\n\n\n\n<div class=\"wp-block-column is-layout-flow wp-block-column-is-layout-flow\"><div class=\"wp-block-image\">\n<figure class=\"aligncenter size-full\"><img loading=\"lazy\" decoding=\"async\" width=\"450\" height=\"300\" src=\"https:\/\/concess.transport-manager.net\/vdi\/wp-content\/uploads\/sites\/6\/2025\/01\/IRIZAR-ieBus.jpg\" alt=\"\" class=\"wp-image-3386\" srcset=\"https:\/\/concess.transport-manager.net\/vdi\/wp-content\/uploads\/sites\/6\/2025\/01\/IRIZAR-ieBus.jpg 450w, https:\/\/concess.transport-manager.net\/vdi\/wp-content\/uploads\/sites\/6\/2025\/01\/IRIZAR-ieBus-300x200.jpg 300w\" sizes=\"auto, (max-width: 450px) 100vw, 450px\" \/><\/figure>\n<\/div>\n\n\n<h2 class=\"wp-block-heading has-text-align-center\"><mark style=\"background-color:#ffffff\" class=\"has-inline-color\">Irizar IeBus 12<\/mark><\/h2>\n\n\n\n<p class=\"has-text-align-center has-larger-font-size\">105 places &#8211; (2015 \u00e0 2020)<\/p>\n\n\n\n<p class=\"has-text-align-center\">2 ou 3 portes (-4 places)<\/p>\n\n\n\n<p class=\"has-text-align-center\"><strong>Electrique <\/strong><em>(190kWh) <\/em>\u00e0 partir de 177.000\u20ac<\/p>\n<\/div>\n\n\n\n<div class=\"wp-block-column is-layout-flow wp-block-column-is-layout-flow\"><div class=\"wp-block-image\">\n<figure class=\"aligncenter size-full\"><img loading=\"lazy\" decoding=\"async\" width=\"450\" height=\"300\" src=\"https:\/\/concess.transport-manager.net\/vdi\/wp-content\/uploads\/sites\/6\/2025\/01\/IRIZAR-iEtram12.jpg\" alt=\"\" class=\"wp-image-3387\" srcset=\"https:\/\/concess.transport-manager.net\/vdi\/wp-content\/uploads\/sites\/6\/2025\/01\/IRIZAR-iEtram12.jpg 450w, https:\/\/concess.transport-manager.net\/vdi\/wp-content\/uploads\/sites\/6\/2025\/01\/IRIZAR-iEtram12-300x200.jpg 300w\" sizes=\"auto, (max-width: 450px) 100vw, 450px\" \/><\/figure>\n<\/div>\n\n\n<h2 class=\"wp-block-heading has-text-align-center\"><mark style=\"background-color:#ffffff\" class=\"has-inline-color has-accent-color\">Irizar IeTram 12 BHNS<\/mark><\/h2>\n\n\n\n<p class=\"has-text-align-center has-larger-font-size\">105 places &#8211; (2018 \u00e0 2020)<\/p>\n\n\n\n<p class=\"has-text-align-center\">2 ou 3 portes (-4 places)<\/p>\n\n\n\n<p class=\"has-text-align-center\"><strong>Electrique <\/strong><em>(195kWh) <\/em>\u00e0 partir de 250.000\u20ac<\/p>\n<\/div>\n\n\n\n<div class=\"wp-block-column is-layout-flow wp-block-column-is-layout-flow\"><div class=\"wp-block-image\">\n<figure class=\"aligncenter size-full\"><img loading=\"lazy\" decoding=\"async\" width=\"1618\" height=\"1000\" src=\"http:\/\/concess.transport-manager.net\/vdi\/wp-content\/uploads\/sites\/6\/2022\/07\/Irizarindisp.png\" alt=\"\" class=\"wp-image-2250\" srcset=\"https:\/\/concess.transport-manager.net\/vdi\/wp-content\/uploads\/sites\/6\/2022\/07\/Irizarindisp.png 1618w, https:\/\/concess.transport-manager.net\/vdi\/wp-content\/uploads\/sites\/6\/2022\/07\/Irizarindisp-300x185.png 300w, https:\/\/concess.transport-manager.net\/vdi\/wp-content\/uploads\/sites\/6\/2022\/07\/Irizarindisp-1024x633.png 1024w, https:\/\/concess.transport-manager.net\/vdi\/wp-content\/uploads\/sites\/6\/2022\/07\/Irizarindisp-768x475.png 768w, https:\/\/concess.transport-manager.net\/vdi\/wp-content\/uploads\/sites\/6\/2022\/07\/Irizarindisp-1536x949.png 1536w\" sizes=\"auto, (max-width: 1618px) 100vw, 1618px\" \/><\/figure>\n<\/div>\n\n\n<h2 class=\"wp-block-heading has-text-align-center\"><mark style=\"background-color:#ffffff\" class=\"has-inline-color\"><mark style=\"background-color:#ffffff\" class=\"has-inline-color\">Irizar IeBus 1<\/mark>5<\/mark><\/h2>\n\n\n\n<p class=\"has-text-align-center has-larger-font-size\">105 places &#8211; (2020)<\/p>\n\n\n\n<p class=\"has-text-align-center\">2 ou 3 portes (-4 places)<\/p>\n\n\n\n<p class=\"has-text-align-center\"><strong>Electrique <\/strong><em>(210kWh) <\/em>\u00e0 partir de 251.000\u20ac<\/p>\n<\/div>\n<\/div>\n\n\n\n<h2 class=\"wp-block-heading\" id=\"art\"><mark style=\"background-color:#ffffff\" class=\"has-inline-color has-accent-color\">Nos articul\u00e9s<\/mark> d&rsquo;occasion<\/h2>\n\n\n\n<div class=\"wp-block-columns alignwide is-layout-flex wp-container-core-columns-is-layout-9d6595d7 wp-block-columns-is-layout-flex\">\n<div class=\"wp-block-column is-layout-flow wp-block-column-is-layout-flow\"><div class=\"wp-block-image size-full\">\n<figure class=\"aligncenter\"><img loading=\"lazy\" decoding=\"async\" width=\"450\" height=\"300\" src=\"https:\/\/concess.transport-manager.net\/vdi\/wp-content\/uploads\/sites\/6\/2025\/01\/VANHOOL-NewAG300.jpg\" alt=\"\" class=\"wp-image-3394\" srcset=\"https:\/\/concess.transport-manager.net\/vdi\/wp-content\/uploads\/sites\/6\/2025\/01\/VANHOOL-NewAG300.jpg 450w, https:\/\/concess.transport-manager.net\/vdi\/wp-content\/uploads\/sites\/6\/2025\/01\/VANHOOL-NewAG300-300x200.jpg 300w\" sizes=\"auto, (max-width: 450px) 100vw, 450px\" \/><\/figure>\n<\/div>\n\n\n<h2 class=\"wp-block-heading has-text-align-center\">Van Hool New AG300<\/h2>\n\n\n\n<p class=\"has-text-align-center has-larger-font-size\">160 places &#8211; (2002 \u00e0 2022)<\/p>\n\n\n\n<p class=\"has-text-align-center\"> 3 ou 4 portes (-4 places)<\/p>\n\n\n\n<p class=\"has-text-align-center\"><strong>Diesel <\/strong><em>(42l\/100km)<\/em> \u00e0 partir de 151.000\u20ac<\/p>\n\n\n\n<p class=\"has-text-align-center\"><strong>Hybride <\/strong><em>(34l\/100km)<\/em> \u00e0 partir de 189.000\u20ac<\/p>\n<\/div>\n\n\n\n<div class=\"wp-block-column is-layout-flow wp-block-column-is-layout-flow\"><div class=\"wp-block-image\">\n<figure class=\"aligncenter size-full\"><img loading=\"lazy\" decoding=\"async\" width=\"1618\" height=\"1000\" src=\"http:\/\/concess.transport-manager.net\/vdi\/wp-content\/uploads\/sites\/6\/2024\/10\/Vanhooldisp-Copie.png\" alt=\"\" class=\"wp-image-2928\" srcset=\"https:\/\/concess.transport-manager.net\/vdi\/wp-content\/uploads\/sites\/6\/2024\/10\/Vanhooldisp-Copie.png 1618w, https:\/\/concess.transport-manager.net\/vdi\/wp-content\/uploads\/sites\/6\/2024\/10\/Vanhooldisp-Copie-300x185.png 300w, https:\/\/concess.transport-manager.net\/vdi\/wp-content\/uploads\/sites\/6\/2024\/10\/Vanhooldisp-Copie-1024x633.png 1024w, https:\/\/concess.transport-manager.net\/vdi\/wp-content\/uploads\/sites\/6\/2024\/10\/Vanhooldisp-Copie-768x475.png 768w, https:\/\/concess.transport-manager.net\/vdi\/wp-content\/uploads\/sites\/6\/2024\/10\/Vanhooldisp-Copie-1536x949.png 1536w, https:\/\/concess.transport-manager.net\/vdi\/wp-content\/uploads\/sites\/6\/2024\/10\/Vanhooldisp-Copie-1232x761.png 1232w\" sizes=\"auto, (max-width: 1618px) 100vw, 1618px\" \/><\/figure>\n<\/div>\n\n\n<h2 class=\"wp-block-heading has-text-align-center\"><mark style=\"background-color:#ffffff\" class=\"has-inline-color has-accent-color\">Van Hool New AGG300 BHNS<\/mark><\/h2>\n\n\n\n<p class=\"has-text-align-center has-larger-font-size\">185 places &#8211; (2004 \u00e0 2022)<\/p>\n\n\n\n<p class=\"has-text-align-center\">4 ou 5 portes<\/p>\n\n\n\n<p class=\"has-text-align-center\"><strong>Diesel <\/strong><em>(54l\/100km)<\/em> \u00e0 partir de 178.000\u20ac<\/p>\n<\/div>\n\n\n\n<div class=\"wp-block-column is-layout-flow wp-block-column-is-layout-flow\"><div class=\"wp-block-image size-full\">\n<figure class=\"aligncenter\"><img loading=\"lazy\" decoding=\"async\" width=\"1500\" height=\"1000\" src=\"http:\/\/concess.transport-manager.net\/vdi\/wp-content\/uploads\/sites\/6\/2025\/01\/Irizarindisp-edited.png\" alt=\"\" class=\"wp-image-3359\" srcset=\"https:\/\/concess.transport-manager.net\/vdi\/wp-content\/uploads\/sites\/6\/2025\/01\/Irizarindisp-edited.png 1500w, https:\/\/concess.transport-manager.net\/vdi\/wp-content\/uploads\/sites\/6\/2025\/01\/Irizarindisp-edited-300x200.png 300w, https:\/\/concess.transport-manager.net\/vdi\/wp-content\/uploads\/sites\/6\/2025\/01\/Irizarindisp-edited-1024x683.png 1024w, https:\/\/concess.transport-manager.net\/vdi\/wp-content\/uploads\/sites\/6\/2025\/01\/Irizarindisp-edited-768x512.png 768w, https:\/\/concess.transport-manager.net\/vdi\/wp-content\/uploads\/sites\/6\/2025\/01\/Irizarindisp-edited-1200x800.png 1200w\" sizes=\"auto, (max-width: 1500px) 100vw, 1500px\" \/><\/figure>\n<\/div>\n\n\n<h2 class=\"wp-block-heading has-text-align-center\">Hess N UB 18<\/h2>\n\n\n\n<p class=\"has-text-align-center has-larger-font-size\">150 places &#8211; (2006 \u00e0 2016)<\/p>\n\n\n\n<p class=\"has-text-align-center\"> 3 ou 4 portes (-4 places)<\/p>\n\n\n\n<p class=\"has-text-align-center\"><strong>Diesel <\/strong><em>(46l\/100km)<\/em> \u00e0 partir de 95.000\u20ac<\/p>\n<\/div>\n<\/div>\n\n\n\n<div class=\"wp-block-columns alignwide is-layout-flex wp-container-core-columns-is-layout-9d6595d7 wp-block-columns-is-layout-flex\">\n<div class=\"wp-block-column is-layout-flow wp-block-column-is-layout-flow\"><div class=\"wp-block-image\">\n<figure class=\"aligncenter size-full\"><img loading=\"lazy\" decoding=\"async\" width=\"450\" height=\"300\" src=\"https:\/\/concess.transport-manager.net\/vdi\/wp-content\/uploads\/sites\/6\/2025\/01\/VDI_VDL_Citea_SLFA-180.jpg\" alt=\"\" class=\"wp-image-3395\" srcset=\"https:\/\/concess.transport-manager.net\/vdi\/wp-content\/uploads\/sites\/6\/2025\/01\/VDI_VDL_Citea_SLFA-180.jpg 450w, https:\/\/concess.transport-manager.net\/vdi\/wp-content\/uploads\/sites\/6\/2025\/01\/VDI_VDL_Citea_SLFA-180-300x200.jpg 300w\" sizes=\"auto, (max-width: 450px) 100vw, 450px\" \/><\/figure>\n<\/div>\n\n\n<h2 class=\"wp-block-heading has-text-align-center\">VDL Citea SLFA 180<\/h2>\n\n\n\n<p class=\"has-text-align-center has-larger-font-size\">160 places &#8211; (2012 \u00e0 2024)<\/p>\n\n\n\n<p class=\"has-text-align-center\">3 ou 4 portes (-4 places)<\/p>\n\n\n\n<p class=\"has-text-align-center\"><strong>Diesel <\/strong><em>(42l\/100km)<\/em> \u00e0 partir de 173.000\u20ac<\/p>\n\n\n\n<p class=\"has-text-align-center\"><strong>Hybride <\/strong><em>(34l\/100km)<\/em> \u00e0 partir de 216.000\u20ac<\/p>\n<\/div>\n\n\n\n<div class=\"wp-block-column is-layout-flow wp-block-column-is-layout-flow\"><div class=\"wp-block-image size-full\">\n<figure class=\"aligncenter\"><img loading=\"lazy\" decoding=\"async\" width=\"1500\" height=\"1000\" src=\"http:\/\/concess.transport-manager.net\/vdi\/wp-content\/uploads\/sites\/6\/2025\/01\/Irizarindisp-edited.png\" alt=\"\" class=\"wp-image-3359\" srcset=\"https:\/\/concess.transport-manager.net\/vdi\/wp-content\/uploads\/sites\/6\/2025\/01\/Irizarindisp-edited.png 1500w, https:\/\/concess.transport-manager.net\/vdi\/wp-content\/uploads\/sites\/6\/2025\/01\/Irizarindisp-edited-300x200.png 300w, https:\/\/concess.transport-manager.net\/vdi\/wp-content\/uploads\/sites\/6\/2025\/01\/Irizarindisp-edited-1024x683.png 1024w, https:\/\/concess.transport-manager.net\/vdi\/wp-content\/uploads\/sites\/6\/2025\/01\/Irizarindisp-edited-768x512.png 768w, https:\/\/concess.transport-manager.net\/vdi\/wp-content\/uploads\/sites\/6\/2025\/01\/Irizarindisp-edited-1200x800.png 1200w\" sizes=\"auto, (max-width: 1500px) 100vw, 1500px\" \/><\/figure>\n<\/div>\n\n\n<h2 class=\"wp-block-heading has-text-align-center\">Hess SwissHybrid 18<\/h2>\n\n\n\n<p class=\"has-text-align-center has-larger-font-size\">152 places &#8211; (2013 \u00e0 2022)<\/p>\n\n\n\n<p class=\"has-text-align-center\"> 3 ou 4 portes (-4 places)<\/p>\n\n\n\n<p class=\"has-text-align-center\"><strong>Hybride <\/strong><em>(32l\/100km)<\/em> \u00e0 partir de 219.000\u20ac<\/p>\n<\/div>\n\n\n\n<div class=\"wp-block-column is-layout-flow wp-block-column-is-layout-flow\"><div class=\"wp-block-image\">\n<figure class=\"aligncenter size-full\"><img loading=\"lazy\" decoding=\"async\" width=\"1618\" height=\"1000\" src=\"http:\/\/concess.transport-manager.net\/vdi\/wp-content\/uploads\/sites\/6\/2024\/10\/Vanhooldisp-Copie.png\" alt=\"\" class=\"wp-image-2928\" srcset=\"https:\/\/concess.transport-manager.net\/vdi\/wp-content\/uploads\/sites\/6\/2024\/10\/Vanhooldisp-Copie.png 1618w, https:\/\/concess.transport-manager.net\/vdi\/wp-content\/uploads\/sites\/6\/2024\/10\/Vanhooldisp-Copie-300x185.png 300w, https:\/\/concess.transport-manager.net\/vdi\/wp-content\/uploads\/sites\/6\/2024\/10\/Vanhooldisp-Copie-1024x633.png 1024w, https:\/\/concess.transport-manager.net\/vdi\/wp-content\/uploads\/sites\/6\/2024\/10\/Vanhooldisp-Copie-768x475.png 768w, https:\/\/concess.transport-manager.net\/vdi\/wp-content\/uploads\/sites\/6\/2024\/10\/Vanhooldisp-Copie-1536x949.png 1536w, https:\/\/concess.transport-manager.net\/vdi\/wp-content\/uploads\/sites\/6\/2024\/10\/Vanhooldisp-Copie-1232x761.png 1232w\" sizes=\"auto, (max-width: 1618px) 100vw, 1618px\" \/><\/figure>\n<\/div>\n\n\n<h2 class=\"wp-block-heading has-text-align-center\"><mark style=\"background-color:#ffffff\" class=\"has-inline-color has-accent-color\">Van Hool Exqui.City 18 BHNS<\/mark><\/h2>\n\n\n\n<p class=\"has-text-align-center has-larger-font-size\">168 places &#8211; (2013 \u00e0 2022)<\/p>\n\n\n\n<p class=\"has-text-align-center\">4 portes<\/p>\n\n\n\n<p class=\"has-text-align-center\"><strong>Hybride <\/strong><em>(40l\/100km)<\/em> \u00e0 partir de 255.000\u20ac<\/p>\n<\/div>\n\n\n\n<div class=\"wp-block-column is-layout-flow wp-block-column-is-layout-flow\"><div class=\"wp-block-image size-full\">\n<figure class=\"aligncenter\"><img loading=\"lazy\" decoding=\"async\" width=\"450\" height=\"300\" src=\"https:\/\/concess.transport-manager.net\/vdi\/wp-content\/uploads\/sites\/6\/2025\/01\/VanHool_ExquiCity_24.jpg\" alt=\"\" class=\"wp-image-3396\" srcset=\"https:\/\/concess.transport-manager.net\/vdi\/wp-content\/uploads\/sites\/6\/2025\/01\/VanHool_ExquiCity_24.jpg 450w, https:\/\/concess.transport-manager.net\/vdi\/wp-content\/uploads\/sites\/6\/2025\/01\/VanHool_ExquiCity_24-300x200.jpg 300w\" sizes=\"auto, (max-width: 450px) 100vw, 450px\" \/><\/figure>\n<\/div>\n\n\n<h2 class=\"wp-block-heading has-text-align-center\"><mark style=\"background-color:#ffffff\" class=\"has-inline-color has-accent-color\">Van Hool Exqui.City 24 BHNS<\/mark><\/h2>\n\n\n\n<p class=\"has-text-align-center has-larger-font-size\">184 places &#8211; (2013 \u00e0 2022)<\/p>\n\n\n\n<p class=\"has-text-align-center\">4 portes<\/p>\n\n\n\n<p class=\"has-text-align-center\"><strong>Hybride <\/strong><em>(45l\/100km)<\/em> \u00e0 partir de 295.000\u20ac<\/p>\n<\/div>\n<\/div>\n\n\n\n<div class=\"wp-block-columns alignwide is-layout-flex wp-container-core-columns-is-layout-9d6595d7 wp-block-columns-is-layout-flex\">\n<div class=\"wp-block-column is-layout-flow wp-block-column-is-layout-flow\"><div class=\"wp-block-image\">\n<figure class=\"aligncenter size-full\"><img loading=\"lazy\" decoding=\"async\" width=\"1618\" height=\"1000\" src=\"http:\/\/concess.transport-manager.net\/vdi\/wp-content\/uploads\/sites\/6\/2024\/10\/Vanhooldisp-Copie.png\" alt=\"\" class=\"wp-image-2928\" srcset=\"https:\/\/concess.transport-manager.net\/vdi\/wp-content\/uploads\/sites\/6\/2024\/10\/Vanhooldisp-Copie.png 1618w, https:\/\/concess.transport-manager.net\/vdi\/wp-content\/uploads\/sites\/6\/2024\/10\/Vanhooldisp-Copie-300x185.png 300w, https:\/\/concess.transport-manager.net\/vdi\/wp-content\/uploads\/sites\/6\/2024\/10\/Vanhooldisp-Copie-1024x633.png 1024w, https:\/\/concess.transport-manager.net\/vdi\/wp-content\/uploads\/sites\/6\/2024\/10\/Vanhooldisp-Copie-768x475.png 768w, https:\/\/concess.transport-manager.net\/vdi\/wp-content\/uploads\/sites\/6\/2024\/10\/Vanhooldisp-Copie-1536x949.png 1536w, https:\/\/concess.transport-manager.net\/vdi\/wp-content\/uploads\/sites\/6\/2024\/10\/Vanhooldisp-Copie-1232x761.png 1232w\" sizes=\"auto, (max-width: 1618px) 100vw, 1618px\" \/><\/figure>\n<\/div>\n\n\n<h2 class=\"wp-block-heading has-text-align-center\"><mark style=\"background-color:#ffffff\" class=\"has-inline-color has-accent-color\">Van Hool Exqui.City 18 GNV BHNS<\/mark><\/h2>\n\n\n\n<p class=\"has-text-align-center has-larger-font-size\">168 places &#8211; (2014 \u00e0 2022)<\/p>\n\n\n\n<p class=\"has-text-align-center\">4 portes<\/p>\n\n\n\n<p class=\"has-text-align-center\"><strong>GNV <\/strong><em>(63l\/100km)<\/em> \u00e0 partir de 237.000\u20ac<\/p>\n<\/div>\n\n\n\n<div class=\"wp-block-column is-layout-flow wp-block-column-is-layout-flow\"><div class=\"wp-block-image size-full\">\n<figure class=\"aligncenter\"><img loading=\"lazy\" decoding=\"async\" width=\"450\" height=\"300\" src=\"https:\/\/concess.transport-manager.net\/vdi\/wp-content\/uploads\/sites\/6\/2025\/01\/VANHOOL_Exquicity24GNV.jpg\" alt=\"\" class=\"wp-image-3397\" srcset=\"https:\/\/concess.transport-manager.net\/vdi\/wp-content\/uploads\/sites\/6\/2025\/01\/VANHOOL_Exquicity24GNV.jpg 450w, https:\/\/concess.transport-manager.net\/vdi\/wp-content\/uploads\/sites\/6\/2025\/01\/VANHOOL_Exquicity24GNV-300x200.jpg 300w\" sizes=\"auto, (max-width: 450px) 100vw, 450px\" \/><\/figure>\n<\/div>\n\n\n<h2 class=\"wp-block-heading has-text-align-center\"><mark style=\"background-color:#ffffff\" class=\"has-inline-color has-accent-color\">Van Hool Exqui.City 24 GNV BHNS<\/mark><\/h2>\n\n\n\n<p class=\"has-text-align-center has-larger-font-size\">184 places &#8211; (2014 \u00e0 2022)<\/p>\n\n\n\n<p class=\"has-text-align-center\">4 portes<\/p>\n\n\n\n<p class=\"has-text-align-center\"><strong>GNV <\/strong><em>(72l\/100km)<\/em> \u00e0 partir de 274.000\u20ac<\/p>\n<\/div>\n\n\n\n<div class=\"wp-block-column is-layout-flow wp-block-column-is-layout-flow\"><div class=\"wp-block-image\">\n<figure class=\"aligncenter size-full\"><img loading=\"lazy\" decoding=\"async\" width=\"1618\" height=\"1000\" src=\"http:\/\/concess.transport-manager.net\/vdi\/wp-content\/uploads\/sites\/6\/2024\/10\/Vanhooldisp-Copie.png\" alt=\"\" class=\"wp-image-2928\" srcset=\"https:\/\/concess.transport-manager.net\/vdi\/wp-content\/uploads\/sites\/6\/2024\/10\/Vanhooldisp-Copie.png 1618w, https:\/\/concess.transport-manager.net\/vdi\/wp-content\/uploads\/sites\/6\/2024\/10\/Vanhooldisp-Copie-300x185.png 300w, https:\/\/concess.transport-manager.net\/vdi\/wp-content\/uploads\/sites\/6\/2024\/10\/Vanhooldisp-Copie-1024x633.png 1024w, https:\/\/concess.transport-manager.net\/vdi\/wp-content\/uploads\/sites\/6\/2024\/10\/Vanhooldisp-Copie-768x475.png 768w, https:\/\/concess.transport-manager.net\/vdi\/wp-content\/uploads\/sites\/6\/2024\/10\/Vanhooldisp-Copie-1536x949.png 1536w, https:\/\/concess.transport-manager.net\/vdi\/wp-content\/uploads\/sites\/6\/2024\/10\/Vanhooldisp-Copie-1232x761.png 1232w\" sizes=\"auto, (max-width: 1618px) 100vw, 1618px\" \/><\/figure>\n<\/div>\n\n\n<h2 class=\"wp-block-heading has-text-align-center\"><mark style=\"background-color:#ffffff\" class=\"has-inline-color has-accent-color\">Hess Lightram 25 Hybrid BHNS<\/mark><\/h2>\n\n\n\n<p class=\"has-text-align-center has-larger-font-size\">180 places &#8211; (2015 \u00e0 2022)<\/p>\n\n\n\n<p class=\"has-text-align-center\">4 ou 5 portes<\/p>\n\n\n\n<p class=\"has-text-align-center\"><strong>Hybride <\/strong><em>(47l\/100km)<\/em> \u00e0 partir de 325.000\u20ac<\/p>\n<\/div>\n\n\n\n<div class=\"wp-block-column is-layout-flow wp-block-column-is-layout-flow\"><div class=\"wp-block-image size-full\">\n<figure class=\"aligncenter\"><img loading=\"lazy\" decoding=\"async\" width=\"1500\" height=\"1000\" src=\"http:\/\/concess.transport-manager.net\/vdi\/wp-content\/uploads\/sites\/6\/2025\/01\/Irizarindisp-edited.png\" alt=\"\" class=\"wp-image-3359\" srcset=\"https:\/\/concess.transport-manager.net\/vdi\/wp-content\/uploads\/sites\/6\/2025\/01\/Irizarindisp-edited.png 1500w, https:\/\/concess.transport-manager.net\/vdi\/wp-content\/uploads\/sites\/6\/2025\/01\/Irizarindisp-edited-300x200.png 300w, https:\/\/concess.transport-manager.net\/vdi\/wp-content\/uploads\/sites\/6\/2025\/01\/Irizarindisp-edited-1024x683.png 1024w, https:\/\/concess.transport-manager.net\/vdi\/wp-content\/uploads\/sites\/6\/2025\/01\/Irizarindisp-edited-768x512.png 768w, https:\/\/concess.transport-manager.net\/vdi\/wp-content\/uploads\/sites\/6\/2025\/01\/Irizarindisp-edited-1200x800.png 1200w\" sizes=\"auto, (max-width: 1500px) 100vw, 1500px\" \/><\/figure>\n<\/div>\n\n\n<h2 class=\"wp-block-heading has-text-align-center\"><mark style=\"background-color:#ffffff\" class=\"has-inline-color has-accent-color\">Van Hool Exqui.City 18 Elec BHNS<\/mark><\/h2>\n\n\n\n<p class=\"has-text-align-center has-larger-font-size\">155 places &#8211; (2016 \u00e0 2024)<\/p>\n\n\n\n<p class=\"has-text-align-center\">4 portes<\/p>\n\n\n\n<p class=\"has-text-align-center\"><strong>Electrique <\/strong><em>(235 kWh)<\/em> \u00e0 partir de 335.000\u20ac<\/p>\n<\/div>\n<\/div>\n\n\n\n<div class=\"wp-block-columns alignwide is-layout-flex wp-container-core-columns-is-layout-9d6595d7 wp-block-columns-is-layout-flex\">\n<div class=\"wp-block-column is-layout-flow wp-block-column-is-layout-flow\"><div class=\"wp-block-image\">\n<figure class=\"aligncenter size-full\"><img loading=\"lazy\" decoding=\"async\" width=\"450\" height=\"300\" src=\"https:\/\/concess.transport-manager.net\/vdi\/wp-content\/uploads\/sites\/6\/2025\/02\/VanHool_ExquiCity24E.jpg\" alt=\"\" class=\"wp-image-3434\" srcset=\"https:\/\/concess.transport-manager.net\/vdi\/wp-content\/uploads\/sites\/6\/2025\/02\/VanHool_ExquiCity24E.jpg 450w, https:\/\/concess.transport-manager.net\/vdi\/wp-content\/uploads\/sites\/6\/2025\/02\/VanHool_ExquiCity24E-300x200.jpg 300w\" sizes=\"auto, (max-width: 450px) 100vw, 450px\" \/><\/figure>\n<\/div>\n\n\n<h2 class=\"wp-block-heading has-text-align-center\"><mark style=\"background-color:#ffffff\" class=\"has-inline-color has-accent-color\">Van Hool Exqui.City 24 Elec BHNS<\/mark><\/h2>\n\n\n\n<p class=\"has-text-align-center has-larger-font-size\">170 places &#8211; (2016 \u00e0 2024)<\/p>\n\n\n\n<p class=\"has-text-align-center\">4 portes<\/p>\n\n\n\n<p class=\"has-text-align-center\"><strong>Electrique <\/strong><em>(235kWh)<\/em> \u00e0 partir de 375.000\u20ac<\/p>\n<\/div>\n\n\n\n<div class=\"wp-block-column is-layout-flow wp-block-column-is-layout-flow\"><div class=\"wp-block-image size-full\">\n<figure class=\"aligncenter\"><img loading=\"lazy\" decoding=\"async\" width=\"450\" height=\"300\" src=\"https:\/\/concess.transport-manager.net\/vdi\/wp-content\/uploads\/sites\/6\/2025\/02\/VDI-slfae.jpg\" alt=\"\" class=\"wp-image-3435\" srcset=\"https:\/\/concess.transport-manager.net\/vdi\/wp-content\/uploads\/sites\/6\/2025\/02\/VDI-slfae.jpg 450w, https:\/\/concess.transport-manager.net\/vdi\/wp-content\/uploads\/sites\/6\/2025\/02\/VDI-slfae-300x200.jpg 300w\" sizes=\"auto, (max-width: 450px) 100vw, 450px\" \/><\/figure>\n<\/div>\n\n\n<h2 class=\"wp-block-heading has-text-align-center\">VDL Citea SLFA 180 Electric<\/h2>\n\n\n\n<p class=\"has-text-align-center has-larger-font-size\">155 places &#8211; (2014 \u00e0 2020)<\/p>\n\n\n\n<p class=\"has-text-align-center\">3 ou 4 portes (-4 places)<\/p>\n\n\n\n<p class=\"has-text-align-center\"><strong>Electrique <\/strong><em>(235 kWh)<\/em> \u00e0 partir de 230.000\u20ac<\/p>\n<\/div>\n\n\n\n<div class=\"wp-block-column is-layout-flow wp-block-column-is-layout-flow\"><div class=\"wp-block-image\">\n<figure class=\"aligncenter size-full\"><img loading=\"lazy\" decoding=\"async\" width=\"450\" height=\"302\" src=\"https:\/\/concess.transport-manager.net\/vdi\/wp-content\/uploads\/sites\/6\/2025\/02\/VDI_VDL_Citea_SLFA_18.1_Electric.jpg\" alt=\"\" class=\"wp-image-3436\" srcset=\"https:\/\/concess.transport-manager.net\/vdi\/wp-content\/uploads\/sites\/6\/2025\/02\/VDI_VDL_Citea_SLFA_18.1_Electric.jpg 450w, https:\/\/concess.transport-manager.net\/vdi\/wp-content\/uploads\/sites\/6\/2025\/02\/VDI_VDL_Citea_SLFA_18.1_Electric-300x201.jpg 300w\" sizes=\"auto, (max-width: 450px) 100vw, 450px\" \/><\/figure>\n<\/div>\n\n\n<h2 class=\"wp-block-heading has-text-align-center\"><mark style=\"background-color:#ffffff\" class=\"has-inline-color has-accent-color\">VDL Citea SLFA 181<\/mark> <mark style=\"background-color:#ffffff\" class=\"has-inline-color has-accent-color\"><mark style=\"background-color:#ffffff\" class=\"has-inline-color has-accent-color\">Elec<\/mark> BHNS<\/mark><\/h2>\n\n\n\n<p class=\"has-text-align-center has-larger-font-size\">153 places &#8211; (2014 \u00e0 2020)<\/p>\n\n\n\n<p class=\"has-text-align-center\">3 ou 4 portes (-4 places)<\/p>\n\n\n\n<p class=\"has-text-align-center\"><strong>Electrique <\/strong><em>(235kWh)<\/em> \u00e0 partir de 270.000\u20ac<\/p>\n<\/div>\n\n\n\n<div class=\"wp-block-column is-layout-flow wp-block-column-is-layout-flow\"><div class=\"wp-block-image size-full\">\n<figure class=\"aligncenter\"><img loading=\"lazy\" decoding=\"async\" width=\"450\" height=\"300\" src=\"https:\/\/concess.transport-manager.net\/vdi\/wp-content\/uploads\/sites\/6\/2025\/02\/HESS_LighTram_19_TOSA.jpg\" alt=\"\" class=\"wp-image-3437\" srcset=\"https:\/\/concess.transport-manager.net\/vdi\/wp-content\/uploads\/sites\/6\/2025\/02\/HESS_LighTram_19_TOSA.jpg 450w, https:\/\/concess.transport-manager.net\/vdi\/wp-content\/uploads\/sites\/6\/2025\/02\/HESS_LighTram_19_TOSA-300x200.jpg 300w\" sizes=\"auto, (max-width: 450px) 100vw, 450px\" \/><\/figure>\n<\/div>\n\n\n<h2 class=\"wp-block-heading has-text-align-center\">Hess LighTram 19 TOSA<\/h2>\n\n\n\n<p class=\"has-text-align-center has-larger-font-size\">140 places &#8211; (2017 \u00e0 2020)<\/p>\n\n\n\n<p class=\"has-text-align-center\">3 ou 4 portes (-4 places)<\/p>\n\n\n\n<p class=\"has-text-align-center\"><strong>Electrique <\/strong><em>(235 kWh)<\/em> \u00e0 partir de 275.000\u20ac<\/p>\n<\/div>\n<\/div>\n\n\n\n<div class=\"wp-block-columns alignwide is-layout-flex wp-container-core-columns-is-layout-9d6595d7 wp-block-columns-is-layout-flex\">\n<div class=\"wp-block-column is-layout-flow wp-block-column-is-layout-flow\"><div class=\"wp-block-image\">\n<figure class=\"aligncenter size-full\"><img loading=\"lazy\" decoding=\"async\" width=\"450\" height=\"300\" src=\"https:\/\/concess.transport-manager.net\/vdi\/wp-content\/uploads\/sites\/6\/2025\/02\/HESS-lightram25tosa.jpg\" alt=\"\" class=\"wp-image-3438\" srcset=\"https:\/\/concess.transport-manager.net\/vdi\/wp-content\/uploads\/sites\/6\/2025\/02\/HESS-lightram25tosa.jpg 450w, https:\/\/concess.transport-manager.net\/vdi\/wp-content\/uploads\/sites\/6\/2025\/02\/HESS-lightram25tosa-300x200.jpg 300w\" sizes=\"auto, (max-width: 450px) 100vw, 450px\" \/><\/figure>\n<\/div>\n\n\n<h2 class=\"wp-block-heading has-text-align-center\">Hess LighTram 25 TOSA<\/h2>\n\n\n\n<p class=\"has-text-align-center has-larger-font-size\">200 places &#8211; (2018 \u00e0 2020)<\/p>\n\n\n\n<p class=\"has-text-align-center\">4 ou 5 portes<\/p>\n\n\n\n<p class=\"has-text-align-center\"><strong>Electrique <\/strong><em>(235kWh)<\/em> \u00e0 partir de 270.000\u20ac<\/p>\n<\/div>\n\n\n\n<div class=\"wp-block-column is-layout-flow wp-block-column-is-layout-flow\"><div class=\"wp-block-image size-full\">\n<figure class=\"aligncenter\"><img loading=\"lazy\" decoding=\"async\" width=\"450\" height=\"300\" src=\"https:\/\/concess.transport-manager.net\/vdi\/wp-content\/uploads\/sites\/6\/2025\/03\/VDI_IrizarIeBus18.jpg\" alt=\"\" class=\"wp-image-3471\" srcset=\"https:\/\/concess.transport-manager.net\/vdi\/wp-content\/uploads\/sites\/6\/2025\/03\/VDI_IrizarIeBus18.jpg 450w, https:\/\/concess.transport-manager.net\/vdi\/wp-content\/uploads\/sites\/6\/2025\/03\/VDI_IrizarIeBus18-300x200.jpg 300w\" sizes=\"auto, (max-width: 450px) 100vw, 450px\" \/><\/figure>\n<\/div>\n\n\n<h2 class=\"wp-block-heading has-text-align-center\">Irizar Ie Bus 18<\/h2>\n\n\n\n<p class=\"has-text-align-center has-larger-font-size\">145 places &#8211; (2019 \u00e0 2020)<\/p>\n\n\n\n<p class=\"has-text-align-center\">3 ou 4 portes (-4 places)<\/p>\n\n\n\n<p class=\"has-text-align-center\"><strong>Electrique <\/strong><em>(230 kWh)<\/em> \u00e0 partir de 265.000\u20ac<\/p>\n<\/div>\n<\/div>\n\n\n\n<div class=\"wp-block-buttons alignwide is-content-justification-center is-layout-flex wp-container-core-buttons-is-layout-16018d1d wp-block-buttons-is-layout-flex\">\n<div class=\"wp-block-button\"><a class=\"wp-block-button__link has-text-align-center wp-element-button\" href=\"https:\/\/concess.transport-manager.net\/vdi\/la-boutique-by-vdi\/\">Plus d&rsquo;option avec nos v\u00e9hicules neuf !<\/a><\/div>\n<\/div>\n\n\n\n<p><\/p>\n","protected":false},"excerpt":{"rendered":"<p>Vous cherchez un mod\u00e8le particulier ? Utilisez ctrl+F pour chercher un mod\u00e8le, une motorisation ou une marque. Les prix indiqu\u00e9 sont pour des bus sans aucune option. Avant de faire une demande de devis, merci de prendre connaissance du r\u00e8glement. Vous trouverez ci-dessous nos bus d&rsquo;occasion. Pour voir nos autocars d&rsquo;occasion rendez-vous ici ! Nos [&hellip;]<\/p>\n","protected":false},"author":28,"featured_media":0,"parent":0,"menu_order":0,"comment_status":"closed","ping_status":"closed","template":"templates\/template-full-width.php","meta":{"footnotes":""},"class_list":["post-3353","page","type-page","status-publish","hentry"],"_links":{"self":[{"href":"https:\/\/concess.transport-manager.net\/vdi\/wp-json\/wp\/v2\/pages\/3353","targetHints":{"allow":["GET"]}}],"collection":[{"href":"https:\/\/concess.transport-manager.net\/vdi\/wp-json\/wp\/v2\/pages"}],"about":[{"href":"https:\/\/concess.transport-manager.net\/vdi\/wp-json\/wp\/v2\/types\/page"}],"author":[{"embeddable":true,"href":"https:\/\/concess.transport-manager.net\/vdi\/wp-json\/wp\/v2\/users\/28"}],"replies":[{"embeddable":true,"href":"https:\/\/concess.transport-manager.net\/vdi\/wp-json\/wp\/v2\/comments?post=3353"}],"version-history":[{"count":38,"href":"https:\/\/concess.transport-manager.net\/vdi\/wp-json\/wp\/v2\/pages\/3353\/revisions"}],"predecessor-version":[{"id":3924,"href":"https:\/\/concess.transport-manager.net\/vdi\/wp-json\/wp\/v2\/pages\/3353\/revisions\/3924"}],"wp:attachment":[{"href":"https:\/\/concess.transport-manager.net\/vdi\/wp-json\/wp\/v2\/media?parent=3353"}],"curies":[{"name":"wp","href":"https:\/\/api.w.org\/{rel}","templated":true}]}}