{"id":3475,"date":"2025-03-13T11:37:24","date_gmt":"2025-03-13T10:37:24","guid":{"rendered":"https:\/\/concess.transport-manager.net\/vdi\/?page_id=3475"},"modified":"2026-03-28T17:24:46","modified_gmt":"2026-03-28T16:24:46","slug":"la-boutique-by-vdi","status":"publish","type":"page","link":"https:\/\/concess.transport-manager.net\/vdi\/la-boutique-by-vdi\/","title":{"rendered":"La fabrique by VDI (neuf)"},"content":{"rendered":"\n<div class=\"wp-block-buttons alignwide is-content-justification-center is-layout-flex wp-container-core-buttons-is-layout-16018d1d wp-block-buttons-is-layout-flex\">\n<div class=\"wp-block-button\"><a class=\"wp-block-button__link wp-element-button\" href=\"#Nos-minibus-neufs\">Minibus<\/a><\/div>\n\n\n\n<div class=\"wp-block-button\"><a class=\"wp-block-button__link wp-element-button\" href=\"#nos-midibus-neufs\">MIDIBUS<\/a><\/div>\n\n\n\n<div class=\"wp-block-button\"><a class=\"wp-block-button__link wp-element-button\" href=\"#stand\">Standard<\/a><\/div>\n\n\n\n<div class=\"wp-block-button\"><a class=\"wp-block-button__link wp-element-button\" href=\"#art\">articul\u00e9<\/a><\/div>\n\n\n\n<div class=\"wp-block-button\"><a class=\"wp-block-button__link wp-element-button\" href=\"#car\">cars<\/a><\/div>\n<\/div>\n\n\n\n<blockquote class=\"wp-block-quote is-layout-flow wp-block-quote-is-layout-flow\">\n<p>Vous cherchez un mod\u00e8le particulier ? Utilisez ctrl+F pour chercher un mod\u00e8le, une motorisation ou une marque.<\/p>\n\n\n\n<p>Les prix indiqu\u00e9 sont pour des bus sans aucune option.<\/p>\n\n\n\n<p>Avant de faire une demande de devis, merci de prendre connaissance du r\u00e8glement.<\/p>\n<\/blockquote>\n\n\n\n<div class=\"wp-block-buttons alignwide is-content-justification-center is-layout-flex wp-container-core-buttons-is-layout-16018d1d wp-block-buttons-is-layout-flex\">\n<div class=\"wp-block-button\"><a class=\"wp-block-button__link wp-element-button\" href=\"https:\/\/forms.gle\/3Tct4fbrE6qaXegd9\">Passez commande<\/a><\/div>\n\n\n\n<div class=\"wp-block-button\"><a class=\"wp-block-button__link wp-element-button\" href=\"https:\/\/concess.transport-manager.net\/vdi\/cars-de-tourisme\/\">voir uniquement le tourisme<\/a><\/div>\n<\/div>\n\n\n\n<div data-wp-interactive=\"core\/file\" class=\"wp-block-file\"><object data-wp-bind--hidden=\"!state.hasPdfPreview\" hidden class=\"wp-block-file__embed\" data=\"https:\/\/concess.transport-manager.net\/vdi\/wp-content\/uploads\/sites\/6\/2025\/10\/INFOLEGVENTE.pdf\" type=\"application\/pdf\" style=\"width:100%;height:600px\" aria-label=\"Contenu embarqu\u00e9 INFOLEGVENTE.\"><\/object><a id=\"wp-block-file--media-82080c2e-3235-4fb2-bf9c-219c8bc8e537\" href=\"https:\/\/concess.transport-manager.net\/vdi\/wp-content\/uploads\/sites\/6\/2025\/10\/INFOLEGVENTE.pdf\">INFOLEGVENTE<\/a><a href=\"https:\/\/concess.transport-manager.net\/vdi\/wp-content\/uploads\/sites\/6\/2025\/10\/INFOLEGVENTE.pdf\" class=\"wp-block-file__button wp-element-button\" download aria-describedby=\"wp-block-file--media-82080c2e-3235-4fb2-bf9c-219c8bc8e537\">T\u00e9l\u00e9charger<\/a><\/div>\n\n\n\n<h2 class=\"wp-block-heading\" id=\"Nos-minibus-neufs\">Nos minibus neufs<\/h2>\n\n\n\n<h2 id=\"minibus\" class=\"wp-block-heading\">\n    <mark style=\"background-color:#ffffff\" class=\"has-inline-color has-accent-color\">Nos minibus <\/mark>neufs\n<\/h2>\n\n\n\n<div class=\"wp-block-columns alignwide is-layout-flex wp-container-core-columns-is-layout-9d6595d7 wp-block-columns-is-layout-flex\">\n<div class=\"wp-block-column is-layout-flow wp-block-column-is-layout-flow\"><div class=\"wp-block-image size-full\">\n<figure class=\"aligncenter size-large\"><img loading=\"lazy\" decoding=\"async\" width=\"1024\" height=\"633\" src=\"http:\/\/concess.transport-manager.net\/vdi\/wp-content\/uploads\/sites\/6\/2022\/07\/VDLindisp-1024x633.png\" alt=\"\" class=\"wp-image-2298\" srcset=\"https:\/\/concess.transport-manager.net\/vdi\/wp-content\/uploads\/sites\/6\/2022\/07\/VDLindisp-1024x633.png 1024w, https:\/\/concess.transport-manager.net\/vdi\/wp-content\/uploads\/sites\/6\/2022\/07\/VDLindisp-300x185.png 300w, https:\/\/concess.transport-manager.net\/vdi\/wp-content\/uploads\/sites\/6\/2022\/07\/VDLindisp-768x475.png 768w, https:\/\/concess.transport-manager.net\/vdi\/wp-content\/uploads\/sites\/6\/2022\/07\/VDLindisp-1536x949.png 1536w, https:\/\/concess.transport-manager.net\/vdi\/wp-content\/uploads\/sites\/6\/2022\/07\/VDLindisp.png 1618w\" sizes=\"auto, (max-width: 1024px) 100vw, 1024px\" \/><\/figure>\n<\/div>\n\n\n<h2 class=\"wp-block-heading has-text-align-center\">VDL Midcity Electrique<\/h2>\n\n\n\n<p class=\"has-text-align-center has-larger-font-size\">16 places<\/p>\n\n\n\n<p class=\"has-text-align-center\">1 portes<\/p>\n\n\n\n<p class=\"has-text-align-center\"><strong>Electrique<em> <\/em><\/strong><em>(90kWh)<\/em> \u00e0 partir de 117.000\u20ac<br><mark style=\"background-color:#ffffff\" class=\"has-inline-color has-accent-color\">Club VDI Star<\/mark> \u00e0 partir de 108.000\u20ac<\/p>\n<\/div>\n\n\n\n<div class=\"wp-block-column is-layout-flow wp-block-column-is-layout-flow\"><div class=\"wp-block-image\">\n<figure class=\"aligncenter size-full\"><img loading=\"lazy\" decoding=\"async\" width=\"1618\" height=\"1000\" src=\"http:\/\/concess.transport-manager.net\/vdi\/wp-content\/uploads\/sites\/6\/2022\/07\/VDLindisp.png\" alt=\"\" class=\"wp-image-2298\" srcset=\"https:\/\/concess.transport-manager.net\/vdi\/wp-content\/uploads\/sites\/6\/2022\/07\/VDLindisp.png 1618w, https:\/\/concess.transport-manager.net\/vdi\/wp-content\/uploads\/sites\/6\/2022\/07\/VDLindisp-300x185.png 300w, https:\/\/concess.transport-manager.net\/vdi\/wp-content\/uploads\/sites\/6\/2022\/07\/VDLindisp-1024x633.png 1024w, https:\/\/concess.transport-manager.net\/vdi\/wp-content\/uploads\/sites\/6\/2022\/07\/VDLindisp-768x475.png 768w, https:\/\/concess.transport-manager.net\/vdi\/wp-content\/uploads\/sites\/6\/2022\/07\/VDLindisp-1536x949.png 1536w\" sizes=\"auto, (max-width: 1618px) 100vw, 1618px\" \/><\/figure>\n<\/div>\n\n\n<h2 class=\"wp-block-heading has-text-align-center\">VDL Midcity<\/h2>\n\n\n\n<p class=\"has-text-align-center has-larger-font-size\">20 places<\/p>\n\n\n\n<p class=\"has-text-align-center\">1 portes<\/p>\n\n\n\n<p class=\"has-text-align-center\"><strong>Diesel <\/strong><em>(18l\/100km)<\/em> \u00e0 partir de 107.000\u20ac<br><mark style=\"background-color:#ffffff\" class=\"has-inline-color has-accent-color\">Club VDI Star<\/mark> \u00e0 partir de 99.000\u20ac<\/p>\n<\/div>\n<\/div>\n\n\n\n<h2 class=\"wp-block-heading\" id=\"nos-midibus-neufs\"><mark style=\"background-color:#ffffff\" class=\"has-inline-color has-accent-color\">Nos midibus<\/mark> neufs<\/h2>\n\n\n\n<div class=\"wp-block-columns alignwide is-layout-flex wp-container-core-columns-is-layout-9d6595d7 wp-block-columns-is-layout-flex\">\n<div class=\"wp-block-column is-layout-flow wp-block-column-is-layout-flow\"><div class=\"wp-block-image size-full\">\n<figure class=\"aligncenter\"><img loading=\"lazy\" decoding=\"async\" width=\"450\" height=\"300\" src=\"https:\/\/concess.transport-manager.net\/vdi\/wp-content\/uploads\/sites\/6\/2025\/03\/Hess_LighTram10Plug.jpg\" alt=\"\" class=\"wp-image-3482\" srcset=\"https:\/\/concess.transport-manager.net\/vdi\/wp-content\/uploads\/sites\/6\/2025\/03\/Hess_LighTram10Plug.jpg 450w, https:\/\/concess.transport-manager.net\/vdi\/wp-content\/uploads\/sites\/6\/2025\/03\/Hess_LighTram10Plug-300x200.jpg 300w\" sizes=\"auto, (max-width: 450px) 100vw, 450px\" \/><\/figure>\n<\/div>\n\n\n<h2 class=\"wp-block-heading has-text-align-center\">Hess Lightram 10 plug<\/h2>\n\n\n\n<p class=\"has-text-align-center has-larger-font-size\">62 places<\/p>\n\n\n\n<p class=\"has-text-align-center\">2 portes<\/p>\n\n\n\n<p class=\"has-text-align-center\"><strong>Electrique<em> <\/em><\/strong><em>(160kWh)<\/em> \u00e0 partir de 238.000\u20ac<br><mark style=\"background-color:#ffffff\" class=\"has-inline-color has-accent-color\">Club VDI Star<\/mark> \u00e0 partir de 221.000\u20ac<\/p>\n<\/div>\n\n\n\n<div class=\"wp-block-column is-layout-flow wp-block-column-is-layout-flow\"><div class=\"wp-block-image\">\n<figure class=\"aligncenter size-full\"><img loading=\"lazy\" decoding=\"async\" width=\"450\" height=\"300\" src=\"https:\/\/concess.transport-manager.net\/vdi\/wp-content\/uploads\/sites\/6\/2025\/03\/Irizar_Iebus10.8.jpg\" alt=\"\" class=\"wp-image-3483\" srcset=\"https:\/\/concess.transport-manager.net\/vdi\/wp-content\/uploads\/sites\/6\/2025\/03\/Irizar_Iebus10.8.jpg 450w, https:\/\/concess.transport-manager.net\/vdi\/wp-content\/uploads\/sites\/6\/2025\/03\/Irizar_Iebus10.8-300x200.jpg 300w\" sizes=\"auto, (max-width: 450px) 100vw, 450px\" \/><\/figure>\n<\/div>\n\n\n<h2 class=\"wp-block-heading has-text-align-center\">Irizar Ie Bus 10.8<\/h2>\n\n\n\n<p class=\"has-text-align-center has-larger-font-size\">76 places<\/p>\n\n\n\n<p class=\"has-text-align-center\">2 portes<\/p>\n\n\n\n<p class=\"has-text-align-center\"><strong>Electrique<em> <\/em><\/strong><em>(170kWh)<\/em> \u00e0 partir de 252.000\u20ac<br><mark style=\"background-color:#ffffff\" class=\"has-inline-color has-accent-color\">Club VDI Star<\/mark> \u00e0 partir de 234.000\u20ac<\/p>\n<\/div>\n\n\n\n<div class=\"wp-block-column is-layout-flow wp-block-column-is-layout-flow\"><div class=\"wp-block-image size-full\">\n<figure class=\"aligncenter size-large\"><img loading=\"lazy\" decoding=\"async\" width=\"1024\" height=\"633\" src=\"http:\/\/concess.transport-manager.net\/vdi\/wp-content\/uploads\/sites\/6\/2022\/07\/VDLindisp-1024x633.png\" alt=\"\" class=\"wp-image-2298\" srcset=\"https:\/\/concess.transport-manager.net\/vdi\/wp-content\/uploads\/sites\/6\/2022\/07\/VDLindisp-1024x633.png 1024w, https:\/\/concess.transport-manager.net\/vdi\/wp-content\/uploads\/sites\/6\/2022\/07\/VDLindisp-300x185.png 300w, https:\/\/concess.transport-manager.net\/vdi\/wp-content\/uploads\/sites\/6\/2022\/07\/VDLindisp-768x475.png 768w, https:\/\/concess.transport-manager.net\/vdi\/wp-content\/uploads\/sites\/6\/2022\/07\/VDLindisp-1536x949.png 1536w, https:\/\/concess.transport-manager.net\/vdi\/wp-content\/uploads\/sites\/6\/2022\/07\/VDLindisp.png 1618w\" sizes=\"auto, (max-width: 1024px) 100vw, 1024px\" \/><\/figure>\n<\/div>\n\n\n<h2 class=\"wp-block-heading has-text-align-center\"><mark style=\"background-color:#ffffff;color:#00ff14\" class=\"has-inline-color\">VDL Citea LLE-99 LE<\/mark><\/h2>\n\n\n\n<p class=\"has-text-align-center has-larger-font-size\">78 places<\/p>\n\n\n\n<p class=\"has-text-align-center\">2 portes<\/p>\n\n\n\n<p class=\"has-text-align-center\"><strong>Diesel <\/strong><em>(31l\/100km)<\/em> \u00e0 partir de 159.000\u20ac<br><mark style=\"background-color:#ffffff\" class=\"has-inline-color has-accent-color\">Club VDI Star<\/mark> \u00e0 partir de 148.000\u20ac<\/p>\n<\/div>\n\n\n\n<div class=\"wp-block-column is-layout-flow wp-block-column-is-layout-flow\"><div class=\"wp-block-image\">\n<figure class=\"aligncenter size-full\"><img loading=\"lazy\" decoding=\"async\" width=\"450\" height=\"300\" src=\"http:\/\/concess.transport-manager.net\/vdi\/wp-content\/uploads\/sites\/6\/2025\/03\/VDL_Citea_LLE99_Electric.jpg\" alt=\"\" class=\"wp-image-3484\" srcset=\"https:\/\/concess.transport-manager.net\/vdi\/wp-content\/uploads\/sites\/6\/2025\/03\/VDL_Citea_LLE99_Electric.jpg 450w, https:\/\/concess.transport-manager.net\/vdi\/wp-content\/uploads\/sites\/6\/2025\/03\/VDL_Citea_LLE99_Electric-300x200.jpg 300w\" sizes=\"auto, (max-width: 450px) 100vw, 450px\" \/><\/figure>\n<\/div>\n\n\n<h2 class=\"wp-block-heading has-text-align-center\"><mark style=\"background-color:#ffffff;color:#00ff14\" class=\"has-inline-color\">VDL Citea LLE -99 LE<\/mark><\/h2>\n\n\n\n<p class=\"has-text-align-center has-larger-font-size\">60 places<\/p>\n\n\n\n<p class=\"has-text-align-center\">2 portes<\/p>\n\n\n\n<p class=\"has-text-align-center\"><strong>Electrique<em> <\/em><\/strong><em>(170kWh)<\/em> \u00e0 partir de 252.000\u20ac<br><mark style=\"background-color:#ffffff\" class=\"has-inline-color has-accent-color\">Club VDI Star<\/mark> \u00e0 partir de 235.000\u20ac<\/p>\n<\/div>\n<\/div>\n\n\n\n<h2 class=\"wp-block-heading\" id=\"stand\"><mark style=\"background-color:#ffffff\" class=\"has-inline-color has-accent-color\">Nos standards<\/mark> neufs<\/h2>\n\n\n\n<div class=\"wp-block-columns alignwide is-layout-flex wp-container-core-columns-is-layout-9d6595d7 wp-block-columns-is-layout-flex\">\n<div class=\"wp-block-column is-layout-flow wp-block-column-is-layout-flow\"><div class=\"wp-block-image size-full\">\n<figure class=\"aligncenter\"><img loading=\"lazy\" decoding=\"async\" width=\"450\" height=\"300\" src=\"https:\/\/concess.transport-manager.net\/vdi\/wp-content\/uploads\/sites\/6\/2025\/03\/IRIZAR-ieBus.jpg\" alt=\"\" class=\"wp-image-3485\" srcset=\"https:\/\/concess.transport-manager.net\/vdi\/wp-content\/uploads\/sites\/6\/2025\/03\/IRIZAR-ieBus.jpg 450w, https:\/\/concess.transport-manager.net\/vdi\/wp-content\/uploads\/sites\/6\/2025\/03\/IRIZAR-ieBus-300x200.jpg 300w\" sizes=\"auto, (max-width: 450px) 100vw, 450px\" \/><\/figure>\n<\/div>\n\n\n<h2 class=\"wp-block-heading has-text-align-center\">Irizar Ie bus 12<\/h2>\n\n\n\n<p class=\"has-text-align-center has-larger-font-size\">105 places<\/p>\n\n\n\n<p class=\"has-text-align-center\">2 ou 3 portes (-4 places)<\/p>\n\n\n\n<p class=\"has-text-align-center\"><strong>Electrique<em> <\/em><\/strong><em>(190kWh)<\/em> \u00e0 partir de 335.000\u20ac<br>Club VDI Star \u00e0 partir de 313.000\u20ac<\/p>\n<\/div>\n\n\n\n<div class=\"wp-block-column is-layout-flow wp-block-column-is-layout-flow\"><div class=\"wp-block-image\">\n<figure class=\"aligncenter size-full\"><img loading=\"lazy\" decoding=\"async\" width=\"1500\" height=\"1000\" src=\"http:\/\/concess.transport-manager.net\/vdi\/wp-content\/uploads\/sites\/6\/2025\/01\/Irizarindisp-edited.png\" alt=\"\" class=\"wp-image-3359\" srcset=\"https:\/\/concess.transport-manager.net\/vdi\/wp-content\/uploads\/sites\/6\/2025\/01\/Irizarindisp-edited.png 1500w, https:\/\/concess.transport-manager.net\/vdi\/wp-content\/uploads\/sites\/6\/2025\/01\/Irizarindisp-edited-300x200.png 300w, https:\/\/concess.transport-manager.net\/vdi\/wp-content\/uploads\/sites\/6\/2025\/01\/Irizarindisp-edited-1024x683.png 1024w, https:\/\/concess.transport-manager.net\/vdi\/wp-content\/uploads\/sites\/6\/2025\/01\/Irizarindisp-edited-768x512.png 768w, https:\/\/concess.transport-manager.net\/vdi\/wp-content\/uploads\/sites\/6\/2025\/01\/Irizarindisp-edited-1200x800.png 1200w\" sizes=\"auto, (max-width: 1500px) 100vw, 1500px\" \/><\/figure>\n<\/div>\n\n\n<h2 class=\"wp-block-heading has-text-align-center\">Irizar Ie Bus 15<\/h2>\n\n\n\n<p class=\"has-text-align-center has-larger-font-size\">105 places<\/p>\n\n\n\n<p class=\"has-text-align-center\">2 ou 3 portes (-4 places)<\/p>\n\n\n\n<p class=\"has-text-align-center\"><strong>Electrique<em> <\/em><\/strong><em>(210kWh)<\/em> \u00e0 partir de 368.000\u20ac<br>Club VDI Star \u00e0 partir de 344.000\u20ac<\/p>\n<\/div>\n\n\n\n<div class=\"wp-block-column is-layout-flow wp-block-column-is-layout-flow\"><div class=\"wp-block-image size-full\">\n<figure class=\"aligncenter\"><img loading=\"lazy\" decoding=\"async\" width=\"450\" height=\"300\" src=\"https:\/\/concess.transport-manager.net\/vdi\/wp-content\/uploads\/sites\/6\/2025\/03\/VDI_citeaslf120elec.jpg\" alt=\"\" class=\"wp-image-3486\" srcset=\"https:\/\/concess.transport-manager.net\/vdi\/wp-content\/uploads\/sites\/6\/2025\/03\/VDI_citeaslf120elec.jpg 450w, https:\/\/concess.transport-manager.net\/vdi\/wp-content\/uploads\/sites\/6\/2025\/03\/VDI_citeaslf120elec-300x200.jpg 300w\" sizes=\"auto, (max-width: 450px) 100vw, 450px\" \/><\/figure>\n<\/div>\n\n\n<h2 class=\"wp-block-heading has-text-align-center\">VDL Citea SLF 120<\/h2>\n\n\n\n<p class=\"has-text-align-center has-larger-font-size\">75 places<\/p>\n\n\n\n<p class=\"has-text-align-center\">2 ou 3 portes (-4 places)<\/p>\n\n\n\n<p class=\"has-text-align-center\"><strong>Electrique<em> <\/em><\/strong><em>(190kWh)<\/em> \u00e0 partir de 361.000\u20ac<br>Club VDI Star \u00e0 partir de 336.000\u20ac<\/p>\n<\/div>\n\n\n\n<div class=\"wp-block-column is-layout-flow wp-block-column-is-layout-flow\"><div class=\"wp-block-image\">\n<figure class=\"aligncenter size-full\"><img loading=\"lazy\" decoding=\"async\" width=\"1618\" height=\"1000\" src=\"http:\/\/concess.transport-manager.net\/vdi\/wp-content\/uploads\/sites\/6\/2022\/07\/VDLindisp.png\" alt=\"\" class=\"wp-image-2298\" srcset=\"https:\/\/concess.transport-manager.net\/vdi\/wp-content\/uploads\/sites\/6\/2022\/07\/VDLindisp.png 1618w, https:\/\/concess.transport-manager.net\/vdi\/wp-content\/uploads\/sites\/6\/2022\/07\/VDLindisp-300x185.png 300w, https:\/\/concess.transport-manager.net\/vdi\/wp-content\/uploads\/sites\/6\/2022\/07\/VDLindisp-1024x633.png 1024w, https:\/\/concess.transport-manager.net\/vdi\/wp-content\/uploads\/sites\/6\/2022\/07\/VDLindisp-768x475.png 768w, https:\/\/concess.transport-manager.net\/vdi\/wp-content\/uploads\/sites\/6\/2022\/07\/VDLindisp-1536x949.png 1536w\" sizes=\"auto, (max-width: 1618px) 100vw, 1618px\" \/><\/figure>\n<\/div>\n\n\n<h2 class=\"wp-block-heading has-text-align-center\">VDL Citea LF-122<\/h2>\n\n\n\n<p class=\"has-text-align-center has-larger-font-size\">110 places<\/p>\n\n\n\n<p class=\"has-text-align-center\">2 ou 3 portes (-4 places)<\/p>\n\n\n\n<p class=\"has-text-align-center\"><strong>Electrique<em> <\/em><\/strong><em>(190kWh)<\/em> \u00e0 partir de 340.000\u20ac<br>Club VDI Star \u00e0 partir de 317.000\u20ac<\/p>\n<\/div>\n<\/div>\n\n\n\n<div class=\"wp-block-columns alignwide is-layout-flex wp-container-core-columns-is-layout-9d6595d7 wp-block-columns-is-layout-flex\">\n<div class=\"wp-block-column is-layout-flow wp-block-column-is-layout-flow\"><div class=\"wp-block-image size-full\">\n<figure class=\"aligncenter\"><img loading=\"lazy\" decoding=\"async\" width=\"1500\" height=\"1000\" src=\"http:\/\/concess.transport-manager.net\/vdi\/wp-content\/uploads\/sites\/6\/2025\/01\/Irizarindisp-edited.png\" alt=\"\" class=\"wp-image-3359\" srcset=\"https:\/\/concess.transport-manager.net\/vdi\/wp-content\/uploads\/sites\/6\/2025\/01\/Irizarindisp-edited.png 1500w, https:\/\/concess.transport-manager.net\/vdi\/wp-content\/uploads\/sites\/6\/2025\/01\/Irizarindisp-edited-300x200.png 300w, https:\/\/concess.transport-manager.net\/vdi\/wp-content\/uploads\/sites\/6\/2025\/01\/Irizarindisp-edited-1024x683.png 1024w, https:\/\/concess.transport-manager.net\/vdi\/wp-content\/uploads\/sites\/6\/2025\/01\/Irizarindisp-edited-768x512.png 768w, https:\/\/concess.transport-manager.net\/vdi\/wp-content\/uploads\/sites\/6\/2025\/01\/Irizarindisp-edited-1200x800.png 1200w\" sizes=\"auto, (max-width: 1500px) 100vw, 1500px\" \/><\/figure>\n<\/div>\n\n\n<h2 class=\"wp-block-heading has-text-align-center\">Hess lightram 12 plug<\/h2>\n\n\n\n<p class=\"has-text-align-center has-larger-font-size\">103 places<\/p>\n\n\n\n<p class=\"has-text-align-center\">2 ou 3 portes (-4 places)<\/p>\n\n\n\n<p class=\"has-text-align-center\"><strong>Electrique<em> <\/em><\/strong><em>(195kWh)<\/em> \u00e0 partir de 367.000\u20ac<br>Club VDI Star \u00e0 partir de 341.000\u20ac<\/p>\n<\/div>\n\n\n\n<div class=\"wp-block-column is-layout-flow wp-block-column-is-layout-flow\"><div class=\"wp-block-image\">\n<figure class=\"aligncenter size-full\"><img loading=\"lazy\" decoding=\"async\" width=\"450\" height=\"300\" src=\"https:\/\/concess.transport-manager.net\/vdi\/wp-content\/uploads\/sites\/6\/2025\/03\/IRIZAR-iEtram12.jpg\" alt=\"\" class=\"wp-image-3488\" srcset=\"https:\/\/concess.transport-manager.net\/vdi\/wp-content\/uploads\/sites\/6\/2025\/03\/IRIZAR-iEtram12.jpg 450w, https:\/\/concess.transport-manager.net\/vdi\/wp-content\/uploads\/sites\/6\/2025\/03\/IRIZAR-iEtram12-300x200.jpg 300w\" sizes=\"auto, (max-width: 450px) 100vw, 450px\" \/><\/figure>\n<\/div>\n\n\n<h2 class=\"wp-block-heading has-text-align-center\">Irizar Ie tram 12 <mark style=\"background-color:#ffffff\" class=\"has-inline-color has-accent-color\">BHNS<\/mark><\/h2>\n\n\n\n<p class=\"has-text-align-center has-larger-font-size\">105 places<\/p>\n\n\n\n<p class=\"has-text-align-center\">2 ou 3 portes (-4 places)<\/p>\n\n\n\n<p class=\"has-text-align-center\"><strong>Electrique<em> <\/em><\/strong><em>(190kWh)<\/em> \u00e0 partir de 405.000\u20ac<br>Club VDI Star \u00e0 partir de 378.000\u20ac<\/p>\n<\/div>\n\n\n\n<div class=\"wp-block-column is-layout-flow wp-block-column-is-layout-flow\"><div class=\"wp-block-image size-full\">\n<figure class=\"aligncenter\"><img loading=\"lazy\" decoding=\"async\" width=\"1618\" height=\"1000\" src=\"http:\/\/concess.transport-manager.net\/vdi\/wp-content\/uploads\/sites\/6\/2022\/07\/VDLindisp.png\" alt=\"\" class=\"wp-image-2298\" srcset=\"https:\/\/concess.transport-manager.net\/vdi\/wp-content\/uploads\/sites\/6\/2022\/07\/VDLindisp.png 1618w, https:\/\/concess.transport-manager.net\/vdi\/wp-content\/uploads\/sites\/6\/2022\/07\/VDLindisp-300x185.png 300w, https:\/\/concess.transport-manager.net\/vdi\/wp-content\/uploads\/sites\/6\/2022\/07\/VDLindisp-1024x633.png 1024w, https:\/\/concess.transport-manager.net\/vdi\/wp-content\/uploads\/sites\/6\/2022\/07\/VDLindisp-768x475.png 768w, https:\/\/concess.transport-manager.net\/vdi\/wp-content\/uploads\/sites\/6\/2022\/07\/VDLindisp-1536x949.png 1536w\" sizes=\"auto, (max-width: 1618px) 100vw, 1618px\" \/><\/figure>\n<\/div>\n\n\n<h2 class=\"wp-block-heading has-text-align-center\"><mark style=\"background-color:#ffffff;color:#00ff14\" class=\"has-inline-color\">VDL Citea SLE-120<\/mark><\/h2>\n\n\n\n<p class=\"has-text-align-center has-larger-font-size\">75 places<\/p>\n\n\n\n<p class=\"has-text-align-center\">2 ou 3 portes (-4 places)<\/p>\n\n\n\n<p class=\"has-text-align-center\"><strong>Electrique<em> <\/em><\/strong><em>(190kWh)<\/em> \u00e0 partir de 370.000\u20ac<br>Club VDI Star \u00e0 partir de 345.000\u20ac<\/p>\n<\/div>\n\n\n\n<div class=\"wp-block-column is-layout-flow wp-block-column-is-layout-flow\"><div class=\"wp-block-image\">\n<figure class=\"aligncenter size-full\"><img loading=\"lazy\" decoding=\"async\" width=\"450\" height=\"300\" src=\"https:\/\/concess.transport-manager.net\/vdi\/wp-content\/uploads\/sites\/6\/2025\/03\/VDI_CItea_LLE115.jpeg\" alt=\"\" class=\"wp-image-3490\" srcset=\"https:\/\/concess.transport-manager.net\/vdi\/wp-content\/uploads\/sites\/6\/2025\/03\/VDI_CItea_LLE115.jpeg 450w, https:\/\/concess.transport-manager.net\/vdi\/wp-content\/uploads\/sites\/6\/2025\/03\/VDI_CItea_LLE115-300x200.jpeg 300w\" sizes=\"auto, (max-width: 450px) 100vw, 450px\" \/><\/figure>\n<\/div>\n\n\n<h2 class=\"wp-block-heading has-text-align-center\"><mark style=\"background-color:#ffffff;color:#00ff14\" class=\"has-inline-color\">VDL Citea LLE-115 Elec<\/mark><\/h2>\n\n\n\n<p class=\"has-text-align-center has-larger-font-size\">64 places<\/p>\n\n\n\n<p class=\"has-text-align-center\">2 portes<\/p>\n\n\n\n<p class=\"has-text-align-center\"><strong>Electrique<em> <\/em><\/strong><em>(190kWh)<\/em> \u00e0 partir de 340.000\u20ac<br>Club VDI Star \u00e0 partir de 317.000\u20ac<\/p>\n<\/div>\n<\/div>\n\n\n\n<div class=\"wp-block-columns alignwide is-layout-flex wp-container-core-columns-is-layout-9d6595d7 wp-block-columns-is-layout-flex\">\n<div class=\"wp-block-column is-layout-flow wp-block-column-is-layout-flow\"><div class=\"wp-block-image size-full\">\n<figure class=\"aligncenter\"><img loading=\"lazy\" decoding=\"async\" width=\"1618\" height=\"1000\" src=\"http:\/\/concess.transport-manager.net\/vdi\/wp-content\/uploads\/sites\/6\/2022\/07\/VDLindisp.png\" alt=\"\" class=\"wp-image-2298\" srcset=\"https:\/\/concess.transport-manager.net\/vdi\/wp-content\/uploads\/sites\/6\/2022\/07\/VDLindisp.png 1618w, https:\/\/concess.transport-manager.net\/vdi\/wp-content\/uploads\/sites\/6\/2022\/07\/VDLindisp-300x185.png 300w, https:\/\/concess.transport-manager.net\/vdi\/wp-content\/uploads\/sites\/6\/2022\/07\/VDLindisp-1024x633.png 1024w, https:\/\/concess.transport-manager.net\/vdi\/wp-content\/uploads\/sites\/6\/2022\/07\/VDLindisp-768x475.png 768w, https:\/\/concess.transport-manager.net\/vdi\/wp-content\/uploads\/sites\/6\/2022\/07\/VDLindisp-1536x949.png 1536w\" sizes=\"auto, (max-width: 1618px) 100vw, 1618px\" \/><\/figure>\n<\/div>\n\n\n<h2 class=\"wp-block-heading has-text-align-center\"><mark style=\"background-color:#ffffff;color:#00ff14\" class=\"has-inline-color\">VDL Citea LLE-120<\/mark><\/h2>\n\n\n\n<p class=\"has-text-align-center has-larger-font-size\">85 places<\/p>\n\n\n\n<p class=\"has-text-align-center\">2 ou 3 portes (-4 places)<\/p>\n\n\n\n<p class=\"has-text-align-center\"><strong>Diesel <\/strong><em>(36l\/100km)<\/em> \u00e0 partir de 268.000\u20ac<br>Club VDI Star \u00e0 partir de 250.000\u20ac<\/p>\n<\/div>\n\n\n\n<div class=\"wp-block-column is-layout-flow wp-block-column-is-layout-flow\"><div class=\"wp-block-image\">\n<figure class=\"aligncenter size-full\"><img loading=\"lazy\" decoding=\"async\" width=\"1618\" height=\"1000\" src=\"http:\/\/concess.transport-manager.net\/vdi\/wp-content\/uploads\/sites\/6\/2022\/07\/VDLindisp.png\" alt=\"\" class=\"wp-image-2298\" srcset=\"https:\/\/concess.transport-manager.net\/vdi\/wp-content\/uploads\/sites\/6\/2022\/07\/VDLindisp.png 1618w, https:\/\/concess.transport-manager.net\/vdi\/wp-content\/uploads\/sites\/6\/2022\/07\/VDLindisp-300x185.png 300w, https:\/\/concess.transport-manager.net\/vdi\/wp-content\/uploads\/sites\/6\/2022\/07\/VDLindisp-1024x633.png 1024w, https:\/\/concess.transport-manager.net\/vdi\/wp-content\/uploads\/sites\/6\/2022\/07\/VDLindisp-768x475.png 768w, https:\/\/concess.transport-manager.net\/vdi\/wp-content\/uploads\/sites\/6\/2022\/07\/VDLindisp-1536x949.png 1536w\" sizes=\"auto, (max-width: 1618px) 100vw, 1618px\" \/><\/figure>\n<\/div>\n\n\n<h2 class=\"wp-block-heading has-text-align-center\"><mark style=\"background-color:#ffffff;color:#00ff14\" class=\"has-inline-color\">VDL Citea LE-122<\/mark><\/h2>\n\n\n\n<p class=\"has-text-align-center has-larger-font-size\">110 places<\/p>\n\n\n\n<p class=\"has-text-align-center\">2 portes<\/p>\n\n\n\n<p class=\"has-text-align-center\"><strong>Electrique<em> <\/em><\/strong><em>(190kWh)<\/em> \u00e0 partir de 346.000\u20ac<br>Club VDI Star \u00e0 partir de 323.000\u20ac<\/p>\n<\/div>\n\n\n\n<div class=\"wp-block-column is-layout-flow wp-block-column-is-layout-flow\"><div class=\"wp-block-image size-full\">\n<figure class=\"aligncenter\"><img loading=\"lazy\" decoding=\"async\" width=\"1618\" height=\"1000\" src=\"http:\/\/concess.transport-manager.net\/vdi\/wp-content\/uploads\/sites\/6\/2022\/07\/VDLindisp.png\" alt=\"\" class=\"wp-image-2298\" srcset=\"https:\/\/concess.transport-manager.net\/vdi\/wp-content\/uploads\/sites\/6\/2022\/07\/VDLindisp.png 1618w, https:\/\/concess.transport-manager.net\/vdi\/wp-content\/uploads\/sites\/6\/2022\/07\/VDLindisp-300x185.png 300w, https:\/\/concess.transport-manager.net\/vdi\/wp-content\/uploads\/sites\/6\/2022\/07\/VDLindisp-1024x633.png 1024w, https:\/\/concess.transport-manager.net\/vdi\/wp-content\/uploads\/sites\/6\/2022\/07\/VDLindisp-768x475.png 768w, https:\/\/concess.transport-manager.net\/vdi\/wp-content\/uploads\/sites\/6\/2022\/07\/VDLindisp-1536x949.png 1536w\" sizes=\"auto, (max-width: 1618px) 100vw, 1618px\" \/><\/figure>\n<\/div>\n\n\n<h2 class=\"wp-block-heading has-text-align-center\"><mark style=\"background-color:#ffffff;color:#00ff14\" class=\"has-inline-color\">VDL Citea LE-135<\/mark><\/h2>\n\n\n\n<p class=\"has-text-align-center has-larger-font-size\">123 places<\/p>\n\n\n\n<p class=\"has-text-align-center\">2 portes<\/p>\n\n\n\n<p class=\"has-text-align-center\"><strong>Electrique<em> <\/em><\/strong><em>(195kWh)<\/em> \u00e0 partir de 353.000\u20ac<br>Club VDI Star \u00e0 partir de 329.000\u20ac<\/p>\n<\/div>\n\n\n\n<div class=\"wp-block-column is-layout-flow wp-block-column-is-layout-flow\">\n<div class=\"wp-block-columns alignwide is-layout-flex wp-container-core-columns-is-layout-9d6595d7 wp-block-columns-is-layout-flex\">\n<div class=\"wp-block-column is-layout-flow wp-block-column-is-layout-flow\"><div class=\"wp-block-image size-full\">\n<figure class=\"aligncenter\"><img loading=\"lazy\" decoding=\"async\" width=\"1618\" height=\"1000\" src=\"http:\/\/concess.transport-manager.net\/vdi\/wp-content\/uploads\/sites\/6\/2022\/07\/VDLindisp.png\" alt=\"\" class=\"wp-image-2298\" srcset=\"https:\/\/concess.transport-manager.net\/vdi\/wp-content\/uploads\/sites\/6\/2022\/07\/VDLindisp.png 1618w, https:\/\/concess.transport-manager.net\/vdi\/wp-content\/uploads\/sites\/6\/2022\/07\/VDLindisp-300x185.png 300w, https:\/\/concess.transport-manager.net\/vdi\/wp-content\/uploads\/sites\/6\/2022\/07\/VDLindisp-1024x633.png 1024w, https:\/\/concess.transport-manager.net\/vdi\/wp-content\/uploads\/sites\/6\/2022\/07\/VDLindisp-768x475.png 768w, https:\/\/concess.transport-manager.net\/vdi\/wp-content\/uploads\/sites\/6\/2022\/07\/VDLindisp-1536x949.png 1536w\" sizes=\"auto, (max-width: 1618px) 100vw, 1618px\" \/><\/figure>\n<\/div>\n\n\n<h2 class=\"wp-block-heading has-text-align-center\"><mark style=\"background-color:#ffffff;color:#00ff14\" class=\"has-inline-color\">VDL Citea LE-149<\/mark><\/h2>\n\n\n\n<p class=\"has-text-align-center has-larger-font-size\">138 places<\/p>\n\n\n\n<p class=\"has-text-align-center\">2 portes<\/p>\n\n\n\n<p class=\"has-text-align-center\"><strong>Electrique<em> <\/em><\/strong><em>(210kWh)<\/em> \u00e0 partir de 365.000\u20ac<br>Club VDI Star \u00e0 partir de 341.000\u20ac<\/p>\n<\/div>\n<\/div>\n<\/div>\n<\/div>\n\n\n\n<h2 class=\"wp-block-heading\" id=\"art\"><mark style=\"background-color:#ffffff\" class=\"has-inline-color has-accent-color\">Nos articul\u00e9s<\/mark> neufs<\/h2>\n\n\n\n<div class=\"wp-block-columns alignwide is-layout-flex wp-container-core-columns-is-layout-9d6595d7 wp-block-columns-is-layout-flex\">\n<div class=\"wp-block-column is-layout-flow wp-block-column-is-layout-flow\"><div class=\"wp-block-image size-full\">\n<figure class=\"aligncenter\"><img loading=\"lazy\" decoding=\"async\" width=\"450\" height=\"300\" src=\"https:\/\/concess.transport-manager.net\/vdi\/wp-content\/uploads\/sites\/6\/2025\/03\/VDI_IrizarIeBus18-1.jpg\" alt=\"\" class=\"wp-image-3493\" srcset=\"https:\/\/concess.transport-manager.net\/vdi\/wp-content\/uploads\/sites\/6\/2025\/03\/VDI_IrizarIeBus18-1.jpg 450w, https:\/\/concess.transport-manager.net\/vdi\/wp-content\/uploads\/sites\/6\/2025\/03\/VDI_IrizarIeBus18-1-300x200.jpg 300w\" sizes=\"auto, (max-width: 450px) 100vw, 450px\" \/><\/figure>\n<\/div>\n\n\n<h2 class=\"wp-block-heading has-text-align-center\"><mark style=\"background-color:#ffffff\" class=\"has-inline-color has-primary-color\">Irizar Ie bus 18<\/mark><\/h2>\n\n\n\n<p class=\"has-text-align-center has-larger-font-size\">145 places<\/p>\n\n\n\n<p class=\"has-text-align-center\">3 ou 4 portes (-4 places)<\/p>\n\n\n\n<p class=\"has-text-align-center\"><strong>Electrique<em> <\/em><\/strong><em>(230kWh)<\/em> \u00e0 partir de 422.000\u20ac<br>Club VDI Star \u00e0 partir de 393.000\u20ac<\/p>\n<\/div>\n\n\n\n<div class=\"wp-block-column is-layout-flow wp-block-column-is-layout-flow\"><div class=\"wp-block-image\">\n<figure class=\"aligncenter size-full\"><img loading=\"lazy\" decoding=\"async\" width=\"450\" height=\"300\" src=\"https:\/\/concess.transport-manager.net\/vdi\/wp-content\/uploads\/sites\/6\/2025\/03\/VDI-slfae.jpg\" alt=\"\" class=\"wp-image-3494\" srcset=\"https:\/\/concess.transport-manager.net\/vdi\/wp-content\/uploads\/sites\/6\/2025\/03\/VDI-slfae.jpg 450w, https:\/\/concess.transport-manager.net\/vdi\/wp-content\/uploads\/sites\/6\/2025\/03\/VDI-slfae-300x200.jpg 300w\" sizes=\"auto, (max-width: 450px) 100vw, 450px\" \/><\/figure>\n<\/div>\n\n\n<h2 class=\"wp-block-heading has-text-align-center\">VDL Citea SLFA 180<\/h2>\n\n\n\n<p class=\"has-text-align-center has-larger-font-size\">155 places<\/p>\n\n\n\n<p class=\"has-text-align-center\">3 ou 4 portes (-4 places)<\/p>\n\n\n\n<p class=\"has-text-align-center\"><strong>Electrique<em> <\/em><\/strong><em>(230kWh)<\/em> \u00e0 partir de 461.000\u20ac<br>Club VDI Star \u00e0 partir de 430.000\u20ac<\/p>\n<\/div>\n\n\n\n<div class=\"wp-block-column is-layout-flow wp-block-column-is-layout-flow\"><div class=\"wp-block-image size-full\">\n<figure class=\"aligncenter\"><img loading=\"lazy\" decoding=\"async\" width=\"1500\" height=\"1000\" src=\"http:\/\/concess.transport-manager.net\/vdi\/wp-content\/uploads\/sites\/6\/2025\/01\/Irizarindisp-edited.png\" alt=\"\" class=\"wp-image-3359\" srcset=\"https:\/\/concess.transport-manager.net\/vdi\/wp-content\/uploads\/sites\/6\/2025\/01\/Irizarindisp-edited.png 1500w, https:\/\/concess.transport-manager.net\/vdi\/wp-content\/uploads\/sites\/6\/2025\/01\/Irizarindisp-edited-300x200.png 300w, https:\/\/concess.transport-manager.net\/vdi\/wp-content\/uploads\/sites\/6\/2025\/01\/Irizarindisp-edited-1024x683.png 1024w, https:\/\/concess.transport-manager.net\/vdi\/wp-content\/uploads\/sites\/6\/2025\/01\/Irizarindisp-edited-768x512.png 768w, https:\/\/concess.transport-manager.net\/vdi\/wp-content\/uploads\/sites\/6\/2025\/01\/Irizarindisp-edited-1200x800.png 1200w\" sizes=\"auto, (max-width: 1500px) 100vw, 1500px\" \/><\/figure>\n<\/div>\n\n\n<h2 class=\"wp-block-heading has-text-align-center\">Hess LighTram 18 Plug<\/h2>\n\n\n\n<p class=\"has-text-align-center has-larger-font-size\">134 places<\/p>\n\n\n\n<p class=\"has-text-align-center\">3 ou 4 portes (-4 places)<\/p>\n\n\n\n<p class=\"has-text-align-center\"><strong>Electrique<em> <\/em><\/strong><em>(230kWh)<\/em> \u00e0 partir de 462.000\u20ac<br>Club VDI Star \u00e0 partir de 430.000\u20ac<\/p>\n<\/div>\n\n\n\n<div class=\"wp-block-column is-layout-flow wp-block-column-is-layout-flow\">\n<div class=\"wp-block-columns alignwide is-layout-flex wp-container-core-columns-is-layout-9d6595d7 wp-block-columns-is-layout-flex\">\n<div class=\"wp-block-column is-layout-flow wp-block-column-is-layout-flow\"><div class=\"wp-block-image\">\n<figure class=\"aligncenter size-full\"><img loading=\"lazy\" decoding=\"async\" width=\"450\" height=\"300\" src=\"http:\/\/concess.transport-manager.net\/vdi\/wp-content\/uploads\/sites\/6\/2025\/12\/HESS_LighTram_19_TOSA.jpg\" alt=\"\" class=\"wp-image-3853\" srcset=\"https:\/\/concess.transport-manager.net\/vdi\/wp-content\/uploads\/sites\/6\/2025\/12\/HESS_LighTram_19_TOSA.jpg 450w, https:\/\/concess.transport-manager.net\/vdi\/wp-content\/uploads\/sites\/6\/2025\/12\/HESS_LighTram_19_TOSA-300x200.jpg 300w\" sizes=\"auto, (max-width: 450px) 100vw, 450px\" \/><\/figure>\n<\/div>\n\n\n<h2 class=\"wp-block-heading has-text-align-center\">Hess LighTram 19 TOSA<\/h2>\n\n\n\n<p class=\"has-text-align-center has-larger-font-size\">140 places<\/p>\n\n\n\n<p class=\"has-text-align-center\">3 ou 4 portes (-4 places)<\/p>\n\n\n\n<p class=\"has-text-align-center\"><strong>Electrique<em> <\/em><\/strong><em>(230kWh)<\/em> \u00e0 partir de 470.000\u20ac<br>Club VDI Star \u00e0 partir de 440.000\u20ac<\/p>\n<\/div>\n<\/div>\n<\/div>\n<\/div>\n\n\n\n<div class=\"wp-block-columns alignwide is-layout-flex wp-container-core-columns-is-layout-9d6595d7 wp-block-columns-is-layout-flex\">\n<div class=\"wp-block-column is-layout-flow wp-block-column-is-layout-flow\"><div class=\"wp-block-image\">\n<figure class=\"aligncenter size-full\"><img loading=\"lazy\" decoding=\"async\" width=\"450\" height=\"300\" src=\"https:\/\/concess.transport-manager.net\/vdi\/wp-content\/uploads\/sites\/6\/2025\/08\/image.png\" alt=\"\" class=\"wp-image-3556\" srcset=\"https:\/\/concess.transport-manager.net\/vdi\/wp-content\/uploads\/sites\/6\/2025\/08\/image.png 450w, https:\/\/concess.transport-manager.net\/vdi\/wp-content\/uploads\/sites\/6\/2025\/08\/image-300x200.png 300w\" sizes=\"auto, (max-width: 450px) 100vw, 450px\" \/><\/figure>\n<\/div>\n\n\n<h2 class=\"wp-block-heading has-text-align-center\">Irizar IeTram 18 <mark style=\"background-color:#ffffff\" class=\"has-inline-color has-accent-color\">BHNS<\/mark><\/h2>\n\n\n\n<p class=\"has-text-align-center has-larger-font-size\">145 places<\/p>\n\n\n\n<p class=\"has-text-align-center\">3 ou 4 portes (-4 places)<\/p>\n\n\n\n<p class=\"has-text-align-center\"><strong>Electrique<em> <\/em><\/strong><em>(230kWh)<\/em> \u00e0 partir de 512.000\u20ac<br>Club VDI Star \u00e0 partir de 478.000\u20ac<\/p>\n<\/div>\n\n\n\n<div class=\"wp-block-column is-layout-flow wp-block-column-is-layout-flow\"><div class=\"wp-block-image size-full\">\n<figure class=\"aligncenter\"><img loading=\"lazy\" decoding=\"async\" width=\"1500\" height=\"1000\" src=\"http:\/\/concess.transport-manager.net\/vdi\/wp-content\/uploads\/sites\/6\/2025\/01\/Irizarindisp-edited.png\" alt=\"\" class=\"wp-image-3359\" srcset=\"https:\/\/concess.transport-manager.net\/vdi\/wp-content\/uploads\/sites\/6\/2025\/01\/Irizarindisp-edited.png 1500w, https:\/\/concess.transport-manager.net\/vdi\/wp-content\/uploads\/sites\/6\/2025\/01\/Irizarindisp-edited-300x200.png 300w, https:\/\/concess.transport-manager.net\/vdi\/wp-content\/uploads\/sites\/6\/2025\/01\/Irizarindisp-edited-1024x683.png 1024w, https:\/\/concess.transport-manager.net\/vdi\/wp-content\/uploads\/sites\/6\/2025\/01\/Irizarindisp-edited-768x512.png 768w, https:\/\/concess.transport-manager.net\/vdi\/wp-content\/uploads\/sites\/6\/2025\/01\/Irizarindisp-edited-1200x800.png 1200w\" sizes=\"auto, (max-width: 1500px) 100vw, 1500px\" \/><\/figure>\n<\/div>\n\n\n<h2 class=\"wp-block-heading has-text-align-center\">VDL CITEA LF-181<\/h2>\n\n\n\n<p class=\"has-text-align-center has-larger-font-size\">163 places<\/p>\n\n\n\n<p class=\"has-text-align-center\">3 ou 4 portes (-4 places)<\/p>\n\n\n\n<p class=\"has-text-align-center\"><strong>Electrique<\/strong><em>(230kWh)<\/em> \u00e0 partir de 428.000\u20ac<br>Club VDI Star \u00e0 partir de 399.000\u20ac<\/p>\n<\/div>\n\n\n\n<div class=\"wp-block-column is-layout-flow wp-block-column-is-layout-flow\"><div class=\"wp-block-image\">\n<figure class=\"aligncenter size-full\"><img loading=\"lazy\" decoding=\"async\" width=\"450\" height=\"302\" src=\"https:\/\/concess.transport-manager.net\/vdi\/wp-content\/uploads\/sites\/6\/2025\/08\/image-1.png\" alt=\"\" class=\"wp-image-3557\" srcset=\"https:\/\/concess.transport-manager.net\/vdi\/wp-content\/uploads\/sites\/6\/2025\/08\/image-1.png 450w, https:\/\/concess.transport-manager.net\/vdi\/wp-content\/uploads\/sites\/6\/2025\/08\/image-1-300x201.png 300w\" sizes=\"auto, (max-width: 450px) 100vw, 450px\" \/><\/figure>\n<\/div>\n\n\n<h2 class=\"wp-block-heading has-text-align-center\">VDL Citea SLFA 181 <mark style=\"background-color:#ffffff\" class=\"has-inline-color has-accent-color\">BHNS<\/mark><\/h2>\n\n\n\n<p class=\"has-text-align-center has-larger-font-size\">153 places<\/p>\n\n\n\n<p class=\"has-text-align-center\">3 ou 4 portes (-4 places)<\/p>\n\n\n\n<p class=\"has-text-align-center\"><strong>Electrique<em> <\/em><\/strong><em>(230kWh)<\/em> \u00e0 partir de 534.000\u20ac<br>Club VDI Star \u00e0 partir de 498.000\u20ac<\/p>\n<\/div>\n\n\n\n<div class=\"wp-block-column is-layout-flow wp-block-column-is-layout-flow\">\n<div class=\"wp-block-columns is-layout-flex wp-container-core-columns-is-layout-9d6595d7 wp-block-columns-is-layout-flex\">\n<div class=\"wp-block-column is-vertically-aligned-center is-layout-flow wp-block-column-is-layout-flow\"><div class=\"wp-block-image\">\n<figure class=\"aligncenter size-full\"><img loading=\"lazy\" decoding=\"async\" width=\"450\" height=\"300\" src=\"https:\/\/concess.transport-manager.net\/vdi\/wp-content\/uploads\/sites\/6\/2025\/08\/image-2.png\" alt=\"\" class=\"wp-image-3558\" srcset=\"https:\/\/concess.transport-manager.net\/vdi\/wp-content\/uploads\/sites\/6\/2025\/08\/image-2.png 450w, https:\/\/concess.transport-manager.net\/vdi\/wp-content\/uploads\/sites\/6\/2025\/08\/image-2-300x200.png 300w\" sizes=\"auto, (max-width: 450px) 100vw, 450px\" \/><\/figure>\n<\/div>\n\n\n<h2 class=\"wp-block-heading has-text-align-center\">Hess Lightram 25 TOSA <mark style=\"background-color:#ffffff\" class=\"has-inline-color has-accent-color\">BHNS<\/mark><\/h2>\n\n\n\n<p class=\"has-text-align-center has-larger-font-size\">200 places<\/p>\n\n\n\n<p class=\"has-text-align-center\">4 ou 5 portes<\/p>\n\n\n\n<p class=\"has-text-align-center\"><strong>Electrique<em> <\/em><\/strong><em>(230kWh)<\/em> \u00e0 partir de 605.000\u20ac<br>Club VDI Star \u00e0 partir de 564.000\u20ac<\/p>\n<\/div>\n<\/div>\n<\/div>\n<\/div>\n\n\n\n<h2 class=\"wp-block-heading\" id=\"car\"><mark style=\"background-color:#ffffff\" class=\"has-inline-color has-accent-color\">Nos cars <\/mark>neufs<\/h2>\n\n\n\n<div class=\"wp-block-buttons is-content-justification-center is-layout-flex wp-container-core-buttons-is-layout-16018d1d wp-block-buttons-is-layout-flex\">\n<div class=\"wp-block-button\"><a class=\"wp-block-button__link wp-element-button\" href=\"#VDL\">VDL<\/a><\/div>\n\n\n\n<div class=\"wp-block-button\"><a class=\"wp-block-button__link wp-element-button\" href=\"#IRIZAR\">IRIZAR<\/a><\/div>\n\n\n\n<div class=\"wp-block-button\"><a class=\"wp-block-button__link wp-element-button\" href=\"#VAN\">Van Hool<\/a><\/div>\n<\/div>\n\n\n\n<h2 class=\"wp-block-heading\" id=\"VDL\">VDL<\/h2>\n\n\n\n<div class=\"wp-block-columns alignwide is-layout-flex wp-container-core-columns-is-layout-9d6595d7 wp-block-columns-is-layout-flex\">\n<div class=\"wp-block-column is-layout-flow wp-block-column-is-layout-flow\">\n<div class=\"wp-block-columns alignwide is-layout-flex wp-container-core-columns-is-layout-9d6595d7 wp-block-columns-is-layout-flex\">\n<div class=\"wp-block-column is-layout-flow wp-block-column-is-layout-flow\"><div class=\"wp-block-image size-full\">\n<figure class=\"aligncenter\"><img loading=\"lazy\" decoding=\"async\" width=\"1618\" height=\"1000\" src=\"http:\/\/concess.transport-manager.net\/vdi\/wp-content\/uploads\/sites\/6\/2022\/07\/VDLindisp.png\" alt=\"\" class=\"wp-image-2298\" srcset=\"https:\/\/concess.transport-manager.net\/vdi\/wp-content\/uploads\/sites\/6\/2022\/07\/VDLindisp.png 1618w, https:\/\/concess.transport-manager.net\/vdi\/wp-content\/uploads\/sites\/6\/2022\/07\/VDLindisp-300x185.png 300w, https:\/\/concess.transport-manager.net\/vdi\/wp-content\/uploads\/sites\/6\/2022\/07\/VDLindisp-1024x633.png 1024w, https:\/\/concess.transport-manager.net\/vdi\/wp-content\/uploads\/sites\/6\/2022\/07\/VDLindisp-768x475.png 768w, https:\/\/concess.transport-manager.net\/vdi\/wp-content\/uploads\/sites\/6\/2022\/07\/VDLindisp-1536x949.png 1536w\" sizes=\"auto, (max-width: 1618px) 100vw, 1618px\" \/><\/figure>\n<\/div>\n\n\n<h2 class=\"wp-block-heading has-text-align-center\">VDL MidEuro<\/h2>\n\n\n\n<p class=\"has-text-align-center has-larger-font-size\">19 places<\/p>\n\n\n\n<p class=\"has-text-align-center\">1 porte &#8211; minicar<\/p>\n\n\n\n<p class=\"has-text-align-center\"><strong>Diesel <\/strong><em>(18l\/100km)<\/em> \u00e0 partir de 108.000\u20ac<br>Club VDI Star \u00e0 partir de 99.900\u20ac<\/p>\n<\/div>\n<\/div>\n<\/div>\n\n\n\n<div class=\"wp-block-column is-layout-flow wp-block-column-is-layout-flow\"><div class=\"wp-block-image size-full\">\n<figure class=\"aligncenter\"><img loading=\"lazy\" decoding=\"async\" width=\"1618\" height=\"1000\" src=\"http:\/\/concess.transport-manager.net\/vdi\/wp-content\/uploads\/sites\/6\/2022\/07\/VDLindisp.png\" alt=\"\" class=\"wp-image-2298\" srcset=\"https:\/\/concess.transport-manager.net\/vdi\/wp-content\/uploads\/sites\/6\/2022\/07\/VDLindisp.png 1618w, https:\/\/concess.transport-manager.net\/vdi\/wp-content\/uploads\/sites\/6\/2022\/07\/VDLindisp-300x185.png 300w, https:\/\/concess.transport-manager.net\/vdi\/wp-content\/uploads\/sites\/6\/2022\/07\/VDLindisp-1024x633.png 1024w, https:\/\/concess.transport-manager.net\/vdi\/wp-content\/uploads\/sites\/6\/2022\/07\/VDLindisp-768x475.png 768w, https:\/\/concess.transport-manager.net\/vdi\/wp-content\/uploads\/sites\/6\/2022\/07\/VDLindisp-1536x949.png 1536w\" sizes=\"auto, (max-width: 1618px) 100vw, 1618px\" \/><\/figure>\n<\/div>\n\n\n<h2 class=\"wp-block-heading has-text-align-center\">VDL MidEuro Elec<\/h2>\n\n\n\n<p class=\"has-text-align-center has-larger-font-size\">16 places<\/p>\n\n\n\n<p class=\"has-text-align-center\">1 porte &#8211; minicar<\/p>\n\n\n\n<p class=\"has-text-align-center\"><strong>Electrique <\/strong><em><em>(90kWh)<\/em><\/em> \u00e0 partir de 122.000\u20ac<br>Club VDI Star \u00e0 partir de 112.900\u20ac<\/p>\n<\/div>\n\n\n\n<div class=\"wp-block-column is-layout-flow wp-block-column-is-layout-flow\"><div class=\"wp-block-image size-full\">\n<figure class=\"aligncenter\"><img loading=\"lazy\" decoding=\"async\" width=\"1500\" height=\"1000\" src=\"http:\/\/concess.transport-manager.net\/vdi\/wp-content\/uploads\/sites\/6\/2025\/01\/Irizarindisp-edited.png\" alt=\"\" class=\"wp-image-3359\" srcset=\"https:\/\/concess.transport-manager.net\/vdi\/wp-content\/uploads\/sites\/6\/2025\/01\/Irizarindisp-edited.png 1500w, https:\/\/concess.transport-manager.net\/vdi\/wp-content\/uploads\/sites\/6\/2025\/01\/Irizarindisp-edited-300x200.png 300w, https:\/\/concess.transport-manager.net\/vdi\/wp-content\/uploads\/sites\/6\/2025\/01\/Irizarindisp-edited-1024x683.png 1024w, https:\/\/concess.transport-manager.net\/vdi\/wp-content\/uploads\/sites\/6\/2025\/01\/Irizarindisp-edited-768x512.png 768w, https:\/\/concess.transport-manager.net\/vdi\/wp-content\/uploads\/sites\/6\/2025\/01\/Irizarindisp-edited-1200x800.png 1200w\" sizes=\"auto, (max-width: 1500px) 100vw, 1500px\" \/><\/figure>\n<\/div>\n\n\n<h2 class=\"wp-block-heading has-text-align-center\">VDL FMD2-129<\/h2>\n\n\n\n<p class=\"has-text-align-center has-larger-font-size\">59 places<\/p>\n\n\n\n<p class=\"has-text-align-center\">2 portes &#8211; standards<\/p>\n\n\n\n<p class=\"has-text-align-center\"><strong>Diesel <\/strong>(35l\/100km) \u00e0 partir de 252.000\u20ac<br>Club VDI Star \u00e0 partir de 221.000\u20ac<\/p>\n<\/div>\n\n\n\n<div class=\"wp-block-column is-layout-flow wp-block-column-is-layout-flow\"><div class=\"wp-block-image\">\n<figure class=\"aligncenter size-full\"><img loading=\"lazy\" decoding=\"async\" width=\"450\" height=\"300\" src=\"https:\/\/concess.transport-manager.net\/vdi\/wp-content\/uploads\/sites\/6\/2025\/10\/image-1.png\" alt=\"\" class=\"wp-image-3576\" srcset=\"https:\/\/concess.transport-manager.net\/vdi\/wp-content\/uploads\/sites\/6\/2025\/10\/image-1.png 450w, https:\/\/concess.transport-manager.net\/vdi\/wp-content\/uploads\/sites\/6\/2025\/10\/image-1-300x200.png 300w\" sizes=\"auto, (max-width: 450px) 100vw, 450px\" \/><\/figure>\n<\/div>\n\n\n<h2 class=\"wp-block-heading has-text-align-center\">VDL FMD2-135<\/h2>\n\n\n\n<p class=\"has-text-align-center has-larger-font-size\">63 places<\/p>\n\n\n\n<p class=\"has-text-align-center\">2 portes &#8211; standards<\/p>\n\n\n\n<p class=\"has-text-align-center\"><strong>Diesel <\/strong><em>(36l\/100km)<\/em> \u00e0 partir de 256.000\u20ac<br>Club VDI Star \u00e0 partir de 239.000\u20ac<\/p>\n<\/div>\n<\/div>\n\n\n\n<div class=\"wp-block-columns alignwide is-layout-flex wp-container-core-columns-is-layout-9d6595d7 wp-block-columns-is-layout-flex\">\n<div class=\"wp-block-column is-layout-flow wp-block-column-is-layout-flow\"><div class=\"wp-block-image\">\n<figure class=\"aligncenter size-full\"><img loading=\"lazy\" decoding=\"async\" width=\"450\" height=\"300\" src=\"https:\/\/concess.transport-manager.net\/vdi\/wp-content\/uploads\/sites\/6\/2025\/10\/image-6.png\" alt=\"\" class=\"wp-image-3583\" srcset=\"https:\/\/concess.transport-manager.net\/vdi\/wp-content\/uploads\/sites\/6\/2025\/10\/image-6.png 450w, https:\/\/concess.transport-manager.net\/vdi\/wp-content\/uploads\/sites\/6\/2025\/10\/image-6-300x200.png 300w\" sizes=\"auto, (max-width: 450px) 100vw, 450px\" \/><\/figure>\n<\/div>\n\n\n<h2 class=\"wp-block-heading has-text-align-center\">VDL FHD2-122<\/h2>\n\n\n\n<p class=\"has-text-align-center has-larger-font-size\">55 places<\/p>\n\n\n\n<p class=\"has-text-align-center\">2 portes &#8211; standards<\/p>\n\n\n\n<p class=\"has-text-align-center\"><strong>Diesel  <\/strong><em>(36<\/em><em>l\/100km)<\/em> \u00e0 partir de 279.000\u20ac<br>Club VDI Star \u00e0 partir de 260.000\u20ac<\/p>\n<\/div>\n\n\n\n<div class=\"wp-block-column is-layout-flow wp-block-column-is-layout-flow\"><div class=\"wp-block-image\">\n<figure class=\"aligncenter size-full\"><img loading=\"lazy\" decoding=\"async\" width=\"1618\" height=\"1000\" src=\"http:\/\/concess.transport-manager.net\/vdi\/wp-content\/uploads\/sites\/6\/2022\/07\/VDLindisp.png\" alt=\"\" class=\"wp-image-2298\" srcset=\"https:\/\/concess.transport-manager.net\/vdi\/wp-content\/uploads\/sites\/6\/2022\/07\/VDLindisp.png 1618w, https:\/\/concess.transport-manager.net\/vdi\/wp-content\/uploads\/sites\/6\/2022\/07\/VDLindisp-300x185.png 300w, https:\/\/concess.transport-manager.net\/vdi\/wp-content\/uploads\/sites\/6\/2022\/07\/VDLindisp-1024x633.png 1024w, https:\/\/concess.transport-manager.net\/vdi\/wp-content\/uploads\/sites\/6\/2022\/07\/VDLindisp-768x475.png 768w, https:\/\/concess.transport-manager.net\/vdi\/wp-content\/uploads\/sites\/6\/2022\/07\/VDLindisp-1536x949.png 1536w\" sizes=\"auto, (max-width: 1618px) 100vw, 1618px\" \/><\/figure>\n<\/div>\n\n\n<h2 class=\"wp-block-heading has-text-align-center\">VDL FMD2-148<\/h2>\n\n\n\n<p class=\"has-text-align-center has-larger-font-size\">67 places<\/p>\n\n\n\n<p class=\"has-text-align-center\">2 portes &#8211; standards<\/p>\n\n\n\n<p class=\"has-text-align-center\"><strong>Diesel <\/strong>(40l\/100km) \u00e0 partir de 261.000\u20ac<br>Club VDI Star \u00e0 partir de 243.000\u20ac<\/p>\n<\/div>\n\n\n\n<div class=\"wp-block-column is-layout-flow wp-block-column-is-layout-flow\"><div class=\"wp-block-image\">\n<figure class=\"aligncenter size-full\"><img loading=\"lazy\" decoding=\"async\" width=\"450\" height=\"300\" src=\"https:\/\/concess.transport-manager.net\/vdi\/wp-content\/uploads\/sites\/6\/2025\/10\/image-3.png\" alt=\"\" class=\"wp-image-3580\" srcset=\"https:\/\/concess.transport-manager.net\/vdi\/wp-content\/uploads\/sites\/6\/2025\/10\/image-3.png 450w, https:\/\/concess.transport-manager.net\/vdi\/wp-content\/uploads\/sites\/6\/2025\/10\/image-3-300x200.png 300w\" sizes=\"auto, (max-width: 450px) 100vw, 450px\" \/><\/figure>\n<\/div>\n\n\n<h2 class=\"wp-block-heading has-text-align-center\">VDL FHD2-106<\/h2>\n\n\n\n<p class=\"has-text-align-center has-larger-font-size\">43 places<\/p>\n\n\n\n<p class=\"has-text-align-center\">2 portes &#8211; midicar<\/p>\n\n\n\n<p class=\"has-text-align-center\"><strong>Diesel <\/strong><em>(31<\/em><em>l\/100km)<\/em> \u00e0 partir de 261.000\u20ac<br>Club VDI Star \u00e0 partir de 243.000\u20ac<\/p>\n<\/div>\n\n\n\n<div class=\"wp-block-column is-layout-flow wp-block-column-is-layout-flow\"><div class=\"wp-block-image\">\n<figure class=\"aligncenter size-full\"><img loading=\"lazy\" decoding=\"async\" width=\"450\" height=\"300\" src=\"https:\/\/concess.transport-manager.net\/vdi\/wp-content\/uploads\/sites\/6\/2025\/10\/image-8.png\" alt=\"\" class=\"wp-image-3585\" srcset=\"https:\/\/concess.transport-manager.net\/vdi\/wp-content\/uploads\/sites\/6\/2025\/10\/image-8.png 450w, https:\/\/concess.transport-manager.net\/vdi\/wp-content\/uploads\/sites\/6\/2025\/10\/image-8-300x200.png 300w\" sizes=\"auto, (max-width: 450px) 100vw, 450px\" \/><\/figure>\n<\/div>\n\n\n<h2 class=\"wp-block-heading has-text-align-center\">VDL FHD2-129<\/h2>\n\n\n\n<p class=\"has-text-align-center has-larger-font-size\">57 places<\/p>\n\n\n\n<p class=\"has-text-align-center\">2 portes &#8211; standards<\/p>\n\n\n\n<p class=\"has-text-align-center\"><strong>Diesel <\/strong><em>(37<\/em><em>l\/100km)<\/em> \u00e0 partir de 284.000\u20ac<br>Club VDI Star \u00e0 partir de 265.000\u20ac<\/p>\n<\/div>\n<\/div>\n\n\n\n<div class=\"wp-block-columns alignwide is-layout-flex wp-container-core-columns-is-layout-9d6595d7 wp-block-columns-is-layout-flex\">\n<div class=\"wp-block-column is-layout-flow wp-block-column-is-layout-flow\"><div class=\"wp-block-image\">\n<figure class=\"aligncenter size-full\"><img loading=\"lazy\" decoding=\"async\" width=\"1618\" height=\"1000\" src=\"http:\/\/concess.transport-manager.net\/vdi\/wp-content\/uploads\/sites\/6\/2022\/06\/Irizarindisp.png\" alt=\"\" class=\"wp-image-2107\" srcset=\"https:\/\/concess.transport-manager.net\/vdi\/wp-content\/uploads\/sites\/6\/2022\/06\/Irizarindisp.png 1618w, https:\/\/concess.transport-manager.net\/vdi\/wp-content\/uploads\/sites\/6\/2022\/06\/Irizarindisp-300x185.png 300w, https:\/\/concess.transport-manager.net\/vdi\/wp-content\/uploads\/sites\/6\/2022\/06\/Irizarindisp-1024x633.png 1024w, https:\/\/concess.transport-manager.net\/vdi\/wp-content\/uploads\/sites\/6\/2022\/06\/Irizarindisp-768x475.png 768w, https:\/\/concess.transport-manager.net\/vdi\/wp-content\/uploads\/sites\/6\/2022\/06\/Irizarindisp-1536x949.png 1536w\" sizes=\"auto, (max-width: 1618px) 100vw, 1618px\" \/><\/figure>\n<\/div>\n\n\n<h2 class=\"wp-block-heading has-text-align-center\">VDL FHD2-135<\/h2>\n\n\n\n<p class=\"has-text-align-center has-larger-font-size\">63 places<\/p>\n\n\n\n<p class=\"has-text-align-center\">2 portes &#8211; standards<\/p>\n\n\n\n<p class=\"has-text-align-center\"><strong>Diesel <\/strong><em>(38<\/em><em>l\/100km)<\/em> \u00e0 partir de 289.000\u20ac<br>Club VDI Star \u00e0 partir de 269.000\u20ac<\/p>\n<\/div>\n\n\n\n<div class=\"wp-block-column is-layout-flow wp-block-column-is-layout-flow\"><div class=\"wp-block-image\">\n<figure class=\"aligncenter size-full\"><img loading=\"lazy\" decoding=\"async\" width=\"450\" height=\"300\" src=\"https:\/\/concess.transport-manager.net\/vdi\/wp-content\/uploads\/sites\/6\/2025\/10\/image-18.png\" alt=\"\" class=\"wp-image-3601\" srcset=\"https:\/\/concess.transport-manager.net\/vdi\/wp-content\/uploads\/sites\/6\/2025\/10\/image-18.png 450w, https:\/\/concess.transport-manager.net\/vdi\/wp-content\/uploads\/sites\/6\/2025\/10\/image-18-300x200.png 300w\" sizes=\"auto, (max-width: 450px) 100vw, 450px\" \/><\/figure>\n<\/div>\n\n\n<h2 class=\"wp-block-heading has-text-align-center\">VDL FDD2-130<\/h2>\n\n\n\n<p class=\"has-text-align-center has-larger-font-size\">84 places<\/p>\n\n\n\n<p class=\"has-text-align-center\">2 portes &#8211; standards<\/p>\n\n\n\n<p class=\"has-text-align-center\"><strong>Diesel <\/strong><em>(37<\/em><em>l\/100km)<\/em> \u00e0 partir de 354.000\u20ac<br>Club VDI Star \u00e0 partir de 330.000\u20ac<\/p>\n<\/div>\n\n\n\n<div class=\"wp-block-column is-layout-flow wp-block-column-is-layout-flow\"><div class=\"wp-block-image\">\n<figure class=\"aligncenter size-full\"><img loading=\"lazy\" decoding=\"async\" width=\"450\" height=\"300\" src=\"https:\/\/concess.transport-manager.net\/vdi\/wp-content\/uploads\/sites\/6\/2025\/10\/image-19.png\" alt=\"\" class=\"wp-image-3604\" srcset=\"https:\/\/concess.transport-manager.net\/vdi\/wp-content\/uploads\/sites\/6\/2025\/10\/image-19.png 450w, https:\/\/concess.transport-manager.net\/vdi\/wp-content\/uploads\/sites\/6\/2025\/10\/image-19-300x200.png 300w\" sizes=\"auto, (max-width: 450px) 100vw, 450px\" \/><\/figure>\n<\/div>\n\n\n<h2 class=\"wp-block-heading has-text-align-center\">VDL FDD2-142<\/h2>\n\n\n\n<p class=\"has-text-align-center has-larger-font-size\">96 places<\/p>\n\n\n\n<p class=\"has-text-align-center\">2 portes &#8211; standards<\/p>\n\n\n\n<p class=\"has-text-align-center\"><strong>Diesel <\/strong><em>(48<\/em><em>l\/100km)<\/em> \u00e0 partir de 359.000\u20ac<br>Club VDI Star \u00e0 partir de 334.000\u20ac<\/p>\n<\/div>\n\n\n\n<div class=\"wp-block-column is-layout-flow wp-block-column-is-layout-flow\"><div class=\"wp-block-image\">\n<figure class=\"aligncenter size-full\"><img loading=\"lazy\" decoding=\"async\" width=\"450\" height=\"300\" src=\"https:\/\/concess.transport-manager.net\/vdi\/wp-content\/uploads\/sites\/6\/2025\/10\/image-10.png\" alt=\"\" class=\"wp-image-3589\" srcset=\"https:\/\/concess.transport-manager.net\/vdi\/wp-content\/uploads\/sites\/6\/2025\/10\/image-10.png 450w, https:\/\/concess.transport-manager.net\/vdi\/wp-content\/uploads\/sites\/6\/2025\/10\/image-10-300x200.png 300w\" sizes=\"auto, (max-width: 450px) 100vw, 450px\" \/><\/figure>\n<\/div>\n\n\n<h2 class=\"wp-block-heading has-text-align-center\">VDL FHD2-148<\/h2>\n\n\n\n<p class=\"has-text-align-center has-larger-font-size\">67 places<\/p>\n\n\n\n<p class=\"has-text-align-center\">2 portes &#8211; standards<\/p>\n\n\n\n<p class=\"has-text-align-center\"><strong>Diesel <\/strong>(40l\/100km) \u00e0 partir de 294.000\u20ac<br>Club VDI Star \u00e0 partir de 274.000\u20ac<\/p>\n<\/div>\n<\/div>\n\n\n\n<h2 class=\"wp-block-heading\" id=\"IRIZAR\">IRIZAR<\/h2>\n\n\n\n<div class=\"wp-block-columns alignwide is-layout-flex wp-container-core-columns-is-layout-9d6595d7 wp-block-columns-is-layout-flex\">\n<div class=\"wp-block-column is-layout-flow wp-block-column-is-layout-flow\"><div class=\"wp-block-image size-full\">\n<figure class=\"aligncenter\"><img loading=\"lazy\" decoding=\"async\" width=\"1500\" height=\"1000\" src=\"http:\/\/concess.transport-manager.net\/vdi\/wp-content\/uploads\/sites\/6\/2025\/01\/Irizarindisp-edited.png\" alt=\"\" class=\"wp-image-3359\" srcset=\"https:\/\/concess.transport-manager.net\/vdi\/wp-content\/uploads\/sites\/6\/2025\/01\/Irizarindisp-edited.png 1500w, https:\/\/concess.transport-manager.net\/vdi\/wp-content\/uploads\/sites\/6\/2025\/01\/Irizarindisp-edited-300x200.png 300w, https:\/\/concess.transport-manager.net\/vdi\/wp-content\/uploads\/sites\/6\/2025\/01\/Irizarindisp-edited-1024x683.png 1024w, https:\/\/concess.transport-manager.net\/vdi\/wp-content\/uploads\/sites\/6\/2025\/01\/Irizarindisp-edited-768x512.png 768w, https:\/\/concess.transport-manager.net\/vdi\/wp-content\/uploads\/sites\/6\/2025\/01\/Irizarindisp-edited-1200x800.png 1200w\" sizes=\"auto, (max-width: 1500px) 100vw, 1500px\" \/><\/figure>\n<\/div>\n\n\n<h2 class=\"wp-block-heading has-text-align-center\">Irizar i3&nbsp;<mark style=\"background-color:#ffffff;color:#00ff14\" class=\"has-inline-color\">LE&nbsp;<\/mark>12<\/h2>\n\n\n\n<p class=\"has-text-align-center has-larger-font-size\">41 (68) places<\/p>\n\n\n\n<p class=\"has-text-align-center\">2 portes \u2013 Low Entry<\/p>\n\n\n\n<p class=\"has-text-align-center\"><strong>Diesel&nbsp;<\/strong><em>(35l\/100km)<\/em>&nbsp;\u00e0 partir de 215.000\u20ac<br>Club VDI Star \u00e0 partir de 199.700\u20ac<\/p>\n<\/div>\n\n\n\n<div class=\"wp-block-column is-layout-flow wp-block-column-is-layout-flow\"><div class=\"wp-block-image size-full\">\n<figure class=\"aligncenter\"><img loading=\"lazy\" decoding=\"async\" width=\"1500\" height=\"1000\" src=\"http:\/\/concess.transport-manager.net\/vdi\/wp-content\/uploads\/sites\/6\/2025\/01\/Irizarindisp-edited.png\" alt=\"\" class=\"wp-image-3359\" srcset=\"https:\/\/concess.transport-manager.net\/vdi\/wp-content\/uploads\/sites\/6\/2025\/01\/Irizarindisp-edited.png 1500w, https:\/\/concess.transport-manager.net\/vdi\/wp-content\/uploads\/sites\/6\/2025\/01\/Irizarindisp-edited-300x200.png 300w, https:\/\/concess.transport-manager.net\/vdi\/wp-content\/uploads\/sites\/6\/2025\/01\/Irizarindisp-edited-1024x683.png 1024w, https:\/\/concess.transport-manager.net\/vdi\/wp-content\/uploads\/sites\/6\/2025\/01\/Irizarindisp-edited-768x512.png 768w, https:\/\/concess.transport-manager.net\/vdi\/wp-content\/uploads\/sites\/6\/2025\/01\/Irizarindisp-edited-1200x800.png 1200w\" sizes=\"auto, (max-width: 1500px) 100vw, 1500px\" \/><\/figure>\n<\/div>\n\n\n<h2 class=\"wp-block-heading has-text-align-center\">Irizar i3&nbsp;<mark style=\"background-color:#ffffff;color:#00ff14\" class=\"has-inline-color\">LE&nbsp;<\/mark>12 GNV<\/h2>\n\n\n\n<p class=\"has-text-align-center has-larger-font-size\">41 (68) places<\/p>\n\n\n\n<p class=\"has-text-align-center\">2 portes \u2013 Low Entry<\/p>\n\n\n\n<p class=\"has-text-align-center\"><strong>GNV<\/strong>&nbsp;(42l\/100km) \u00e0 partir de 237.000\u20ac<br>Club VDI Star \u00e0 partir de 221.000\u20ac<\/p>\n<\/div>\n\n\n\n<div class=\"wp-block-column is-layout-flow wp-block-column-is-layout-flow\"><div class=\"wp-block-image size-full\">\n<figure class=\"aligncenter\"><img loading=\"lazy\" decoding=\"async\" width=\"1500\" height=\"1000\" src=\"http:\/\/concess.transport-manager.net\/vdi\/wp-content\/uploads\/sites\/6\/2025\/01\/Irizarindisp-edited.png\" alt=\"\" class=\"wp-image-3359\" srcset=\"https:\/\/concess.transport-manager.net\/vdi\/wp-content\/uploads\/sites\/6\/2025\/01\/Irizarindisp-edited.png 1500w, https:\/\/concess.transport-manager.net\/vdi\/wp-content\/uploads\/sites\/6\/2025\/01\/Irizarindisp-edited-300x200.png 300w, https:\/\/concess.transport-manager.net\/vdi\/wp-content\/uploads\/sites\/6\/2025\/01\/Irizarindisp-edited-1024x683.png 1024w, https:\/\/concess.transport-manager.net\/vdi\/wp-content\/uploads\/sites\/6\/2025\/01\/Irizarindisp-edited-768x512.png 768w, https:\/\/concess.transport-manager.net\/vdi\/wp-content\/uploads\/sites\/6\/2025\/01\/Irizarindisp-edited-1200x800.png 1200w\" sizes=\"auto, (max-width: 1500px) 100vw, 1500px\" \/><\/figure>\n<\/div>\n\n\n<h2 class=\"wp-block-heading has-text-align-center\">Irizar i3 <mark style=\"background-color:#ffffff;color:#00ff14\" class=\"has-inline-color\">LE <\/mark>13<\/h2>\n\n\n\n<p class=\"has-text-align-center has-larger-font-size\">45 (72) places<\/p>\n\n\n\n<p class=\"has-text-align-center\">2 portes &#8211; Low Entry<\/p>\n\n\n\n<p class=\"has-text-align-center\"><strong>Diesel <\/strong><em>(36l\/100km)<\/em> \u00e0 partir de 219.000\u20ac<br>Club VDI Star \u00e0 partir de 204.000\u20ac<\/p>\n<\/div>\n\n\n\n<div class=\"wp-block-column is-layout-flow wp-block-column-is-layout-flow\"><div class=\"wp-block-image size-full\">\n<figure class=\"aligncenter\"><img loading=\"lazy\" decoding=\"async\" width=\"1500\" height=\"1000\" src=\"http:\/\/concess.transport-manager.net\/vdi\/wp-content\/uploads\/sites\/6\/2025\/01\/Irizarindisp-edited.png\" alt=\"\" class=\"wp-image-3359\" srcset=\"https:\/\/concess.transport-manager.net\/vdi\/wp-content\/uploads\/sites\/6\/2025\/01\/Irizarindisp-edited.png 1500w, https:\/\/concess.transport-manager.net\/vdi\/wp-content\/uploads\/sites\/6\/2025\/01\/Irizarindisp-edited-300x200.png 300w, https:\/\/concess.transport-manager.net\/vdi\/wp-content\/uploads\/sites\/6\/2025\/01\/Irizarindisp-edited-1024x683.png 1024w, https:\/\/concess.transport-manager.net\/vdi\/wp-content\/uploads\/sites\/6\/2025\/01\/Irizarindisp-edited-768x512.png 768w, https:\/\/concess.transport-manager.net\/vdi\/wp-content\/uploads\/sites\/6\/2025\/01\/Irizarindisp-edited-1200x800.png 1200w\" sizes=\"auto, (max-width: 1500px) 100vw, 1500px\" \/><\/figure>\n<\/div>\n\n\n<h2 class=\"wp-block-heading has-text-align-center\">Irizar i3 <mark style=\"background-color:#ffffff;color:#00ff14\" class=\"has-inline-color\">LE <\/mark>15<\/h2>\n\n\n\n<p class=\"has-text-align-center has-larger-font-size\">57 (84) places<\/p>\n\n\n\n<p class=\"has-text-align-center\">2 portes &#8211; Low Entry<\/p>\n\n\n\n<p class=\"has-text-align-center\"><strong>Diesel <\/strong>(38l\/100km) \u00e0 partir de 223.000\u20ac<br>Club VDI Star \u00e0 partir de 209.000\u20ac<\/p>\n<\/div>\n<\/div>\n\n\n\n<div class=\"wp-block-columns alignwide is-layout-flex wp-container-core-columns-is-layout-9d6595d7 wp-block-columns-is-layout-flex\">\n<div class=\"wp-block-column is-layout-flow wp-block-column-is-layout-flow\"><div class=\"wp-block-image\">\n<figure class=\"aligncenter size-full\"><img loading=\"lazy\" decoding=\"async\" width=\"450\" height=\"300\" src=\"https:\/\/concess.transport-manager.net\/vdi\/wp-content\/uploads\/sites\/6\/2025\/10\/image.png\" alt=\"\" class=\"wp-image-3575\" srcset=\"https:\/\/concess.transport-manager.net\/vdi\/wp-content\/uploads\/sites\/6\/2025\/10\/image.png 450w, https:\/\/concess.transport-manager.net\/vdi\/wp-content\/uploads\/sites\/6\/2025\/10\/image-300x200.png 300w\" sizes=\"auto, (max-width: 450px) 100vw, 450px\" \/><\/figure>\n<\/div>\n\n\n<h2 class=\"wp-block-heading has-text-align-center\">Irizar i3 <mark style=\"background-color:#ffffff;color:#00ff14\" class=\"has-inline-color\">LE <\/mark>12 Hybrid<\/h2>\n\n\n\n<p class=\"has-text-align-center has-larger-font-size\">41 (68) places<\/p>\n\n\n\n<p class=\"has-text-align-center\">2 portes &#8211; Low Entry<\/p>\n\n\n\n<p class=\"has-text-align-center\"><strong>Hybride <\/strong><em>(35l\/100km)<\/em> \u00e0 partir de 252.000\u20ac<br>Club VDI Star \u00e0 partir de 235.000\u20ac<\/p>\n<\/div>\n\n\n\n<div class=\"wp-block-column is-layout-flow wp-block-column-is-layout-flow\"><div class=\"wp-block-image size-full\">\n<figure class=\"aligncenter\"><img loading=\"lazy\" decoding=\"async\" width=\"1500\" height=\"1000\" src=\"http:\/\/concess.transport-manager.net\/vdi\/wp-content\/uploads\/sites\/6\/2025\/01\/Irizarindisp-edited.png\" alt=\"\" class=\"wp-image-3359\" srcset=\"https:\/\/concess.transport-manager.net\/vdi\/wp-content\/uploads\/sites\/6\/2025\/01\/Irizarindisp-edited.png 1500w, https:\/\/concess.transport-manager.net\/vdi\/wp-content\/uploads\/sites\/6\/2025\/01\/Irizarindisp-edited-300x200.png 300w, https:\/\/concess.transport-manager.net\/vdi\/wp-content\/uploads\/sites\/6\/2025\/01\/Irizarindisp-edited-1024x683.png 1024w, https:\/\/concess.transport-manager.net\/vdi\/wp-content\/uploads\/sites\/6\/2025\/01\/Irizarindisp-edited-768x512.png 768w, https:\/\/concess.transport-manager.net\/vdi\/wp-content\/uploads\/sites\/6\/2025\/01\/Irizarindisp-edited-1200x800.png 1200w\" sizes=\"auto, (max-width: 1500px) 100vw, 1500px\" \/><\/figure>\n<\/div>\n\n\n<h2 class=\"wp-block-heading has-text-align-center\">Irizar i4 12<\/h2>\n\n\n\n<p class=\"has-text-align-center has-larger-font-size\">55 places<\/p>\n\n\n\n<p class=\"has-text-align-center\">2 portes &#8211; standards<\/p>\n\n\n\n<p class=\"has-text-align-center\"><strong>Diesel <\/strong><em>(34l\/100km)<\/em> \u00e0 partir de 256.000\u20ac<br>Club VDI Star \u00e0 partir de 239.000\u20ac<\/p>\n<\/div>\n\n\n\n<div class=\"wp-block-column is-layout-flow wp-block-column-is-layout-flow\"><div class=\"wp-block-image size-full\">\n<figure class=\"aligncenter\"><img loading=\"lazy\" decoding=\"async\" width=\"1500\" height=\"1000\" src=\"http:\/\/concess.transport-manager.net\/vdi\/wp-content\/uploads\/sites\/6\/2025\/01\/Irizarindisp-edited.png\" alt=\"\" class=\"wp-image-3359\" srcset=\"https:\/\/concess.transport-manager.net\/vdi\/wp-content\/uploads\/sites\/6\/2025\/01\/Irizarindisp-edited.png 1500w, https:\/\/concess.transport-manager.net\/vdi\/wp-content\/uploads\/sites\/6\/2025\/01\/Irizarindisp-edited-300x200.png 300w, https:\/\/concess.transport-manager.net\/vdi\/wp-content\/uploads\/sites\/6\/2025\/01\/Irizarindisp-edited-1024x683.png 1024w, https:\/\/concess.transport-manager.net\/vdi\/wp-content\/uploads\/sites\/6\/2025\/01\/Irizarindisp-edited-768x512.png 768w, https:\/\/concess.transport-manager.net\/vdi\/wp-content\/uploads\/sites\/6\/2025\/01\/Irizarindisp-edited-1200x800.png 1200w\" sizes=\"auto, (max-width: 1500px) 100vw, 1500px\" \/><\/figure>\n<\/div>\n\n\n<h2 class=\"wp-block-heading has-text-align-center\">Irizar i3 <mark style=\"background-color:#ffffff;color:#00ff14\" class=\"has-inline-color\">LE <\/mark>13 GNV<\/h2>\n\n\n\n<p class=\"has-text-align-center has-larger-font-size\">45 (72) places<\/p>\n\n\n\n<p class=\"has-text-align-center\">2 portes &#8211; Low Entry<\/p>\n\n\n\n<p class=\"has-text-align-center\"><strong>Diesel <\/strong>(43l\/100km) \u00e0 partir de 279.000\u20ac<br>Club VDI Star \u00e0 partir de 261.000\u20ac<\/p>\n<\/div>\n\n\n\n<div class=\"wp-block-column is-layout-flow wp-block-column-is-layout-flow\"><div class=\"wp-block-image\">\n<figure class=\"aligncenter size-full\"><img loading=\"lazy\" decoding=\"async\" width=\"450\" height=\"300\" src=\"https:\/\/concess.transport-manager.net\/vdi\/wp-content\/uploads\/sites\/6\/2025\/10\/image-2.png\" alt=\"\" class=\"wp-image-3577\" srcset=\"https:\/\/concess.transport-manager.net\/vdi\/wp-content\/uploads\/sites\/6\/2025\/10\/image-2.png 450w, https:\/\/concess.transport-manager.net\/vdi\/wp-content\/uploads\/sites\/6\/2025\/10\/image-2-300x200.png 300w\" sizes=\"auto, (max-width: 450px) 100vw, 450px\" \/><\/figure>\n<\/div>\n\n\n<h2 class=\"wp-block-heading has-text-align-center\">Irizar i4 13<\/h2>\n\n\n\n<p class=\"has-text-align-center has-larger-font-size\">59 places<\/p>\n\n\n\n<p class=\"has-text-align-center\">2 portes &#8211; standards<\/p>\n\n\n\n<p class=\"has-text-align-center\"><strong>Diesel <\/strong>(37l\/100km) \u00e0 partir de 261.000\u20ac<br>Club VDI Star \u00e0 partir de 243.000\u20ac<\/p>\n<\/div>\n<\/div>\n\n\n\n<div class=\"wp-block-columns alignwide is-layout-flex wp-container-core-columns-is-layout-9d6595d7 wp-block-columns-is-layout-flex\">\n<div class=\"wp-block-column is-layout-flow wp-block-column-is-layout-flow\"><div class=\"wp-block-image\">\n<figure class=\"aligncenter size-full\"><img loading=\"lazy\" decoding=\"async\" width=\"1500\" height=\"1000\" src=\"http:\/\/concess.transport-manager.net\/vdi\/wp-content\/uploads\/sites\/6\/2025\/01\/Irizarindisp-edited.png\" alt=\"\" class=\"wp-image-3359\" srcset=\"https:\/\/concess.transport-manager.net\/vdi\/wp-content\/uploads\/sites\/6\/2025\/01\/Irizarindisp-edited.png 1500w, https:\/\/concess.transport-manager.net\/vdi\/wp-content\/uploads\/sites\/6\/2025\/01\/Irizarindisp-edited-300x200.png 300w, https:\/\/concess.transport-manager.net\/vdi\/wp-content\/uploads\/sites\/6\/2025\/01\/Irizarindisp-edited-1024x683.png 1024w, https:\/\/concess.transport-manager.net\/vdi\/wp-content\/uploads\/sites\/6\/2025\/01\/Irizarindisp-edited-768x512.png 768w, https:\/\/concess.transport-manager.net\/vdi\/wp-content\/uploads\/sites\/6\/2025\/01\/Irizarindisp-edited-1200x800.png 1200w\" sizes=\"auto, (max-width: 1500px) 100vw, 1500px\" \/><\/figure>\n<\/div>\n\n\n<h2 class=\"wp-block-heading has-text-align-center\">Irizar i3 <mark style=\"background-color:#ffffff;color:#00ff14\" class=\"has-inline-color\">LE <\/mark>15 GNV<\/h2>\n\n\n\n<p class=\"has-text-align-center has-larger-font-size\">57 (84) places<\/p>\n\n\n\n<p class=\"has-text-align-center\">2 portes &#8211; Low Entry<\/p>\n\n\n\n<p class=\"has-text-align-center\"><strong>GNV <\/strong><em>(44l\/100km)<\/em> \u00e0 partir de 284.000\u20ac<br>Club VDI Star \u00e0 partir de 264.000\u20ac<\/p>\n<\/div>\n\n\n\n<div class=\"wp-block-column is-layout-flow wp-block-column-is-layout-flow\"><div class=\"wp-block-image\">\n<figure class=\"aligncenter size-full\"><img loading=\"lazy\" decoding=\"async\" width=\"1500\" height=\"1000\" src=\"http:\/\/concess.transport-manager.net\/vdi\/wp-content\/uploads\/sites\/6\/2025\/01\/Irizarindisp-edited.png\" alt=\"\" class=\"wp-image-3359\" srcset=\"https:\/\/concess.transport-manager.net\/vdi\/wp-content\/uploads\/sites\/6\/2025\/01\/Irizarindisp-edited.png 1500w, https:\/\/concess.transport-manager.net\/vdi\/wp-content\/uploads\/sites\/6\/2025\/01\/Irizarindisp-edited-300x200.png 300w, https:\/\/concess.transport-manager.net\/vdi\/wp-content\/uploads\/sites\/6\/2025\/01\/Irizarindisp-edited-1024x683.png 1024w, https:\/\/concess.transport-manager.net\/vdi\/wp-content\/uploads\/sites\/6\/2025\/01\/Irizarindisp-edited-768x512.png 768w, https:\/\/concess.transport-manager.net\/vdi\/wp-content\/uploads\/sites\/6\/2025\/01\/Irizarindisp-edited-1200x800.png 1200w\" sizes=\"auto, (max-width: 1500px) 100vw, 1500px\" \/><\/figure>\n<\/div>\n\n\n<h2 class=\"wp-block-heading has-text-align-center\">Irizar i4 14<\/h2>\n\n\n\n<p class=\"has-text-align-center has-larger-font-size\">63 places<\/p>\n\n\n\n<p class=\"has-text-align-center\">2 portes- standards<\/p>\n\n\n\n<p class=\"has-text-align-center\"><strong>Diesel <\/strong>(37l\/100km) \u00e0 partir de 265.000\u20ac<br>Club VDI Star \u00e0 partir de 247.000\u20ac<\/p>\n<\/div>\n\n\n\n<div class=\"wp-block-column is-layout-flow wp-block-column-is-layout-flow\"><div class=\"wp-block-image\">\n<figure class=\"aligncenter size-full\"><img loading=\"lazy\" decoding=\"async\" width=\"450\" height=\"300\" src=\"https:\/\/concess.transport-manager.net\/vdi\/wp-content\/uploads\/sites\/6\/2025\/10\/image-4.png\" alt=\"\" class=\"wp-image-3581\" srcset=\"https:\/\/concess.transport-manager.net\/vdi\/wp-content\/uploads\/sites\/6\/2025\/10\/image-4.png 450w, https:\/\/concess.transport-manager.net\/vdi\/wp-content\/uploads\/sites\/6\/2025\/10\/image-4-300x200.png 300w\" sizes=\"auto, (max-width: 450px) 100vw, 450px\" \/><\/figure>\n<\/div>\n\n\n<h2 class=\"wp-block-heading has-text-align-center\">Irizar i4 15<\/h2>\n\n\n\n<p class=\"has-text-align-center has-larger-font-size\">71 places<\/p>\n\n\n\n<p class=\"has-text-align-center\">2 portes &#8211; standards<\/p>\n\n\n\n<p class=\"has-text-align-center\"><strong>Diesel <\/strong><em>(<\/em><em>39<\/em><em>l\/100km)<\/em> \u00e0 partir de 270.000\u20ac<br>Club VDI Star \u00e0 partir de 252.000\u20ac<\/p>\n<\/div>\n\n\n\n<div class=\"wp-block-column is-layout-flow wp-block-column-is-layout-flow\"><div class=\"wp-block-image\">\n<figure class=\"aligncenter size-full\"><img loading=\"lazy\" decoding=\"async\" width=\"1618\" height=\"1000\" src=\"http:\/\/concess.transport-manager.net\/vdi\/wp-content\/uploads\/sites\/6\/2022\/07\/Irizarindisp.png\" alt=\"\" class=\"wp-image-2250\" srcset=\"https:\/\/concess.transport-manager.net\/vdi\/wp-content\/uploads\/sites\/6\/2022\/07\/Irizarindisp.png 1618w, https:\/\/concess.transport-manager.net\/vdi\/wp-content\/uploads\/sites\/6\/2022\/07\/Irizarindisp-300x185.png 300w, https:\/\/concess.transport-manager.net\/vdi\/wp-content\/uploads\/sites\/6\/2022\/07\/Irizarindisp-1024x633.png 1024w, https:\/\/concess.transport-manager.net\/vdi\/wp-content\/uploads\/sites\/6\/2022\/07\/Irizarindisp-768x475.png 768w, https:\/\/concess.transport-manager.net\/vdi\/wp-content\/uploads\/sites\/6\/2022\/07\/Irizarindisp-1536x949.png 1536w\" sizes=\"auto, (max-width: 1618px) 100vw, 1618px\" \/><\/figure>\n<\/div>\n\n\n<h2 class=\"wp-block-heading has-text-align-center\">Irizar i3 <mark style=\"background-color:#ffffff;color:#00ff14\" class=\"has-inline-color\">LE <\/mark>13 Hybrid<\/h2>\n\n\n\n<p class=\"has-text-align-center has-larger-font-size\">45 (72) places<\/p>\n\n\n\n<p class=\"has-text-align-center\">2 portes &#8211; Low Entry<\/p>\n\n\n\n<p class=\"has-text-align-center\"><strong>Hybride <\/strong>(29l\/100km) \u00e0 partir de 273.000\u20ac<br>Club VDI Star \u00e0 partir de 255.000\u20ac<\/p>\n<\/div>\n<\/div>\n\n\n\n<div class=\"wp-block-columns alignwide is-layout-flex wp-container-core-columns-is-layout-9d6595d7 wp-block-columns-is-layout-flex\">\n<div class=\"wp-block-column is-layout-flow wp-block-column-is-layout-flow\"><div class=\"wp-block-image\">\n<figure class=\"aligncenter size-full\"><img loading=\"lazy\" decoding=\"async\" width=\"1618\" height=\"1000\" src=\"http:\/\/concess.transport-manager.net\/vdi\/wp-content\/uploads\/sites\/6\/2022\/07\/Irizarindisp.png\" alt=\"\" class=\"wp-image-2250\" srcset=\"https:\/\/concess.transport-manager.net\/vdi\/wp-content\/uploads\/sites\/6\/2022\/07\/Irizarindisp.png 1618w, https:\/\/concess.transport-manager.net\/vdi\/wp-content\/uploads\/sites\/6\/2022\/07\/Irizarindisp-300x185.png 300w, https:\/\/concess.transport-manager.net\/vdi\/wp-content\/uploads\/sites\/6\/2022\/07\/Irizarindisp-1024x633.png 1024w, https:\/\/concess.transport-manager.net\/vdi\/wp-content\/uploads\/sites\/6\/2022\/07\/Irizarindisp-768x475.png 768w, https:\/\/concess.transport-manager.net\/vdi\/wp-content\/uploads\/sites\/6\/2022\/07\/Irizarindisp-1536x949.png 1536w\" sizes=\"auto, (max-width: 1618px) 100vw, 1618px\" \/><\/figure>\n<\/div>\n\n\n<h2 class=\"wp-block-heading has-text-align-center\">Irizar i6 10.8<\/h2>\n\n\n\n<p class=\"has-text-align-center has-larger-font-size\">47 places<\/p>\n\n\n\n<p class=\"has-text-align-center\">2 portes &#8211; midicar<\/p>\n\n\n\n<p class=\"has-text-align-center\"><strong>Diesel  <\/strong><em>(32<\/em><em>l\/100km)<\/em> \u00e0 partir de 280.000\u20ac<br>Club VDI Star \u00e0 partir de 261.000\u20ac<\/p>\n<\/div>\n\n\n\n<div class=\"wp-block-column is-layout-flow wp-block-column-is-layout-flow\"><div class=\"wp-block-image\">\n<figure class=\"aligncenter size-full\"><img loading=\"lazy\" decoding=\"async\" width=\"450\" height=\"300\" src=\"https:\/\/concess.transport-manager.net\/vdi\/wp-content\/uploads\/sites\/6\/2025\/10\/image-5.png\" alt=\"\" class=\"wp-image-3582\" srcset=\"https:\/\/concess.transport-manager.net\/vdi\/wp-content\/uploads\/sites\/6\/2025\/10\/image-5.png 450w, https:\/\/concess.transport-manager.net\/vdi\/wp-content\/uploads\/sites\/6\/2025\/10\/image-5-300x200.png 300w\" sizes=\"auto, (max-width: 450px) 100vw, 450px\" \/><\/figure>\n<\/div>\n\n\n<h2 class=\"wp-block-heading has-text-align-center\">Irizar i3 <mark style=\"background-color:#ffffff;color:#00ff14\" class=\"has-inline-color\">LE <\/mark>15 Hybrid<\/h2>\n\n\n\n<p class=\"has-text-align-center has-larger-font-size\">57 (84) places<\/p>\n\n\n\n<p class=\"has-text-align-center\">2 portes &#8211; Low Entry<\/p>\n\n\n\n<p class=\"has-text-align-center\"><strong>Hybride <\/strong>(31l\/100km) \u00e0 partir de 280.000\u20ac<br>Club VDI Star \u00e0 partir de 261.000\u20ac<\/p>\n<\/div>\n\n\n\n<div class=\"wp-block-column is-layout-flow wp-block-column-is-layout-flow\"><div class=\"wp-block-image\">\n<figure class=\"aligncenter size-full\"><img loading=\"lazy\" decoding=\"async\" width=\"450\" height=\"300\" src=\"https:\/\/concess.transport-manager.net\/vdi\/wp-content\/uploads\/sites\/6\/2025\/10\/image-7.png\" alt=\"\" class=\"wp-image-3584\" srcset=\"https:\/\/concess.transport-manager.net\/vdi\/wp-content\/uploads\/sites\/6\/2025\/10\/image-7.png 450w, https:\/\/concess.transport-manager.net\/vdi\/wp-content\/uploads\/sites\/6\/2025\/10\/image-7-300x200.png 300w\" sizes=\"auto, (max-width: 450px) 100vw, 450px\" \/><\/figure>\n<\/div>\n\n\n<h2 class=\"wp-block-heading has-text-align-center\">Irizar i6 12<\/h2>\n\n\n\n<p class=\"has-text-align-center has-larger-font-size\">53 places<\/p>\n\n\n\n<p class=\"has-text-align-center\">2 portes &#8211; standards<\/p>\n\n\n\n<p class=\"has-text-align-center\"><strong>Diesel <\/strong>(35l\/100km) \u00e0 partir de 284.000\u20ac<br>Club VDI Star \u00e0 partir de 265.000\u20ac<\/p>\n<\/div>\n\n\n\n<div class=\"wp-block-column is-layout-flow wp-block-column-is-layout-flow\"><div class=\"wp-block-image\">\n<figure class=\"aligncenter size-full\"><img loading=\"lazy\" decoding=\"async\" width=\"450\" height=\"300\" src=\"https:\/\/concess.transport-manager.net\/vdi\/wp-content\/uploads\/sites\/6\/2025\/10\/image-21.png\" alt=\"\" class=\"wp-image-3620\" srcset=\"https:\/\/concess.transport-manager.net\/vdi\/wp-content\/uploads\/sites\/6\/2025\/10\/image-21.png 450w, https:\/\/concess.transport-manager.net\/vdi\/wp-content\/uploads\/sites\/6\/2025\/10\/image-21-300x200.png 300w\" sizes=\"auto, (max-width: 450px) 100vw, 450px\" \/><\/figure>\n<\/div>\n\n\n<h2 class=\"wp-block-heading has-text-align-center\">Irizar i6 13<\/h2>\n\n\n\n<p class=\"has-text-align-center has-larger-font-size\">59 places<\/p>\n\n\n\n<p class=\"has-text-align-center\">2 portes &#8211; standards<\/p>\n\n\n\n<p class=\"has-text-align-center\"><strong>Diesel <\/strong>(37l\/100km) \u00e0 partir de 289.000\u20ac<br>Club VDI Star \u00e0 partir de 269.000\u20ac<\/p>\n<\/div>\n<\/div>\n\n\n\n<div class=\"wp-block-columns alignwide is-layout-flex wp-container-core-columns-is-layout-9d6595d7 wp-block-columns-is-layout-flex\">\n<div class=\"wp-block-column is-layout-flow wp-block-column-is-layout-flow\"><div class=\"wp-block-image\">\n<figure class=\"aligncenter size-full\"><img loading=\"lazy\" decoding=\"async\" width=\"450\" height=\"300\" src=\"https:\/\/concess.transport-manager.net\/vdi\/wp-content\/uploads\/sites\/6\/2025\/10\/image-9.png\" alt=\"\" class=\"wp-image-3588\" srcset=\"https:\/\/concess.transport-manager.net\/vdi\/wp-content\/uploads\/sites\/6\/2025\/10\/image-9.png 450w, https:\/\/concess.transport-manager.net\/vdi\/wp-content\/uploads\/sites\/6\/2025\/10\/image-9-300x200.png 300w\" sizes=\"auto, (max-width: 450px) 100vw, 450px\" \/><\/figure>\n<\/div>\n\n\n<h2 class=\"wp-block-heading has-text-align-center\">Irizar i6 14<\/h2>\n\n\n\n<p class=\"has-text-align-center has-larger-font-size\">63 places<\/p>\n\n\n\n<p class=\"has-text-align-center\">2 portes &#8211; standards<\/p>\n\n\n\n<p class=\"has-text-align-center\"><strong>Diesel <\/strong>(38l\/100km) \u00e0 partir de 294.000\u20ac<br>Club VDI Star \u00e0 partir de 274.000\u20ac<\/p>\n<\/div>\n\n\n\n<div class=\"wp-block-column is-layout-flow wp-block-column-is-layout-flow\"><div class=\"wp-block-image\">\n<figure class=\"aligncenter size-full\"><img loading=\"lazy\" decoding=\"async\" width=\"1618\" height=\"1000\" src=\"http:\/\/concess.transport-manager.net\/vdi\/wp-content\/uploads\/sites\/6\/2022\/07\/Irizarindisp.png\" alt=\"\" class=\"wp-image-2250\" srcset=\"https:\/\/concess.transport-manager.net\/vdi\/wp-content\/uploads\/sites\/6\/2022\/07\/Irizarindisp.png 1618w, https:\/\/concess.transport-manager.net\/vdi\/wp-content\/uploads\/sites\/6\/2022\/07\/Irizarindisp-300x185.png 300w, https:\/\/concess.transport-manager.net\/vdi\/wp-content\/uploads\/sites\/6\/2022\/07\/Irizarindisp-1024x633.png 1024w, https:\/\/concess.transport-manager.net\/vdi\/wp-content\/uploads\/sites\/6\/2022\/07\/Irizarindisp-768x475.png 768w, https:\/\/concess.transport-manager.net\/vdi\/wp-content\/uploads\/sites\/6\/2022\/07\/Irizarindisp-1536x949.png 1536w\" sizes=\"auto, (max-width: 1618px) 100vw, 1618px\" \/><\/figure>\n<\/div>\n\n\n<h2 class=\"wp-block-heading has-text-align-center\">Irizar i4 12 GNV<\/h2>\n\n\n\n<p class=\"has-text-align-center has-larger-font-size\">55 places<\/p>\n\n\n\n<p class=\"has-text-align-center\">2 portes &#8211; standards<\/p>\n\n\n\n<p class=\"has-text-align-center\"><strong>GNV <\/strong><em>(41<\/em><em>l\/100km)<\/em> \u00e0 partir de 317.000\u20ac<br>Club VDI Star \u00e0 partir de 295.000\u20ac<\/p>\n<\/div>\n\n\n\n<div class=\"wp-block-column is-layout-flow wp-block-column-is-layout-flow\"><div class=\"wp-block-image\">\n<figure class=\"aligncenter size-full\"><img loading=\"lazy\" decoding=\"async\" width=\"450\" height=\"300\" src=\"https:\/\/concess.transport-manager.net\/vdi\/wp-content\/uploads\/sites\/6\/2025\/10\/image-11.png\" alt=\"\" class=\"wp-image-3590\" srcset=\"https:\/\/concess.transport-manager.net\/vdi\/wp-content\/uploads\/sites\/6\/2025\/10\/image-11.png 450w, https:\/\/concess.transport-manager.net\/vdi\/wp-content\/uploads\/sites\/6\/2025\/10\/image-11-300x200.png 300w\" sizes=\"auto, (max-width: 450px) 100vw, 450px\" \/><\/figure>\n<\/div>\n\n\n<h2 class=\"wp-block-heading has-text-align-center\">Irizar i6 15<\/h2>\n\n\n\n<p class=\"has-text-align-center has-larger-font-size\">67 places<\/p>\n\n\n\n<p class=\"has-text-align-center\">2 portes &#8211; standards<\/p>\n\n\n\n<p class=\"has-text-align-center\"><strong>Diesel <\/strong><em>(40<\/em><em>l\/100km)<\/em> \u00e0 partir de 298.000\u20ac<br>Club VDI Star \u00e0 partir de 278.000\u20ac<\/p>\n<\/div>\n\n\n\n<div class=\"wp-block-column is-layout-flow wp-block-column-is-layout-flow\"><div class=\"wp-block-image\">\n<figure class=\"aligncenter size-full\"><img loading=\"lazy\" decoding=\"async\" width=\"450\" height=\"300\" src=\"https:\/\/concess.transport-manager.net\/vdi\/wp-content\/uploads\/sites\/6\/2025\/10\/image-12.png\" alt=\"\" class=\"wp-image-3591\" srcset=\"https:\/\/concess.transport-manager.net\/vdi\/wp-content\/uploads\/sites\/6\/2025\/10\/image-12.png 450w, https:\/\/concess.transport-manager.net\/vdi\/wp-content\/uploads\/sites\/6\/2025\/10\/image-12-300x200.png 300w\" sizes=\"auto, (max-width: 450px) 100vw, 450px\" \/><\/figure>\n<\/div>\n\n\n<h2 class=\"wp-block-heading has-text-align-center\">Irizar i4 13 GNV<\/h2>\n\n\n\n<p class=\"has-text-align-center has-larger-font-size\">59 places<\/p>\n\n\n\n<p class=\"has-text-align-center\">2 portes &#8211; standards<\/p>\n\n\n\n<p class=\"has-text-align-center\"><strong>GNV <\/strong>(44l\/100km) \u00e0 partir de 321.000\u20ac<br>Club VDI Star \u00e0 partir de 300.000\u20ac<\/p>\n<\/div>\n<\/div>\n\n\n\n<div class=\"wp-block-columns alignwide is-layout-flex wp-container-core-columns-is-layout-9d6595d7 wp-block-columns-is-layout-flex\">\n<div class=\"wp-block-column is-layout-flow wp-block-column-is-layout-flow\"><div class=\"wp-block-image\">\n<figure class=\"aligncenter size-full\"><img loading=\"lazy\" decoding=\"async\" width=\"450\" height=\"300\" src=\"https:\/\/concess.transport-manager.net\/vdi\/wp-content\/uploads\/sites\/6\/2025\/10\/image-13.png\" alt=\"\" class=\"wp-image-3592\" srcset=\"https:\/\/concess.transport-manager.net\/vdi\/wp-content\/uploads\/sites\/6\/2025\/10\/image-13.png 450w, https:\/\/concess.transport-manager.net\/vdi\/wp-content\/uploads\/sites\/6\/2025\/10\/image-13-300x200.png 300w\" sizes=\"auto, (max-width: 450px) 100vw, 450px\" \/><\/figure>\n<\/div>\n\n\n<h2 class=\"wp-block-heading has-text-align-center\">Irizar i4 14 GNV<\/h2>\n\n\n\n<p class=\"has-text-align-center has-larger-font-size\">63 places<\/p>\n\n\n\n<p class=\"has-text-align-center\">2 portes &#8211; standards<\/p>\n\n\n\n<p class=\"has-text-align-center\"><strong>GNV <\/strong><em>(44l\/100km)<\/em> \u00e0 partir de 326.000\u20ac<br>Club VDI Star \u00e0 partir de 304.000\u20ac<\/p>\n<\/div>\n\n\n\n<div class=\"wp-block-column is-layout-flow wp-block-column-is-layout-flow\"><div class=\"wp-block-image\">\n<figure class=\"aligncenter size-full\"><img loading=\"lazy\" decoding=\"async\" width=\"1618\" height=\"1000\" src=\"http:\/\/concess.transport-manager.net\/vdi\/wp-content\/uploads\/sites\/6\/2022\/07\/Irizarindisp.png\" alt=\"\" class=\"wp-image-2250\" srcset=\"https:\/\/concess.transport-manager.net\/vdi\/wp-content\/uploads\/sites\/6\/2022\/07\/Irizarindisp.png 1618w, https:\/\/concess.transport-manager.net\/vdi\/wp-content\/uploads\/sites\/6\/2022\/07\/Irizarindisp-300x185.png 300w, https:\/\/concess.transport-manager.net\/vdi\/wp-content\/uploads\/sites\/6\/2022\/07\/Irizarindisp-1024x633.png 1024w, https:\/\/concess.transport-manager.net\/vdi\/wp-content\/uploads\/sites\/6\/2022\/07\/Irizarindisp-768x475.png 768w, https:\/\/concess.transport-manager.net\/vdi\/wp-content\/uploads\/sites\/6\/2022\/07\/Irizarindisp-1536x949.png 1536w\" sizes=\"auto, (max-width: 1618px) 100vw, 1618px\" \/><\/figure>\n<\/div>\n\n\n<h2 class=\"wp-block-heading has-text-align-center\">Irizar i4 15 GNV<\/h2>\n\n\n\n<p class=\"has-text-align-center has-larger-font-size\">71 places<\/p>\n\n\n\n<p class=\"has-text-align-center\">2 portes &#8211; standards<\/p>\n\n\n\n<p class=\"has-text-align-center\"><strong>GNV <\/strong><em>(46<\/em><em>l\/100km)<\/em> \u00e0 partir de 331.000\u20ac<br>Club VDI Star \u00e0 partir de 309.000\u20ac<\/p>\n<\/div>\n\n\n\n<div class=\"wp-block-column is-layout-flow wp-block-column-is-layout-flow\"><div class=\"wp-block-image\">\n<figure class=\"aligncenter size-full\"><img loading=\"lazy\" decoding=\"async\" width=\"1618\" height=\"1000\" src=\"http:\/\/concess.transport-manager.net\/vdi\/wp-content\/uploads\/sites\/6\/2022\/07\/Irizarindisp.png\" alt=\"\" class=\"wp-image-2250\" srcset=\"https:\/\/concess.transport-manager.net\/vdi\/wp-content\/uploads\/sites\/6\/2022\/07\/Irizarindisp.png 1618w, https:\/\/concess.transport-manager.net\/vdi\/wp-content\/uploads\/sites\/6\/2022\/07\/Irizarindisp-300x185.png 300w, https:\/\/concess.transport-manager.net\/vdi\/wp-content\/uploads\/sites\/6\/2022\/07\/Irizarindisp-1024x633.png 1024w, https:\/\/concess.transport-manager.net\/vdi\/wp-content\/uploads\/sites\/6\/2022\/07\/Irizarindisp-768x475.png 768w, https:\/\/concess.transport-manager.net\/vdi\/wp-content\/uploads\/sites\/6\/2022\/07\/Irizarindisp-1536x949.png 1536w\" sizes=\"auto, (max-width: 1618px) 100vw, 1618px\" \/><\/figure>\n<\/div>\n\n\n<h2 class=\"wp-block-heading has-text-align-center\">Irizar i6s 10.8<\/h2>\n\n\n\n<p class=\"has-text-align-center has-larger-font-size\">45 places<\/p>\n\n\n\n<p class=\"has-text-align-center\">2 portes &#8211; midicar<\/p>\n\n\n\n<p class=\"has-text-align-center\"><strong>Diesel <\/strong><em>(32<\/em><em>l\/100km)<\/em> \u00e0 partir de 316.000\u20ac<br>Club VDI Star \u00e0 partir de 295.000\u20ac<\/p>\n<\/div>\n\n\n\n<div class=\"wp-block-column is-layout-flow wp-block-column-is-layout-flow\"><div class=\"wp-block-image\">\n<figure class=\"aligncenter size-full\"><img loading=\"lazy\" decoding=\"async\" width=\"1618\" height=\"1000\" src=\"http:\/\/concess.transport-manager.net\/vdi\/wp-content\/uploads\/sites\/6\/2022\/07\/Irizarindisp.png\" alt=\"\" class=\"wp-image-2250\" srcset=\"https:\/\/concess.transport-manager.net\/vdi\/wp-content\/uploads\/sites\/6\/2022\/07\/Irizarindisp.png 1618w, https:\/\/concess.transport-manager.net\/vdi\/wp-content\/uploads\/sites\/6\/2022\/07\/Irizarindisp-300x185.png 300w, https:\/\/concess.transport-manager.net\/vdi\/wp-content\/uploads\/sites\/6\/2022\/07\/Irizarindisp-1024x633.png 1024w, https:\/\/concess.transport-manager.net\/vdi\/wp-content\/uploads\/sites\/6\/2022\/07\/Irizarindisp-768x475.png 768w, https:\/\/concess.transport-manager.net\/vdi\/wp-content\/uploads\/sites\/6\/2022\/07\/Irizarindisp-1536x949.png 1536w\" sizes=\"auto, (max-width: 1618px) 100vw, 1618px\" \/><\/figure>\n<\/div>\n\n\n<h2 class=\"wp-block-heading has-text-align-center\">Irizar i6 10.8 GNV<\/h2>\n\n\n\n<p class=\"has-text-align-center has-larger-font-size\">47 places<\/p>\n\n\n\n<p class=\"has-text-align-center\">2 portes &#8211; midicar<\/p>\n\n\n\n<p class=\"has-text-align-center\"><strong>GNV <\/strong>(39l\/100km) \u00e0 partir de 340.000\u20ac<br>Club VDI Star \u00e0 partir de 317.000\u20ac<\/p>\n<\/div>\n<\/div>\n\n\n\n<div class=\"wp-block-columns alignwide is-layout-flex wp-container-core-columns-is-layout-9d6595d7 wp-block-columns-is-layout-flex\">\n<div class=\"wp-block-column is-layout-flow wp-block-column-is-layout-flow\"><div class=\"wp-block-image\">\n<figure class=\"aligncenter size-full\"><img loading=\"lazy\" decoding=\"async\" width=\"1618\" height=\"1000\" src=\"http:\/\/concess.transport-manager.net\/vdi\/wp-content\/uploads\/sites\/6\/2022\/07\/Irizarindisp.png\" alt=\"\" class=\"wp-image-2250\" srcset=\"https:\/\/concess.transport-manager.net\/vdi\/wp-content\/uploads\/sites\/6\/2022\/07\/Irizarindisp.png 1618w, https:\/\/concess.transport-manager.net\/vdi\/wp-content\/uploads\/sites\/6\/2022\/07\/Irizarindisp-300x185.png 300w, https:\/\/concess.transport-manager.net\/vdi\/wp-content\/uploads\/sites\/6\/2022\/07\/Irizarindisp-1024x633.png 1024w, https:\/\/concess.transport-manager.net\/vdi\/wp-content\/uploads\/sites\/6\/2022\/07\/Irizarindisp-768x475.png 768w, https:\/\/concess.transport-manager.net\/vdi\/wp-content\/uploads\/sites\/6\/2022\/07\/Irizarindisp-1536x949.png 1536w\" sizes=\"auto, (max-width: 1618px) 100vw, 1618px\" \/><\/figure>\n<\/div>\n\n\n<h2 class=\"wp-block-heading has-text-align-center\">Irizar i4 12 Hybrid<\/h2>\n\n\n\n<p class=\"has-text-align-center has-larger-font-size\">55 places<\/p>\n\n\n\n<p class=\"has-text-align-center\">2 portes &#8211; standards<\/p>\n\n\n\n<p class=\"has-text-align-center\"><strong>Hybride <\/strong><em>(26<\/em><em>l\/100km)<\/em> \u00e0 partir de 320.000\u20ac<br>Club VDI Star \u00e0 partir de 299.000\u20ac<\/p>\n<\/div>\n\n\n\n<div class=\"wp-block-column is-layout-flow wp-block-column-is-layout-flow\"><div class=\"wp-block-image\">\n<figure class=\"aligncenter size-full\"><img loading=\"lazy\" decoding=\"async\" width=\"450\" height=\"300\" src=\"https:\/\/concess.transport-manager.net\/vdi\/wp-content\/uploads\/sites\/6\/2025\/10\/image-14.png\" alt=\"\" class=\"wp-image-3595\" srcset=\"https:\/\/concess.transport-manager.net\/vdi\/wp-content\/uploads\/sites\/6\/2025\/10\/image-14.png 450w, https:\/\/concess.transport-manager.net\/vdi\/wp-content\/uploads\/sites\/6\/2025\/10\/image-14-300x200.png 300w\" sizes=\"auto, (max-width: 450px) 100vw, 450px\" \/><\/figure>\n<\/div>\n\n\n<h2 class=\"wp-block-heading has-text-align-center\">Irizar i6s 13<\/h2>\n\n\n\n<p class=\"has-text-align-center has-larger-font-size\">55 places<\/p>\n\n\n\n<p class=\"has-text-align-center\">2 portes &#8211; standards<\/p>\n\n\n\n<p class=\"has-text-align-center\"><strong>Diesel <\/strong>(35l\/100km) \u00e0 partir de 322.000\u20ac<br>Club VDI Star \u00e0 partir de 300.000\u20ac<\/p>\n<\/div>\n\n\n\n<div class=\"wp-block-column is-layout-flow wp-block-column-is-layout-flow\"><div class=\"wp-block-image\">\n<figure class=\"aligncenter size-full\"><img loading=\"lazy\" decoding=\"async\" width=\"1618\" height=\"1000\" src=\"http:\/\/concess.transport-manager.net\/vdi\/wp-content\/uploads\/sites\/6\/2022\/07\/Irizarindisp.png\" alt=\"\" class=\"wp-image-2250\" srcset=\"https:\/\/concess.transport-manager.net\/vdi\/wp-content\/uploads\/sites\/6\/2022\/07\/Irizarindisp.png 1618w, https:\/\/concess.transport-manager.net\/vdi\/wp-content\/uploads\/sites\/6\/2022\/07\/Irizarindisp-300x185.png 300w, https:\/\/concess.transport-manager.net\/vdi\/wp-content\/uploads\/sites\/6\/2022\/07\/Irizarindisp-1024x633.png 1024w, https:\/\/concess.transport-manager.net\/vdi\/wp-content\/uploads\/sites\/6\/2022\/07\/Irizarindisp-768x475.png 768w, https:\/\/concess.transport-manager.net\/vdi\/wp-content\/uploads\/sites\/6\/2022\/07\/Irizarindisp-1536x949.png 1536w\" sizes=\"auto, (max-width: 1618px) 100vw, 1618px\" \/><\/figure>\n<\/div>\n\n\n<h2 class=\"wp-block-heading has-text-align-center\">Irizar i6 12 GNV<\/h2>\n\n\n\n<p class=\"has-text-align-center has-larger-font-size\">53 places<\/p>\n\n\n\n<p class=\"has-text-align-center\">2 portes &#8211; standards<\/p>\n\n\n\n<p class=\"has-text-align-center\"><strong>GNV <\/strong><em>(42<\/em><em>l\/100km)<\/em> \u00e0 partir de 345.000\u20ac<br>Club VDI Star \u00e0 partir de 321.000\u20ac<\/p>\n<\/div>\n\n\n\n<div class=\"wp-block-column is-layout-flow wp-block-column-is-layout-flow\"><div class=\"wp-block-image\">\n<figure class=\"aligncenter size-full\"><img loading=\"lazy\" decoding=\"async\" width=\"1618\" height=\"1000\" src=\"http:\/\/concess.transport-manager.net\/vdi\/wp-content\/uploads\/sites\/6\/2022\/07\/Irizarindisp.png\" alt=\"\" class=\"wp-image-2250\" srcset=\"https:\/\/concess.transport-manager.net\/vdi\/wp-content\/uploads\/sites\/6\/2022\/07\/Irizarindisp.png 1618w, https:\/\/concess.transport-manager.net\/vdi\/wp-content\/uploads\/sites\/6\/2022\/07\/Irizarindisp-300x185.png 300w, https:\/\/concess.transport-manager.net\/vdi\/wp-content\/uploads\/sites\/6\/2022\/07\/Irizarindisp-1024x633.png 1024w, https:\/\/concess.transport-manager.net\/vdi\/wp-content\/uploads\/sites\/6\/2022\/07\/Irizarindisp-768x475.png 768w, https:\/\/concess.transport-manager.net\/vdi\/wp-content\/uploads\/sites\/6\/2022\/07\/Irizarindisp-1536x949.png 1536w\" sizes=\"auto, (max-width: 1618px) 100vw, 1618px\" \/><\/figure>\n<\/div>\n\n\n<h2 class=\"wp-block-heading has-text-align-center\">Irizar i6s 14<\/h2>\n\n\n\n<p class=\"has-text-align-center has-larger-font-size\">63 places<\/p>\n\n\n\n<p class=\"has-text-align-center\">2 portes &#8211; standards<\/p>\n\n\n\n<p class=\"has-text-align-center\"><strong>Diesel <\/strong>(38l\/100km) \u00e0 partir de 326.000\u20ac<br>Club VDI Star \u00e0 partir de 304.000\u20ac<\/p>\n<\/div>\n<\/div>\n\n\n\n<div class=\"wp-block-columns alignwide is-layout-flex wp-container-core-columns-is-layout-9d6595d7 wp-block-columns-is-layout-flex\">\n<div class=\"wp-block-column is-layout-flow wp-block-column-is-layout-flow\"><div class=\"wp-block-image\">\n<figure class=\"aligncenter size-full\"><img loading=\"lazy\" decoding=\"async\" width=\"1618\" height=\"1000\" src=\"http:\/\/concess.transport-manager.net\/vdi\/wp-content\/uploads\/sites\/6\/2022\/07\/Irizarindisp.png\" alt=\"\" class=\"wp-image-2250\" srcset=\"https:\/\/concess.transport-manager.net\/vdi\/wp-content\/uploads\/sites\/6\/2022\/07\/Irizarindisp.png 1618w, https:\/\/concess.transport-manager.net\/vdi\/wp-content\/uploads\/sites\/6\/2022\/07\/Irizarindisp-300x185.png 300w, https:\/\/concess.transport-manager.net\/vdi\/wp-content\/uploads\/sites\/6\/2022\/07\/Irizarindisp-1024x633.png 1024w, https:\/\/concess.transport-manager.net\/vdi\/wp-content\/uploads\/sites\/6\/2022\/07\/Irizarindisp-768x475.png 768w, https:\/\/concess.transport-manager.net\/vdi\/wp-content\/uploads\/sites\/6\/2022\/07\/Irizarindisp-1536x949.png 1536w\" sizes=\"auto, (max-width: 1618px) 100vw, 1618px\" \/><\/figure>\n<\/div>\n\n\n<h2 class=\"wp-block-heading has-text-align-center\">Irizar i6 13 GNV<\/h2>\n\n\n\n<p class=\"has-text-align-center has-larger-font-size\">59 places<\/p>\n\n\n\n<p class=\"has-text-align-center\">2 portes &#8211; standards<\/p>\n\n\n\n<p class=\"has-text-align-center\"><strong>GNV <\/strong><em>(44<\/em><em>l\/100km)<\/em> \u00e0 partir de 346.000\u20ac<br>Club VDI Star \u00e0 partir de 326.000\u20ac<\/p>\n<\/div>\n\n\n\n<div class=\"wp-block-column is-layout-flow wp-block-column-is-layout-flow\"><div class=\"wp-block-image\">\n<figure class=\"aligncenter size-full\"><img loading=\"lazy\" decoding=\"async\" width=\"1618\" height=\"1000\" src=\"http:\/\/concess.transport-manager.net\/vdi\/wp-content\/uploads\/sites\/6\/2022\/07\/Irizarindisp.png\" alt=\"\" class=\"wp-image-2250\" srcset=\"https:\/\/concess.transport-manager.net\/vdi\/wp-content\/uploads\/sites\/6\/2022\/07\/Irizarindisp.png 1618w, https:\/\/concess.transport-manager.net\/vdi\/wp-content\/uploads\/sites\/6\/2022\/07\/Irizarindisp-300x185.png 300w, https:\/\/concess.transport-manager.net\/vdi\/wp-content\/uploads\/sites\/6\/2022\/07\/Irizarindisp-1024x633.png 1024w, https:\/\/concess.transport-manager.net\/vdi\/wp-content\/uploads\/sites\/6\/2022\/07\/Irizarindisp-768x475.png 768w, https:\/\/concess.transport-manager.net\/vdi\/wp-content\/uploads\/sites\/6\/2022\/07\/Irizarindisp-1536x949.png 1536w\" sizes=\"auto, (max-width: 1618px) 100vw, 1618px\" \/><\/figure>\n<\/div>\n\n\n<h2 class=\"wp-block-heading has-text-align-center\">Irizar i4 13 Hybrid<\/h2>\n\n\n\n<p class=\"has-text-align-center has-larger-font-size\">59 places<\/p>\n\n\n\n<p class=\"has-text-align-center\">2 portes &#8211; standards<\/p>\n\n\n\n<p class=\"has-text-align-center\"><strong>Hybride <\/strong>(29l\/100km) \u00e0 partir de 326.000\u20ac<br>Club VDI Star \u00e0 partir de 304.000\u20ac<\/p>\n<\/div>\n\n\n\n<div class=\"wp-block-column is-layout-flow wp-block-column-is-layout-flow\"><div class=\"wp-block-image\">\n<figure class=\"aligncenter size-full\"><img loading=\"lazy\" decoding=\"async\" width=\"450\" height=\"300\" src=\"https:\/\/concess.transport-manager.net\/vdi\/wp-content\/uploads\/sites\/6\/2025\/10\/image-15.png\" alt=\"\" class=\"wp-image-3598\" srcset=\"https:\/\/concess.transport-manager.net\/vdi\/wp-content\/uploads\/sites\/6\/2025\/10\/image-15.png 450w, https:\/\/concess.transport-manager.net\/vdi\/wp-content\/uploads\/sites\/6\/2025\/10\/image-15-300x200.png 300w\" sizes=\"auto, (max-width: 450px) 100vw, 450px\" \/><\/figure>\n<\/div>\n\n\n<h2 class=\"wp-block-heading has-text-align-center\">Irizar i6s 15<\/h2>\n\n\n\n<p class=\"has-text-align-center has-larger-font-size\">67 places<\/p>\n\n\n\n<p class=\"has-text-align-center\">2 portes &#8211; standards<\/p>\n\n\n\n<p class=\"has-text-align-center\"><strong>Diesel <\/strong><em>(40<\/em><em>l\/100km)<\/em> \u00e0 partir de 331.000\u20ac<br>Club VDI Star \u00e0 partir de 308.000\u20ac<\/p>\n<\/div>\n\n\n\n<div class=\"wp-block-column is-layout-flow wp-block-column-is-layout-flow\"><div class=\"wp-block-image\">\n<figure class=\"aligncenter size-full\"><img loading=\"lazy\" decoding=\"async\" width=\"1618\" height=\"1000\" src=\"http:\/\/concess.transport-manager.net\/vdi\/wp-content\/uploads\/sites\/6\/2022\/07\/Irizarindisp.png\" alt=\"\" class=\"wp-image-2250\" srcset=\"https:\/\/concess.transport-manager.net\/vdi\/wp-content\/uploads\/sites\/6\/2022\/07\/Irizarindisp.png 1618w, https:\/\/concess.transport-manager.net\/vdi\/wp-content\/uploads\/sites\/6\/2022\/07\/Irizarindisp-300x185.png 300w, https:\/\/concess.transport-manager.net\/vdi\/wp-content\/uploads\/sites\/6\/2022\/07\/Irizarindisp-1024x633.png 1024w, https:\/\/concess.transport-manager.net\/vdi\/wp-content\/uploads\/sites\/6\/2022\/07\/Irizarindisp-768x475.png 768w, https:\/\/concess.transport-manager.net\/vdi\/wp-content\/uploads\/sites\/6\/2022\/07\/Irizarindisp-1536x949.png 1536w\" sizes=\"auto, (max-width: 1618px) 100vw, 1618px\" \/><\/figure>\n<\/div>\n\n\n<h2 class=\"wp-block-heading has-text-align-center\">Irizar i6 14 GNV<\/h2>\n\n\n\n<p class=\"has-text-align-center has-larger-font-size\">63 places<\/p>\n\n\n\n<p class=\"has-text-align-center\">2 portes &#8211; standards<\/p>\n\n\n\n<p class=\"has-text-align-center\"><strong>GNV <\/strong>(45l\/100km) \u00e0 partir de 354.000\u20ac<br>Club VDI Star \u00e0 partir de 330.000\u20ac<\/p>\n<\/div>\n<\/div>\n\n\n\n<div class=\"wp-block-columns alignwide is-layout-flex wp-container-core-columns-is-layout-9d6595d7 wp-block-columns-is-layout-flex\">\n<div class=\"wp-block-column is-layout-flow wp-block-column-is-layout-flow\"><div class=\"wp-block-image\">\n<figure class=\"aligncenter size-full\"><img loading=\"lazy\" decoding=\"async\" width=\"450\" height=\"300\" src=\"https:\/\/concess.transport-manager.net\/vdi\/wp-content\/uploads\/sites\/6\/2025\/10\/image-22.png\" alt=\"\" class=\"wp-image-3622\" srcset=\"https:\/\/concess.transport-manager.net\/vdi\/wp-content\/uploads\/sites\/6\/2025\/10\/image-22.png 450w, https:\/\/concess.transport-manager.net\/vdi\/wp-content\/uploads\/sites\/6\/2025\/10\/image-22-300x200.png 300w\" sizes=\"auto, (max-width: 450px) 100vw, 450px\" \/><\/figure>\n<\/div>\n\n\n<h2 class=\"wp-block-heading has-text-align-center\">Irizar i8 13<\/h2>\n\n\n\n<p class=\"has-text-align-center has-larger-font-size\">53 places<\/p>\n\n\n\n<p class=\"has-text-align-center\">2 portes &#8211; standards<\/p>\n\n\n\n<p class=\"has-text-align-center\"><strong>Diesel <\/strong><em>(35<\/em><em>l\/100km)<\/em> \u00e0 partir de 335.000\u20ac<br>Club VDI Star \u00e0 partir de 313.000\u20ac<\/p>\n<\/div>\n\n\n\n<div class=\"wp-block-column is-layout-flow wp-block-column-is-layout-flow\"><div class=\"wp-block-image\">\n<figure class=\"aligncenter size-full\"><img loading=\"lazy\" decoding=\"async\" width=\"1618\" height=\"1000\" src=\"http:\/\/concess.transport-manager.net\/vdi\/wp-content\/uploads\/sites\/6\/2022\/07\/Irizarindisp.png\" alt=\"\" class=\"wp-image-2250\" srcset=\"https:\/\/concess.transport-manager.net\/vdi\/wp-content\/uploads\/sites\/6\/2022\/07\/Irizarindisp.png 1618w, https:\/\/concess.transport-manager.net\/vdi\/wp-content\/uploads\/sites\/6\/2022\/07\/Irizarindisp-300x185.png 300w, https:\/\/concess.transport-manager.net\/vdi\/wp-content\/uploads\/sites\/6\/2022\/07\/Irizarindisp-1024x633.png 1024w, https:\/\/concess.transport-manager.net\/vdi\/wp-content\/uploads\/sites\/6\/2022\/07\/Irizarindisp-768x475.png 768w, https:\/\/concess.transport-manager.net\/vdi\/wp-content\/uploads\/sites\/6\/2022\/07\/Irizarindisp-1536x949.png 1536w\" sizes=\"auto, (max-width: 1618px) 100vw, 1618px\" \/><\/figure>\n<\/div>\n\n\n<h2 class=\"wp-block-heading has-text-align-center\">Irizar i6 15 GNV<\/h2>\n\n\n\n<p class=\"has-text-align-center has-larger-font-size\">67 places<\/p>\n\n\n\n<p class=\"has-text-align-center\">2 portes &#8211; standards<\/p>\n\n\n\n<p class=\"has-text-align-center\"><strong>GNV <\/strong>(47l\/100km) \u00e0 partir de 359.000\u20ac<br>Club VDI Star \u00e0 partir de 334.000\u20ac<\/p>\n<\/div>\n\n\n\n<div class=\"wp-block-column is-layout-flow wp-block-column-is-layout-flow\"><div class=\"wp-block-image\">\n<figure class=\"aligncenter size-full\"><img loading=\"lazy\" decoding=\"async\" width=\"1618\" height=\"1000\" src=\"http:\/\/concess.transport-manager.net\/vdi\/wp-content\/uploads\/sites\/6\/2022\/07\/Irizarindisp.png\" alt=\"\" class=\"wp-image-2250\" srcset=\"https:\/\/concess.transport-manager.net\/vdi\/wp-content\/uploads\/sites\/6\/2022\/07\/Irizarindisp.png 1618w, https:\/\/concess.transport-manager.net\/vdi\/wp-content\/uploads\/sites\/6\/2022\/07\/Irizarindisp-300x185.png 300w, https:\/\/concess.transport-manager.net\/vdi\/wp-content\/uploads\/sites\/6\/2022\/07\/Irizarindisp-1024x633.png 1024w, https:\/\/concess.transport-manager.net\/vdi\/wp-content\/uploads\/sites\/6\/2022\/07\/Irizarindisp-768x475.png 768w, https:\/\/concess.transport-manager.net\/vdi\/wp-content\/uploads\/sites\/6\/2022\/07\/Irizarindisp-1536x949.png 1536w\" sizes=\"auto, (max-width: 1618px) 100vw, 1618px\" \/><\/figure>\n<\/div>\n\n\n<h2 class=\"wp-block-heading has-text-align-center\">Irizar i4 15 Hybrid<\/h2>\n\n\n\n<p class=\"has-text-align-center has-larger-font-size\">71 places<\/p>\n\n\n\n<p class=\"has-text-align-center\">2 portes &#8211; standards<\/p>\n\n\n\n<p class=\"has-text-align-center\"><strong>Hybride <\/strong>(31l\/100km) \u00e0 partir de 338.000\u20ac<br>Club VDI Star \u00e0 partir de 315.000\u20ac<\/p>\n<\/div>\n\n\n\n<div class=\"wp-block-column is-layout-flow wp-block-column-is-layout-flow\"><div class=\"wp-block-image\">\n<figure class=\"aligncenter size-full\"><img loading=\"lazy\" decoding=\"async\" width=\"450\" height=\"300\" src=\"https:\/\/concess.transport-manager.net\/vdi\/wp-content\/uploads\/sites\/6\/2025\/10\/image-16.png\" alt=\"\" class=\"wp-image-3599\" srcset=\"https:\/\/concess.transport-manager.net\/vdi\/wp-content\/uploads\/sites\/6\/2025\/10\/image-16.png 450w, https:\/\/concess.transport-manager.net\/vdi\/wp-content\/uploads\/sites\/6\/2025\/10\/image-16-300x200.png 300w\" sizes=\"auto, (max-width: 450px) 100vw, 450px\" \/><\/figure>\n<\/div>\n\n\n<h2 class=\"wp-block-heading has-text-align-center\">Irizar i8 14<\/h2>\n\n\n\n<p class=\"has-text-align-center has-larger-font-size\">57 places<\/p>\n\n\n\n<p class=\"has-text-align-center\">2 portes &#8211; standards<\/p>\n\n\n\n<p class=\"has-text-align-center\"><strong>Diesel <\/strong><em>(37<\/em><em>l\/100km)<\/em> \u00e0 partir de 340.000\u20ac<br>Club VDI Star \u00e0 partir de 317.000\u20ac<\/p>\n<\/div>\n<\/div>\n\n\n\n<div class=\"wp-block-columns alignwide is-layout-flex wp-container-core-columns-is-layout-9d6595d7 wp-block-columns-is-layout-flex\">\n<div class=\"wp-block-column is-layout-flow wp-block-column-is-layout-flow\"><div class=\"wp-block-image\">\n<figure class=\"aligncenter size-full\"><img loading=\"lazy\" decoding=\"async\" width=\"1618\" height=\"1000\" src=\"http:\/\/concess.transport-manager.net\/vdi\/wp-content\/uploads\/sites\/6\/2022\/07\/Irizarindisp.png\" alt=\"\" class=\"wp-image-2250\" srcset=\"https:\/\/concess.transport-manager.net\/vdi\/wp-content\/uploads\/sites\/6\/2022\/07\/Irizarindisp.png 1618w, https:\/\/concess.transport-manager.net\/vdi\/wp-content\/uploads\/sites\/6\/2022\/07\/Irizarindisp-300x185.png 300w, https:\/\/concess.transport-manager.net\/vdi\/wp-content\/uploads\/sites\/6\/2022\/07\/Irizarindisp-1024x633.png 1024w, https:\/\/concess.transport-manager.net\/vdi\/wp-content\/uploads\/sites\/6\/2022\/07\/Irizarindisp-768x475.png 768w, https:\/\/concess.transport-manager.net\/vdi\/wp-content\/uploads\/sites\/6\/2022\/07\/Irizarindisp-1536x949.png 1536w\" sizes=\"auto, (max-width: 1618px) 100vw, 1618px\" \/><\/figure>\n<\/div>\n\n\n<h2 class=\"wp-block-heading has-text-align-center\">Irizar i8 15<\/h2>\n\n\n\n<p class=\"has-text-align-center has-larger-font-size\">65 places<\/p>\n\n\n\n<p class=\"has-text-align-center\">2 portes &#8211; standards<\/p>\n\n\n\n<p class=\"has-text-align-center\"><strong>Diesel <\/strong>(39l\/100km) \u00e0 partir de 345.000\u20ac<br>Club VDI Star \u00e0 partir de 321.000\u20ac<\/p>\n<\/div>\n\n\n\n<div class=\"wp-block-column is-layout-flow wp-block-column-is-layout-flow\"><div class=\"wp-block-image\">\n<figure class=\"aligncenter size-full\"><img loading=\"lazy\" decoding=\"async\" width=\"1618\" height=\"1000\" src=\"http:\/\/concess.transport-manager.net\/vdi\/wp-content\/uploads\/sites\/6\/2022\/07\/Irizarindisp.png\" alt=\"\" class=\"wp-image-2250\" srcset=\"https:\/\/concess.transport-manager.net\/vdi\/wp-content\/uploads\/sites\/6\/2022\/07\/Irizarindisp.png 1618w, https:\/\/concess.transport-manager.net\/vdi\/wp-content\/uploads\/sites\/6\/2022\/07\/Irizarindisp-300x185.png 300w, https:\/\/concess.transport-manager.net\/vdi\/wp-content\/uploads\/sites\/6\/2022\/07\/Irizarindisp-1024x633.png 1024w, https:\/\/concess.transport-manager.net\/vdi\/wp-content\/uploads\/sites\/6\/2022\/07\/Irizarindisp-768x475.png 768w, https:\/\/concess.transport-manager.net\/vdi\/wp-content\/uploads\/sites\/6\/2022\/07\/Irizarindisp-1536x949.png 1536w\" sizes=\"auto, (max-width: 1618px) 100vw, 1618px\" \/><\/figure>\n<\/div>\n\n\n<h2 class=\"wp-block-heading has-text-align-center\">Irizar i6s 10.8 GNV<\/h2>\n\n\n\n<p class=\"has-text-align-center has-larger-font-size\">45 places<\/p>\n\n\n\n<p class=\"has-text-align-center\">2 portes &#8211; midicar<\/p>\n\n\n\n<p class=\"has-text-align-center\"><strong>GNV <\/strong><em>(38<\/em><em>l\/100km)<\/em> \u00e0 partir de 377.000\u20ac<br>Club VDI Star \u00e0 partir de 352.000\u20ac<\/p>\n<\/div>\n\n\n\n<div class=\"wp-block-column is-layout-flow wp-block-column-is-layout-flow\"><div class=\"wp-block-image\">\n<figure class=\"aligncenter size-full\"><img loading=\"lazy\" decoding=\"async\" width=\"1618\" height=\"1000\" src=\"http:\/\/concess.transport-manager.net\/vdi\/wp-content\/uploads\/sites\/6\/2022\/07\/Irizarindisp.png\" alt=\"\" class=\"wp-image-2250\" srcset=\"https:\/\/concess.transport-manager.net\/vdi\/wp-content\/uploads\/sites\/6\/2022\/07\/Irizarindisp.png 1618w, https:\/\/concess.transport-manager.net\/vdi\/wp-content\/uploads\/sites\/6\/2022\/07\/Irizarindisp-300x185.png 300w, https:\/\/concess.transport-manager.net\/vdi\/wp-content\/uploads\/sites\/6\/2022\/07\/Irizarindisp-1024x633.png 1024w, https:\/\/concess.transport-manager.net\/vdi\/wp-content\/uploads\/sites\/6\/2022\/07\/Irizarindisp-768x475.png 768w, https:\/\/concess.transport-manager.net\/vdi\/wp-content\/uploads\/sites\/6\/2022\/07\/Irizarindisp-1536x949.png 1536w\" sizes=\"auto, (max-width: 1618px) 100vw, 1618px\" \/><\/figure>\n<\/div>\n\n\n<h2 class=\"wp-block-heading has-text-align-center\">Irizar i6s 13 GNV<\/h2>\n\n\n\n<p class=\"has-text-align-center has-larger-font-size\">55 places<\/p>\n\n\n\n<p class=\"has-text-align-center\">2 portes &#8211; standards<\/p>\n\n\n\n<p class=\"has-text-align-center\"><strong>GNV <\/strong>(42l\/100km) \u00e0 partir de 382.000\u20ac<br>Club VDI Star \u00e0 partir de 356.000\u20ac<\/p>\n<\/div>\n\n\n\n<div class=\"wp-block-column is-layout-flow wp-block-column-is-layout-flow\"><div class=\"wp-block-image\">\n<figure class=\"aligncenter size-full\"><img loading=\"lazy\" decoding=\"async\" width=\"1618\" height=\"1000\" src=\"http:\/\/concess.transport-manager.net\/vdi\/wp-content\/uploads\/sites\/6\/2022\/07\/Irizarindisp.png\" alt=\"\" class=\"wp-image-2250\" srcset=\"https:\/\/concess.transport-manager.net\/vdi\/wp-content\/uploads\/sites\/6\/2022\/07\/Irizarindisp.png 1618w, https:\/\/concess.transport-manager.net\/vdi\/wp-content\/uploads\/sites\/6\/2022\/07\/Irizarindisp-300x185.png 300w, https:\/\/concess.transport-manager.net\/vdi\/wp-content\/uploads\/sites\/6\/2022\/07\/Irizarindisp-1024x633.png 1024w, https:\/\/concess.transport-manager.net\/vdi\/wp-content\/uploads\/sites\/6\/2022\/07\/Irizarindisp-768x475.png 768w, https:\/\/concess.transport-manager.net\/vdi\/wp-content\/uploads\/sites\/6\/2022\/07\/Irizarindisp-1536x949.png 1536w\" sizes=\"auto, (max-width: 1618px) 100vw, 1618px\" \/><\/figure>\n<\/div>\n\n\n<h2 class=\"wp-block-heading has-text-align-center\">Irizar i6s 14 GNV<\/h2>\n\n\n\n<p class=\"has-text-align-center has-larger-font-size\">63 places<\/p>\n\n\n\n<p class=\"has-text-align-center\">2 portes &#8211; standards<\/p>\n\n\n\n<p class=\"has-text-align-center\"><strong>GNV <\/strong>(45l\/100km) \u00e0 partir de 386.000\u20ac<br>Club VDI Star \u00e0 partir de 360.000\u20ac<\/p>\n<\/div>\n<\/div>\n\n\n\n<div class=\"wp-block-columns are-vertically-aligned-center is-layout-flex wp-container-core-columns-is-layout-9d6595d7 wp-block-columns-is-layout-flex\">\n<div class=\"wp-block-column is-vertically-aligned-center is-layout-flow wp-block-column-is-layout-flow\"><div class=\"wp-block-image\">\n<figure class=\"aligncenter size-full\"><img loading=\"lazy\" decoding=\"async\" width=\"1618\" height=\"1000\" src=\"http:\/\/concess.transport-manager.net\/vdi\/wp-content\/uploads\/sites\/6\/2022\/07\/Irizarindisp.png\" alt=\"\" class=\"wp-image-2250\" srcset=\"https:\/\/concess.transport-manager.net\/vdi\/wp-content\/uploads\/sites\/6\/2022\/07\/Irizarindisp.png 1618w, https:\/\/concess.transport-manager.net\/vdi\/wp-content\/uploads\/sites\/6\/2022\/07\/Irizarindisp-300x185.png 300w, https:\/\/concess.transport-manager.net\/vdi\/wp-content\/uploads\/sites\/6\/2022\/07\/Irizarindisp-1024x633.png 1024w, https:\/\/concess.transport-manager.net\/vdi\/wp-content\/uploads\/sites\/6\/2022\/07\/Irizarindisp-768x475.png 768w, https:\/\/concess.transport-manager.net\/vdi\/wp-content\/uploads\/sites\/6\/2022\/07\/Irizarindisp-1536x949.png 1536w\" sizes=\"auto, (max-width: 1618px) 100vw, 1618px\" \/><\/figure>\n<\/div>\n\n\n<h2 class=\"wp-block-heading has-text-align-center\">Irizar i6s 15 GNV<\/h2>\n\n\n\n<p class=\"has-text-align-center has-larger-font-size\">67 places<\/p>\n\n\n\n<p class=\"has-text-align-center\">2 portes &#8211; standards<\/p>\n\n\n\n<p class=\"has-text-align-center\"><strong>GNV <\/strong>(47l\/100km) \u00e0 partir de 391.000\u20ac<br>Club VDI Star \u00e0 partir de 364.000\u20ac<\/p>\n<\/div>\n<\/div>\n\n\n\n<h2 class=\"wp-block-heading\" id=\"VAN\">Van Hool<\/h2>\n\n\n\n<div class=\"wp-block-columns alignwide is-layout-flex wp-container-core-columns-is-layout-9d6595d7 wp-block-columns-is-layout-flex\">\n<div class=\"wp-block-column is-layout-flow wp-block-column-is-layout-flow\"><div class=\"wp-block-image\">\n<figure class=\"aligncenter size-full\"><img loading=\"lazy\" decoding=\"async\" width=\"1618\" height=\"1000\" src=\"http:\/\/concess.transport-manager.net\/vdi\/wp-content\/uploads\/sites\/6\/2022\/07\/Irizarindisp.png\" alt=\"\" class=\"wp-image-2250\" srcset=\"https:\/\/concess.transport-manager.net\/vdi\/wp-content\/uploads\/sites\/6\/2022\/07\/Irizarindisp.png 1618w, https:\/\/concess.transport-manager.net\/vdi\/wp-content\/uploads\/sites\/6\/2022\/07\/Irizarindisp-300x185.png 300w, https:\/\/concess.transport-manager.net\/vdi\/wp-content\/uploads\/sites\/6\/2022\/07\/Irizarindisp-1024x633.png 1024w, https:\/\/concess.transport-manager.net\/vdi\/wp-content\/uploads\/sites\/6\/2022\/07\/Irizarindisp-768x475.png 768w, https:\/\/concess.transport-manager.net\/vdi\/wp-content\/uploads\/sites\/6\/2022\/07\/Irizarindisp-1536x949.png 1536w\" sizes=\"auto, (max-width: 1618px) 100vw, 1618px\" \/><\/figure>\n<\/div>\n\n\n<h2 class=\"wp-block-heading has-text-align-center\">VanHool T15 Acron<\/h2>\n\n\n\n<p class=\"has-text-align-center has-larger-font-size\">55 places<\/p>\n\n\n\n<p class=\"has-text-align-center\">2 portes &#8211; standards<\/p>\n\n\n\n<p class=\"has-text-align-center\"><strong>Diesel <\/strong>(37l\/100km) \u00e0 partir de 307.000\u20ac<br>Club VDI Star \u00e0 partir de 286.000\u20ac<\/p>\n<\/div>\n\n\n\n<div class=\"wp-block-column is-layout-flow wp-block-column-is-layout-flow\"><div class=\"wp-block-image\">\n<figure class=\"aligncenter size-full\"><img loading=\"lazy\" decoding=\"async\" width=\"450\" height=\"300\" src=\"https:\/\/concess.transport-manager.net\/vdi\/wp-content\/uploads\/sites\/6\/2025\/10\/54455981428_0fcca39c78_z-1.jpg\" alt=\"\" class=\"wp-image-3630\" srcset=\"https:\/\/concess.transport-manager.net\/vdi\/wp-content\/uploads\/sites\/6\/2025\/10\/54455981428_0fcca39c78_z-1.jpg 450w, https:\/\/concess.transport-manager.net\/vdi\/wp-content\/uploads\/sites\/6\/2025\/10\/54455981428_0fcca39c78_z-1-300x200.jpg 300w\" sizes=\"auto, (max-width: 450px) 100vw, 450px\" \/><\/figure>\n<\/div>\n\n\n<h2 class=\"wp-block-heading has-text-align-center\">Van Hool T17 Acron<\/h2>\n\n\n\n<p class=\"has-text-align-center has-larger-font-size\">65 places<\/p>\n\n\n\n<p class=\"has-text-align-center\">2 portes &#8211; standards<\/p>\n\n\n\n<p class=\"has-text-align-center\"><strong>Diesel <\/strong>(37l\/100km) \u00e0 partir de 312.000\u20ac<br>Club VDI Star \u00e0 partir de 291.000\u20ac<\/p>\n<\/div>\n\n\n\n<div class=\"wp-block-column is-layout-flow wp-block-column-is-layout-flow\"><div class=\"wp-block-image\">\n<figure class=\"aligncenter size-full\"><img loading=\"lazy\" decoding=\"async\" width=\"1618\" height=\"1000\" src=\"http:\/\/concess.transport-manager.net\/vdi\/wp-content\/uploads\/sites\/6\/2022\/06\/Irizarindisp.png\" alt=\"\" class=\"wp-image-2107\" srcset=\"https:\/\/concess.transport-manager.net\/vdi\/wp-content\/uploads\/sites\/6\/2022\/06\/Irizarindisp.png 1618w, https:\/\/concess.transport-manager.net\/vdi\/wp-content\/uploads\/sites\/6\/2022\/06\/Irizarindisp-300x185.png 300w, https:\/\/concess.transport-manager.net\/vdi\/wp-content\/uploads\/sites\/6\/2022\/06\/Irizarindisp-1024x633.png 1024w, https:\/\/concess.transport-manager.net\/vdi\/wp-content\/uploads\/sites\/6\/2022\/06\/Irizarindisp-768x475.png 768w, https:\/\/concess.transport-manager.net\/vdi\/wp-content\/uploads\/sites\/6\/2022\/06\/Irizarindisp-1536x949.png 1536w\" sizes=\"auto, (max-width: 1618px) 100vw, 1618px\" \/><\/figure>\n<\/div>\n\n\n<h2 class=\"wp-block-heading has-text-align-center\">Van Hool TDX21 Altano<\/h2>\n\n\n\n<p class=\"has-text-align-center has-larger-font-size\">74 places<\/p>\n\n\n\n<p class=\"has-text-align-center\">2 portes &#8211; standards<\/p>\n\n\n\n<p class=\"has-text-align-center\"><strong>Diesel <\/strong><em>(39<\/em><em>l\/100km)<\/em> \u00e0 partir de 331.000\u20ac<br>Club VDI Star \u00e0 partir de 309.000\u20ac<\/p>\n<\/div>\n\n\n\n<div class=\"wp-block-column is-layout-flow wp-block-column-is-layout-flow\"><div class=\"wp-block-image\">\n<figure class=\"aligncenter size-full\"><img loading=\"lazy\" decoding=\"async\" width=\"1618\" height=\"1000\" src=\"http:\/\/concess.transport-manager.net\/vdi\/wp-content\/uploads\/sites\/6\/2022\/06\/Irizarindisp.png\" alt=\"\" class=\"wp-image-2107\" srcset=\"https:\/\/concess.transport-manager.net\/vdi\/wp-content\/uploads\/sites\/6\/2022\/06\/Irizarindisp.png 1618w, https:\/\/concess.transport-manager.net\/vdi\/wp-content\/uploads\/sites\/6\/2022\/06\/Irizarindisp-300x185.png 300w, https:\/\/concess.transport-manager.net\/vdi\/wp-content\/uploads\/sites\/6\/2022\/06\/Irizarindisp-1024x633.png 1024w, https:\/\/concess.transport-manager.net\/vdi\/wp-content\/uploads\/sites\/6\/2022\/06\/Irizarindisp-768x475.png 768w, https:\/\/concess.transport-manager.net\/vdi\/wp-content\/uploads\/sites\/6\/2022\/06\/Irizarindisp-1536x949.png 1536w\" sizes=\"auto, (max-width: 1618px) 100vw, 1618px\" \/><\/figure>\n<\/div>\n\n\n<h2 class=\"wp-block-heading has-text-align-center\">Van Hool T16 Astron<\/h2>\n\n\n\n<p class=\"has-text-align-center has-larger-font-size\">57 places<\/p>\n\n\n\n<p class=\"has-text-align-center\">2 portes &#8211; standards<\/p>\n\n\n\n<p class=\"has-text-align-center\"><strong>Diesel <\/strong>(36l\/100km) \u00e0 partir de 331.000\u20ac<br>Club VDI Star \u00e0 partir de 309.000\u20ac<\/p>\n<\/div>\n<\/div>\n\n\n\n<div class=\"wp-block-columns alignwide is-layout-flex wp-container-core-columns-is-layout-9d6595d7 wp-block-columns-is-layout-flex\">\n<div class=\"wp-block-column is-layout-flow wp-block-column-is-layout-flow\"><div class=\"wp-block-image\">\n<figure class=\"aligncenter size-full\"><img loading=\"lazy\" decoding=\"async\" width=\"1618\" height=\"1000\" src=\"http:\/\/concess.transport-manager.net\/vdi\/wp-content\/uploads\/sites\/6\/2022\/06\/Irizarindisp.png\" alt=\"\" class=\"wp-image-2107\" srcset=\"https:\/\/concess.transport-manager.net\/vdi\/wp-content\/uploads\/sites\/6\/2022\/06\/Irizarindisp.png 1618w, https:\/\/concess.transport-manager.net\/vdi\/wp-content\/uploads\/sites\/6\/2022\/06\/Irizarindisp-300x185.png 300w, https:\/\/concess.transport-manager.net\/vdi\/wp-content\/uploads\/sites\/6\/2022\/06\/Irizarindisp-1024x633.png 1024w, https:\/\/concess.transport-manager.net\/vdi\/wp-content\/uploads\/sites\/6\/2022\/06\/Irizarindisp-768x475.png 768w, https:\/\/concess.transport-manager.net\/vdi\/wp-content\/uploads\/sites\/6\/2022\/06\/Irizarindisp-1536x949.png 1536w\" sizes=\"auto, (max-width: 1618px) 100vw, 1618px\" \/><\/figure>\n<\/div>\n\n\n<h2 class=\"wp-block-heading has-text-align-center\">Van Hool T17 Astron<\/h2>\n\n\n\n<p class=\"has-text-align-center has-larger-font-size\">65 places<\/p>\n\n\n\n<p class=\"has-text-align-center\">2 portes &#8211; standards<\/p>\n\n\n\n<p class=\"has-text-align-center\"><strong>Diesel <\/strong><em>(37<\/em><em>l\/100km)<\/em> \u00e0 partir de 335.000\u20ac<br>Club VDI Star \u00e0 partir de 313.000\u20ac<\/p>\n<\/div>\n\n\n\n<div class=\"wp-block-column is-layout-flow wp-block-column-is-layout-flow\"><div class=\"wp-block-image\">\n<figure class=\"aligncenter size-full\"><img loading=\"lazy\" decoding=\"async\" width=\"450\" height=\"300\" src=\"https:\/\/concess.transport-manager.net\/vdi\/wp-content\/uploads\/sites\/6\/2025\/10\/image-17.png\" alt=\"\" class=\"wp-image-3600\" srcset=\"https:\/\/concess.transport-manager.net\/vdi\/wp-content\/uploads\/sites\/6\/2025\/10\/image-17.png 450w, https:\/\/concess.transport-manager.net\/vdi\/wp-content\/uploads\/sites\/6\/2025\/10\/image-17-300x200.png 300w\" sizes=\"auto, (max-width: 450px) 100vw, 450px\" \/><\/figure>\n<\/div>\n\n\n<h2 class=\"wp-block-heading has-text-align-center\">Van Hool TDX25 Astromega<\/h2>\n\n\n\n<p class=\"has-text-align-center has-larger-font-size\">88 places<\/p>\n\n\n\n<p class=\"has-text-align-center\">2 portes &#8211; standards<\/p>\n\n\n\n<p class=\"has-text-align-center\"><strong>Diesel <\/strong>(41l\/100km) \u00e0 partir de 354.000\u20ac<br>Club VDI Star \u00e0 partir de 330.000\u20ac<\/p>\n<\/div>\n\n\n\n<div class=\"wp-block-column is-layout-flow wp-block-column-is-layout-flow\"><div class=\"wp-block-image\">\n<figure class=\"aligncenter size-full\"><img loading=\"lazy\" decoding=\"async\" width=\"450\" height=\"300\" src=\"https:\/\/concess.transport-manager.net\/vdi\/wp-content\/uploads\/sites\/6\/2025\/10\/image-20.png\" alt=\"\" class=\"wp-image-3605\" srcset=\"https:\/\/concess.transport-manager.net\/vdi\/wp-content\/uploads\/sites\/6\/2025\/10\/image-20.png 450w, https:\/\/concess.transport-manager.net\/vdi\/wp-content\/uploads\/sites\/6\/2025\/10\/image-20-300x200.png 300w\" sizes=\"auto, (max-width: 450px) 100vw, 450px\" \/><\/figure>\n<\/div>\n\n\n<h2 class=\"wp-block-heading has-text-align-center\">Van Hool TDX27 Astromega<\/h2>\n\n\n\n<p class=\"has-text-align-center has-larger-font-size\">93 places<\/p>\n\n\n\n<p class=\"has-text-align-center\">2 portes &#8211; standards<\/p>\n\n\n\n<p class=\"has-text-align-center\"><strong>Diesel <\/strong><em>(42l\/100km)<\/em> \u00e0 partir de 363.000\u20ac<br>Club VDI Star \u00e0 partir de 339.000\u20ac<\/p>\n<\/div>\n<\/div>\n","protected":false},"excerpt":{"rendered":"<p>Vous cherchez un mod\u00e8le particulier ? Utilisez ctrl+F pour chercher un mod\u00e8le, une motorisation ou une marque. Les prix indiqu\u00e9 sont pour des bus sans aucune option. Avant de faire une demande de devis, merci de prendre connaissance du r\u00e8glement. Nos minibus neufs Nos minibus neufs VDL Midcity Electrique 16 places 1 portes Electrique (90kWh) [&hellip;]<\/p>\n","protected":false},"author":28,"featured_media":0,"parent":0,"menu_order":0,"comment_status":"closed","ping_status":"closed","template":"","meta":{"footnotes":""},"class_list":["post-3475","page","type-page","status-publish","hentry"],"_links":{"self":[{"href":"https:\/\/concess.transport-manager.net\/vdi\/wp-json\/wp\/v2\/pages\/3475","targetHints":{"allow":["GET"]}}],"collection":[{"href":"https:\/\/concess.transport-manager.net\/vdi\/wp-json\/wp\/v2\/pages"}],"about":[{"href":"https:\/\/concess.transport-manager.net\/vdi\/wp-json\/wp\/v2\/types\/page"}],"author":[{"embeddable":true,"href":"https:\/\/concess.transport-manager.net\/vdi\/wp-json\/wp\/v2\/users\/28"}],"replies":[{"embeddable":true,"href":"https:\/\/concess.transport-manager.net\/vdi\/wp-json\/wp\/v2\/comments?post=3475"}],"version-history":[{"count":64,"href":"https:\/\/concess.transport-manager.net\/vdi\/wp-json\/wp\/v2\/pages\/3475\/revisions"}],"predecessor-version":[{"id":3975,"href":"https:\/\/concess.transport-manager.net\/vdi\/wp-json\/wp\/v2\/pages\/3475\/revisions\/3975"}],"wp:attachment":[{"href":"https:\/\/concess.transport-manager.net\/vdi\/wp-json\/wp\/v2\/media?parent=3475"}],"curies":[{"name":"wp","href":"https:\/\/api.w.org\/{rel}","templated":true}]}}